{"id":8503,"date":"2022-03-27T06:55:29","date_gmt":"2022-03-27T04:55:29","guid":{"rendered":"https:\/\/welovekiel.com\/?post_type=gallery&#038;p=8503"},"modified":"2022-03-26T19:35:51","modified_gmt":"2022-03-26T18:35:51","slug":"lille-brauereifest-am-samstag-den-26-maerz-2022","status":"publish","type":"gallery","link":"https:\/\/welovekiel.com\/de\/galleries\/lille-brauereifest-am-samstag-den-26-maerz-2022\/","title":{"rendered":"lille Brauereifest am Samstag, den 26. M\u00e4rz 2022"},"content":{"rendered":"<div class=\"fusion-fullwidth fullwidth-box fusion-builder-row-1 nonhundred-percent-fullwidth non-hundred-percent-height-scrolling\" style=\"background-color: rgba(255,255,255,0);background-position: center center;background-repeat: no-repeat;padding-top:0px;padding-right:0px;padding-bottom:0px;padding-left:0px;margin-bottom: 0px;margin-top: 0px;border-width: 0px 0px 0px 0px;border-color:#eae9e9;border-style:solid;\"><div class=\"fusion-builder-row fusion-row\"><div class=\"fusion-layout-column fusion_builder_column fusion-builder-column-0 fusion_builder_column_3_4 3_4 fusion-three-fourth fusion-column-first\" style=\"width:75%;width:calc(75% - ( ( 4% ) * 0.75 ) );margin-right: 4%;margin-top:0px;margin-bottom:20px;\"><div class=\"fusion-column-wrapper fusion-flex-column-wrapper-legacy\" style=\"background-position:left top;background-repeat:no-repeat;-webkit-background-size:cover;-moz-background-size:cover;-o-background-size:cover;background-size:cover;padding: 0px 0px 0px 0px;\"><div class=\"fusion-text fusion-text-1\"><p><strong>Bildergalerie lille Brauereifest: Bier, Burger und noch vieles mehr am Samstag, den 26. M&auml;rz 2022 bei herrlichem Sonnenschein bei lillebr&auml;u im Eichkamp.<\/strong><\/p>\n<p>F&uuml;r den heutigen Samstag hatte lillebr&auml;u zum gro&szlig;en Brauereifest eingeladen. Geboten wurde ein umfangreiches Rahmenprogramm mit Craftbeer, Streefood, lille Speziale Tasting, Livemusik, Kinderschminken, H&uuml;pfburg und nat&uuml;rlich auch dem lille Werksverkauf.<\/p>\n<\/div><div class=\"fusion-text fusion-text-2\">\n\t\t<style type=\"text\/css\">\n\t\t\t#gallery-1 {\n\t\t\t\tmargin: auto;\n\t\t\t}\n\t\t\t#gallery-1 .gallery-item {\n\t\t\t\tfloat: left;\n\t\t\t\tmargin-top: 10px;\n\t\t\t\ttext-align: center;\n\t\t\t\twidth: 50%;\n\t\t\t}\n\t\t\t#gallery-1 img {\n\t\t\t\tborder: 2px solid #cfcfcf;\n\t\t\t}\n\t\t\t#gallery-1 .gallery-caption {\n\t\t\t\tmargin-left: 0;\n\t\t\t}\n\t\t\t\/* see gallery_shortcode() in wp-includes\/media.php *\/\n\t\t<\/style>\n\t\t<div id=\"gallery-1\" class=\"gallery galleryid-8503 gallery-columns-2 gallery-size-fusion-400\"><dl class=\"gallery-item\">\n\t\t\t<dt class=\"gallery-icon landscape\">\n\t\t\t\t<a data-rel=\"iLightbox[postimages]\" data-title=\"lille Brauereifest 2022\" data-caption=\"lille Brauereifest 2022\" href=\"https:\/\/welovekiel.com\/wp-content\/uploads\/lille-brauerei-fest-2022.jpg\" title=\"lille Brauereifest 2022\" data-description=\"lille Brauereifest 2022\"><img decoding=\"async\" width=\"400\" height=\"300\" src=\"https:\/\/welovekiel.com\/wp-content\/uploads\/lille-brauerei-fest-2022-400x300.jpg\" class=\"attachment-fusion-400 size-fusion-400 lazyload\" alt=\"lille Brauereifest 2022\" aria-describedby=\"gallery-1-8479\" srcset=\"data:image\/svg+xml,%3Csvg%20xmlns%3D%27http%3A%2F%2Fwww.w3.org%2F2000%2Fsvg%27%20width%3D%271200%27%20height%3D%27900%27%20viewBox%3D%270%200%201200%20900%27%3E%3Crect%20width%3D%271200%27%20height%3D%27900%27%20fill-opacity%3D%220%22%2F%3E%3C%2Fsvg%3E\" data-orig-src=\"https:\/\/welovekiel.com\/wp-content\/uploads\/lille-brauerei-fest-2022-400x300.jpg\" data-srcset=\"https:\/\/welovekiel.com\/wp-content\/uploads\/lille-brauerei-fest-2022-200x150.jpg 200w, https:\/\/welovekiel.com\/wp-content\/uploads\/lille-brauerei-fest-2022-300x225.jpg 300w, https:\/\/welovekiel.com\/wp-content\/uploads\/lille-brauerei-fest-2022-400x300.jpg 400w, https:\/\/welovekiel.com\/wp-content\/uploads\/lille-brauerei-fest-2022-600x450.jpg 600w, https:\/\/welovekiel.com\/wp-content\/uploads\/lille-brauerei-fest-2022-768x576.jpg 768w, https:\/\/welovekiel.com\/wp-content\/uploads\/lille-brauerei-fest-2022-800x600.jpg 800w, https:\/\/welovekiel.com\/wp-content\/uploads\/lille-brauerei-fest-2022-1024x768.jpg 1024w, https:\/\/welovekiel.com\/wp-content\/uploads\/lille-brauerei-fest-2022.jpg 1200w\" data-sizes=\"auto\"><\/a>\n\t\t\t<\/dt>\n\t\t\t\t<dd class=\"wp-caption-text gallery-caption\" id=\"gallery-1-8479\">\n\t\t\t\tlille Brauereifest 2022\n\t\t\t\t<\/dd><\/dl><dl class=\"gallery-item\">\n\t\t\t<dt class=\"gallery-icon landscape\">\n\t\t\t\t<a data-rel=\"iLightbox[postimages]\" data-title=\"lille Brauerei Fest 26.03.2022\" data-caption=\"lille Brauerei Fest 26.03.2022\" href=\"https:\/\/welovekiel.com\/wp-content\/uploads\/lille-brauereifest-2022.jpg\" title=\"lille Brauerei Fest 26.03.2022\" data-description=\"lille Brauerei Fest 26.03.2022\"><img decoding=\"async\" width=\"400\" height=\"300\" src=\"https:\/\/welovekiel.com\/wp-content\/uploads\/lille-brauereifest-2022-400x300.jpg\" class=\"attachment-fusion-400 size-fusion-400 lazyload\" alt=\"lille Brauerei Fest 26.03.2022\" aria-describedby=\"gallery-1-8477\" srcset=\"data:image\/svg+xml,%3Csvg%20xmlns%3D%27http%3A%2F%2Fwww.w3.org%2F2000%2Fsvg%27%20width%3D%271200%27%20height%3D%27900%27%20viewBox%3D%270%200%201200%20900%27%3E%3Crect%20width%3D%271200%27%20height%3D%27900%27%20fill-opacity%3D%220%22%2F%3E%3C%2Fsvg%3E\" data-orig-src=\"https:\/\/welovekiel.com\/wp-content\/uploads\/lille-brauereifest-2022-400x300.jpg\" data-srcset=\"https:\/\/welovekiel.com\/wp-content\/uploads\/lille-brauereifest-2022-200x150.jpg 200w, https:\/\/welovekiel.com\/wp-content\/uploads\/lille-brauereifest-2022-300x225.jpg 300w, https:\/\/welovekiel.com\/wp-content\/uploads\/lille-brauereifest-2022-400x300.jpg 400w, https:\/\/welovekiel.com\/wp-content\/uploads\/lille-brauereifest-2022-600x450.jpg 600w, https:\/\/welovekiel.com\/wp-content\/uploads\/lille-brauereifest-2022-768x576.jpg 768w, https:\/\/welovekiel.com\/wp-content\/uploads\/lille-brauereifest-2022-800x600.jpg 800w, https:\/\/welovekiel.com\/wp-content\/uploads\/lille-brauereifest-2022-1024x768.jpg 1024w, https:\/\/welovekiel.com\/wp-content\/uploads\/lille-brauereifest-2022.jpg 1200w\" data-sizes=\"auto\"><\/a>\n\t\t\t<\/dt>\n\t\t\t\t<dd class=\"wp-caption-text gallery-caption\" id=\"gallery-1-8477\">\n\t\t\t\tlille Brauerei Fest 26.03.2022\n\t\t\t\t<\/dd><\/dl><br style=\"clear: both\"><dl class=\"gallery-item\">\n\t\t\t<dt class=\"gallery-icon landscape\">\n\t\t\t\t<a data-rel=\"iLightbox[postimages]\" data-title=\"Leuchtturm lille Brauerei Brauereifest\" data-caption=\"Leuchtturm lille Brauerei Brauereifest\" href=\"https:\/\/welovekiel.com\/wp-content\/uploads\/lille-brauerei-brauereifest.jpg\" title=\"Leuchtturm lille Brauerei Brauereifest\" data-description=\"Leuchtturm lille Brauerei Brauereifest\"><img decoding=\"async\" width=\"400\" height=\"300\" src=\"https:\/\/welovekiel.com\/wp-content\/uploads\/lille-brauerei-brauereifest-400x300.jpg\" class=\"attachment-fusion-400 size-fusion-400 lazyload\" alt=\"Leuchtturm lille Brauerei Brauereifest\" aria-describedby=\"gallery-1-8475\" srcset=\"data:image\/svg+xml,%3Csvg%20xmlns%3D%27http%3A%2F%2Fwww.w3.org%2F2000%2Fsvg%27%20width%3D%271200%27%20height%3D%27900%27%20viewBox%3D%270%200%201200%20900%27%3E%3Crect%20width%3D%271200%27%20height%3D%27900%27%20fill-opacity%3D%220%22%2F%3E%3C%2Fsvg%3E\" data-orig-src=\"https:\/\/welovekiel.com\/wp-content\/uploads\/lille-brauerei-brauereifest-400x300.jpg\" data-srcset=\"https:\/\/welovekiel.com\/wp-content\/uploads\/lille-brauerei-brauereifest-200x150.jpg 200w, https:\/\/welovekiel.com\/wp-content\/uploads\/lille-brauerei-brauereifest-300x225.jpg 300w, https:\/\/welovekiel.com\/wp-content\/uploads\/lille-brauerei-brauereifest-400x300.jpg 400w, https:\/\/welovekiel.com\/wp-content\/uploads\/lille-brauerei-brauereifest-600x450.jpg 600w, https:\/\/welovekiel.com\/wp-content\/uploads\/lille-brauerei-brauereifest-768x576.jpg 768w, https:\/\/welovekiel.com\/wp-content\/uploads\/lille-brauerei-brauereifest-800x600.jpg 800w, https:\/\/welovekiel.com\/wp-content\/uploads\/lille-brauerei-brauereifest-1024x768.jpg 1024w, https:\/\/welovekiel.com\/wp-content\/uploads\/lille-brauerei-brauereifest.jpg 1200w\" data-sizes=\"auto\"><\/a>\n\t\t\t<\/dt>\n\t\t\t\t<dd class=\"wp-caption-text gallery-caption\" id=\"gallery-1-8475\">\n\t\t\t\tLeuchtturm lille Brauerei Brauereifest\n\t\t\t\t<\/dd><\/dl><dl class=\"gallery-item\">\n\t\t\t<dt class=\"gallery-icon landscape\">\n\t\t\t\t<a data-rel=\"iLightbox[postimages]\" data-title=\"lille Himbeer Gose Bier\" data-caption=\"lille Himbeer Gose Bier\" href=\"https:\/\/welovekiel.com\/wp-content\/uploads\/lille-himbeer-gose-bier.jpg\" title=\"lille Himbeer Gose Bier\" data-description=\"lille Himbeer Gose Bier\"><img decoding=\"async\" width=\"400\" height=\"300\" src=\"https:\/\/welovekiel.com\/wp-content\/uploads\/lille-himbeer-gose-bier-400x300.jpg\" class=\"attachment-fusion-400 size-fusion-400 lazyload\" alt=\"lille Himbeer Gose Bier\" aria-describedby=\"gallery-1-8491\" srcset=\"data:image\/svg+xml,%3Csvg%20xmlns%3D%27http%3A%2F%2Fwww.w3.org%2F2000%2Fsvg%27%20width%3D%271200%27%20height%3D%27900%27%20viewBox%3D%270%200%201200%20900%27%3E%3Crect%20width%3D%271200%27%20height%3D%27900%27%20fill-opacity%3D%220%22%2F%3E%3C%2Fsvg%3E\" data-orig-src=\"https:\/\/welovekiel.com\/wp-content\/uploads\/lille-himbeer-gose-bier-400x300.jpg\" data-srcset=\"https:\/\/welovekiel.com\/wp-content\/uploads\/lille-himbeer-gose-bier-200x150.jpg 200w, https:\/\/welovekiel.com\/wp-content\/uploads\/lille-himbeer-gose-bier-300x225.jpg 300w, https:\/\/welovekiel.com\/wp-content\/uploads\/lille-himbeer-gose-bier-400x300.jpg 400w, https:\/\/welovekiel.com\/wp-content\/uploads\/lille-himbeer-gose-bier-600x450.jpg 600w, https:\/\/welovekiel.com\/wp-content\/uploads\/lille-himbeer-gose-bier-768x576.jpg 768w, https:\/\/welovekiel.com\/wp-content\/uploads\/lille-himbeer-gose-bier-800x600.jpg 800w, https:\/\/welovekiel.com\/wp-content\/uploads\/lille-himbeer-gose-bier-1024x768.jpg 1024w, https:\/\/welovekiel.com\/wp-content\/uploads\/lille-himbeer-gose-bier.jpg 1200w\" data-sizes=\"auto\"><\/a>\n\t\t\t<\/dt>\n\t\t\t\t<dd class=\"wp-caption-text gallery-caption\" id=\"gallery-1-8491\">\n\t\t\t\tlille Himbeer Gose Bier\n\t\t\t\t<\/dd><\/dl><br style=\"clear: both\"><dl class=\"gallery-item\">\n\t\t\t<dt class=\"gallery-icon landscape\">\n\t\t\t\t<a data-rel=\"iLightbox[postimages]\" data-title=\"lille Weizen beim Brauereifest 26.03.2022\" data-caption=\"lille Weizen beim Brauereifest 26.03.2022\" href=\"https:\/\/welovekiel.com\/wp-content\/uploads\/brauereifest-lille-weizenbier.jpg\" title=\"lille Weizen beim Brauereifest 26.03.2022\" data-description=\"lille Weizen beim Brauereifest 26.03.2022\"><img decoding=\"async\" width=\"400\" height=\"300\" src=\"https:\/\/welovekiel.com\/wp-content\/uploads\/brauereifest-lille-weizenbier-400x300.jpg\" class=\"attachment-fusion-400 size-fusion-400 lazyload\" alt=\"lille Weizen beim Brauereifest 26.03.2022\" aria-describedby=\"gallery-1-8467\" srcset=\"data:image\/svg+xml,%3Csvg%20xmlns%3D%27http%3A%2F%2Fwww.w3.org%2F2000%2Fsvg%27%20width%3D%271200%27%20height%3D%27900%27%20viewBox%3D%270%200%201200%20900%27%3E%3Crect%20width%3D%271200%27%20height%3D%27900%27%20fill-opacity%3D%220%22%2F%3E%3C%2Fsvg%3E\" data-orig-src=\"https:\/\/welovekiel.com\/wp-content\/uploads\/brauereifest-lille-weizenbier-400x300.jpg\" data-srcset=\"https:\/\/welovekiel.com\/wp-content\/uploads\/brauereifest-lille-weizenbier-200x150.jpg 200w, https:\/\/welovekiel.com\/wp-content\/uploads\/brauereifest-lille-weizenbier-300x225.jpg 300w, https:\/\/welovekiel.com\/wp-content\/uploads\/brauereifest-lille-weizenbier-400x300.jpg 400w, https:\/\/welovekiel.com\/wp-content\/uploads\/brauereifest-lille-weizenbier-600x450.jpg 600w, https:\/\/welovekiel.com\/wp-content\/uploads\/brauereifest-lille-weizenbier-768x576.jpg 768w, https:\/\/welovekiel.com\/wp-content\/uploads\/brauereifest-lille-weizenbier-800x600.jpg 800w, https:\/\/welovekiel.com\/wp-content\/uploads\/brauereifest-lille-weizenbier-1024x768.jpg 1024w, https:\/\/welovekiel.com\/wp-content\/uploads\/brauereifest-lille-weizenbier.jpg 1200w\" data-sizes=\"auto\"><\/a>\n\t\t\t<\/dt>\n\t\t\t\t<dd class=\"wp-caption-text gallery-caption\" id=\"gallery-1-8467\">\n\t\t\t\tlille Weizen beim Brauereifest 26.03.2022\n\t\t\t\t<\/dd><\/dl><dl class=\"gallery-item\">\n\t\t\t<dt class=\"gallery-icon landscape\">\n\t\t\t\t<a data-rel=\"iLightbox[postimages]\" data-title=\"lille Speziale Tasting\" data-caption=\"lille Speziale Tasting\" href=\"https:\/\/welovekiel.com\/wp-content\/uploads\/lille-speziale-tasting.jpg\" title=\"lille Speziale Tasting\" data-description=\"lille Speziale Tasting\"><img decoding=\"async\" width=\"400\" height=\"300\" src=\"https:\/\/welovekiel.com\/wp-content\/uploads\/lille-speziale-tasting-400x300.jpg\" class=\"attachment-fusion-400 size-fusion-400 lazyload\" alt=\"lille Speziale Tasting\" aria-describedby=\"gallery-1-8493\" srcset=\"data:image\/svg+xml,%3Csvg%20xmlns%3D%27http%3A%2F%2Fwww.w3.org%2F2000%2Fsvg%27%20width%3D%271200%27%20height%3D%27900%27%20viewBox%3D%270%200%201200%20900%27%3E%3Crect%20width%3D%271200%27%20height%3D%27900%27%20fill-opacity%3D%220%22%2F%3E%3C%2Fsvg%3E\" data-orig-src=\"https:\/\/welovekiel.com\/wp-content\/uploads\/lille-speziale-tasting-400x300.jpg\" data-srcset=\"https:\/\/welovekiel.com\/wp-content\/uploads\/lille-speziale-tasting-200x150.jpg 200w, https:\/\/welovekiel.com\/wp-content\/uploads\/lille-speziale-tasting-300x225.jpg 300w, https:\/\/welovekiel.com\/wp-content\/uploads\/lille-speziale-tasting-400x300.jpg 400w, https:\/\/welovekiel.com\/wp-content\/uploads\/lille-speziale-tasting-600x450.jpg 600w, https:\/\/welovekiel.com\/wp-content\/uploads\/lille-speziale-tasting-768x576.jpg 768w, https:\/\/welovekiel.com\/wp-content\/uploads\/lille-speziale-tasting-800x600.jpg 800w, https:\/\/welovekiel.com\/wp-content\/uploads\/lille-speziale-tasting-1024x768.jpg 1024w, https:\/\/welovekiel.com\/wp-content\/uploads\/lille-speziale-tasting.jpg 1200w\" data-sizes=\"auto\"><\/a>\n\t\t\t<\/dt>\n\t\t\t\t<dd class=\"wp-caption-text gallery-caption\" id=\"gallery-1-8493\">\n\t\t\t\tlille Speziale Tasting\n\t\t\t\t<\/dd><\/dl><br style=\"clear: both\"><dl class=\"gallery-item\">\n\t\t\t<dt class=\"gallery-icon landscape\">\n\t\t\t\t<a data-rel=\"iLightbox[postimages]\" data-title=\"lille Brauerei Whiskey\" data-caption=\"lille Brauerei Whiskey\" href=\"https:\/\/welovekiel.com\/wp-content\/uploads\/lille-whiskey.jpg\" title=\"lille Brauerei Whiskey\" data-description=\"lille Brauerei Whiskey\"><img decoding=\"async\" width=\"400\" height=\"300\" src=\"https:\/\/welovekiel.com\/wp-content\/uploads\/lille-whiskey-400x300.jpg\" class=\"attachment-fusion-400 size-fusion-400 lazyload\" alt=\"lille Brauerei Whiskey\" aria-describedby=\"gallery-1-8495\" srcset=\"data:image\/svg+xml,%3Csvg%20xmlns%3D%27http%3A%2F%2Fwww.w3.org%2F2000%2Fsvg%27%20width%3D%271200%27%20height%3D%27900%27%20viewBox%3D%270%200%201200%20900%27%3E%3Crect%20width%3D%271200%27%20height%3D%27900%27%20fill-opacity%3D%220%22%2F%3E%3C%2Fsvg%3E\" data-orig-src=\"https:\/\/welovekiel.com\/wp-content\/uploads\/lille-whiskey-400x300.jpg\" data-srcset=\"https:\/\/welovekiel.com\/wp-content\/uploads\/lille-whiskey-200x150.jpg 200w, https:\/\/welovekiel.com\/wp-content\/uploads\/lille-whiskey-300x225.jpg 300w, https:\/\/welovekiel.com\/wp-content\/uploads\/lille-whiskey-400x300.jpg 400w, https:\/\/welovekiel.com\/wp-content\/uploads\/lille-whiskey-600x450.jpg 600w, https:\/\/welovekiel.com\/wp-content\/uploads\/lille-whiskey-768x576.jpg 768w, https:\/\/welovekiel.com\/wp-content\/uploads\/lille-whiskey-800x600.jpg 800w, https:\/\/welovekiel.com\/wp-content\/uploads\/lille-whiskey-1024x768.jpg 1024w, https:\/\/welovekiel.com\/wp-content\/uploads\/lille-whiskey.jpg 1200w\" data-sizes=\"auto\"><\/a>\n\t\t\t<\/dt>\n\t\t\t\t<dd class=\"wp-caption-text gallery-caption\" id=\"gallery-1-8495\">\n\t\t\t\tlille Brauerei Whiskey\n\t\t\t\t<\/dd><\/dl><dl class=\"gallery-item\">\n\t\t\t<dt class=\"gallery-icon landscape\">\n\t\t\t\t<a data-rel=\"iLightbox[postimages]\" data-title=\"lille Brauerei Werksverkauf\" data-caption=\"lille Brauerei Werksverkauf\" href=\"https:\/\/welovekiel.com\/wp-content\/uploads\/lille-brauerei-werksverkauf.jpg\" title=\"lille Brauerei Werksverkauf\" data-description=\"lille Brauerei Werksverkauf\"><img decoding=\"async\" width=\"400\" height=\"300\" src=\"https:\/\/welovekiel.com\/wp-content\/uploads\/lille-brauerei-werksverkauf-400x300.jpg\" class=\"attachment-fusion-400 size-fusion-400 lazyload\" alt=\"lille Brauerei Werksverkauf\" aria-describedby=\"gallery-1-8489\" srcset=\"data:image\/svg+xml,%3Csvg%20xmlns%3D%27http%3A%2F%2Fwww.w3.org%2F2000%2Fsvg%27%20width%3D%271200%27%20height%3D%27900%27%20viewBox%3D%270%200%201200%20900%27%3E%3Crect%20width%3D%271200%27%20height%3D%27900%27%20fill-opacity%3D%220%22%2F%3E%3C%2Fsvg%3E\" data-orig-src=\"https:\/\/welovekiel.com\/wp-content\/uploads\/lille-brauerei-werksverkauf-400x300.jpg\" data-srcset=\"https:\/\/welovekiel.com\/wp-content\/uploads\/lille-brauerei-werksverkauf-200x150.jpg 200w, https:\/\/welovekiel.com\/wp-content\/uploads\/lille-brauerei-werksverkauf-300x225.jpg 300w, https:\/\/welovekiel.com\/wp-content\/uploads\/lille-brauerei-werksverkauf-400x300.jpg 400w, https:\/\/welovekiel.com\/wp-content\/uploads\/lille-brauerei-werksverkauf-600x450.jpg 600w, https:\/\/welovekiel.com\/wp-content\/uploads\/lille-brauerei-werksverkauf-768x576.jpg 768w, https:\/\/welovekiel.com\/wp-content\/uploads\/lille-brauerei-werksverkauf-800x600.jpg 800w, https:\/\/welovekiel.com\/wp-content\/uploads\/lille-brauerei-werksverkauf-1024x768.jpg 1024w, https:\/\/welovekiel.com\/wp-content\/uploads\/lille-brauerei-werksverkauf.jpg 1200w\" data-sizes=\"auto\"><\/a>\n\t\t\t<\/dt>\n\t\t\t\t<dd class=\"wp-caption-text gallery-caption\" id=\"gallery-1-8489\">\n\t\t\t\tlille Brauerei Werksverkauf\n\t\t\t\t<\/dd><\/dl><br style=\"clear: both\"><dl class=\"gallery-item\">\n\t\t\t<dt class=\"gallery-icon landscape\">\n\t\t\t\t<a data-rel=\"iLightbox[postimages]\" data-title=\"lille Brauerei Schankraum Theke\" data-caption=\"lille Brauerei Schankraum Theke\" href=\"https:\/\/welovekiel.com\/wp-content\/uploads\/lille-brauerei-schankraum-theke.jpg\" title=\"lille Brauerei Schankraum Theke\" data-description=\"lille Brauerei Schankraum Theke\"><img decoding=\"async\" width=\"400\" height=\"300\" src=\"https:\/\/welovekiel.com\/wp-content\/uploads\/lille-brauerei-schankraum-theke-400x300.jpg\" class=\"attachment-fusion-400 size-fusion-400 lazyload\" alt=\"lille Brauerei Schankraum Theke\" aria-describedby=\"gallery-1-8485\" srcset=\"data:image\/svg+xml,%3Csvg%20xmlns%3D%27http%3A%2F%2Fwww.w3.org%2F2000%2Fsvg%27%20width%3D%271200%27%20height%3D%27900%27%20viewBox%3D%270%200%201200%20900%27%3E%3Crect%20width%3D%271200%27%20height%3D%27900%27%20fill-opacity%3D%220%22%2F%3E%3C%2Fsvg%3E\" data-orig-src=\"https:\/\/welovekiel.com\/wp-content\/uploads\/lille-brauerei-schankraum-theke-400x300.jpg\" data-srcset=\"https:\/\/welovekiel.com\/wp-content\/uploads\/lille-brauerei-schankraum-theke-200x150.jpg 200w, https:\/\/welovekiel.com\/wp-content\/uploads\/lille-brauerei-schankraum-theke-300x225.jpg 300w, https:\/\/welovekiel.com\/wp-content\/uploads\/lille-brauerei-schankraum-theke-400x300.jpg 400w, https:\/\/welovekiel.com\/wp-content\/uploads\/lille-brauerei-schankraum-theke-600x450.jpg 600w, https:\/\/welovekiel.com\/wp-content\/uploads\/lille-brauerei-schankraum-theke-768x576.jpg 768w, https:\/\/welovekiel.com\/wp-content\/uploads\/lille-brauerei-schankraum-theke-800x600.jpg 800w, https:\/\/welovekiel.com\/wp-content\/uploads\/lille-brauerei-schankraum-theke-1024x768.jpg 1024w, https:\/\/welovekiel.com\/wp-content\/uploads\/lille-brauerei-schankraum-theke.jpg 1200w\" data-sizes=\"auto\"><\/a>\n\t\t\t<\/dt>\n\t\t\t\t<dd class=\"wp-caption-text gallery-caption\" id=\"gallery-1-8485\">\n\t\t\t\tlille Brauerei Schankraum Theke\n\t\t\t\t<\/dd><\/dl><dl class=\"gallery-item\">\n\t\t\t<dt class=\"gallery-icon landscape\">\n\t\t\t\t<a data-rel=\"iLightbox[postimages]\" data-title=\"lille Brauerei Schankraum Brauereifest\" data-caption=\"lille Brauerei Schankraum Brauereifest\" href=\"https:\/\/welovekiel.com\/wp-content\/uploads\/lille-brauerei-schankraum-brauereifest.jpg\" title=\"lille Brauerei Schankraum Brauereifest\" data-description=\"lille Brauerei Schankraum Brauereifest\"><img decoding=\"async\" width=\"400\" height=\"300\" src=\"https:\/\/welovekiel.com\/wp-content\/uploads\/lille-brauerei-schankraum-brauereifest-400x300.jpg\" class=\"attachment-fusion-400 size-fusion-400 lazyload\" alt=\"lille Brauerei Schankraum Brauereifest\" aria-describedby=\"gallery-1-8483\" srcset=\"data:image\/svg+xml,%3Csvg%20xmlns%3D%27http%3A%2F%2Fwww.w3.org%2F2000%2Fsvg%27%20width%3D%271200%27%20height%3D%27900%27%20viewBox%3D%270%200%201200%20900%27%3E%3Crect%20width%3D%271200%27%20height%3D%27900%27%20fill-opacity%3D%220%22%2F%3E%3C%2Fsvg%3E\" data-orig-src=\"https:\/\/welovekiel.com\/wp-content\/uploads\/lille-brauerei-schankraum-brauereifest-400x300.jpg\" data-srcset=\"https:\/\/welovekiel.com\/wp-content\/uploads\/lille-brauerei-schankraum-brauereifest-200x150.jpg 200w, https:\/\/welovekiel.com\/wp-content\/uploads\/lille-brauerei-schankraum-brauereifest-300x225.jpg 300w, https:\/\/welovekiel.com\/wp-content\/uploads\/lille-brauerei-schankraum-brauereifest-400x300.jpg 400w, https:\/\/welovekiel.com\/wp-content\/uploads\/lille-brauerei-schankraum-brauereifest-600x450.jpg 600w, https:\/\/welovekiel.com\/wp-content\/uploads\/lille-brauerei-schankraum-brauereifest-768x576.jpg 768w, https:\/\/welovekiel.com\/wp-content\/uploads\/lille-brauerei-schankraum-brauereifest-800x600.jpg 800w, https:\/\/welovekiel.com\/wp-content\/uploads\/lille-brauerei-schankraum-brauereifest-1024x768.jpg 1024w, https:\/\/welovekiel.com\/wp-content\/uploads\/lille-brauerei-schankraum-brauereifest.jpg 1200w\" data-sizes=\"auto\"><\/a>\n\t\t\t<\/dt>\n\t\t\t\t<dd class=\"wp-caption-text gallery-caption\" id=\"gallery-1-8483\">\n\t\t\t\tlille Brauerei Schankraum Brauereifest\n\t\t\t\t<\/dd><\/dl><br style=\"clear: both\"><dl class=\"gallery-item\">\n\t\t\t<dt class=\"gallery-icon landscape\">\n\t\t\t\t<a data-rel=\"iLightbox[postimages]\" data-title=\"lille Brauerei Schankraum Brauerei Fest 26.03.2022\" data-caption=\"lille Brauerei Kiel Schankraum Brauerei Fest 26.03.2022\" href=\"https:\/\/welovekiel.com\/wp-content\/uploads\/lille-brauerei-kiel-schankraum.jpg\" title=\"lille Brauerei Schankraum Brauerei Fest 26.03.2022\" data-description=\"lille Brauerei Kiel Schankraum Brauerei Fest 26.03.2022\"><img decoding=\"async\" width=\"400\" height=\"300\" src=\"https:\/\/welovekiel.com\/wp-content\/uploads\/lille-brauerei-kiel-schankraum-400x300.jpg\" class=\"attachment-fusion-400 size-fusion-400 lazyload\" alt=\"lille Brauerei Schankraum Brauerei Fest 26.03.2022\" aria-describedby=\"gallery-1-8481\" srcset=\"data:image\/svg+xml,%3Csvg%20xmlns%3D%27http%3A%2F%2Fwww.w3.org%2F2000%2Fsvg%27%20width%3D%271200%27%20height%3D%27900%27%20viewBox%3D%270%200%201200%20900%27%3E%3Crect%20width%3D%271200%27%20height%3D%27900%27%20fill-opacity%3D%220%22%2F%3E%3C%2Fsvg%3E\" data-orig-src=\"https:\/\/welovekiel.com\/wp-content\/uploads\/lille-brauerei-kiel-schankraum-400x300.jpg\" data-srcset=\"https:\/\/welovekiel.com\/wp-content\/uploads\/lille-brauerei-kiel-schankraum-200x150.jpg 200w, https:\/\/welovekiel.com\/wp-content\/uploads\/lille-brauerei-kiel-schankraum-300x225.jpg 300w, https:\/\/welovekiel.com\/wp-content\/uploads\/lille-brauerei-kiel-schankraum-400x300.jpg 400w, https:\/\/welovekiel.com\/wp-content\/uploads\/lille-brauerei-kiel-schankraum-600x450.jpg 600w, https:\/\/welovekiel.com\/wp-content\/uploads\/lille-brauerei-kiel-schankraum-768x576.jpg 768w, https:\/\/welovekiel.com\/wp-content\/uploads\/lille-brauerei-kiel-schankraum-800x600.jpg 800w, https:\/\/welovekiel.com\/wp-content\/uploads\/lille-brauerei-kiel-schankraum-1024x768.jpg 1024w, https:\/\/welovekiel.com\/wp-content\/uploads\/lille-brauerei-kiel-schankraum.jpg 1200w\" data-sizes=\"auto\"><\/a>\n\t\t\t<\/dt>\n\t\t\t\t<dd class=\"wp-caption-text gallery-caption\" id=\"gallery-1-8481\">\n\t\t\t\tlille Brauerei Kiel Schankraum Brauerei Fest 26.03.2022\n\t\t\t\t<\/dd><\/dl><dl class=\"gallery-item\">\n\t\t\t<dt class=\"gallery-icon landscape\">\n\t\t\t\t<a data-rel=\"iLightbox[postimages]\" data-title=\"Schankraum lille Brauerei\" data-caption=\"Schankraum lille Brauerei\" href=\"https:\/\/welovekiel.com\/wp-content\/uploads\/schankraum-lille-brauerei-kiel-1.jpg\" title=\"Schankraum lille Brauerei\" data-description=\"Schankraum lille Brauerei\"><img decoding=\"async\" width=\"400\" height=\"300\" src=\"https:\/\/welovekiel.com\/wp-content\/uploads\/schankraum-lille-brauerei-kiel-1-400x300.jpg\" class=\"attachment-fusion-400 size-fusion-400 lazyload\" alt=\"Schankraum lille Brauerei\" aria-describedby=\"gallery-1-8465\" srcset=\"data:image\/svg+xml,%3Csvg%20xmlns%3D%27http%3A%2F%2Fwww.w3.org%2F2000%2Fsvg%27%20width%3D%271200%27%20height%3D%27900%27%20viewBox%3D%270%200%201200%20900%27%3E%3Crect%20width%3D%271200%27%20height%3D%27900%27%20fill-opacity%3D%220%22%2F%3E%3C%2Fsvg%3E\" data-orig-src=\"https:\/\/welovekiel.com\/wp-content\/uploads\/schankraum-lille-brauerei-kiel-1-400x300.jpg\" data-srcset=\"https:\/\/welovekiel.com\/wp-content\/uploads\/schankraum-lille-brauerei-kiel-1-200x150.jpg 200w, https:\/\/welovekiel.com\/wp-content\/uploads\/schankraum-lille-brauerei-kiel-1-300x225.jpg 300w, https:\/\/welovekiel.com\/wp-content\/uploads\/schankraum-lille-brauerei-kiel-1-400x300.jpg 400w, https:\/\/welovekiel.com\/wp-content\/uploads\/schankraum-lille-brauerei-kiel-1-600x450.jpg 600w, https:\/\/welovekiel.com\/wp-content\/uploads\/schankraum-lille-brauerei-kiel-1-768x576.jpg 768w, https:\/\/welovekiel.com\/wp-content\/uploads\/schankraum-lille-brauerei-kiel-1-800x600.jpg 800w, https:\/\/welovekiel.com\/wp-content\/uploads\/schankraum-lille-brauerei-kiel-1-1024x768.jpg 1024w, https:\/\/welovekiel.com\/wp-content\/uploads\/schankraum-lille-brauerei-kiel-1.jpg 1200w\" data-sizes=\"auto\"><\/a>\n\t\t\t<\/dt>\n\t\t\t\t<dd class=\"wp-caption-text gallery-caption\" id=\"gallery-1-8465\">\n\t\t\t\tSchankraum lille Brauerei\n\t\t\t\t<\/dd><\/dl><br style=\"clear: both\"><dl class=\"gallery-item\">\n\t\t\t<dt class=\"gallery-icon landscape\">\n\t\t\t\t<a data-rel=\"iLightbox[postimages]\" data-title=\"lille Brauerei Bier Werksverkauf\" data-caption=\"lille Brauerei Bier Werksverkauf\" href=\"https:\/\/welovekiel.com\/wp-content\/uploads\/lille-brauerei-bier-werksverkauf.jpg\" title=\"lille Brauerei Bier Werksverkauf\" data-description=\"lille Brauerei Bier Werksverkauf\"><img decoding=\"async\" width=\"400\" height=\"300\" src=\"https:\/\/welovekiel.com\/wp-content\/uploads\/lille-brauerei-bier-werksverkauf-400x300.jpg\" class=\"attachment-fusion-400 size-fusion-400 lazyload\" alt=\"lille Brauerei Bier Werksverkauf\" aria-describedby=\"gallery-1-8473\" srcset=\"data:image\/svg+xml,%3Csvg%20xmlns%3D%27http%3A%2F%2Fwww.w3.org%2F2000%2Fsvg%27%20width%3D%271200%27%20height%3D%27900%27%20viewBox%3D%270%200%201200%20900%27%3E%3Crect%20width%3D%271200%27%20height%3D%27900%27%20fill-opacity%3D%220%22%2F%3E%3C%2Fsvg%3E\" data-orig-src=\"https:\/\/welovekiel.com\/wp-content\/uploads\/lille-brauerei-bier-werksverkauf-400x300.jpg\" data-srcset=\"https:\/\/welovekiel.com\/wp-content\/uploads\/lille-brauerei-bier-werksverkauf-200x150.jpg 200w, https:\/\/welovekiel.com\/wp-content\/uploads\/lille-brauerei-bier-werksverkauf-300x225.jpg 300w, https:\/\/welovekiel.com\/wp-content\/uploads\/lille-brauerei-bier-werksverkauf-400x300.jpg 400w, https:\/\/welovekiel.com\/wp-content\/uploads\/lille-brauerei-bier-werksverkauf-600x450.jpg 600w, https:\/\/welovekiel.com\/wp-content\/uploads\/lille-brauerei-bier-werksverkauf-768x576.jpg 768w, https:\/\/welovekiel.com\/wp-content\/uploads\/lille-brauerei-bier-werksverkauf-800x600.jpg 800w, https:\/\/welovekiel.com\/wp-content\/uploads\/lille-brauerei-bier-werksverkauf-1024x768.jpg 1024w, https:\/\/welovekiel.com\/wp-content\/uploads\/lille-brauerei-bier-werksverkauf.jpg 1200w\" data-sizes=\"auto\"><\/a>\n\t\t\t<\/dt>\n\t\t\t\t<dd class=\"wp-caption-text gallery-caption\" id=\"gallery-1-8473\">\n\t\t\t\tlille Brauerei Bier Werksverkauf\n\t\t\t\t<\/dd><\/dl><dl class=\"gallery-item\">\n\t\t\t<dt class=\"gallery-icon landscape\">\n\t\t\t\t<a data-rel=\"iLightbox[postimages]\" data-title=\"lille Brauerei Socken\" data-caption=\"lille Brauerei Socken\" href=\"https:\/\/welovekiel.com\/wp-content\/uploads\/lille-brauerei-socken.jpg\" title=\"lille Brauerei Socken\" data-description=\"lille Brauerei Socken\"><img decoding=\"async\" width=\"400\" height=\"300\" src=\"https:\/\/welovekiel.com\/wp-content\/uploads\/lille-brauerei-socken-400x300.jpg\" class=\"attachment-fusion-400 size-fusion-400 lazyload\" alt=\"lille Brauerei Socken\" aria-describedby=\"gallery-1-8487\" srcset=\"data:image\/svg+xml,%3Csvg%20xmlns%3D%27http%3A%2F%2Fwww.w3.org%2F2000%2Fsvg%27%20width%3D%271200%27%20height%3D%27900%27%20viewBox%3D%270%200%201200%20900%27%3E%3Crect%20width%3D%271200%27%20height%3D%27900%27%20fill-opacity%3D%220%22%2F%3E%3C%2Fsvg%3E\" data-orig-src=\"https:\/\/welovekiel.com\/wp-content\/uploads\/lille-brauerei-socken-400x300.jpg\" data-srcset=\"https:\/\/welovekiel.com\/wp-content\/uploads\/lille-brauerei-socken-200x150.jpg 200w, https:\/\/welovekiel.com\/wp-content\/uploads\/lille-brauerei-socken-300x225.jpg 300w, https:\/\/welovekiel.com\/wp-content\/uploads\/lille-brauerei-socken-400x300.jpg 400w, https:\/\/welovekiel.com\/wp-content\/uploads\/lille-brauerei-socken-600x450.jpg 600w, https:\/\/welovekiel.com\/wp-content\/uploads\/lille-brauerei-socken-768x576.jpg 768w, https:\/\/welovekiel.com\/wp-content\/uploads\/lille-brauerei-socken-800x600.jpg 800w, https:\/\/welovekiel.com\/wp-content\/uploads\/lille-brauerei-socken-1024x768.jpg 1024w, https:\/\/welovekiel.com\/wp-content\/uploads\/lille-brauerei-socken.jpg 1200w\" data-sizes=\"auto\"><\/a>\n\t\t\t<\/dt>\n\t\t\t\t<dd class=\"wp-caption-text gallery-caption\" id=\"gallery-1-8487\">\n\t\t\t\tlille Brauerei Socken\n\t\t\t\t<\/dd><\/dl><br style=\"clear: both\"><dl class=\"gallery-item\">\n\t\t\t<dt class=\"gallery-icon landscape\">\n\t\t\t\t<a data-rel=\"iLightbox[postimages]\" data-title=\"John&rsquo;s Burgers beim lille Brauereifest\" data-caption=\"John's Burgers beim lille Brauereifest\" href=\"https:\/\/welovekiel.com\/wp-content\/uploads\/johns-burgers-lille-brauerei-fest-2022.jpg\" title=\"John's Burgers beim lille Brauereifest\" data-description=\"John's Burgers beim lille Brauereifest\"><img decoding=\"async\" width=\"400\" height=\"300\" src=\"https:\/\/welovekiel.com\/wp-content\/uploads\/johns-burgers-lille-brauerei-fest-2022-400x300.jpg\" class=\"attachment-fusion-400 size-fusion-400 lazyload\" alt=\"John's Burgers beim lille Brauereifest\" aria-describedby=\"gallery-1-8471\" srcset=\"data:image\/svg+xml,%3Csvg%20xmlns%3D%27http%3A%2F%2Fwww.w3.org%2F2000%2Fsvg%27%20width%3D%271200%27%20height%3D%27900%27%20viewBox%3D%270%200%201200%20900%27%3E%3Crect%20width%3D%271200%27%20height%3D%27900%27%20fill-opacity%3D%220%22%2F%3E%3C%2Fsvg%3E\" data-orig-src=\"https:\/\/welovekiel.com\/wp-content\/uploads\/johns-burgers-lille-brauerei-fest-2022-400x300.jpg\" data-srcset=\"https:\/\/welovekiel.com\/wp-content\/uploads\/johns-burgers-lille-brauerei-fest-2022-200x150.jpg 200w, https:\/\/welovekiel.com\/wp-content\/uploads\/johns-burgers-lille-brauerei-fest-2022-300x225.jpg 300w, https:\/\/welovekiel.com\/wp-content\/uploads\/johns-burgers-lille-brauerei-fest-2022-400x300.jpg 400w, https:\/\/welovekiel.com\/wp-content\/uploads\/johns-burgers-lille-brauerei-fest-2022-600x450.jpg 600w, https:\/\/welovekiel.com\/wp-content\/uploads\/johns-burgers-lille-brauerei-fest-2022-768x576.jpg 768w, https:\/\/welovekiel.com\/wp-content\/uploads\/johns-burgers-lille-brauerei-fest-2022-800x600.jpg 800w, https:\/\/welovekiel.com\/wp-content\/uploads\/johns-burgers-lille-brauerei-fest-2022-1024x768.jpg 1024w, https:\/\/welovekiel.com\/wp-content\/uploads\/johns-burgers-lille-brauerei-fest-2022.jpg 1200w\" data-sizes=\"auto\"><\/a>\n\t\t\t<\/dt>\n\t\t\t\t<dd class=\"wp-caption-text gallery-caption\" id=\"gallery-1-8471\">\n\t\t\t\tJohn&rsquo;s Burgers beim lille Brauereifest\n\t\t\t\t<\/dd><\/dl><dl class=\"gallery-item\">\n\t\t\t<dt class=\"gallery-icon landscape\">\n\t\t\t\t<a data-rel=\"iLightbox[postimages]\" data-title=\"John&rsquo;s Burgers Food Truck\" data-caption=\"John's Burgers Food Truck\" href=\"https:\/\/welovekiel.com\/wp-content\/uploads\/johns-burgers.jpg\" title=\"John's Burgers Food Truck\" data-description=\"John's Burgers Food Truck\"><img decoding=\"async\" width=\"400\" height=\"300\" src=\"https:\/\/welovekiel.com\/wp-content\/uploads\/johns-burgers-400x300.jpg\" class=\"attachment-fusion-400 size-fusion-400 lazyload\" alt=\"John's Burgers Food Truck\" aria-describedby=\"gallery-1-8469\" srcset=\"data:image\/svg+xml,%3Csvg%20xmlns%3D%27http%3A%2F%2Fwww.w3.org%2F2000%2Fsvg%27%20width%3D%271200%27%20height%3D%27900%27%20viewBox%3D%270%200%201200%20900%27%3E%3Crect%20width%3D%271200%27%20height%3D%27900%27%20fill-opacity%3D%220%22%2F%3E%3C%2Fsvg%3E\" data-orig-src=\"https:\/\/welovekiel.com\/wp-content\/uploads\/johns-burgers-400x300.jpg\" data-srcset=\"https:\/\/welovekiel.com\/wp-content\/uploads\/johns-burgers-200x150.jpg 200w, https:\/\/welovekiel.com\/wp-content\/uploads\/johns-burgers-300x225.jpg 300w, https:\/\/welovekiel.com\/wp-content\/uploads\/johns-burgers-400x300.jpg 400w, https:\/\/welovekiel.com\/wp-content\/uploads\/johns-burgers-600x450.jpg 600w, https:\/\/welovekiel.com\/wp-content\/uploads\/johns-burgers-768x576.jpg 768w, https:\/\/welovekiel.com\/wp-content\/uploads\/johns-burgers-800x600.jpg 800w, https:\/\/welovekiel.com\/wp-content\/uploads\/johns-burgers-1024x768.jpg 1024w, https:\/\/welovekiel.com\/wp-content\/uploads\/johns-burgers.jpg 1200w\" data-sizes=\"auto\"><\/a>\n\t\t\t<\/dt>\n\t\t\t\t<dd class=\"wp-caption-text gallery-caption\" id=\"gallery-1-8469\">\n\t\t\t\tJohn&rsquo;s Burgers Food Truck\n\t\t\t\t<\/dd><\/dl><br style=\"clear: both\">\n\t\t<\/div>\n\n<\/div><style type=\"text\/css\"><\/style><div class=\"fusion-title title fusion-title-1 fusion-title-text fusion-title-size-two\" style=\"margin-top:0px;margin-right:0px;margin-bottom:31px;margin-left:0px;\"><h2 class=\"title-heading-left\" style=\"margin:0;\">Mehr Events in Kiel<\/h2><span class=\"awb-title-spacer\"><\/span><div class=\"title-sep-container\"><div class=\"title-sep sep-double sep-solid\" style=\"border-color:#e0dede;\"><\/div><\/div><\/div><div class=\"fusion-text fusion-text-3\"><ul class=\"posts-by-tag-list\"><li class=\"posts-by-tag-item 2026 Alter Markt Asmus-Bremer-Platz Bobs Rockstage DJ Gary F&ouml;rdeb&uuml;hne Kieler Woche Kieler Woche 2026 Kieler Woche Konzert Kiellinie Konzerte Party Radio Bob B&uuml;hne Radio Bob! Rockcamp Rathausb&uuml;hne Rathausplatz Together Kiel\" id=\"posts-by-tag-item-17310\"><a class=\"posts-by-tag-item-title\" href=\"https:\/\/welovekiel.com\/de\/kieler-woche-2026-konzerte-veranstaltungen-freitag-26-06-2026-17310\/\">Kieler Woche 2026: Konzerte &amp; Veranstaltungen Freitag 26.06.2026<\/a> <small>Posted on: 26. Juni 2026<\/small><\/li><li class=\"posts-by-tag-item 2026 F&ouml;rdeb&uuml;hne Kieler Woche Kieler Woche 2026 Kieler Woche Konzert Kiellinie Konzerte Party Radio Bob B&uuml;hne Radio Bob! Rockcamp Rathausb&uuml;hne\" id=\"posts-by-tag-item-17303\"><a class=\"posts-by-tag-item-title\" href=\"https:\/\/welovekiel.com\/de\/kieler-woche-2026-konzerte-veranstaltungen-dienstag-23-06-2026-17303\/\">Kieler Woche 2026: Konzerte &amp; Veranstaltungen Dienstag 23.06.2026<\/a> <small>Posted on: 23. Juni 2026<\/small><\/li><li class=\"posts-by-tag-item Aufstieg Holstein Fans Holstein Kiel Party Rathausplatz\" id=\"posts-by-tag-item-16867\"><a class=\"posts-by-tag-item-title\" href=\"https:\/\/welovekiel.com\/de\/buehnenaufbau-holstein-kiel-aufstiegsparty-rathausplatz-16867\/\">B&uuml;hnenaufbau Holstein Kiel Aufstiegsparty Rathausplatz Sonntagnachmittag<\/a> <small>Posted on: 19. Mai 2024<\/small><\/li><li class=\"posts-by-tag-item Feuerwerk Kieler F&ouml;rde Kiellinie Party Reventloubr&uuml;cke Reventlouwiese Silvester Weco\" id=\"posts-by-tag-item-15665\"><a class=\"posts-by-tag-item-title\" href=\"https:\/\/welovekiel.com\/de\/silvester-feuerwerk-2023-kiellinie-kiel-kieler-foerde-15665\/\">Silvester Feuerwerk 2023 an der Kiellinie Kiel<\/a> <small>Posted on: 1. Januar 2024<\/small><\/li><li class=\"posts-by-tag-item Fireworks Kiel Fjord Kiellinie New Year's Eve Party Reventloubr&uuml;cke Reventlouwiese Weco\" id=\"posts-by-tag-item-15678\"><a class=\"posts-by-tag-item-title\" href=\"https:\/\/welovekiel.com\/en\/new-yeras-eve-fireworks-kiel-kiellinie-2023-15678\/\">New Year's Eve fireworks 2023 at the Kiellinie Kiel<\/a> <small>Posted on: 1. Januar 2024<\/small><\/li><li class=\"posts-by-tag-item F&ouml;rdeb&uuml;hne Kieler Woche Kieler Woche 2023 Kieler Woche Konzert Kiellinie Konzert Konzerte Pirate World Radio Bob! Rockcamp Rathausb&uuml;hne Together Kiel Woderkant Festival\" id=\"posts-by-tag-item-15277\"><a class=\"posts-by-tag-item-title\" href=\"https:\/\/welovekiel.com\/de\/kieler-woche-2023-konzerte-am-samstag-24-06-2023-15277\/\">Kieler Woche 2023: Konzerte am Samstag 24.06.2023<\/a> <small>Posted on: 24. Juni 2023<\/small><\/li><li class=\"posts-by-tag-item F&ouml;rdeb&uuml;hne Kieler Woche Kieler Woche 2023 Kieler Woche Konzert Konzert Konzerte Pirate World Radio Bob! Rockcamp Rathausb&uuml;hne Together Kiel Woderkant Festival\" id=\"posts-by-tag-item-15275\"><a class=\"posts-by-tag-item-title\" href=\"https:\/\/welovekiel.com\/de\/kieler-woche-2023-konzerte-am-freitag-23-06-2023-15275\/\">Kieler Woche 2023: Konzerte am Freitag 23.06.2023<\/a> <small>Posted on: 23. Juni 2023<\/small><\/li><li class=\"posts-by-tag-item F&ouml;rdeb&uuml;hne Kieler Woche Kieler Woche 2023 Kieler Woche Konzert Konzert Konzerte Pirate World Radio Bob! Rockcamp Rathausb&uuml;hne Together Kiel Woderkant Festival\" id=\"posts-by-tag-item-15271\"><a class=\"posts-by-tag-item-title\" href=\"https:\/\/welovekiel.com\/de\/kieler-woche-2023-konzerte-am-donnerstag-22-6-2023-15271\/\">Kieler Woche 2023: Konzerte am Donnerstag 22.6.2023<\/a> <small>Posted on: 22. Juni 2023<\/small><\/li><li class=\"posts-by-tag-item Bobs Rockstage F&ouml;rdeb&uuml;hne Kieler Woche Kieler Woche 2023 Kieler Woche Konzert Konzert Konzerte Pirate World Radio Bob! Rockcamp Rathausb&uuml;hne Together Kiel Woderkant Festival\" id=\"posts-by-tag-item-15266\"><a class=\"posts-by-tag-item-title\" href=\"https:\/\/welovekiel.com\/de\/kieler-woche-2023-konzerte-am-mittwoch-21-06-2023-15266\/\">Kieler Woche 2023: Konzerte am Mittwoch 21.06.2023<\/a> <small>Posted on: 22. Juni 2023<\/small><\/li><li class=\"posts-by-tag-item Bobs Rockstage F&ouml;rdeb&uuml;hne Kieler Woche Kieler Woche 2023 Kieler Woche Konzert Konzert Konzerte Muddi Markt Pirate World Rathausb&uuml;hne Together Kiel Woderkant Festival\" id=\"posts-by-tag-item-15260\"><a class=\"posts-by-tag-item-title\" href=\"https:\/\/welovekiel.com\/de\/kieler-woche-2023-konzerte-am-dienstag-20-06-2023-15260\/\">Kieler Woche 2023: Konzerte am Dienstag 20.06.2023<\/a> <small>Posted on: 20. Juni 2023<\/small><\/li><\/ul>\n<\/div><div class=\"fusion-clearfix\"><\/div><\/div><\/div><div class=\"fusion-layout-column fusion_builder_column fusion-builder-column-1 fusion_builder_column_1_4 1_4 fusion-one-fourth fusion-column-last\" style=\"width:25%;width:calc(25% - ( ( 4% ) * 0.25 ) );margin-top:0px;margin-bottom:20px;\"><div class=\"fusion-column-wrapper fusion-flex-column-wrapper-legacy\" style=\"background-position:left top;background-repeat:no-repeat;-webkit-background-size:cover;-moz-background-size:cover;-o-background-size:cover;background-size:cover;padding: 0px 0px 0px 0px;\"><div class=\"fusion-widget-area fusion-widget-area-1 fusion-content-widget-area\"><style type=\"text\/css\">.fusion-widget-area-1 {padding:0px 0px 0px 0px;}.fusion-widget-area-1 .widget h4 {color:#333333;}.fusion-widget-area-1 .widget .heading h4 {color:#333333;}<\/style><div id=\"custom_html-11\" class=\"widget_text widget widget_custom_html\"><div class=\"textwidget custom-html-widget\"><script async src=\"https:\/\/pagead2.googlesyndication.com\/pagead\/js\/adsbygoogle.js\"><\/script>\r\n<!-- welovekiel_de_galerie_sidebar_responsive -->\r\n<ins class=\"adsbygoogle\" style=\"display:block\" data-ad-client=\"ca-pub-2675294892226297\" data-ad-slot=\"5973548078\" data-ad-format=\"auto\" data-full-width-responsive=\"true\"><\/ins>\r\n<script>\r\n     (adsbygoogle = window.adsbygoogle || []).push({});\r\n<\/script><\/div><\/div><div id=\"gallery-taxonomies-2\" class=\"widget widget_gallery-taxonomies\" style=\"border-style: solid;border-color:transparent;border-width:0px;\"><div class=\"heading\"><h4 class=\"widget-title\">Kategorien der Bildergalerien<\/h4><\/div>\n<ul>\n  \t<li class=\"cat-item cat-item-339\"><a href=\"https:\/\/welovekiel.com\/de\/galleries\/category\/veranstaltungen-events\/\">Veranstaltungen &amp; Events<\/a>\n<\/li>\n\t<li class=\"cat-item cat-item-277\"><a href=\"https:\/\/welovekiel.com\/de\/galleries\/category\/kieler-foerde\/\">Kieler F&ouml;rde<\/a>\n<\/li>\n\t<li class=\"cat-item cat-item-293\"><a href=\"https:\/\/welovekiel.com\/de\/galleries\/category\/schiffe\/\">Schiffe<\/a>\n<\/li>\n\t<li class=\"cat-item cat-item-276\"><a href=\"https:\/\/welovekiel.com\/de\/galleries\/category\/kieler-woche\/\">Kieler Woche<\/a>\n<ul class=\"children\">\n\t<li class=\"cat-item cat-item-301\"><a href=\"https:\/\/welovekiel.com\/de\/galleries\/category\/kieler-woche-konzerte\/\">Kieler Woche Konzerte<\/a>\n<\/li>\n<\/ul>\n<\/li>\n\t<li class=\"cat-item cat-item-533\"><a href=\"https:\/\/welovekiel.com\/de\/galleries\/category\/kieler-hafen\/\">Kieler Hafen<\/a>\n<\/li>\n\t<li class=\"cat-item cat-item-501\"><a href=\"https:\/\/welovekiel.com\/de\/galleries\/category\/wik\/\">Wik<\/a>\n<\/li>\n\t<li class=\"cat-item cat-item-401\"><a href=\"https:\/\/welovekiel.com\/de\/galleries\/category\/altstadt\/\">Altstadt<\/a>\n<\/li>\n\t<li class=\"cat-item cat-item-674\"><a href=\"https:\/\/welovekiel.com\/de\/galleries\/category\/sehenswuerdigkeiten\/\">Sehensw&uuml;rdigkeiten<\/a>\n<\/li>\n\t<li class=\"cat-item cat-item-402\"><a href=\"https:\/\/welovekiel.com\/de\/galleries\/category\/vorstadt\/\">Vorstadt<\/a>\n<\/li>\n\t<li class=\"cat-item cat-item-502\"><a href=\"https:\/\/welovekiel.com\/de\/galleries\/category\/duesternbrook\/\">D&uuml;sternbrook<\/a>\n<\/li>\n\t<li class=\"cat-item cat-item-311\"><a href=\"https:\/\/welovekiel.com\/de\/galleries\/category\/musik-konzerte\/\">Musik &amp; Konzerte<\/a>\n<\/li>\n\t<li class=\"cat-item cat-item-890\"><a href=\"https:\/\/welovekiel.com\/de\/galleries\/category\/gebaeude-bauwerke\/\">Geb&auml;ude &amp; Bauwerke<\/a>\n<\/li>\n\t<li class=\"cat-item cat-item-318\"><a href=\"https:\/\/welovekiel.com\/de\/galleries\/category\/straende\/\">Str&auml;nde<\/a>\n<\/li>\n\t<li class=\"cat-item cat-item-573\"><a href=\"https:\/\/welovekiel.com\/de\/galleries\/category\/schilksee\/\">Schilksee<\/a>\n<\/li>\n\t<li class=\"cat-item cat-item-476\"><a href=\"https:\/\/welovekiel.com\/de\/galleries\/category\/parkanlagen-gruenflaechen\/\">Parkanlagen &amp; Gr&uuml;nfl&auml;chen<\/a>\n<\/li>\n\t<li class=\"cat-item cat-item-648\"><a href=\"https:\/\/welovekiel.com\/de\/galleries\/category\/holtenau\/\">Holtenau<\/a>\n<\/li>\n\t<li class=\"cat-item cat-item-672\"><a href=\"https:\/\/welovekiel.com\/de\/galleries\/category\/kieler-umland\/\">Kieler Umland<\/a>\n<\/li>\n\t<li class=\"cat-item cat-item-673\"><a href=\"https:\/\/welovekiel.com\/de\/galleries\/category\/kreis-rendsburg-eckernfoerde\/\">Kreis Rendsburg-Eckernf&ouml;rde<\/a>\n<\/li>\n\t<li class=\"cat-item cat-item-844\"><a href=\"https:\/\/welovekiel.com\/de\/galleries\/category\/sport\/\">Sport<\/a>\n<\/li>\n<\/ul>\n\n<\/div><div id=\"encyclopedia_items-6\" class=\"widget widget_encyclopedia_items\"><div class=\"heading\"><h4 class=\"widget-title\">Aus dem Kiel Lexikon<\/h4><\/div><ul>\n            <li><a href=\"https:\/\/welovekiel.com\/de\/lexikon\/internationaler-markt-kiel\/\" title=\"\" class=\"encyclopedia\">Internationaler Markt<\/a><\/li>\n            <li><a href=\"https:\/\/welovekiel.com\/de\/lexikon\/sedov\/\" title=\"\" class=\"encyclopedia\">Sedov<\/a><\/li>\n            <li><a href=\"https:\/\/welovekiel.com\/de\/lexikon\/stadtteile\/\" title=\"\" class=\"encyclopedia\">Stadtteile<\/a><\/li>\n            <li><a href=\"https:\/\/welovekiel.com\/de\/lexikon\/weihnachtsmarkt-gut-augustenhof\/\" title=\"\" class=\"encyclopedia\">Weihnachtsmarkt Gut Augustenhof<\/a><\/li>\n            <li><a href=\"https:\/\/welovekiel.com\/de\/lexikon\/schoenberger-strand\/\" title=\"\" class=\"encyclopedia\">Sch&ouml;nberger Strand<\/a><\/li>\n    <\/ul>\n<\/div>\n\t\t<div id=\"recent-posts-4\" class=\"widget widget_recent_entries\">\n\t\t<div class=\"heading\"><h4 class=\"widget-title\">Neu im Kiel Blog<\/h4><\/div>\n\t\t<ul>\n\t\t\t\t\t\t\t\t\t\t\t<li>\n\t\t\t\t\t<a href=\"https:\/\/welovekiel.com\/de\/kieler-woche-2026-konzerte-veranstaltungen-freitag-26-06-2026-17310\/\">Kieler Woche 2026: Konzerte &amp; Veranstaltungen Freitag 26.06.2026<\/a>\n\t\t\t\t\t\t\t\t\t<\/li>\n\t\t\t\t\t\t\t\t\t\t\t<li>\n\t\t\t\t\t<a href=\"https:\/\/welovekiel.com\/de\/kieler-woche-2026-konzerte-veranstaltungen-donnerstag-25-06-2026-17308\/\">Kieler Woche 2026: Konzerte &amp; Veranstaltungen Donnerstag 25.06.2026<\/a>\n\t\t\t\t\t\t\t\t\t<\/li>\n\t\t\t\t\t\t\t\t\t\t\t<li>\n\t\t\t\t\t<a href=\"https:\/\/welovekiel.com\/de\/kieler-woche-2026-konzerte-veranstaltungen-mittwoch-24-06-2026-17305\/\">Kieler Woche 2026: Konzerte &amp; Veranstaltungen Mittwoch 24.06.2026<\/a>\n\t\t\t\t\t\t\t\t\t<\/li>\n\t\t\t\t\t\t\t\t\t\t\t<li>\n\t\t\t\t\t<a href=\"https:\/\/welovekiel.com\/de\/kieler-woche-2026-konzerte-veranstaltungen-dienstag-23-06-2026-17303\/\">Kieler Woche 2026: Konzerte &amp; Veranstaltungen Dienstag 23.06.2026<\/a>\n\t\t\t\t\t\t\t\t\t<\/li>\n\t\t\t\t\t\t\t\t\t\t\t<li>\n\t\t\t\t\t<a href=\"https:\/\/welovekiel.com\/de\/kieler-woche-2026-konzerte-veranstaltungen-montag-22-06-2026-17298\/\">Kieler Woche 2026: Konzerte &amp; Veranstaltungen Montag 22.06.2026<\/a>\n\t\t\t\t\t\t\t\t\t<\/li>\n\t\t\t\t\t<\/ul>\n\n\t\t<\/div><div class=\"tribe-compatibility-container\">\n\t<div class=\"tribe-common tribe-events tribe-events-view tribe-events-view--widget-events-list tribe-events-widget\" data-js=\"tribe-events-view\" data-view-rest-url=\"https:\/\/welovekiel.com\/de\/wp-json\/tribe\/views\/v2\/html\" data-view-manage-url=\"1\" data-view-breakpoint-pointer=\"81f3947a-bdc5-44fa-8b53-0b8951892575\">\n\t\t<div class=\"tribe-events-widget-events-list\">\n\n\t\t\t<script type=\"application\/ld+json\">\r\n[{\"@context\":\"http:\/\/schema.org\",\"@type\":\"Event\",\"name\":\"Flohmarkt Kiel Innenstadt Holstenplatz bis Rathausplatz 06.09.2026\",\"description\":\"&lt;p&gt;Flohmarkt Kiel Innenstadt am Sonntag, den 6. September 2026 ab 8 Uhr auf dem Rathausplatz, Asmus-Bremer-Platz, Europaplatz, Fleeth\\u00f6rn, Willestra\\u00dfe, Holstenplatz und Holstenstra\\u00dfe. In den Monaten April bis September 2026 veranstaltet die Landeshauptstadt Kiel mehrere Flohm\\u00e4rkte [&hellip;]&lt;\/p&gt;\\\\n\",\"image\":\"https:\/\/welovekiel.com\/wp-content\/uploads\/kieler-rathausplatz-flohmarkt-innenstadt-kiel.jpg\",\"url\":\"https:\/\/welovekiel.com\/de\/event\/flohmarkt-kiel-innenstadt-holstenplatz-bis-rathausplatz-6-9-2026\/\",\"eventAttendanceMode\":\"https:\/\/schema.org\/OfflineEventAttendanceMode\",\"eventStatus\":\"https:\/\/schema.org\/EventScheduled\",\"startDate\":\"2026-09-06T08:00:00+02:00\",\"endDate\":\"2026-09-06T16:00:00+02:00\",\"location\":{\"@type\":\"Place\",\"name\":\"Rathausplatz Kiel\",\"description\":\"\",\"url\":\"https:\/\/welovekiel.com\/de\/veranstaltungsort\/rathausplatz-kiel\/\",\"address\":{\"@type\":\"PostalAddress\",\"streetAddress\":\"Rathausplatz\",\"addressLocality\":\"Kiel\",\"postalCode\":\"24103\",\"addressCountry\":\"Deutschland\"},\"telephone\":\"\",\"sameAs\":\"\"},\"organizer\":{\"@type\":\"Person\",\"name\":\"Landeshauptstadt Kiel\",\"description\":\"\",\"url\":\"\",\"telephone\":\"\",\"email\":\"\",\"sameAs\":\"\"},\"offers\":{\"@type\":\"Offer\",\"price\":\"0\",\"priceCurrency\":\"EUR\",\"url\":\"https:\/\/welovekiel.com\/de\/event\/flohmarkt-kiel-innenstadt-holstenplatz-bis-rathausplatz-6-9-2026\/\",\"category\":\"primary\",\"availability\":\"inStock\",\"validFrom\":\"1970-01-01T00:00:00+00:00\"},\"performer\":\"Organization\"},{\"@context\":\"http:\/\/schema.org\",\"@type\":\"Event\",\"name\":\"Flohmarkt Kaufland Kiel-Mettenhof 13.09.2026\",\"description\":\"&lt;p&gt;Flohmarkt Kaufland Kiel-Mettenhof am Sonntag, den 13. September 2026 ab 6 Uhr auf dem Kaufland Parkplatz im Kieler Stadtteil Mettenhof am Skandinaviendamm. In den Monaten Januar bis Dezember 2026 veranstaltet Heinz Geide Flohm\\u00e4rkte insgesamt 12 [&hellip;]&lt;\/p&gt;\\\\n\",\"image\":\"https:\/\/welovekiel.com\/wp-content\/uploads\/kaufland-mettenhof-parkhaus-flohmarkt.jpg\",\"url\":\"https:\/\/welovekiel.com\/de\/event\/flohmarkt-kaufland-kiel-mettenhof-13-09-2026\/\",\"eventAttendanceMode\":\"https:\/\/schema.org\/OfflineEventAttendanceMode\",\"eventStatus\":\"https:\/\/schema.org\/EventScheduled\",\"startDate\":\"2026-09-13T06:00:00+02:00\",\"endDate\":\"2026-09-13T16:00:00+02:00\",\"location\":{\"@type\":\"Place\",\"name\":\"Kaufland Kiel-Mettenhof\",\"description\":\"\",\"url\":\"https:\/\/welovekiel.com\/de\/veranstaltungsort\/kaufland-kiel-mettenhof\/\",\"address\":{\"@type\":\"PostalAddress\",\"streetAddress\":\"Skandinaviendamm 299\",\"addressLocality\":\"Kiel\",\"postalCode\":\"24109\",\"addressCountry\":\"Deutschland\"},\"telephone\":\"\",\"sameAs\":\"\"},\"organizer\":{\"@type\":\"Person\",\"name\":\"Heinz Geide Flom\\u00e4rkte\",\"description\":\"\",\"url\":\"\",\"telephone\":\"\",\"email\":\"\",\"sameAs\":\"\"},\"offers\":{\"@type\":\"Offer\",\"price\":\"0\",\"priceCurrency\":\"EUR\",\"url\":\"https:\/\/welovekiel.com\/de\/event\/flohmarkt-kaufland-kiel-mettenhof-13-09-2026\/\",\"category\":\"primary\",\"availability\":\"inStock\",\"validFrom\":\"1970-01-01T00:00:00+00:00\"},\"performer\":\"Organization\"},{\"@context\":\"http:\/\/schema.org\",\"@type\":\"Event\",\"name\":\"Flohmarkt Citti-Park Kiel 13.9.2026\",\"description\":\"&lt;p&gt;Flohmarkt Citti-Park Kiel am Sonntag, den 13. September 2026 ab 8 Uhr auf dem Citti-Park Parkplatz im M\\u00fchlendamm 1 im Kieler Stadtteil Hassee. An insgesamt sechs Terminen im Jahr 2026 veranstaltet die Firma Hochberg Flohm\\u00e4rkte [&hellip;]&lt;\/p&gt;\\\\n\",\"image\":\"https:\/\/welovekiel.com\/wp-content\/uploads\/flohmarkt-kiel-citti-park.jpg\",\"url\":\"https:\/\/welovekiel.com\/de\/event\/flohmarkt-citti-park-kiel-13-9-2026\/\",\"eventAttendanceMode\":\"https:\/\/schema.org\/OfflineEventAttendanceMode\",\"eventStatus\":\"https:\/\/schema.org\/EventScheduled\",\"startDate\":\"2026-09-13T08:00:00+02:00\",\"endDate\":\"2026-09-13T16:00:00+02:00\",\"location\":{\"@type\":\"Place\",\"name\":\"Citti-Park Kiel\",\"description\":\"\",\"url\":\"https:\/\/welovekiel.com\/de\/veranstaltungsort\/citti-park-kiel\/\",\"address\":{\"@type\":\"PostalAddress\",\"streetAddress\":\"M\\u00fchlendamm 1\",\"addressLocality\":\"Kiel\",\"postalCode\":\"24113\",\"addressCountry\":\"Deutschland\"},\"telephone\":\"\",\"sameAs\":\"\"},\"organizer\":{\"@type\":\"Person\",\"name\":\"Hochberg Flohmarkt\",\"description\":\"\",\"url\":\"\",\"telephone\":\"\",\"email\":\"\",\"sameAs\":\"\"},\"offers\":{\"@type\":\"Offer\",\"price\":\"0\",\"priceCurrency\":\"EUR\",\"url\":\"https:\/\/welovekiel.com\/de\/event\/flohmarkt-citti-park-kiel-13-9-2026\/\",\"category\":\"primary\",\"availability\":\"inStock\",\"validFrom\":\"1970-01-01T00:00:00+00:00\"},\"performer\":\"Organization\"}]\r\n<\/script>\n\t\t\t<script data-js=\"tribe-events-view-data\" type=\"application\/json\">\n\t{\"slug\":\"widget-events-list\",\"prev_url\":\"\",\"next_url\":\"https:\\\/\\\/welovekiel.com\\\/de\\\/?post_type=tribe_events&eventDisplay=widget-events-list&paged=2\",\"view_class\":\"Tribe\\\\Events\\\\Views\\\\V2\\\\Views\\\\Widgets\\\\Widget_List_View\",\"view_slug\":\"widget-events-list\",\"view_label\":\"View\",\"view\":null,\"should_manage_url\":true,\"id\":null,\"alias-slugs\":null,\"title\":\"Veranstaltungen von 1. September \\u2013 13. September \\u2013 We love Kiel\",\"limit\":\"3\",\"no_upcoming_events\":false,\"featured_events_only\":false,\"jsonld_enable\":true,\"tribe_is_list_widget\":false,\"admin_fields\":{\"title\":{\"label\":\"Titel:\",\"type\":\"text\",\"parent_classes\":\"\",\"classes\":\"\",\"dependency\":\"\",\"id\":\"widget-tribe-widget-events-list-6-title\",\"name\":\"widget-tribe-widget-events-list[6][title]\",\"options\":[],\"placeholder\":\"\",\"value\":null},\"limit\":{\"label\":\"Anzeige:\",\"type\":\"number\",\"default\":5,\"min\":1,\"max\":10,\"step\":1,\"parent_classes\":\"\",\"classes\":\"\",\"dependency\":\"\",\"id\":\"widget-tribe-widget-events-list-6-limit\",\"name\":\"widget-tribe-widget-events-list[6][limit]\",\"options\":[],\"placeholder\":\"\",\"value\":null},\"metadata_section\":{\"type\":\"fieldset\",\"classes\":\"tribe-common-form-control-checkbox-checkbox-group\",\"label\":\"Anzeige:\",\"children\":{\"cost\":{\"type\":\"checkbox\",\"label\":\"Preis\",\"parent_classes\":\"\",\"classes\":\"\",\"dependency\":\"\",\"id\":\"widget-tribe-widget-events-list-6-cost\",\"name\":\"widget-tribe-widget-events-list[6][cost]\",\"options\":[],\"placeholder\":\"\",\"value\":null},\"venue\":{\"type\":\"checkbox\",\"label\":\"Veranstaltungsort\",\"parent_classes\":\"\",\"classes\":\"\",\"dependency\":\"\",\"id\":\"widget-tribe-widget-events-list-6-venue\",\"name\":\"widget-tribe-widget-events-list[6][venue]\",\"options\":[],\"placeholder\":\"\",\"value\":null},\"street\":{\"type\":\"checkbox\",\"label\":\"Stra\\u00dfe\",\"parent_classes\":\"\",\"classes\":\"\",\"dependency\":\"\",\"id\":\"widget-tribe-widget-events-list-6-street\",\"name\":\"widget-tribe-widget-events-list[6][street]\",\"options\":[],\"placeholder\":\"\",\"value\":null},\"city\":{\"type\":\"checkbox\",\"label\":\"Stadt\",\"parent_classes\":\"\",\"classes\":\"\",\"dependency\":\"\",\"id\":\"widget-tribe-widget-events-list-6-city\",\"name\":\"widget-tribe-widget-events-list[6][city]\",\"options\":[],\"placeholder\":\"\",\"value\":null},\"region\":{\"type\":\"checkbox\",\"label\":\"Staat (USA) oder Bundesland \\\/ Kanton (International)\",\"parent_classes\":\"\",\"classes\":\"\",\"dependency\":\"\",\"id\":\"widget-tribe-widget-events-list-6-region\",\"name\":\"widget-tribe-widget-events-list[6][region]\",\"options\":[],\"placeholder\":\"\",\"value\":null},\"zip\":{\"type\":\"checkbox\",\"label\":\"Postleitzahl\",\"parent_classes\":\"\",\"classes\":\"\",\"dependency\":\"\",\"id\":\"widget-tribe-widget-events-list-6-zip\",\"name\":\"widget-tribe-widget-events-list[6][zip]\",\"options\":[],\"placeholder\":\"\",\"value\":null},\"country\":{\"type\":\"checkbox\",\"label\":\"Land\",\"parent_classes\":\"\",\"classes\":\"\",\"dependency\":\"\",\"id\":\"widget-tribe-widget-events-list-6-country\",\"name\":\"widget-tribe-widget-events-list[6][country]\",\"options\":[],\"placeholder\":\"\",\"value\":null},\"phone\":{\"type\":\"checkbox\",\"label\":\"Telefon\",\"parent_classes\":\"\",\"classes\":\"\",\"dependency\":\"\",\"id\":\"widget-tribe-widget-events-list-6-phone\",\"name\":\"widget-tribe-widget-events-list[6][phone]\",\"options\":[],\"placeholder\":\"\",\"value\":null},\"organizer\":{\"type\":\"checkbox\",\"label\":\"Veranstalter\",\"parent_classes\":\"\",\"classes\":\"\",\"dependency\":\"\",\"id\":\"widget-tribe-widget-events-list-6-organizer\",\"name\":\"widget-tribe-widget-events-list[6][organizer]\",\"options\":[],\"placeholder\":\"\",\"value\":null},\"website\":{\"type\":\"checkbox\",\"label\":\"Webseite\",\"parent_classes\":\"\",\"classes\":\"\",\"dependency\":\"\",\"id\":\"widget-tribe-widget-events-list-6-website\",\"name\":\"widget-tribe-widget-events-list[6][website]\",\"options\":[],\"placeholder\":\"\",\"value\":null}},\"parent_classes\":\"\",\"dependency\":\"\",\"id\":\"widget-tribe-widget-events-list-6-metadata_section\",\"name\":\"widget-tribe-widget-events-list[6][metadata_section]\",\"options\":[],\"placeholder\":\"\",\"value\":null},\"taxonomy_section\":{\"type\":\"section\",\"classes\":[\"calendar-widget-filters-container\"],\"label\":\"Filter:\",\"children\":{\"filters\":{\"type\":\"taxonomy-filters\",\"parent_classes\":\"\",\"classes\":\"\",\"dependency\":\"\",\"id\":\"widget-tribe-widget-events-list-6-filters\",\"label\":\"\",\"name\":\"widget-tribe-widget-events-list[6][filters]\",\"options\":[],\"placeholder\":\"\",\"value\":null,\"list_items\":[]},\"operand\":{\"type\":\"fieldset\",\"classes\":\"tribe-common-form-control-checkbox-radio-group\",\"label\":\"Operand:\",\"selected\":\"OR\",\"children\":[{\"type\":\"radio\",\"label\":\"Match any\",\"button_value\":\"OR\",\"parent_classes\":\"\",\"classes\":\"\",\"dependency\":\"\",\"id\":\"widget-tribe-widget-events-list-6-operand\",\"name\":\"widget-tribe-widget-events-list[6][operand]\",\"options\":[],\"placeholder\":\"\",\"value\":null},{\"type\":\"radio\",\"label\":\"Match all\",\"button_value\":\"AND\",\"parent_classes\":\"\",\"classes\":\"\",\"dependency\":\"\",\"id\":\"widget-tribe-widget-events-list-6-operand\",\"name\":\"widget-tribe-widget-events-list[6][operand]\",\"options\":[],\"placeholder\":\"\",\"value\":null}],\"parent_classes\":\"\",\"dependency\":\"\",\"id\":\"widget-tribe-widget-events-list-6-operand\",\"name\":\"widget-tribe-widget-events-list[6][operand]\",\"options\":[],\"placeholder\":\"\",\"value\":null}},\"parent_classes\":\"\",\"dependency\":\"\",\"id\":\"widget-tribe-widget-events-list-6-taxonomy_section\",\"name\":\"widget-tribe-widget-events-list[6][taxonomy_section]\",\"options\":[],\"placeholder\":\"\",\"value\":null},\"taxonomy\":{\"type\":\"taxonomy\",\"classes\":\"calendar-widget-add-filter\",\"label\":\"Filter zuf\\u00fcgen:\",\"placeholder\":\"W\\u00e4hle einen Taxonomiebegriff\",\"parent_classes\":\"\",\"dependency\":\"\",\"id\":\"widget-tribe-widget-events-list-6-taxonomy\",\"name\":\"widget-tribe-widget-events-list[6][taxonomy]\",\"options\":[],\"value\":null},\"no_upcoming_events\":{\"label\":\"Blende dieses Widget aus, wenn es keine bevorstehenden Veranstaltungen gibt.\",\"type\":\"checkbox\",\"parent_classes\":\"\",\"classes\":\"\",\"dependency\":\"\",\"id\":\"widget-tribe-widget-events-list-6-no_upcoming_events\",\"name\":\"widget-tribe-widget-events-list[6][no_upcoming_events]\",\"options\":[],\"placeholder\":\"\",\"value\":null},\"featured_events_only\":{\"label\":\"Nur auf hervorgehobene Veranstaltungen beschr\\u00e4nken\",\"type\":\"checkbox\",\"parent_classes\":\"\",\"classes\":\"\",\"dependency\":\"\",\"id\":\"widget-tribe-widget-events-list-6-featured_events_only\",\"name\":\"widget-tribe-widget-events-list[6][featured_events_only]\",\"options\":[],\"placeholder\":\"\",\"value\":null},\"jsonld_enable\":{\"label\":\"JSON-LD-Daten generieren\",\"type\":\"checkbox\",\"parent_classes\":\"\",\"classes\":\"\",\"dependency\":\"\",\"id\":\"widget-tribe-widget-events-list-6-jsonld_enable\",\"name\":\"widget-tribe-widget-events-list[6][jsonld_enable]\",\"options\":[],\"placeholder\":\"\",\"value\":null}},\"venue\":false,\"country\":false,\"street\":false,\"city\":false,\"region\":false,\"zip\":false,\"phone\":false,\"cost\":false,\"organizer\":false,\"website\":false,\"operand\":\"OR\",\"filters\":\"\",\"wpml_language\":\"de\",\"fusion_display_title\":\"yes\",\"fusion_padding_color\":\"\",\"fusion_margin\":\"\",\"fusion_bg_color\":\"\",\"fusion_bg_radius_size\":\"\",\"fusion_border_size\":\"\",\"fusion_border_style\":\"solid\",\"fusion_border_color\":\"\",\"fusion_divider_color\":\"\",\"fusion_align\":\"\",\"fusion_align_mobile\":\"\",\"events\":[10000634,10000625,10000648],\"url\":\"https:\\\/\\\/welovekiel.com\\\/de\\\/?post_type=tribe_events&eventDisplay=widget-events-list\",\"url_event_date\":false,\"bar\":{\"keyword\":\"\",\"date\":\"\"},\"today\":\"2026-09-01 00:00:00\",\"now\":\"2026-09-01 02:36:15\",\"home_url\":\"https:\\\/\\\/welovekiel.com\\\/de\\\/\",\"rest_url\":\"https:\\\/\\\/welovekiel.com\\\/de\\\/wp-json\\\/tribe\\\/views\\\/v2\\\/html\",\"rest_method\":\"GET\",\"rest_nonce\":\"\",\"today_url\":\"https:\\\/\\\/welovekiel.com\\\/de\\\/?post_type=tribe_events&eventDisplay=widget-events-list&rest_route=%2Fwp%2Fv2%2Fgallery%2F8503\",\"today_title\":\"Klicke, um das heutige Datum auszuw\\u00e4hlen\",\"today_label\":\"Heute\",\"prev_label\":\"\",\"next_label\":\"\",\"date_formats\":{\"compact\":\"d.m.Y\",\"month_and_year_compact\":\"m.Y\",\"month_and_year\":\"F Y\",\"time_range_separator\":\" - \",\"date_time_separator\":\" | \"},\"messages\":[],\"start_of_week\":\"1\",\"header_title\":\"\",\"header_title_element\":\"h1\",\"content_title\":\"\",\"show_content_title\":false,\"breadcrumbs\":[],\"backlink\":false,\"before_events\":\"\",\"after_events\":\"\\n<!--\\nThis calendar is powered by The Events Calendar.\\nhttp:\\\/\\\/evnt.is\\\/18wn\\n-->\\n\",\"display_events_bar\":false,\"disable_event_search\":false,\"live_refresh\":true,\"ical\":{\"display_link\":true,\"link\":{\"url\":\"https:\\\/\\\/welovekiel.com\\\/de\\\/?post_type=tribe_events&#038;eventDisplay=widget-events-list&#038;ical=1\",\"text\":\"Veranstaltungen als iCal exportieren\",\"title\":\"Diese Funktion verwenden, um Kalenderdaten mit Google Kalender, Apple iCal und kompatiblen Apps zu teilen\"}},\"container_classes\":[\"tribe-common\",\"tribe-events\",\"tribe-events-view\",\"tribe-events-view--widget-events-list\",\"tribe-events-widget\"],\"container_data\":[],\"is_past\":false,\"breakpoints\":{\"xsmall\":500,\"medium\":768,\"full\":960},\"breakpoint_pointer\":\"81f3947a-bdc5-44fa-8b53-0b8951892575\",\"is_initial_load\":false,\"public_views\":{\"list\":{\"view_class\":\"Tribe\\\\Events\\\\Views\\\\V2\\\\Views\\\\List_View\",\"view_url\":\"https:\\\/\\\/welovekiel.com\\\/de\\\/Veranstaltungen\\\/Liste\\\/\",\"view_label\":\"Liste\",\"aria_label\":\"Zeige Veranstaltungen in der Liste Ansicht\"},\"month\":{\"view_class\":\"Tribe\\\\Events\\\\Views\\\\V2\\\\Views\\\\Month_View\",\"view_url\":\"https:\\\/\\\/welovekiel.com\\\/de\\\/Veranstaltungen\\\/Monat\\\/\",\"view_label\":\"Monat\",\"aria_label\":\"Zeige Veranstaltungen in der Monat Ansicht\"},\"day\":{\"view_class\":\"Tribe\\\\Events\\\\Views\\\\V2\\\\Views\\\\Day_View\",\"view_url\":\"https:\\\/\\\/welovekiel.com\\\/de\\\/Veranstaltungen\\\/heute\\\/\",\"view_label\":\"Tag\",\"aria_label\":\"Zeige Veranstaltungen in der Tag Ansicht\"},\"week\":{\"view_class\":\"Tribe\\\\Events\\\\Pro\\\\Views\\\\V2\\\\Views\\\\Week_View\",\"view_url\":\"https:\\\/\\\/welovekiel.com\\\/de\\\/Veranstaltungen\\\/Woche\\\/\",\"view_label\":\"Woche\",\"aria_label\":\"Zeige Veranstaltungen in der Woche Ansicht\"}},\"show_latest_past\":false,\"past\":false,\"compatibility_classes\":[\"tribe-compatibility-container\"],\"view_more_text\":\"Kalender anzeigen\",\"view_more_title\":\"Weitere Veranstaltungen anzeigen.\",\"view_more_link\":\"https:\\\/\\\/welovekiel.com\\\/de\\\/Veranstaltungen\\\/\",\"widget_title\":\"Anstehende Veranstaltungen\",\"hide_if_no_upcoming_events\":false,\"display\":{\"cost\":false,\"venue\":false,\"street\":false,\"city\":false,\"region\":false,\"zip\":false,\"country\":false,\"phone\":false,\"organizer\":false,\"website\":false},\"subscribe_links\":{\"gcal\":{\"label\":\"Google Kalender\",\"single_label\":\"Zu Google Kalender hinzuf\\u00fcgen\",\"visible\":true,\"block_slug\":\"hasGoogleCalendar\"},\"ical\":{\"label\":\"iCalendar\",\"single_label\":\"Zu iCalendar hinzuf\\u00fcgen\",\"visible\":true,\"block_slug\":\"hasiCal\"},\"outlook-365\":{\"label\":\"Outlook 365\",\"single_label\":\"Outlook 365\",\"visible\":true,\"block_slug\":\"hasOutlook365\"},\"outlook-live\":{\"label\":\"Outlook Live\",\"single_label\":\"Outlook Live\",\"visible\":true,\"block_slug\":\"hasOutlookLive\"},\"ics\":{\"label\":\".ics-Datei exportieren\",\"single_label\":\".ics-Datei exportieren\",\"visible\":true,\"block_slug\":null},\"outlook-ics\":{\"label\":\"Exportiere Outlook .ics Datei\",\"single_label\":\"Exportiere Outlook .ics Datei\",\"visible\":true,\"block_slug\":null}},\"display_recurring_toggle\":false,\"_context\":{\"slug\":\"widget-events-list\"}}<\/script>\n\n\t\t\t\t\t\t\t<header class=\"tribe-events-widget-events-list__header\">\n\t\t\t\t\t<h2 class=\"tribe-events-widget-events-list__header-title tribe-common-h6 tribe-common-h--alt\">\n\t\t\t\t\t\tAnstehende Veranstaltungen\t\t\t\t\t<\/h2>\n\t\t\t\t<\/header>\n\t\t\t\n\t\t\t\n\t\t\t\t<div class=\"tribe-events-widget-events-list__events\">\n\t\t\t\t\t\t\t\t\t\t\t<div class=\"tribe-common-g-row tribe-events-widget-events-list__event-row\">\n\n\t<div class=\"tribe-events-widget-events-list__event-date-tag tribe-common-g-col\">\n\t<time class=\"tribe-events-widget-events-list__event-date-tag-datetime\" datetime=\"2026-09-06\">\n\t\t<span class=\"tribe-events-widget-events-list__event-date-tag-month\">\n\t\t\tSep.\t\t<\/span>\n\t\t<span class=\"tribe-events-widget-events-list__event-date-tag-daynum tribe-common-h2 tribe-common-h4--min-medium\">\n\t\t\t6\t\t<\/span>\n\t<\/time>\n<\/div>\n\n\t<div class=\"tribe-events-widget-events-list__event-wrapper tribe-common-g-col\">\n\t\t<article class=\"tribe-events-widget-events-list__event post-10000634 tribe_events type-tribe_events status-publish has-post-thumbnail hentry tag-3262 tag-asmus-bremer-platz tag-flohmarkt tag-flohmarkt-kiel tag-flohmarkt-kieler-innenstadt tag-flohmarkt-rathausplatz tag-holstenplatz tag-holstenstrasse tag-rathausplatz tag-willestrasse tribe_events_cat-flohmarkt tribe_events_cat-kiel tribe_events_cat-shopping gallery-content-unit\">\n\t\t\t<div class=\"tribe-events-widget-events-list__event-details\">\n\n\t\t\t\t<header class=\"tribe-events-widget-events-list__event-header\">\n\t\t\t\t\t<div class=\"tribe-events-widget-events-list__event-datetime-wrapper tribe-common-b2 tribe-common-b3--min-medium\">\n\t\t<time class=\"tribe-events-widget-events-list__event-datetime\" datetime=\"2026-09-06\">\n\t\t<span class=\"tribe-event-date-start\">08:00<\/span> - <span class=\"tribe-event-time\">16:00<\/span>\t<\/time>\n\t<\/div>\n\t\t\t\t\t<h3 class=\"tribe-events-widget-events-list__event-title tribe-common-h7\">\n\t<a href=\"https:\/\/welovekiel.com\/de\/event\/flohmarkt-kiel-innenstadt-holstenplatz-bis-rathausplatz-6-9-2026\/\" title=\"Flohmarkt Kiel Innenstadt Holstenplatz bis Rathausplatz 06.09.2026\" rel=\"bookmark\" class=\"tribe-events-widget-events-list__event-title-link tribe-common-anchor-thin\">\n\t\tFlohmarkt Kiel Innenstadt Holstenplatz bis Rathausplatz 06.09.2026\t<\/a>\n<\/h3>\n\t\t\t\t<\/header>\n\n\t\t\t\t\n\t\t\t<\/div>\n\t\t<\/article>\n\t<\/div>\n\n<\/div>\n\t\t\t\t\t\t\t\t\t\t\t<div class=\"tribe-common-g-row tribe-events-widget-events-list__event-row\">\n\n\t<div class=\"tribe-events-widget-events-list__event-date-tag tribe-common-g-col\">\n\t<time class=\"tribe-events-widget-events-list__event-date-tag-datetime\" datetime=\"2026-09-13\">\n\t\t<span class=\"tribe-events-widget-events-list__event-date-tag-month\">\n\t\t\tSep.\t\t<\/span>\n\t\t<span class=\"tribe-events-widget-events-list__event-date-tag-daynum tribe-common-h2 tribe-common-h4--min-medium\">\n\t\t\t13\t\t<\/span>\n\t<\/time>\n<\/div>\n\n\t<div class=\"tribe-events-widget-events-list__event-wrapper tribe-common-g-col\">\n\t\t<article class=\"tribe-events-widget-events-list__event post-10000625 tribe_events type-tribe_events status-publish has-post-thumbnail hentry tag-3262 tag-flohmarkt tag-flohmarkt-kiel tag-flohmarkt-mettenhof tag-kaufland tag-kaufland-flohmarkt tag-kaufland-mettenhof tag-kiel tag-mettenhof tag-mettenhof-fohmarkt tag-shopping tag-skandinaviendamm tribe_events_cat-flohmarkt tribe_events_cat-kiel tribe_events_cat-mettenhof tribe_events_cat-shopping gallery-content-unit\">\n\t\t\t<div class=\"tribe-events-widget-events-list__event-details\">\n\n\t\t\t\t<header class=\"tribe-events-widget-events-list__event-header\">\n\t\t\t\t\t<div class=\"tribe-events-widget-events-list__event-datetime-wrapper tribe-common-b2 tribe-common-b3--min-medium\">\n\t\t<time class=\"tribe-events-widget-events-list__event-datetime\" datetime=\"2026-09-13\">\n\t\t<span class=\"tribe-event-date-start\">06:00<\/span> - <span class=\"tribe-event-time\">16:00<\/span>\t<\/time>\n\t<\/div>\n\t\t\t\t\t<h3 class=\"tribe-events-widget-events-list__event-title tribe-common-h7\">\n\t<a href=\"https:\/\/welovekiel.com\/de\/event\/flohmarkt-kaufland-kiel-mettenhof-13-09-2026\/\" title=\"Flohmarkt Kaufland Kiel-Mettenhof 13.09.2026\" rel=\"bookmark\" class=\"tribe-events-widget-events-list__event-title-link tribe-common-anchor-thin\">\n\t\tFlohmarkt Kaufland Kiel-Mettenhof 13.09.2026\t<\/a>\n<\/h3>\n\t\t\t\t<\/header>\n\n\t\t\t\t\n\t\t\t<\/div>\n\t\t<\/article>\n\t<\/div>\n\n<\/div>\n\t\t\t\t\t\t\t\t\t\t\t<div class=\"tribe-common-g-row tribe-events-widget-events-list__event-row\">\n\n\t<div class=\"tribe-events-widget-events-list__event-date-tag tribe-common-g-col\">\n\t<time class=\"tribe-events-widget-events-list__event-date-tag-datetime\" datetime=\"2026-09-13\">\n\t\t<span class=\"tribe-events-widget-events-list__event-date-tag-month\">\n\t\t\tSep.\t\t<\/span>\n\t\t<span class=\"tribe-events-widget-events-list__event-date-tag-daynum tribe-common-h2 tribe-common-h4--min-medium\">\n\t\t\t13\t\t<\/span>\n\t<\/time>\n<\/div>\n\n\t<div class=\"tribe-events-widget-events-list__event-wrapper tribe-common-g-col\">\n\t\t<article class=\"tribe-events-widget-events-list__event post-10000648 tribe_events type-tribe_events status-publish has-post-thumbnail hentry tag-3262 tag-citti-park tag-citti-park-flohmarkt tag-citti-park-kiel tag-flohmarkt tag-flohmarkt-kiel tag-hassee tag-shopping tribe_events_cat-flohmarkt tribe_events_cat-hassee tribe_events_cat-kiel tribe_events_cat-shopping gallery-content-unit\">\n\t\t\t<div class=\"tribe-events-widget-events-list__event-details\">\n\n\t\t\t\t<header class=\"tribe-events-widget-events-list__event-header\">\n\t\t\t\t\t<div class=\"tribe-events-widget-events-list__event-datetime-wrapper tribe-common-b2 tribe-common-b3--min-medium\">\n\t\t<time class=\"tribe-events-widget-events-list__event-datetime\" datetime=\"2026-09-13\">\n\t\t<span class=\"tribe-event-date-start\">08:00<\/span> - <span class=\"tribe-event-time\">16:00<\/span>\t<\/time>\n\t<\/div>\n\t\t\t\t\t<h3 class=\"tribe-events-widget-events-list__event-title tribe-common-h7\">\n\t<a href=\"https:\/\/welovekiel.com\/de\/event\/flohmarkt-citti-park-kiel-13-9-2026\/\" title=\"Flohmarkt Citti-Park Kiel 13.9.2026\" rel=\"bookmark\" class=\"tribe-events-widget-events-list__event-title-link tribe-common-anchor-thin\">\n\t\tFlohmarkt Citti-Park Kiel 13.9.2026\t<\/a>\n<\/h3>\n\t\t\t\t<\/header>\n\n\t\t\t\t\n\t\t\t<\/div>\n\t\t<\/article>\n\t<\/div>\n\n<\/div>\n\t\t\t\t\t\t\t\t\t<\/div>\n\n\t\t\t\t<div class=\"tribe-events-widget-events-list__view-more tribe-common-b1 tribe-common-b2--min-medium\">\n\t<a href=\"https:\/\/welovekiel.com\/de\/Veranstaltungen\/\" class=\"tribe-events-widget-events-list__view-more-link tribe-common-anchor-thin\" title=\"Weitere Veranstaltungen anzeigen.\">\n\t\tKalender anzeigen\t<\/a>\n<\/div>\n\n\t\t\t\t\t<\/div>\n\t<\/div>\n<\/div>\n<script data-js=\"tribe-events-view-nonce-data\" type=\"application\/json\">{\"tvn1\":\"6fa7e4b0aa\",\"tvn2\":\"\"}<\/script><div class=\"fusion-additional-widget-content\"><\/div><\/div><div class=\"fusion-clearfix\"><\/div><\/div><\/div><\/div><\/div>\n","protected":false},"excerpt":{"rendered":"","protected":false},"author":2,"featured_media":8475,"template":"","gallery-category":[339],"gallery-tag":[1185,1179,1180,1186,1178,1181,1187],"gallery-event":[1182],"gallery-place":[1184,1183],"gallery-date":[1082],"gallery-person":[],"gallery-photographer":[291],"class_list":["post-8503","gallery","type-gallery","status-publish","has-post-thumbnail","hentry","gallery-category-veranstaltungen-events","gallery-tag-bier","gallery-tag-brauerei","gallery-tag-brauereifest","gallery-tag-craftbeer","gallery-tag-lille-brauerei","gallery-tag-lille-brauereifest","gallery-tag-streetfood","gallery-event-lille-brauereifest","gallery-place-eichkamp","gallery-place-lille-brauerei","gallery-date-1082","gallery-photographer-christian-gewiese","gallery-content-unit"],"aioseo_notices":[],"aioseo_head":"\n\t\t<!-- All in One SEO 4.9.10 - aioseo.com -->\n\t<meta name=\"description\" content=\"Der Sch\u00f6nberger Strand liegt in der Gemeinde Sch\u00f6nberg in der Probstei im Kreis Pl\u00f6n an der Kieler Bucht. Sch\u00f6nberg und seine Str\u00e4nde liegen rund 20 Kilometer nord\u00f6stlich von Kiel und ist \u00fcber die Bundesstra\u00dfe 502 gut von Kiel erreichbar.\" \/>\n\t<meta name=\"robots\" content=\"max-image-preview:large\" \/>\n\t<meta name=\"author\" content=\"Christian Gewiese\"\/>\n\t<meta name=\"keywords\" content=\"sch\u00f6nberger strand,sch\u00f6nberg,sch\u00f6nberg holstein,ostsee,strand,sandstrand,badestrand,fkk strand,hundestrand,kreis pl\u00f6n,seebr\u00fccke,seebr\u00fccke sch\u00f6nberg,strandkorbvermietung,kieler umland,sehensw\u00fcrdigkeiten kieler umland,str\u00e4nde\" \/>\n\t<link rel=\"canonical\" href=\"https:\/\/welovekiel.com\/de\/lexikon\/schoenberger-strand\/\" \/>\n\t<meta name=\"generator\" content=\"All in One SEO (AIOSEO) 4.9.10\" \/>\n\t\t<meta property=\"og:locale\" content=\"de_DE\" \/>\n\t\t<meta property=\"og:site_name\" content=\"We love Kiel |\" \/>\n\t\t<meta property=\"og:type\" content=\"article\" \/>\n\t\t<meta property=\"og:title\" content=\"Sch\u00f6nberger Strand | We love Kiel\" \/>\n\t\t<meta property=\"og:description\" content=\"Der Sch\u00f6nberger Strand liegt in der Gemeinde Sch\u00f6nberg in der Probstei im Kreis Pl\u00f6n an der Kieler Bucht. Sch\u00f6nberg und seine Str\u00e4nde liegen rund 20 Kilometer nord\u00f6stlich von Kiel und ist \u00fcber die Bundesstra\u00dfe 502 gut von Kiel erreichbar.\" \/>\n\t\t<meta property=\"og:url\" content=\"https:\/\/welovekiel.com\/de\/lexikon\/schoenberger-strand\/\" \/>\n\t\t<meta property=\"article:published_time\" content=\"2019-08-31T16:45:16+00:00\" \/>\n\t\t<meta property=\"article:modified_time\" content=\"2023-03-07T22:18:14+00:00\" \/>\n\t\t<meta property=\"article:publisher\" content=\"https:\/\/www.facebook.com\/WeLoveKielCity\/\" \/>\n\t\t<meta name=\"twitter:card\" content=\"summary\" \/>\n\t\t<meta name=\"twitter:title\" content=\"Sch\u00f6nberger Strand | We love Kiel\" \/>\n\t\t<meta name=\"twitter:description\" content=\"Der Sch\u00f6nberger Strand liegt in der Gemeinde Sch\u00f6nberg in der Probstei im Kreis Pl\u00f6n an der Kieler Bucht. Sch\u00f6nberg und seine Str\u00e4nde liegen rund 20 Kilometer nord\u00f6stlich von Kiel und ist \u00fcber die Bundesstra\u00dfe 502 gut von Kiel erreichbar.\" \/>\n\t\t<script type=\"application\/ld+json\" class=\"aioseo-schema\">\n\t\t\t{\"@context\":\"https:\\\/\\\/schema.org\",\"@graph\":[{\"@type\":\"BreadcrumbList\",\"@id\":\"https:\\\/\\\/welovekiel.com\\\/de\\\/lexikon\\\/schoenberger-strand\\\/#breadcrumblist\",\"itemListElement\":[{\"@type\":\"ListItem\",\"@id\":\"https:\\\/\\\/welovekiel.com\\\/de\\\/#listItem\",\"position\":1,\"name\":\"Home\",\"item\":\"https:\\\/\\\/welovekiel.com\\\/de\\\/\",\"nextItem\":{\"@type\":\"ListItem\",\"@id\":\"https:\\\/\\\/welovekiel.com\\\/de\\\/galleries\\\/#listItem\",\"name\":\"Galerien\"}},{\"@type\":\"ListItem\",\"@id\":\"https:\\\/\\\/welovekiel.com\\\/de\\\/galleries\\\/#listItem\",\"position\":2,\"name\":\"Galerien\",\"item\":\"https:\\\/\\\/welovekiel.com\\\/de\\\/galleries\\\/\",\"nextItem\":{\"@type\":\"ListItem\",\"@id\":\"https:\\\/\\\/welovekiel.com\\\/de\\\/galleries\\\/category\\\/veranstaltungen-events\\\/#listItem\",\"name\":\"Veranstaltungen &amp; Events\"},\"previousItem\":{\"@type\":\"ListItem\",\"@id\":\"https:\\\/\\\/welovekiel.com\\\/de\\\/#listItem\",\"name\":\"Home\"}},{\"@type\":\"ListItem\",\"@id\":\"https:\\\/\\\/welovekiel.com\\\/de\\\/galleries\\\/category\\\/veranstaltungen-events\\\/#listItem\",\"position\":3,\"name\":\"Veranstaltungen &amp; Events\",\"item\":\"https:\\\/\\\/welovekiel.com\\\/de\\\/galleries\\\/category\\\/veranstaltungen-events\\\/\",\"nextItem\":{\"@type\":\"ListItem\",\"@id\":\"https:\\\/\\\/welovekiel.com\\\/de\\\/galleries\\\/lille-brauereifest-am-samstag-den-26-maerz-2022\\\/#listItem\",\"name\":\"lille Brauereifest am Samstag, den 26. M\\u00e4rz 2022\"},\"previousItem\":{\"@type\":\"ListItem\",\"@id\":\"https:\\\/\\\/welovekiel.com\\\/de\\\/galleries\\\/#listItem\",\"name\":\"Galerien\"}},{\"@type\":\"ListItem\",\"@id\":\"https:\\\/\\\/welovekiel.com\\\/de\\\/galleries\\\/lille-brauereifest-am-samstag-den-26-maerz-2022\\\/#listItem\",\"position\":4,\"name\":\"lille Brauereifest am Samstag, den 26. M\\u00e4rz 2022\",\"previousItem\":{\"@type\":\"ListItem\",\"@id\":\"https:\\\/\\\/welovekiel.com\\\/de\\\/galleries\\\/category\\\/veranstaltungen-events\\\/#listItem\",\"name\":\"Veranstaltungen &amp; Events\"}}]},{\"@type\":\"Organization\",\"@id\":\"https:\\\/\\\/welovekiel.com\\\/de\\\/#organization\",\"name\":\"We love Kiel\",\"url\":\"https:\\\/\\\/welovekiel.com\\\/de\\\/\",\"sameAs\":[\"https:\\\/\\\/www.facebook.com\\\/WeLoveKielCity\\\/\",\"https:\\\/\\\/www.instagram.com\\\/welovekiel\\\/\"]},{\"@type\":\"Person\",\"@id\":\"https:\\\/\\\/welovekiel.com\\\/de\\\/author\\\/christian\\\/#author\",\"url\":\"https:\\\/\\\/welovekiel.com\\\/de\\\/author\\\/christian\\\/\",\"name\":\"Christian Gewiese\",\"image\":{\"@type\":\"ImageObject\",\"@id\":\"https:\\\/\\\/welovekiel.com\\\/de\\\/lexikon\\\/schoenberger-strand\\\/#authorImage\",\"url\":\"https:\\\/\\\/secure.gravatar.com\\\/avatar\\\/97707923f9bed63dfb3bbdf8065fadb426aa1508b119d1c175a90c8939cbdb88?s=96&d=mm&r=g\",\"width\":96,\"height\":96,\"caption\":\"Christian Gewiese\"}},{\"@type\":\"WebPage\",\"@id\":\"https:\\\/\\\/welovekiel.com\\\/de\\\/lexikon\\\/schoenberger-strand\\\/#webpage\",\"url\":\"https:\\\/\\\/welovekiel.com\\\/de\\\/lexikon\\\/schoenberger-strand\\\/\",\"name\":\"Sch\\u00f6nberger Strand | We love Kiel\",\"description\":\"Der Sch\\u00f6nberger Strand liegt in der Gemeinde Sch\\u00f6nberg in der Probstei im Kreis Pl\\u00f6n an der Kieler Bucht. Sch\\u00f6nberg und seine Str\\u00e4nde liegen rund 20 Kilometer nord\\u00f6stlich von Kiel und ist \\u00fcber die Bundesstra\\u00dfe 502 gut von Kiel erreichbar.\",\"inLanguage\":\"de-DE\",\"isPartOf\":{\"@id\":\"https:\\\/\\\/welovekiel.com\\\/de\\\/#website\"},\"breadcrumb\":{\"@id\":\"https:\\\/\\\/welovekiel.com\\\/de\\\/lexikon\\\/schoenberger-strand\\\/#breadcrumblist\"},\"author\":{\"@id\":\"https:\\\/\\\/welovekiel.com\\\/de\\\/author\\\/christian\\\/#author\"},\"creator\":{\"@id\":\"https:\\\/\\\/welovekiel.com\\\/de\\\/author\\\/christian\\\/#author\"},\"image\":{\"@type\":\"ImageObject\",\"url\":\"https:\\\/\\\/welovekiel.com\\\/wp-content\\\/uploads\\\/schoenberger-strand.jpg\",\"@id\":\"https:\\\/\\\/welovekiel.com\\\/de\\\/lexikon\\\/schoenberger-strand\\\/#mainImage\",\"width\":1200,\"height\":900,\"caption\":\"Sch\\u00f6nberger Strand\"},\"primaryImageOfPage\":{\"@id\":\"https:\\\/\\\/welovekiel.com\\\/de\\\/lexikon\\\/schoenberger-strand\\\/#mainImage\"},\"datePublished\":\"2019-08-31T18:45:16+02:00\",\"dateModified\":\"2023-03-07T23:18:14+01:00\"},{\"@type\":\"WebSite\",\"@id\":\"https:\\\/\\\/welovekiel.com\\\/de\\\/#website\",\"url\":\"https:\\\/\\\/welovekiel.com\\\/de\\\/\",\"name\":\"We love Kiel\",\"inLanguage\":\"de-DE\",\"publisher\":{\"@id\":\"https:\\\/\\\/welovekiel.com\\\/de\\\/#organization\"}}]}\n\t\t<\/script>\n\t\t<!-- All in One SEO -->\n\n","aioseo_head_json":{"title":"Sch\u00f6nberger Strand | We love Kiel","description":"Der Sch\u00f6nberger Strand liegt in der Gemeinde Sch\u00f6nberg in der Probstei im Kreis Pl\u00f6n an der Kieler Bucht. Sch\u00f6nberg und seine Str\u00e4nde liegen rund 20 Kilometer nord\u00f6stlich von Kiel und ist \u00fcber die Bundesstra\u00dfe 502 gut von Kiel erreichbar.","canonical_url":"https:\/\/welovekiel.com\/de\/lexikon\/schoenberger-strand\/","robots":"max-image-preview:large","keywords":"sch\u00f6nberger strand,sch\u00f6nberg,sch\u00f6nberg holstein,ostsee,strand,sandstrand,badestrand,fkk strand,hundestrand,kreis pl\u00f6n,seebr\u00fccke,seebr\u00fccke sch\u00f6nberg,strandkorbvermietung,kieler umland,sehensw\u00fcrdigkeiten kieler umland,str\u00e4nde","webmasterTools":{"miscellaneous":""},"schema":{"@context":"https:\/\/schema.org","@graph":[{"@type":"BreadcrumbList","@id":"https:\/\/welovekiel.com\/de\/lexikon\/schoenberger-strand\/#breadcrumblist","itemListElement":[{"@type":"ListItem","@id":"https:\/\/welovekiel.com\/de\/#listItem","position":1,"name":"Home","item":"https:\/\/welovekiel.com\/de\/","nextItem":{"@type":"ListItem","@id":"https:\/\/welovekiel.com\/de\/galleries\/#listItem","name":"Galerien"}},{"@type":"ListItem","@id":"https:\/\/welovekiel.com\/de\/galleries\/#listItem","position":2,"name":"Galerien","item":"https:\/\/welovekiel.com\/de\/galleries\/","nextItem":{"@type":"ListItem","@id":"https:\/\/welovekiel.com\/de\/galleries\/category\/veranstaltungen-events\/#listItem","name":"Veranstaltungen &amp; Events"},"previousItem":{"@type":"ListItem","@id":"https:\/\/welovekiel.com\/de\/#listItem","name":"Home"}},{"@type":"ListItem","@id":"https:\/\/welovekiel.com\/de\/galleries\/category\/veranstaltungen-events\/#listItem","position":3,"name":"Veranstaltungen &amp; Events","item":"https:\/\/welovekiel.com\/de\/galleries\/category\/veranstaltungen-events\/","nextItem":{"@type":"ListItem","@id":"https:\/\/welovekiel.com\/de\/galleries\/lille-brauereifest-am-samstag-den-26-maerz-2022\/#listItem","name":"lille Brauereifest am Samstag, den 26. M\u00e4rz 2022"},"previousItem":{"@type":"ListItem","@id":"https:\/\/welovekiel.com\/de\/galleries\/#listItem","name":"Galerien"}},{"@type":"ListItem","@id":"https:\/\/welovekiel.com\/de\/galleries\/lille-brauereifest-am-samstag-den-26-maerz-2022\/#listItem","position":4,"name":"lille Brauereifest am Samstag, den 26. M\u00e4rz 2022","previousItem":{"@type":"ListItem","@id":"https:\/\/welovekiel.com\/de\/galleries\/category\/veranstaltungen-events\/#listItem","name":"Veranstaltungen &amp; Events"}}]},{"@type":"Organization","@id":"https:\/\/welovekiel.com\/de\/#organization","name":"We love Kiel","url":"https:\/\/welovekiel.com\/de\/","sameAs":["https:\/\/www.facebook.com\/WeLoveKielCity\/","https:\/\/www.instagram.com\/welovekiel\/"]},{"@type":"Person","@id":"https:\/\/welovekiel.com\/de\/author\/christian\/#author","url":"https:\/\/welovekiel.com\/de\/author\/christian\/","name":"Christian Gewiese","image":{"@type":"ImageObject","@id":"https:\/\/welovekiel.com\/de\/lexikon\/schoenberger-strand\/#authorImage","url":"https:\/\/secure.gravatar.com\/avatar\/97707923f9bed63dfb3bbdf8065fadb426aa1508b119d1c175a90c8939cbdb88?s=96&d=mm&r=g","width":96,"height":96,"caption":"Christian Gewiese"}},{"@type":"WebPage","@id":"https:\/\/welovekiel.com\/de\/lexikon\/schoenberger-strand\/#webpage","url":"https:\/\/welovekiel.com\/de\/lexikon\/schoenberger-strand\/","name":"Sch\u00f6nberger Strand | We love Kiel","description":"Der Sch\u00f6nberger Strand liegt in der Gemeinde Sch\u00f6nberg in der Probstei im Kreis Pl\u00f6n an der Kieler Bucht. Sch\u00f6nberg und seine Str\u00e4nde liegen rund 20 Kilometer nord\u00f6stlich von Kiel und ist \u00fcber die Bundesstra\u00dfe 502 gut von Kiel erreichbar.","inLanguage":"de-DE","isPartOf":{"@id":"https:\/\/welovekiel.com\/de\/#website"},"breadcrumb":{"@id":"https:\/\/welovekiel.com\/de\/lexikon\/schoenberger-strand\/#breadcrumblist"},"author":{"@id":"https:\/\/welovekiel.com\/de\/author\/christian\/#author"},"creator":{"@id":"https:\/\/welovekiel.com\/de\/author\/christian\/#author"},"image":{"@type":"ImageObject","url":"https:\/\/welovekiel.com\/wp-content\/uploads\/schoenberger-strand.jpg","@id":"https:\/\/welovekiel.com\/de\/lexikon\/schoenberger-strand\/#mainImage","width":1200,"height":900,"caption":"Sch\u00f6nberger Strand"},"primaryImageOfPage":{"@id":"https:\/\/welovekiel.com\/de\/lexikon\/schoenberger-strand\/#mainImage"},"datePublished":"2019-08-31T18:45:16+02:00","dateModified":"2023-03-07T23:18:14+01:00"},{"@type":"WebSite","@id":"https:\/\/welovekiel.com\/de\/#website","url":"https:\/\/welovekiel.com\/de\/","name":"We love Kiel","inLanguage":"de-DE","publisher":{"@id":"https:\/\/welovekiel.com\/de\/#organization"}}]},"og:locale":"de_DE","og:site_name":"We love Kiel |","og:type":"article","og:title":"Sch\u00f6nberger Strand | We love Kiel","og:description":"Der Sch\u00f6nberger Strand liegt in der Gemeinde Sch\u00f6nberg in der Probstei im Kreis Pl\u00f6n an der Kieler Bucht. Sch\u00f6nberg und seine Str\u00e4nde liegen rund 20 Kilometer nord\u00f6stlich von Kiel und ist \u00fcber die Bundesstra\u00dfe 502 gut von Kiel erreichbar.","og:url":"https:\/\/welovekiel.com\/de\/lexikon\/schoenberger-strand\/","article:published_time":"2019-08-31T16:45:16+00:00","article:modified_time":"2023-03-07T22:18:14+00:00","article:publisher":"https:\/\/www.facebook.com\/WeLoveKielCity\/","twitter:card":"summary","twitter:title":"Sch\u00f6nberger Strand | We love Kiel","twitter:description":"Der Sch\u00f6nberger Strand liegt in der Gemeinde Sch\u00f6nberg in der Probstei im Kreis Pl\u00f6n an der Kieler Bucht. Sch\u00f6nberg und seine Str\u00e4nde liegen rund 20 Kilometer nord\u00f6stlich von Kiel und ist \u00fcber die Bundesstra\u00dfe 502 gut von Kiel erreichbar."},"aioseo_meta_data":{"post_id":"8503","title":null,"description":"Bildergalerie lille Brauereifest: Bier, Burger und noch vieles mehr am Samstag, den 26. M\u00e4rz 2022 bei herrlichem Sonnenschein bei lillebr\u00e4u im Eichkamp.","keywords":[],"keyphrases":{"focus":{"keyphrase":"lille Brauereifest","score":80,"analysis":{"keyphraseInTitle":{"title":"Focus keyphrase in SEO title","description":"Focus keyphrase found in SEO title.","score":9,"maxScore":9,"error":0},"keyphraseInDescription":{"title":"Focus keyphrase in meta description","description":"Focus keyphrase found in meta description.","score":9,"maxScore":9,"error":0},"keyphraseLength":{"title":"Focus keyphrase length","description":"Good job!","score":9,"maxScore":9,"error":0,"length":2},"keyphraseInURL":{"title":"Focus keyphrase in URL","description":"Focus keyphrase not found in the URL.","score":1,"maxScore":5,"error":1},"keyphraseInIntroduction":{"title":"Focus keyphrase in introduction","description":"Your Focus keyphrase does not appear in the first paragraph. Make sure the topic is clear immediately.","score":3,"maxScore":9,"error":1},"keyphraseInSubHeadings":[],"keyphraseInImageAlt":{"title":"Focus keyphrase in image alt attributes","description":"Focus keyphrase found in image alt attribute(s).","score":9,"maxScore":9,"error":0}}},"additional":[]},"primary_term":null,"canonical_url":null,"og_title":null,"og_description":null,"og_object_type":"default","og_image_type":"default","og_image_url":null,"og_image_width":null,"og_image_height":null,"og_image_custom_url":null,"og_image_custom_fields":null,"og_video":"","og_custom_url":null,"og_article_section":null,"og_article_tags":[],"twitter_use_og":false,"twitter_card":"default","twitter_image_type":"default","twitter_image_url":null,"twitter_image_custom_url":null,"twitter_image_custom_fields":null,"twitter_title":null,"twitter_description":null,"schema":{"blockGraphs":[],"customGraphs":[],"default":{"data":{"Article":[],"Course":[],"Dataset":[],"FAQPage":[],"Movie":[],"Person":[],"Product":[],"ProductReview":[],"Car":[],"Recipe":[],"Service":[],"SoftwareApplication":[],"WebPage":{"id":"aioseo-web-page-635664363b3b3","slug":"web-page","graphName":"WebPage","label":"Web Page","properties":{"type":"WebPage","name":"","description":""}}},"graphName":"WebPage","isEnabled":true},"graphs":[]},"schema_type":"default","schema_type_options":"{\"article\":{\"articleType\":\"BlogPosting\"},\"course\":{\"name\":\"\",\"description\":\"\",\"provider\":\"\"},\"faq\":{\"pages\":[]},\"product\":{\"reviews\":[]},\"recipe\":{\"ingredients\":[],\"instructions\":[],\"keywords\":[]},\"software\":{\"reviews\":[],\"operatingSystems\":[]},\"webPage\":{\"webPageType\":\"WebPage\"}}","pillar_content":false,"robots_default":true,"robots_noindex":false,"robots_noarchive":false,"robots_nosnippet":false,"robots_nofollow":false,"robots_noimageindex":false,"robots_noodp":false,"robots_notranslate":false,"robots_max_snippet":"-1","robots_max_videopreview":"-1","robots_max_imagepreview":"large","priority":null,"frequency":"default","local_seo":null,"breadcrumb_settings":null,"limit_modified_date":false,"ai":null,"created":"2022-03-26 18:23:29","updated":"2025-08-31 02:03:19","seo_analyzer_scan_date":null},"aioseo_breadcrumb":"<div class=\"aioseo-breadcrumbs\"><span class=\"aioseo-breadcrumb\">\n\t\t\t<a href=\"https:\/\/welovekiel.com\/de\/\" title=\"Home\">Home<\/a>\n\t\t<\/span><span class=\"aioseo-breadcrumb-separator\">&raquo;<\/span><span class=\"aioseo-breadcrumb\">\n\t\t\t<a href=\"https:\/\/welovekiel.com\/de\/galleries\/\" title=\"Galerien\">Galerien<\/a>\n\t\t<\/span><span class=\"aioseo-breadcrumb-separator\">&raquo;<\/span><span class=\"aioseo-breadcrumb\">\n\t\t\t<a href=\"https:\/\/welovekiel.com\/de\/galleries\/category\/veranstaltungen-events\/\" title=\"Veranstaltungen &amp; Events\">Veranstaltungen &amp; Events<\/a>\n\t\t<\/span><span class=\"aioseo-breadcrumb-separator\">&raquo;<\/span><span class=\"aioseo-breadcrumb\">\n\t\t\tlille Brauereifest am Samstag, den 26. M\u00e4rz 2022\n\t\t<\/span><\/div>","aioseo_breadcrumb_json":[{"label":"Home","link":"https:\/\/welovekiel.com\/de\/"},{"label":"Galerien","link":"https:\/\/welovekiel.com\/de\/galleries\/"},{"label":"Veranstaltungen &amp; Events","link":"https:\/\/welovekiel.com\/de\/galleries\/category\/veranstaltungen-events\/"},{"label":"lille Brauereifest am Samstag, den 26. M\u00e4rz 2022","link":"https:\/\/welovekiel.com\/de\/galleries\/lille-brauereifest-am-samstag-den-26-maerz-2022\/"}],"_links":{"self":[{"href":"https:\/\/welovekiel.com\/de\/wp-json\/wp\/v2\/gallery\/8503","targetHints":{"allow":["GET"]}}],"collection":[{"href":"https:\/\/welovekiel.com\/de\/wp-json\/wp\/v2\/gallery"}],"about":[{"href":"https:\/\/welovekiel.com\/de\/wp-json\/wp\/v2\/types\/gallery"}],"author":[{"embeddable":true,"href":"https:\/\/welovekiel.com\/de\/wp-json\/wp\/v2\/users\/2"}],"version-history":[{"count":0,"href":"https:\/\/welovekiel.com\/de\/wp-json\/wp\/v2\/gallery\/8503\/revisions"}],"wp:featuredmedia":[{"embeddable":true,"href":"https:\/\/welovekiel.com\/de\/wp-json\/wp\/v2\/media\/8475"}],"wp:attachment":[{"href":"https:\/\/welovekiel.com\/de\/wp-json\/wp\/v2\/media?parent=8503"}],"wp:term":[{"taxonomy":"gallery-category","embeddable":true,"href":"https:\/\/welovekiel.com\/de\/wp-json\/wp\/v2\/gallery-category?post=8503"},{"taxonomy":"gallery-tag","embeddable":true,"href":"https:\/\/welovekiel.com\/de\/wp-json\/wp\/v2\/gallery-tag?post=8503"},{"taxonomy":"gallery-event","embeddable":true,"href":"https:\/\/welovekiel.com\/de\/wp-json\/wp\/v2\/gallery-event?post=8503"},{"taxonomy":"gallery-place","embeddable":true,"href":"https:\/\/welovekiel.com\/de\/wp-json\/wp\/v2\/gallery-place?post=8503"},{"taxonomy":"gallery-date","embeddable":true,"href":"https:\/\/welovekiel.com\/de\/wp-json\/wp\/v2\/gallery-date?post=8503"},{"taxonomy":"gallery-person","embeddable":true,"href":"https:\/\/welovekiel.com\/de\/wp-json\/wp\/v2\/gallery-person?post=8503"},{"taxonomy":"gallery-photographer","embeddable":true,"href":"https:\/\/welovekiel.com\/de\/wp-json\/wp\/v2\/gallery-photographer?post=8503"}],"curies":[{"name":"wp","href":"https:\/\/api.w.org\/{rel}","templated":true}]}}