{"id":1668,"date":"2019-10-17T09:10:02","date_gmt":"2019-10-17T07:10:02","guid":{"rendered":"https:\/\/welovekiel.com\/de\/?post_type=gallery&#038;p=1668"},"modified":"2020-04-30T08:09:02","modified_gmt":"2020-04-30T06:09:02","slug":"kreuzfahrtschiffe-in-der-kieler-foerde","status":"publish","type":"gallery","link":"https:\/\/welovekiel.com\/de\/galleries\/kreuzfahrtschiffe-in-der-kieler-foerde\/","title":{"rendered":"Kreuzfahrtschiffe in der Kieler F\u00f6rde"},"content":{"rendered":"<div class=\"fusion-fullwidth fullwidth-box fusion-builder-row-1 nonhundred-percent-fullwidth non-hundred-percent-height-scrolling\" style=\"background-color: rgba(255,255,255,0);background-position: center center;background-repeat: no-repeat;padding-top:0px;padding-right:0px;padding-bottom:0px;padding-left:0px;margin-bottom: 0px;margin-top: 0px;border-width: 0px 0px 0px 0px;border-color:#eae9e9;border-style:solid;\"><div class=\"fusion-builder-row fusion-row\"><div class=\"fusion-layout-column fusion_builder_column fusion-builder-column-0 fusion_builder_column_3_4 3_4 fusion-three-fourth fusion-column-first\" style=\"width:75%;width:calc(75% - ( ( 4% ) * 0.75 ) );margin-right: 4%;margin-top:0px;margin-bottom:20px;\"><div class=\"fusion-column-wrapper fusion-flex-column-wrapper-legacy\" style=\"background-position:left top;background-repeat:no-repeat;-webkit-background-size:cover;-moz-background-size:cover;-o-background-size:cover;background-size:cover;padding: 0px 0px 0px 0px;\"><div class=\"fusion-text fusion-text-1\"><p>Bildergalerie Kreuzfahrtschiffe in der <a href=\"https:\/\/welovekiel.com\/de\/lexikon\/kieler-foerde\/\" target=\"_self\" title=\"\" class=\"encyclopedia\">Kieler F&ouml;rde<\/a> mit zahlreichen Fotos von verschiedenen Kreuzfahrtschiffen, die in der Vergangenheit zu Gast in Kiel waren.<\/p>\n<\/div><a class=\"fusion-modal-text-link\" href=\"#\"><script async src=\"https:\/\/pagead2.googlesyndication.com\/pagead\/js\/adsbygoogle.js\"><\/script><br>\n<!-- welovekiel_Galerien_textlinks_responsive --><br>\n<ins class=\"adsbygoogle\" style=\"display: block;\" data-ad-client=\"ca-pub-2675294892226297\" data-ad-slot=\"4656730735\" data-ad-format=\"link\" data-full-width-responsive=\"true\"><\/ins><br>\n<script>\n     (adsbygoogle = window.adsbygoogle || []).push({});\n<\/script><\/a><div class=\"fusion-text fusion-text-2\">\n\t\t<style type=\"text\/css\">\n\t\t\t#gallery-1 {\n\t\t\t\tmargin: auto;\n\t\t\t}\n\t\t\t#gallery-1 .gallery-item {\n\t\t\t\tfloat: left;\n\t\t\t\tmargin-top: 10px;\n\t\t\t\ttext-align: center;\n\t\t\t\twidth: 50%;\n\t\t\t}\n\t\t\t#gallery-1 img {\n\t\t\t\tborder: 2px solid #cfcfcf;\n\t\t\t}\n\t\t\t#gallery-1 .gallery-caption {\n\t\t\t\tmargin-left: 0;\n\t\t\t}\n\t\t\t\/* see gallery_shortcode() in wp-includes\/media.php *\/\n\t\t<\/style>\n\t\t<div id=\"gallery-1\" class=\"gallery galleryid-1668 gallery-columns-2 gallery-size-fusion-400\"><dl class=\"gallery-item\">\n\t\t\t<dt class=\"gallery-icon landscape\">\n\t\t\t\t<a data-rel=\"iLightbox[postimages]\" data-title=\"AIDA Kreuzfahrtschiff in Kiel\" data-caption=\"AIDA Kreuzfahrtschiff in Kiel\" href=\"https:\/\/welovekiel.com\/wp-content\/uploads\/aida-kreuzfahrtschiff.jpg\" title=\"AIDA Kreuzfahrtschiff in Kiel\" data-description=\"AIDA Kreuzfahrtschiff in Kiel\"><img decoding=\"async\" width=\"400\" height=\"267\" src=\"https:\/\/welovekiel.com\/wp-content\/uploads\/aida-kreuzfahrtschiff-400x267.jpg\" class=\"attachment-fusion-400 size-fusion-400 lazyload\" alt=\"AIDA Kreuzfahrtschiff in Kiel\" aria-describedby=\"gallery-1-789\" srcset=\"data:image\/svg+xml,%3Csvg%20xmlns%3D%27http%3A%2F%2Fwww.w3.org%2F2000%2Fsvg%27%20width%3D%271200%27%20height%3D%27800%27%20viewBox%3D%270%200%201200%20800%27%3E%3Crect%20width%3D%271200%27%20height%3D%27800%27%20fill-opacity%3D%220%22%2F%3E%3C%2Fsvg%3E\" data-orig-src=\"https:\/\/welovekiel.com\/wp-content\/uploads\/aida-kreuzfahrtschiff-400x267.jpg\" data-srcset=\"https:\/\/welovekiel.com\/wp-content\/uploads\/aida-kreuzfahrtschiff-200x133.jpg 200w, https:\/\/welovekiel.com\/wp-content\/uploads\/aida-kreuzfahrtschiff-300x200.jpg 300w, https:\/\/welovekiel.com\/wp-content\/uploads\/aida-kreuzfahrtschiff-400x267.jpg 400w, https:\/\/welovekiel.com\/wp-content\/uploads\/aida-kreuzfahrtschiff-600x400.jpg 600w, https:\/\/welovekiel.com\/wp-content\/uploads\/aida-kreuzfahrtschiff-768x512.jpg 768w, https:\/\/welovekiel.com\/wp-content\/uploads\/aida-kreuzfahrtschiff-800x533.jpg 800w, https:\/\/welovekiel.com\/wp-content\/uploads\/aida-kreuzfahrtschiff-1024x683.jpg 1024w, https:\/\/welovekiel.com\/wp-content\/uploads\/aida-kreuzfahrtschiff.jpg 1200w\" data-sizes=\"auto\"><\/a>\n\t\t\t<\/dt>\n\t\t\t\t<dd class=\"wp-caption-text gallery-caption\" id=\"gallery-1-789\">\n\t\t\t\tAIDA Kreuzfahrtschiff in Kiel\n\t\t\t\t<\/dd><\/dl><dl class=\"gallery-item\">\n\t\t\t<dt class=\"gallery-icon landscape\">\n\t\t\t\t<a data-rel=\"iLightbox[postimages]\" data-title=\"MSC Preziosa Kreuzfahrtschiff\" data-caption=\"MSC Preziosa Kreuzfahrtschiff\" href=\"https:\/\/welovekiel.com\/wp-content\/uploads\/2019\/05\/msc-preziosa-kreuzfahrtschiff.jpg\" title=\"MSC Preziosa Kreuzfahrtschiff\" data-description=\"MSC Preziosa Kreuzfahrtschiff\"><img decoding=\"async\" width=\"400\" height=\"267\" src=\"https:\/\/welovekiel.com\/wp-content\/uploads\/2019\/05\/msc-preziosa-kreuzfahrtschiff-400x267.jpg\" class=\"attachment-fusion-400 size-fusion-400 lazyload\" alt=\"MSC Preziosa Kreuzfahrtschiff\" aria-describedby=\"gallery-1-135\" srcset=\"data:image\/svg+xml,%3Csvg%20xmlns%3D%27http%3A%2F%2Fwww.w3.org%2F2000%2Fsvg%27%20width%3D%271200%27%20height%3D%27800%27%20viewBox%3D%270%200%201200%20800%27%3E%3Crect%20width%3D%271200%27%20height%3D%27800%27%20fill-opacity%3D%220%22%2F%3E%3C%2Fsvg%3E\" data-orig-src=\"https:\/\/welovekiel.com\/wp-content\/uploads\/2019\/05\/msc-preziosa-kreuzfahrtschiff-400x267.jpg\" data-srcset=\"https:\/\/welovekiel.com\/wp-content\/uploads\/2019\/05\/msc-preziosa-kreuzfahrtschiff-200x133.jpg 200w, https:\/\/welovekiel.com\/wp-content\/uploads\/2019\/05\/msc-preziosa-kreuzfahrtschiff-300x200.jpg 300w, https:\/\/welovekiel.com\/wp-content\/uploads\/2019\/05\/msc-preziosa-kreuzfahrtschiff-400x267.jpg 400w, https:\/\/welovekiel.com\/wp-content\/uploads\/2019\/05\/msc-preziosa-kreuzfahrtschiff-600x400.jpg 600w, https:\/\/welovekiel.com\/wp-content\/uploads\/2019\/05\/msc-preziosa-kreuzfahrtschiff-768x512.jpg 768w, https:\/\/welovekiel.com\/wp-content\/uploads\/2019\/05\/msc-preziosa-kreuzfahrtschiff-800x533.jpg 800w, https:\/\/welovekiel.com\/wp-content\/uploads\/2019\/05\/msc-preziosa-kreuzfahrtschiff-1024x683.jpg 1024w, https:\/\/welovekiel.com\/wp-content\/uploads\/2019\/05\/msc-preziosa-kreuzfahrtschiff.jpg 1200w\" data-sizes=\"auto\"><\/a>\n\t\t\t<\/dt>\n\t\t\t\t<dd class=\"wp-caption-text gallery-caption\" id=\"gallery-1-135\">\n\t\t\t\tMSC Preziosa Kreuzfahrtschiff\n\t\t\t\t<\/dd><\/dl><br style=\"clear: both\"><dl class=\"gallery-item\">\n\t\t\t<dt class=\"gallery-icon landscape\">\n\t\t\t\t<a data-rel=\"iLightbox[postimages]\" data-title=\"MSC Preziosa Kreuzfahrtschiff\" data-caption=\"MSC Preziosa Kreuzfahrtschiff\" href=\"https:\/\/welovekiel.com\/wp-content\/uploads\/2019\/05\/msc-praziosa-kiel.jpg\" title=\"MSC Preziosa Kreuzfahrtschiff\" data-description=\"MSC Preziosa Kreuzfahrtschiff\"><img decoding=\"async\" width=\"400\" height=\"267\" src=\"https:\/\/welovekiel.com\/wp-content\/uploads\/2019\/05\/msc-praziosa-kiel-400x267.jpg\" class=\"attachment-fusion-400 size-fusion-400 lazyload\" alt=\"MSC Preziosa Kreuzfahrtschiff\" aria-describedby=\"gallery-1-133\" srcset=\"data:image\/svg+xml,%3Csvg%20xmlns%3D%27http%3A%2F%2Fwww.w3.org%2F2000%2Fsvg%27%20width%3D%271200%27%20height%3D%27800%27%20viewBox%3D%270%200%201200%20800%27%3E%3Crect%20width%3D%271200%27%20height%3D%27800%27%20fill-opacity%3D%220%22%2F%3E%3C%2Fsvg%3E\" data-orig-src=\"https:\/\/welovekiel.com\/wp-content\/uploads\/2019\/05\/msc-praziosa-kiel-400x267.jpg\" data-srcset=\"https:\/\/welovekiel.com\/wp-content\/uploads\/2019\/05\/msc-praziosa-kiel-200x133.jpg 200w, https:\/\/welovekiel.com\/wp-content\/uploads\/2019\/05\/msc-praziosa-kiel-300x200.jpg 300w, https:\/\/welovekiel.com\/wp-content\/uploads\/2019\/05\/msc-praziosa-kiel-400x267.jpg 400w, https:\/\/welovekiel.com\/wp-content\/uploads\/2019\/05\/msc-praziosa-kiel-600x400.jpg 600w, https:\/\/welovekiel.com\/wp-content\/uploads\/2019\/05\/msc-praziosa-kiel-768x512.jpg 768w, https:\/\/welovekiel.com\/wp-content\/uploads\/2019\/05\/msc-praziosa-kiel-800x533.jpg 800w, https:\/\/welovekiel.com\/wp-content\/uploads\/2019\/05\/msc-praziosa-kiel-1024x683.jpg 1024w, https:\/\/welovekiel.com\/wp-content\/uploads\/2019\/05\/msc-praziosa-kiel.jpg 1200w\" data-sizes=\"auto\"><\/a>\n\t\t\t<\/dt>\n\t\t\t\t<dd class=\"wp-caption-text gallery-caption\" id=\"gallery-1-133\">\n\t\t\t\tMSC Preziosa Kreuzfahrtschiff\n\t\t\t\t<\/dd><\/dl><dl class=\"gallery-item\">\n\t\t\t<dt class=\"gallery-icon landscape\">\n\t\t\t\t<a data-rel=\"iLightbox[postimages]\" data-title=\"MSC Kreuzfahrtschiff in der Kieler F&ouml;rde\" data-caption=\"MSC Kreuzfahrtschiff in der Kieler F&ouml;rde\" href=\"https:\/\/welovekiel.com\/wp-content\/uploads\/msc-kreuzfahrtschiff-kieler-foerde.jpg\" title=\"MSC Kreuzfahrtschiff in der Kieler F&ouml;rde\" data-description=\"MSC Kreuzfahrtschiff in der Kieler F&ouml;rde\"><img decoding=\"async\" width=\"400\" height=\"299\" src=\"https:\/\/welovekiel.com\/wp-content\/uploads\/msc-kreuzfahrtschiff-kieler-foerde-400x299.jpg\" class=\"attachment-fusion-400 size-fusion-400 lazyload\" alt=\"MSC Kreuzfahrtschiff in der Kieler F&ouml;rde\" aria-describedby=\"gallery-1-875\" srcset=\"data:image\/svg+xml,%3Csvg%20xmlns%3D%27http%3A%2F%2Fwww.w3.org%2F2000%2Fsvg%27%20width%3D%271200%27%20height%3D%27896%27%20viewBox%3D%270%200%201200%20896%27%3E%3Crect%20width%3D%271200%27%20height%3D%27896%27%20fill-opacity%3D%220%22%2F%3E%3C%2Fsvg%3E\" data-orig-src=\"https:\/\/welovekiel.com\/wp-content\/uploads\/msc-kreuzfahrtschiff-kieler-foerde-400x299.jpg\" data-srcset=\"https:\/\/welovekiel.com\/wp-content\/uploads\/msc-kreuzfahrtschiff-kieler-foerde-200x149.jpg 200w, https:\/\/welovekiel.com\/wp-content\/uploads\/msc-kreuzfahrtschiff-kieler-foerde-300x224.jpg 300w, https:\/\/welovekiel.com\/wp-content\/uploads\/msc-kreuzfahrtschiff-kieler-foerde-400x299.jpg 400w, https:\/\/welovekiel.com\/wp-content\/uploads\/msc-kreuzfahrtschiff-kieler-foerde-600x448.jpg 600w, https:\/\/welovekiel.com\/wp-content\/uploads\/msc-kreuzfahrtschiff-kieler-foerde-768x573.jpg 768w, https:\/\/welovekiel.com\/wp-content\/uploads\/msc-kreuzfahrtschiff-kieler-foerde-800x597.jpg 800w, https:\/\/welovekiel.com\/wp-content\/uploads\/msc-kreuzfahrtschiff-kieler-foerde-1024x765.jpg 1024w, https:\/\/welovekiel.com\/wp-content\/uploads\/msc-kreuzfahrtschiff-kieler-foerde.jpg 1200w\" data-sizes=\"auto\"><\/a>\n\t\t\t<\/dt>\n\t\t\t\t<dd class=\"wp-caption-text gallery-caption\" id=\"gallery-1-875\">\n\t\t\t\tMSC Kreuzfahrtschiff in der Kieler F&ouml;rde\n\t\t\t\t<\/dd><\/dl><br style=\"clear: both\"><dl class=\"gallery-item\">\n\t\t\t<dt class=\"gallery-icon landscape\">\n\t\t\t\t<a data-rel=\"iLightbox[postimages]\" data-title=\"Kreuzfahrtschif &amp; Kitesurfer Strand Laboe\" data-caption=\"Kreuzfahrtschif &amp; Kitesurfer Strand Laboe\" href=\"https:\/\/welovekiel.com\/wp-content\/uploads\/laboe-kite-surfer-kreuzfahrtschiff.jpg\" title=\"Kreuzfahrtschif &amp; Kitesurfer Strand Laboe\" data-description=\"Kreuzfahrtschif &amp; Kitesurfer Strand Laboe\"><img decoding=\"async\" width=\"400\" height=\"267\" src=\"https:\/\/welovekiel.com\/wp-content\/uploads\/laboe-kite-surfer-kreuzfahrtschiff-400x267.jpg\" class=\"attachment-fusion-400 size-fusion-400 lazyload\" alt=\"Kreuzfahrtschif &amp; Kitesurfer Strand Laboe\" aria-describedby=\"gallery-1-861\" srcset=\"data:image\/svg+xml,%3Csvg%20xmlns%3D%27http%3A%2F%2Fwww.w3.org%2F2000%2Fsvg%27%20width%3D%271200%27%20height%3D%27800%27%20viewBox%3D%270%200%201200%20800%27%3E%3Crect%20width%3D%271200%27%20height%3D%27800%27%20fill-opacity%3D%220%22%2F%3E%3C%2Fsvg%3E\" data-orig-src=\"https:\/\/welovekiel.com\/wp-content\/uploads\/laboe-kite-surfer-kreuzfahrtschiff-400x267.jpg\" data-srcset=\"https:\/\/welovekiel.com\/wp-content\/uploads\/laboe-kite-surfer-kreuzfahrtschiff-200x133.jpg 200w, https:\/\/welovekiel.com\/wp-content\/uploads\/laboe-kite-surfer-kreuzfahrtschiff-300x200.jpg 300w, https:\/\/welovekiel.com\/wp-content\/uploads\/laboe-kite-surfer-kreuzfahrtschiff-400x267.jpg 400w, https:\/\/welovekiel.com\/wp-content\/uploads\/laboe-kite-surfer-kreuzfahrtschiff-600x400.jpg 600w, https:\/\/welovekiel.com\/wp-content\/uploads\/laboe-kite-surfer-kreuzfahrtschiff-768x512.jpg 768w, https:\/\/welovekiel.com\/wp-content\/uploads\/laboe-kite-surfer-kreuzfahrtschiff-800x533.jpg 800w, https:\/\/welovekiel.com\/wp-content\/uploads\/laboe-kite-surfer-kreuzfahrtschiff-1024x683.jpg 1024w, https:\/\/welovekiel.com\/wp-content\/uploads\/laboe-kite-surfer-kreuzfahrtschiff.jpg 1200w\" data-sizes=\"auto\"><\/a>\n\t\t\t<\/dt>\n\t\t\t\t<dd class=\"wp-caption-text gallery-caption\" id=\"gallery-1-861\">\n\t\t\t\tKreuzfahrtschif &amp; Kitesurfer Strand Laboe\n\t\t\t\t<\/dd><\/dl><dl class=\"gallery-item\">\n\t\t\t<dt class=\"gallery-icon landscape\">\n\t\t\t\t<a data-rel=\"iLightbox[postimages]\" data-title=\"Color Line F&auml;hre in der Kieler F&ouml;rde\" data-caption=\"Color Line F&auml;hre in der Kieler F&ouml;rde\" href=\"https:\/\/welovekiel.com\/wp-content\/uploads\/kieler-foerde-schiffe-skyline.jpg\" title=\"Color Line F&auml;hre in der Kieler F&ouml;rde\" data-description=\"Color Line F&auml;hre in der Kieler F&ouml;rde\"><img decoding=\"async\" width=\"400\" height=\"267\" src=\"https:\/\/welovekiel.com\/wp-content\/uploads\/kieler-foerde-schiffe-skyline-400x267.jpg\" class=\"attachment-fusion-400 size-fusion-400 lazyload\" alt=\"Color Line F&auml;hre in der Kieler F&ouml;rde\" aria-describedby=\"gallery-1-833\" srcset=\"data:image\/svg+xml,%3Csvg%20xmlns%3D%27http%3A%2F%2Fwww.w3.org%2F2000%2Fsvg%27%20width%3D%271200%27%20height%3D%27800%27%20viewBox%3D%270%200%201200%20800%27%3E%3Crect%20width%3D%271200%27%20height%3D%27800%27%20fill-opacity%3D%220%22%2F%3E%3C%2Fsvg%3E\" data-orig-src=\"https:\/\/welovekiel.com\/wp-content\/uploads\/kieler-foerde-schiffe-skyline-400x267.jpg\" data-srcset=\"https:\/\/welovekiel.com\/wp-content\/uploads\/kieler-foerde-schiffe-skyline-200x133.jpg 200w, https:\/\/welovekiel.com\/wp-content\/uploads\/kieler-foerde-schiffe-skyline-300x200.jpg 300w, https:\/\/welovekiel.com\/wp-content\/uploads\/kieler-foerde-schiffe-skyline-400x267.jpg 400w, https:\/\/welovekiel.com\/wp-content\/uploads\/kieler-foerde-schiffe-skyline-600x400.jpg 600w, https:\/\/welovekiel.com\/wp-content\/uploads\/kieler-foerde-schiffe-skyline-768x512.jpg 768w, https:\/\/welovekiel.com\/wp-content\/uploads\/kieler-foerde-schiffe-skyline-800x533.jpg 800w, https:\/\/welovekiel.com\/wp-content\/uploads\/kieler-foerde-schiffe-skyline-1024x683.jpg 1024w, https:\/\/welovekiel.com\/wp-content\/uploads\/kieler-foerde-schiffe-skyline.jpg 1200w\" data-sizes=\"auto\"><\/a>\n\t\t\t<\/dt>\n\t\t\t\t<dd class=\"wp-caption-text gallery-caption\" id=\"gallery-1-833\">\n\t\t\t\tColor Line F&auml;hre in der Kieler F&ouml;rde\n\t\t\t\t<\/dd><\/dl><br style=\"clear: both\"><dl class=\"gallery-item\">\n\t\t\t<dt class=\"gallery-icon landscape\">\n\t\t\t\t<a data-rel=\"iLightbox[postimages]\" data-title=\"Schiffe in der Kieler F&ouml;rde\" data-caption=\"Schiffe in der Kieler F&ouml;rde\" href=\"https:\/\/welovekiel.com\/wp-content\/uploads\/kieler-foerde-schiffe.jpg\" title=\"Schiffe in der Kieler F&ouml;rde\" data-description=\"Schiffe in der Kieler F&ouml;rde\"><img decoding=\"async\" width=\"400\" height=\"267\" src=\"https:\/\/welovekiel.com\/wp-content\/uploads\/kieler-foerde-schiffe-400x267.jpg\" class=\"attachment-fusion-400 size-fusion-400 lazyload\" alt=\"Schiffe in der Kieler F&ouml;rde\" aria-describedby=\"gallery-1-831\" srcset=\"data:image\/svg+xml,%3Csvg%20xmlns%3D%27http%3A%2F%2Fwww.w3.org%2F2000%2Fsvg%27%20width%3D%271200%27%20height%3D%27800%27%20viewBox%3D%270%200%201200%20800%27%3E%3Crect%20width%3D%271200%27%20height%3D%27800%27%20fill-opacity%3D%220%22%2F%3E%3C%2Fsvg%3E\" data-orig-src=\"https:\/\/welovekiel.com\/wp-content\/uploads\/kieler-foerde-schiffe-400x267.jpg\" data-srcset=\"https:\/\/welovekiel.com\/wp-content\/uploads\/kieler-foerde-schiffe-200x133.jpg 200w, https:\/\/welovekiel.com\/wp-content\/uploads\/kieler-foerde-schiffe-300x200.jpg 300w, https:\/\/welovekiel.com\/wp-content\/uploads\/kieler-foerde-schiffe-400x267.jpg 400w, https:\/\/welovekiel.com\/wp-content\/uploads\/kieler-foerde-schiffe-600x400.jpg 600w, https:\/\/welovekiel.com\/wp-content\/uploads\/kieler-foerde-schiffe-768x512.jpg 768w, https:\/\/welovekiel.com\/wp-content\/uploads\/kieler-foerde-schiffe-800x533.jpg 800w, https:\/\/welovekiel.com\/wp-content\/uploads\/kieler-foerde-schiffe-1024x683.jpg 1024w, https:\/\/welovekiel.com\/wp-content\/uploads\/kieler-foerde-schiffe.jpg 1200w\" data-sizes=\"auto\"><\/a>\n\t\t\t<\/dt>\n\t\t\t\t<dd class=\"wp-caption-text gallery-caption\" id=\"gallery-1-831\">\n\t\t\t\tSchiffe in der Kieler F&ouml;rde\n\t\t\t\t<\/dd><\/dl><dl class=\"gallery-item\">\n\t\t\t<dt class=\"gallery-icon landscape\">\n\t\t\t\t<a data-rel=\"iLightbox[postimages]\" data-title=\"Color Line &amp; Segelschiffe in der F&ouml;rde am Falckensteiner Strand\" data-caption=\"Color Line &amp; Segelschiffe in der F&ouml;rde am Falckensteiner Strand\" href=\"https:\/\/welovekiel.com\/wp-content\/uploads\/color-line-schiff-falckensteiner-strand-laboe.jpg\" title=\"Color Line &amp; Segelschiffe in der F&ouml;rde am Falckensteiner Strand\" data-description=\"Color Line &amp; Segelschiffe in der F&ouml;rde am Falckensteiner Strand\"><img decoding=\"async\" width=\"400\" height=\"267\" src=\"https:\/\/welovekiel.com\/wp-content\/uploads\/color-line-schiff-falckensteiner-strand-laboe-400x267.jpg\" class=\"attachment-fusion-400 size-fusion-400 lazyload\" alt=\"Color Line &amp; Segelschiffe in der F&ouml;rde am Falckensteiner Strand\" aria-describedby=\"gallery-1-805\" srcset=\"data:image\/svg+xml,%3Csvg%20xmlns%3D%27http%3A%2F%2Fwww.w3.org%2F2000%2Fsvg%27%20width%3D%271200%27%20height%3D%27800%27%20viewBox%3D%270%200%201200%20800%27%3E%3Crect%20width%3D%271200%27%20height%3D%27800%27%20fill-opacity%3D%220%22%2F%3E%3C%2Fsvg%3E\" data-orig-src=\"https:\/\/welovekiel.com\/wp-content\/uploads\/color-line-schiff-falckensteiner-strand-laboe-400x267.jpg\" data-srcset=\"https:\/\/welovekiel.com\/wp-content\/uploads\/color-line-schiff-falckensteiner-strand-laboe-200x133.jpg 200w, https:\/\/welovekiel.com\/wp-content\/uploads\/color-line-schiff-falckensteiner-strand-laboe-300x200.jpg 300w, https:\/\/welovekiel.com\/wp-content\/uploads\/color-line-schiff-falckensteiner-strand-laboe-400x267.jpg 400w, https:\/\/welovekiel.com\/wp-content\/uploads\/color-line-schiff-falckensteiner-strand-laboe-600x400.jpg 600w, https:\/\/welovekiel.com\/wp-content\/uploads\/color-line-schiff-falckensteiner-strand-laboe-768x512.jpg 768w, https:\/\/welovekiel.com\/wp-content\/uploads\/color-line-schiff-falckensteiner-strand-laboe-800x533.jpg 800w, https:\/\/welovekiel.com\/wp-content\/uploads\/color-line-schiff-falckensteiner-strand-laboe-1024x683.jpg 1024w, https:\/\/welovekiel.com\/wp-content\/uploads\/color-line-schiff-falckensteiner-strand-laboe.jpg 1200w\" data-sizes=\"auto\"><\/a>\n\t\t\t<\/dt>\n\t\t\t\t<dd class=\"wp-caption-text gallery-caption\" id=\"gallery-1-805\">\n\t\t\t\tColor Line &amp; Segelschiffe in der F&ouml;rde am <a href=\"https:\/\/welovekiel.com\/de\/lexikon\/falckensteiner-strand\/\" target=\"_self\" title=\"\" class=\"encyclopedia\">Falckensteiner Strand<\/a>\n\t\t\t\t<\/dd><\/dl><br style=\"clear: both\"><dl class=\"gallery-item\">\n\t\t\t<dt class=\"gallery-icon landscape\">\n\t\t\t\t<a data-rel=\"iLightbox[postimages]\" data-title=\"Oberdeck der Color Line\" data-caption=\"Oberdeck der Color Line\" href=\"https:\/\/welovekiel.com\/wp-content\/uploads\/color-line-kiel-oslo-oberdeck.jpg\" title=\"Oberdeck der Color Line\" data-description=\"Oberdeck der Color Line\"><img decoding=\"async\" width=\"400\" height=\"267\" src=\"https:\/\/welovekiel.com\/wp-content\/uploads\/color-line-kiel-oslo-oberdeck-400x267.jpg\" class=\"attachment-fusion-400 size-fusion-400 lazyload\" alt=\"Oberdeck der Color Line - Von Kiel nach Oslo mit dem Schiff\" aria-describedby=\"gallery-1-803\" srcset=\"data:image\/svg+xml,%3Csvg%20xmlns%3D%27http%3A%2F%2Fwww.w3.org%2F2000%2Fsvg%27%20width%3D%271200%27%20height%3D%27800%27%20viewBox%3D%270%200%201200%20800%27%3E%3Crect%20width%3D%271200%27%20height%3D%27800%27%20fill-opacity%3D%220%22%2F%3E%3C%2Fsvg%3E\" data-orig-src=\"https:\/\/welovekiel.com\/wp-content\/uploads\/color-line-kiel-oslo-oberdeck-400x267.jpg\" data-srcset=\"https:\/\/welovekiel.com\/wp-content\/uploads\/color-line-kiel-oslo-oberdeck-200x133.jpg 200w, https:\/\/welovekiel.com\/wp-content\/uploads\/color-line-kiel-oslo-oberdeck-300x200.jpg 300w, https:\/\/welovekiel.com\/wp-content\/uploads\/color-line-kiel-oslo-oberdeck-400x267.jpg 400w, https:\/\/welovekiel.com\/wp-content\/uploads\/color-line-kiel-oslo-oberdeck-600x400.jpg 600w, https:\/\/welovekiel.com\/wp-content\/uploads\/color-line-kiel-oslo-oberdeck-768x512.jpg 768w, https:\/\/welovekiel.com\/wp-content\/uploads\/color-line-kiel-oslo-oberdeck-800x533.jpg 800w, https:\/\/welovekiel.com\/wp-content\/uploads\/color-line-kiel-oslo-oberdeck-1024x683.jpg 1024w, https:\/\/welovekiel.com\/wp-content\/uploads\/color-line-kiel-oslo-oberdeck.jpg 1200w\" data-sizes=\"auto\"><\/a>\n\t\t\t<\/dt>\n\t\t\t\t<dd class=\"wp-caption-text gallery-caption\" id=\"gallery-1-803\">\n\t\t\t\tOberdeck der Color Line\n\t\t\t\t<\/dd><\/dl><dl class=\"gallery-item\">\n\t\t\t<dt class=\"gallery-icon landscape\">\n\t\t\t\t<a data-rel=\"iLightbox[postimages]\" data-title=\"Color Fantasy in der Kieler F&ouml;rde\" data-caption=\"Color Fantasy F&auml;hre in der F&ouml;rde am Falckensteiner Strand\" href=\"https:\/\/welovekiel.com\/wp-content\/uploads\/color-line-falckensteiner-strand-kiel.jpg\" title=\"Color Fantasy in der Kieler F&ouml;rde\" data-description=\"Color Fantasy F&auml;hre in der F&ouml;rde am Falckensteiner Strand\"><img decoding=\"async\" width=\"400\" height=\"267\" src=\"https:\/\/welovekiel.com\/wp-content\/uploads\/color-line-falckensteiner-strand-kiel-400x267.jpg\" class=\"attachment-fusion-400 size-fusion-400 lazyload\" alt=\"Falckensteiner Strand Color Fantasy in der F&ouml;rde Richtung Oslo\" aria-describedby=\"gallery-1-801\" srcset=\"data:image\/svg+xml,%3Csvg%20xmlns%3D%27http%3A%2F%2Fwww.w3.org%2F2000%2Fsvg%27%20width%3D%271200%27%20height%3D%27800%27%20viewBox%3D%270%200%201200%20800%27%3E%3Crect%20width%3D%271200%27%20height%3D%27800%27%20fill-opacity%3D%220%22%2F%3E%3C%2Fsvg%3E\" data-orig-src=\"https:\/\/welovekiel.com\/wp-content\/uploads\/color-line-falckensteiner-strand-kiel-400x267.jpg\" data-srcset=\"https:\/\/welovekiel.com\/wp-content\/uploads\/color-line-falckensteiner-strand-kiel-200x133.jpg 200w, https:\/\/welovekiel.com\/wp-content\/uploads\/color-line-falckensteiner-strand-kiel-300x200.jpg 300w, https:\/\/welovekiel.com\/wp-content\/uploads\/color-line-falckensteiner-strand-kiel-400x267.jpg 400w, https:\/\/welovekiel.com\/wp-content\/uploads\/color-line-falckensteiner-strand-kiel-600x400.jpg 600w, https:\/\/welovekiel.com\/wp-content\/uploads\/color-line-falckensteiner-strand-kiel-768x512.jpg 768w, https:\/\/welovekiel.com\/wp-content\/uploads\/color-line-falckensteiner-strand-kiel-800x533.jpg 800w, https:\/\/welovekiel.com\/wp-content\/uploads\/color-line-falckensteiner-strand-kiel-1024x683.jpg 1024w, https:\/\/welovekiel.com\/wp-content\/uploads\/color-line-falckensteiner-strand-kiel.jpg 1200w\" data-sizes=\"auto\"><\/a>\n\t\t\t<\/dt>\n\t\t\t\t<dd class=\"wp-caption-text gallery-caption\" id=\"gallery-1-801\">\n\t\t\t\tColor Fantasy F&auml;hre in der F&ouml;rde am Falckensteiner Strand\n\t\t\t\t<\/dd><\/dl><br style=\"clear: both\"><dl class=\"gallery-item\">\n\t\t\t<dt class=\"gallery-icon landscape\">\n\t\t\t\t<a data-rel=\"iLightbox[postimages]\" data-title=\"Color Fantasy in der Kieler F&ouml;rde\" data-caption=\"Falckensteiner Strand Color Fantasy in der F&ouml;rde Richtung Oslo\" href=\"https:\/\/welovekiel.com\/wp-content\/uploads\/color-line-faehre-falckensteiner-strand.jpg\" title=\"Color Fantasy in der Kieler F&ouml;rde\" data-description=\"Falckensteiner Strand Color Fantasy in der F&ouml;rde Richtung Oslo\"><img decoding=\"async\" width=\"400\" height=\"267\" src=\"https:\/\/welovekiel.com\/wp-content\/uploads\/color-line-faehre-falckensteiner-strand-400x267.jpg\" class=\"attachment-fusion-400 size-fusion-400 lazyload\" alt=\"Falckensteiner Strand Color Fantasy in der F&ouml;rde Richtung Oslo\" aria-describedby=\"gallery-1-799\" srcset=\"data:image\/svg+xml,%3Csvg%20xmlns%3D%27http%3A%2F%2Fwww.w3.org%2F2000%2Fsvg%27%20width%3D%271200%27%20height%3D%27800%27%20viewBox%3D%270%200%201200%20800%27%3E%3Crect%20width%3D%271200%27%20height%3D%27800%27%20fill-opacity%3D%220%22%2F%3E%3C%2Fsvg%3E\" data-orig-src=\"https:\/\/welovekiel.com\/wp-content\/uploads\/color-line-faehre-falckensteiner-strand-400x267.jpg\" data-srcset=\"https:\/\/welovekiel.com\/wp-content\/uploads\/color-line-faehre-falckensteiner-strand-200x133.jpg 200w, https:\/\/welovekiel.com\/wp-content\/uploads\/color-line-faehre-falckensteiner-strand-300x200.jpg 300w, https:\/\/welovekiel.com\/wp-content\/uploads\/color-line-faehre-falckensteiner-strand-400x267.jpg 400w, https:\/\/welovekiel.com\/wp-content\/uploads\/color-line-faehre-falckensteiner-strand-600x400.jpg 600w, https:\/\/welovekiel.com\/wp-content\/uploads\/color-line-faehre-falckensteiner-strand-768x512.jpg 768w, https:\/\/welovekiel.com\/wp-content\/uploads\/color-line-faehre-falckensteiner-strand-800x533.jpg 800w, https:\/\/welovekiel.com\/wp-content\/uploads\/color-line-faehre-falckensteiner-strand-1024x683.jpg 1024w, https:\/\/welovekiel.com\/wp-content\/uploads\/color-line-faehre-falckensteiner-strand.jpg 1200w\" data-sizes=\"auto\"><\/a>\n\t\t\t<\/dt>\n\t\t\t\t<dd class=\"wp-caption-text gallery-caption\" id=\"gallery-1-799\">\n\t\t\t\tFalckensteiner Strand Color Fantasy in der F&ouml;rde Richtung Oslo\n\t\t\t\t<\/dd><\/dl><dl class=\"gallery-item\">\n\t\t\t<dt class=\"gallery-icon landscape\">\n\t\t\t\t<a data-rel=\"iLightbox[postimages]\" data-title=\"Schiffe Kieler F&ouml;rde\" data-caption=\"Schiffe Kieler F&ouml;rde\" href=\"https:\/\/welovekiel.com\/wp-content\/uploads\/2019\/05\/kieler-foerde-schiffe.jpg\" title=\"Schiffe Kieler F&ouml;rde\" data-description=\"Schiffe Kieler F&ouml;rde\"><img decoding=\"async\" width=\"400\" height=\"267\" src=\"https:\/\/welovekiel.com\/wp-content\/uploads\/2019\/05\/kieler-foerde-schiffe-400x267.jpg\" class=\"attachment-fusion-400 size-fusion-400 lazyload\" alt=\"Schiffe Kieler F&ouml;rde\" aria-describedby=\"gallery-1-125\" srcset=\"data:image\/svg+xml,%3Csvg%20xmlns%3D%27http%3A%2F%2Fwww.w3.org%2F2000%2Fsvg%27%20width%3D%271200%27%20height%3D%27800%27%20viewBox%3D%270%200%201200%20800%27%3E%3Crect%20width%3D%271200%27%20height%3D%27800%27%20fill-opacity%3D%220%22%2F%3E%3C%2Fsvg%3E\" data-orig-src=\"https:\/\/welovekiel.com\/wp-content\/uploads\/2019\/05\/kieler-foerde-schiffe-400x267.jpg\" data-srcset=\"https:\/\/welovekiel.com\/wp-content\/uploads\/2019\/05\/kieler-foerde-schiffe-200x133.jpg 200w, https:\/\/welovekiel.com\/wp-content\/uploads\/2019\/05\/kieler-foerde-schiffe-300x200.jpg 300w, https:\/\/welovekiel.com\/wp-content\/uploads\/2019\/05\/kieler-foerde-schiffe-400x267.jpg 400w, https:\/\/welovekiel.com\/wp-content\/uploads\/2019\/05\/kieler-foerde-schiffe-600x400.jpg 600w, https:\/\/welovekiel.com\/wp-content\/uploads\/2019\/05\/kieler-foerde-schiffe-768x512.jpg 768w, https:\/\/welovekiel.com\/wp-content\/uploads\/2019\/05\/kieler-foerde-schiffe-800x533.jpg 800w, https:\/\/welovekiel.com\/wp-content\/uploads\/2019\/05\/kieler-foerde-schiffe-1024x683.jpg 1024w, https:\/\/welovekiel.com\/wp-content\/uploads\/2019\/05\/kieler-foerde-schiffe.jpg 1200w\" data-sizes=\"auto\"><\/a>\n\t\t\t<\/dt>\n\t\t\t\t<dd class=\"wp-caption-text gallery-caption\" id=\"gallery-1-125\">\n\t\t\t\tSchiffe Kieler F&ouml;rde\n\t\t\t\t<\/dd><\/dl><br style=\"clear: both\"><dl class=\"gallery-item\">\n\t\t\t<dt class=\"gallery-icon landscape\">\n\t\t\t\t<a data-rel=\"iLightbox[postimages]\" data-title=\"Schilksee Strand an der Kieler F&ouml;rde\" data-caption=\"Schilksee Strand an der Kieler F&ouml;rde\" href=\"https:\/\/welovekiel.com\/wp-content\/uploads\/2019\/05\/strand-schilksee-kieler-foerde-kreuzfahrtschiff.jpg\" title=\"Schilksee Strand an der Kieler F&ouml;rde\" data-description=\"Schilksee Strand an der Kieler F&ouml;rde\"><img decoding=\"async\" width=\"400\" height=\"300\" src=\"https:\/\/welovekiel.com\/wp-content\/uploads\/2019\/05\/strand-schilksee-kieler-foerde-kreuzfahrtschiff-400x300.jpg\" class=\"attachment-fusion-400 size-fusion-400 lazyload\" alt=\"Schilksee Strand an der Kieler F&ouml;rde\" aria-describedby=\"gallery-1-107\" srcset=\"data:image\/svg+xml,%3Csvg%20xmlns%3D%27http%3A%2F%2Fwww.w3.org%2F2000%2Fsvg%27%20width%3D%271200%27%20height%3D%27900%27%20viewBox%3D%270%200%201200%20900%27%3E%3Crect%20width%3D%271200%27%20height%3D%27900%27%20fill-opacity%3D%220%22%2F%3E%3C%2Fsvg%3E\" data-orig-src=\"https:\/\/welovekiel.com\/wp-content\/uploads\/2019\/05\/strand-schilksee-kieler-foerde-kreuzfahrtschiff-400x300.jpg\" data-srcset=\"https:\/\/welovekiel.com\/wp-content\/uploads\/2019\/05\/strand-schilksee-kieler-foerde-kreuzfahrtschiff-200x150.jpg 200w, https:\/\/welovekiel.com\/wp-content\/uploads\/2019\/05\/strand-schilksee-kieler-foerde-kreuzfahrtschiff-300x225.jpg 300w, https:\/\/welovekiel.com\/wp-content\/uploads\/2019\/05\/strand-schilksee-kieler-foerde-kreuzfahrtschiff-400x300.jpg 400w, https:\/\/welovekiel.com\/wp-content\/uploads\/2019\/05\/strand-schilksee-kieler-foerde-kreuzfahrtschiff-600x450.jpg 600w, https:\/\/welovekiel.com\/wp-content\/uploads\/2019\/05\/strand-schilksee-kieler-foerde-kreuzfahrtschiff-768x576.jpg 768w, https:\/\/welovekiel.com\/wp-content\/uploads\/2019\/05\/strand-schilksee-kieler-foerde-kreuzfahrtschiff-800x600.jpg 800w, https:\/\/welovekiel.com\/wp-content\/uploads\/2019\/05\/strand-schilksee-kieler-foerde-kreuzfahrtschiff-1024x768.jpg 1024w, https:\/\/welovekiel.com\/wp-content\/uploads\/2019\/05\/strand-schilksee-kieler-foerde-kreuzfahrtschiff.jpg 1200w\" data-sizes=\"auto\"><\/a>\n\t\t\t<\/dt>\n\t\t\t\t<dd class=\"wp-caption-text gallery-caption\" id=\"gallery-1-107\">\n\t\t\t\t<a href=\"https:\/\/welovekiel.com\/de\/lexikon\/schilksee-strand\/\" target=\"_self\" title=\"\" class=\"encyclopedia\">Schilksee Strand<\/a> an der Kieler F&ouml;rde\n\t\t\t\t<\/dd><\/dl>\n\t\t\t<br style=\"clear: both\">\n\t\t<\/div>\n\n<\/div><div class=\"fusion-clearfix\"><\/div><\/div><\/div><div class=\"fusion-layout-column fusion_builder_column fusion-builder-column-1 fusion_builder_column_1_4 1_4 fusion-one-fourth fusion-column-last\" style=\"width:25%;width:calc(25% - ( ( 4% ) * 0.25 ) );margin-top:0px;margin-bottom:20px;\"><div class=\"fusion-column-wrapper fusion-flex-column-wrapper-legacy\" style=\"background-position:left top;background-repeat:no-repeat;-webkit-background-size:cover;-moz-background-size:cover;-o-background-size:cover;background-size:cover;padding: 0px 0px 0px 0px;\"><div class=\"fusion-widget-area fusion-widget-area-1 fusion-content-widget-area\"><style type=\"text\/css\">.fusion-widget-area-1 {padding:0px 0px 0px 0px;}.fusion-widget-area-1 .widget h4 {color:#333333;}.fusion-widget-area-1 .widget .heading h4 {color:#333333;}<\/style><div id=\"custom_html-11\" class=\"widget_text widget widget_custom_html\"><div class=\"textwidget custom-html-widget\"><script async src=\"https:\/\/pagead2.googlesyndication.com\/pagead\/js\/adsbygoogle.js\"><\/script>\r\n<!-- welovekiel_de_galerie_sidebar_responsive -->\r\n<ins class=\"adsbygoogle\" style=\"display:block\" data-ad-client=\"ca-pub-2675294892226297\" data-ad-slot=\"5973548078\" data-ad-format=\"auto\" data-full-width-responsive=\"true\"><\/ins>\r\n<script>\r\n     (adsbygoogle = window.adsbygoogle || []).push({});\r\n<\/script><\/div><\/div><div id=\"gallery-taxonomies-2\" class=\"widget widget_gallery-taxonomies\" style=\"border-style: solid;border-color:transparent;border-width:0px;\"><div class=\"heading\"><h4 class=\"widget-title\">Kategorien der Bildergalerien<\/h4><\/div>\n<ul>\n  \t<li class=\"cat-item cat-item-339\"><a href=\"https:\/\/welovekiel.com\/de\/galleries\/category\/veranstaltungen-events\/\">Veranstaltungen &amp; Events<\/a>\n<\/li>\n\t<li class=\"cat-item cat-item-277\"><a href=\"https:\/\/welovekiel.com\/de\/galleries\/category\/kieler-foerde\/\">Kieler F&ouml;rde<\/a>\n<\/li>\n\t<li class=\"cat-item cat-item-293\"><a href=\"https:\/\/welovekiel.com\/de\/galleries\/category\/schiffe\/\">Schiffe<\/a>\n<\/li>\n\t<li class=\"cat-item cat-item-276\"><a href=\"https:\/\/welovekiel.com\/de\/galleries\/category\/kieler-woche\/\">Kieler Woche<\/a>\n<ul class=\"children\">\n\t<li class=\"cat-item cat-item-301\"><a href=\"https:\/\/welovekiel.com\/de\/galleries\/category\/kieler-woche-konzerte\/\">Kieler Woche Konzerte<\/a>\n<\/li>\n<\/ul>\n<\/li>\n\t<li class=\"cat-item cat-item-533\"><a href=\"https:\/\/welovekiel.com\/de\/galleries\/category\/kieler-hafen\/\">Kieler Hafen<\/a>\n<\/li>\n\t<li class=\"cat-item cat-item-501\"><a href=\"https:\/\/welovekiel.com\/de\/galleries\/category\/wik\/\">Wik<\/a>\n<\/li>\n\t<li class=\"cat-item cat-item-401\"><a href=\"https:\/\/welovekiel.com\/de\/galleries\/category\/altstadt\/\">Altstadt<\/a>\n<\/li>\n\t<li class=\"cat-item cat-item-674\"><a href=\"https:\/\/welovekiel.com\/de\/galleries\/category\/sehenswuerdigkeiten\/\">Sehensw&uuml;rdigkeiten<\/a>\n<\/li>\n\t<li class=\"cat-item cat-item-402\"><a href=\"https:\/\/welovekiel.com\/de\/galleries\/category\/vorstadt\/\">Vorstadt<\/a>\n<\/li>\n\t<li class=\"cat-item cat-item-502\"><a href=\"https:\/\/welovekiel.com\/de\/galleries\/category\/duesternbrook\/\">D&uuml;sternbrook<\/a>\n<\/li>\n\t<li class=\"cat-item cat-item-311\"><a href=\"https:\/\/welovekiel.com\/de\/galleries\/category\/musik-konzerte\/\">Musik &amp; Konzerte<\/a>\n<\/li>\n\t<li class=\"cat-item cat-item-890\"><a href=\"https:\/\/welovekiel.com\/de\/galleries\/category\/gebaeude-bauwerke\/\">Geb&auml;ude &amp; Bauwerke<\/a>\n<\/li>\n\t<li class=\"cat-item cat-item-318\"><a href=\"https:\/\/welovekiel.com\/de\/galleries\/category\/straende\/\">Str&auml;nde<\/a>\n<\/li>\n\t<li class=\"cat-item cat-item-573\"><a href=\"https:\/\/welovekiel.com\/de\/galleries\/category\/schilksee\/\">Schilksee<\/a>\n<\/li>\n\t<li class=\"cat-item cat-item-476\"><a href=\"https:\/\/welovekiel.com\/de\/galleries\/category\/parkanlagen-gruenflaechen\/\">Parkanlagen &amp; Gr&uuml;nfl&auml;chen<\/a>\n<\/li>\n\t<li class=\"cat-item cat-item-648\"><a href=\"https:\/\/welovekiel.com\/de\/galleries\/category\/holtenau\/\">Holtenau<\/a>\n<\/li>\n\t<li class=\"cat-item cat-item-672\"><a href=\"https:\/\/welovekiel.com\/de\/galleries\/category\/kieler-umland\/\">Kieler Umland<\/a>\n<\/li>\n\t<li class=\"cat-item cat-item-673\"><a href=\"https:\/\/welovekiel.com\/de\/galleries\/category\/kreis-rendsburg-eckernfoerde\/\">Kreis Rendsburg-Eckernf&ouml;rde<\/a>\n<\/li>\n\t<li class=\"cat-item cat-item-844\"><a href=\"https:\/\/welovekiel.com\/de\/galleries\/category\/sport\/\">Sport<\/a>\n<\/li>\n<\/ul>\n\n<\/div><div id=\"encyclopedia_items-6\" class=\"widget widget_encyclopedia_items\"><div class=\"heading\"><h4 class=\"widget-title\">Aus dem Kiel Lexikon<\/h4><\/div><ul>\n            <li><a href=\"https:\/\/welovekiel.com\/de\/lexikon\/schilksee-strand\/\" title=\"\" class=\"encyclopedia\">Schilksee Strand<\/a><\/li>\n            <li><a href=\"https:\/\/welovekiel.com\/de\/lexikon\/kiel-schilksee\/\" title=\"\" class=\"encyclopedia\">Schilksee<\/a><\/li>\n            <li><a href=\"https:\/\/welovekiel.com\/de\/lexikon\/ms-stadt-kiel\/\" title=\"\" class=\"encyclopedia\">MS Stadt Kiel<\/a><\/li>\n            <li><a href=\"https:\/\/welovekiel.com\/de\/lexikon\/schilksee-steilkueste\/\" title=\"\" class=\"encyclopedia\">Schilksee Steilk&uuml;ste<\/a><\/li>\n            <li><a href=\"https:\/\/welovekiel.com\/de\/lexikon\/restaurant-forstbaumschule\/\" title=\"\" class=\"encyclopedia\">Restaurant Forstbaumschule<\/a><\/li>\n    <\/ul>\n<\/div>\n\t\t<div id=\"recent-posts-4\" class=\"widget widget_recent_entries\">\n\t\t<div class=\"heading\"><h4 class=\"widget-title\">Neu im Kiel Blog<\/h4><\/div>\n\t\t<ul>\n\t\t\t\t\t\t\t\t\t\t\t<li>\n\t\t\t\t\t<a href=\"https:\/\/welovekiel.com\/de\/kieler-woche-2026-konzerte-veranstaltungen-freitag-26-06-2026-17310\/\">Kieler Woche 2026: Konzerte &amp; Veranstaltungen Freitag 26.06.2026<\/a>\n\t\t\t\t\t\t\t\t\t<\/li>\n\t\t\t\t\t\t\t\t\t\t\t<li>\n\t\t\t\t\t<a href=\"https:\/\/welovekiel.com\/de\/kieler-woche-2026-konzerte-veranstaltungen-donnerstag-25-06-2026-17308\/\">Kieler Woche 2026: Konzerte &amp; Veranstaltungen Donnerstag 25.06.2026<\/a>\n\t\t\t\t\t\t\t\t\t<\/li>\n\t\t\t\t\t\t\t\t\t\t\t<li>\n\t\t\t\t\t<a href=\"https:\/\/welovekiel.com\/de\/kieler-woche-2026-konzerte-veranstaltungen-mittwoch-24-06-2026-17305\/\">Kieler Woche 2026: Konzerte &amp; Veranstaltungen Mittwoch 24.06.2026<\/a>\n\t\t\t\t\t\t\t\t\t<\/li>\n\t\t\t\t\t\t\t\t\t\t\t<li>\n\t\t\t\t\t<a href=\"https:\/\/welovekiel.com\/de\/kieler-woche-2026-konzerte-veranstaltungen-dienstag-23-06-2026-17303\/\">Kieler Woche 2026: Konzerte &amp; Veranstaltungen Dienstag 23.06.2026<\/a>\n\t\t\t\t\t\t\t\t\t<\/li>\n\t\t\t\t\t\t\t\t\t\t\t<li>\n\t\t\t\t\t<a href=\"https:\/\/welovekiel.com\/de\/kieler-woche-2026-konzerte-veranstaltungen-montag-22-06-2026-17298\/\">Kieler Woche 2026: Konzerte &amp; Veranstaltungen Montag 22.06.2026<\/a>\n\t\t\t\t\t\t\t\t\t<\/li>\n\t\t\t\t\t<\/ul>\n\n\t\t<\/div><div class=\"tribe-compatibility-container\">\n\t<div class=\"tribe-common tribe-events tribe-events-view tribe-events-view--widget-events-list tribe-events-widget\" data-js=\"tribe-events-view\" data-view-rest-url=\"https:\/\/welovekiel.com\/de\/wp-json\/tribe\/views\/v2\/html\" data-view-manage-url=\"1\" data-view-breakpoint-pointer=\"1501c14a-0402-4313-b15b-a66a050d95eb\">\n\t\t<div class=\"tribe-events-widget-events-list\">\n\n\t\t\t<script type=\"application\/ld+json\">\r\n[{\"@context\":\"http:\/\/schema.org\",\"@type\":\"Event\",\"name\":\"Flohmarkt Kiel Innenstadt Holstenplatz bis Rathausplatz 06.09.2026\",\"description\":\"&lt;p&gt;Flohmarkt Kiel Innenstadt am Sonntag, den 6. September 2026 ab 8 Uhr auf dem Rathausplatz, Asmus-Bremer-Platz, Europaplatz, Fleeth\\u00f6rn, Willestra\\u00dfe, Holstenplatz und Holstenstra\\u00dfe. In den Monaten April bis September 2026 veranstaltet die Landeshauptstadt Kiel mehrere Flohm\\u00e4rkte [&hellip;]&lt;\/p&gt;\\\\n\",\"image\":\"https:\/\/welovekiel.com\/wp-content\/uploads\/kieler-rathausplatz-flohmarkt-innenstadt-kiel.jpg\",\"url\":\"https:\/\/welovekiel.com\/de\/event\/flohmarkt-kiel-innenstadt-holstenplatz-bis-rathausplatz-6-9-2026\/\",\"eventAttendanceMode\":\"https:\/\/schema.org\/OfflineEventAttendanceMode\",\"eventStatus\":\"https:\/\/schema.org\/EventScheduled\",\"startDate\":\"2026-09-06T08:00:00+02:00\",\"endDate\":\"2026-09-06T16:00:00+02:00\",\"location\":{\"@type\":\"Place\",\"name\":\"Rathausplatz Kiel\",\"description\":\"\",\"url\":\"https:\/\/welovekiel.com\/de\/veranstaltungsort\/rathausplatz-kiel\/\",\"address\":{\"@type\":\"PostalAddress\",\"streetAddress\":\"Rathausplatz\",\"addressLocality\":\"Kiel\",\"postalCode\":\"24103\",\"addressCountry\":\"Deutschland\"},\"telephone\":\"\",\"sameAs\":\"\"},\"organizer\":{\"@type\":\"Person\",\"name\":\"Landeshauptstadt Kiel\",\"description\":\"\",\"url\":\"\",\"telephone\":\"\",\"email\":\"\",\"sameAs\":\"\"},\"offers\":{\"@type\":\"Offer\",\"price\":\"0\",\"priceCurrency\":\"EUR\",\"url\":\"https:\/\/welovekiel.com\/de\/event\/flohmarkt-kiel-innenstadt-holstenplatz-bis-rathausplatz-6-9-2026\/\",\"category\":\"primary\",\"availability\":\"inStock\",\"validFrom\":\"1970-01-01T00:00:00+00:00\"},\"performer\":\"Organization\"},{\"@context\":\"http:\/\/schema.org\",\"@type\":\"Event\",\"name\":\"Flohmarkt Kaufland Kiel-Mettenhof 13.09.2026\",\"description\":\"&lt;p&gt;Flohmarkt Kaufland Kiel-Mettenhof am Sonntag, den 13. September 2026 ab 6 Uhr auf dem Kaufland Parkplatz im Kieler Stadtteil Mettenhof am Skandinaviendamm. In den Monaten Januar bis Dezember 2026 veranstaltet Heinz Geide Flohm\\u00e4rkte insgesamt 12 [&hellip;]&lt;\/p&gt;\\\\n\",\"image\":\"https:\/\/welovekiel.com\/wp-content\/uploads\/kaufland-mettenhof-parkhaus-flohmarkt.jpg\",\"url\":\"https:\/\/welovekiel.com\/de\/event\/flohmarkt-kaufland-kiel-mettenhof-13-09-2026\/\",\"eventAttendanceMode\":\"https:\/\/schema.org\/OfflineEventAttendanceMode\",\"eventStatus\":\"https:\/\/schema.org\/EventScheduled\",\"startDate\":\"2026-09-13T06:00:00+02:00\",\"endDate\":\"2026-09-13T16:00:00+02:00\",\"location\":{\"@type\":\"Place\",\"name\":\"Kaufland Kiel-Mettenhof\",\"description\":\"\",\"url\":\"https:\/\/welovekiel.com\/de\/veranstaltungsort\/kaufland-kiel-mettenhof\/\",\"address\":{\"@type\":\"PostalAddress\",\"streetAddress\":\"Skandinaviendamm 299\",\"addressLocality\":\"Kiel\",\"postalCode\":\"24109\",\"addressCountry\":\"Deutschland\"},\"telephone\":\"\",\"sameAs\":\"\"},\"organizer\":{\"@type\":\"Person\",\"name\":\"Heinz Geide Flom\\u00e4rkte\",\"description\":\"\",\"url\":\"\",\"telephone\":\"\",\"email\":\"\",\"sameAs\":\"\"},\"offers\":{\"@type\":\"Offer\",\"price\":\"0\",\"priceCurrency\":\"EUR\",\"url\":\"https:\/\/welovekiel.com\/de\/event\/flohmarkt-kaufland-kiel-mettenhof-13-09-2026\/\",\"category\":\"primary\",\"availability\":\"inStock\",\"validFrom\":\"1970-01-01T00:00:00+00:00\"},\"performer\":\"Organization\"},{\"@context\":\"http:\/\/schema.org\",\"@type\":\"Event\",\"name\":\"Flohmarkt Citti-Park Kiel 13.9.2026\",\"description\":\"&lt;p&gt;Flohmarkt Citti-Park Kiel am Sonntag, den 13. September 2026 ab 8 Uhr auf dem Citti-Park Parkplatz im M\\u00fchlendamm 1 im Kieler Stadtteil Hassee. An insgesamt sechs Terminen im Jahr 2026 veranstaltet die Firma Hochberg Flohm\\u00e4rkte [&hellip;]&lt;\/p&gt;\\\\n\",\"image\":\"https:\/\/welovekiel.com\/wp-content\/uploads\/flohmarkt-kiel-citti-park.jpg\",\"url\":\"https:\/\/welovekiel.com\/de\/event\/flohmarkt-citti-park-kiel-13-9-2026\/\",\"eventAttendanceMode\":\"https:\/\/schema.org\/OfflineEventAttendanceMode\",\"eventStatus\":\"https:\/\/schema.org\/EventScheduled\",\"startDate\":\"2026-09-13T08:00:00+02:00\",\"endDate\":\"2026-09-13T16:00:00+02:00\",\"location\":{\"@type\":\"Place\",\"name\":\"Citti-Park Kiel\",\"description\":\"\",\"url\":\"https:\/\/welovekiel.com\/de\/veranstaltungsort\/citti-park-kiel\/\",\"address\":{\"@type\":\"PostalAddress\",\"streetAddress\":\"M\\u00fchlendamm 1\",\"addressLocality\":\"Kiel\",\"postalCode\":\"24113\",\"addressCountry\":\"Deutschland\"},\"telephone\":\"\",\"sameAs\":\"\"},\"organizer\":{\"@type\":\"Person\",\"name\":\"Hochberg Flohmarkt\",\"description\":\"\",\"url\":\"\",\"telephone\":\"\",\"email\":\"\",\"sameAs\":\"\"},\"offers\":{\"@type\":\"Offer\",\"price\":\"0\",\"priceCurrency\":\"EUR\",\"url\":\"https:\/\/welovekiel.com\/de\/event\/flohmarkt-citti-park-kiel-13-9-2026\/\",\"category\":\"primary\",\"availability\":\"inStock\",\"validFrom\":\"1970-01-01T00:00:00+00:00\"},\"performer\":\"Organization\"}]\r\n<\/script>\n\t\t\t<script data-js=\"tribe-events-view-data\" type=\"application\/json\">\n\t{\"slug\":\"widget-events-list\",\"prev_url\":\"\",\"next_url\":\"https:\\\/\\\/welovekiel.com\\\/de\\\/?post_type=tribe_events&eventDisplay=widget-events-list&paged=2\",\"view_class\":\"Tribe\\\\Events\\\\Views\\\\V2\\\\Views\\\\Widgets\\\\Widget_List_View\",\"view_slug\":\"widget-events-list\",\"view_label\":\"View\",\"view\":null,\"should_manage_url\":true,\"id\":null,\"alias-slugs\":null,\"title\":\"Veranstaltungen von 5. September \\u2013 13. September \\u2013 We love Kiel\",\"limit\":\"3\",\"no_upcoming_events\":false,\"featured_events_only\":false,\"jsonld_enable\":true,\"tribe_is_list_widget\":false,\"admin_fields\":{\"title\":{\"label\":\"Titel:\",\"type\":\"text\",\"parent_classes\":\"\",\"classes\":\"\",\"dependency\":\"\",\"id\":\"widget-tribe-widget-events-list-6-title\",\"name\":\"widget-tribe-widget-events-list[6][title]\",\"options\":[],\"placeholder\":\"\",\"value\":null},\"limit\":{\"label\":\"Anzeige:\",\"type\":\"number\",\"default\":5,\"min\":1,\"max\":10,\"step\":1,\"parent_classes\":\"\",\"classes\":\"\",\"dependency\":\"\",\"id\":\"widget-tribe-widget-events-list-6-limit\",\"name\":\"widget-tribe-widget-events-list[6][limit]\",\"options\":[],\"placeholder\":\"\",\"value\":null},\"metadata_section\":{\"type\":\"fieldset\",\"classes\":\"tribe-common-form-control-checkbox-checkbox-group\",\"label\":\"Anzeige:\",\"children\":{\"cost\":{\"type\":\"checkbox\",\"label\":\"Preis\",\"parent_classes\":\"\",\"classes\":\"\",\"dependency\":\"\",\"id\":\"widget-tribe-widget-events-list-6-cost\",\"name\":\"widget-tribe-widget-events-list[6][cost]\",\"options\":[],\"placeholder\":\"\",\"value\":null},\"venue\":{\"type\":\"checkbox\",\"label\":\"Veranstaltungsort\",\"parent_classes\":\"\",\"classes\":\"\",\"dependency\":\"\",\"id\":\"widget-tribe-widget-events-list-6-venue\",\"name\":\"widget-tribe-widget-events-list[6][venue]\",\"options\":[],\"placeholder\":\"\",\"value\":null},\"street\":{\"type\":\"checkbox\",\"label\":\"Stra\\u00dfe\",\"parent_classes\":\"\",\"classes\":\"\",\"dependency\":\"\",\"id\":\"widget-tribe-widget-events-list-6-street\",\"name\":\"widget-tribe-widget-events-list[6][street]\",\"options\":[],\"placeholder\":\"\",\"value\":null},\"city\":{\"type\":\"checkbox\",\"label\":\"Stadt\",\"parent_classes\":\"\",\"classes\":\"\",\"dependency\":\"\",\"id\":\"widget-tribe-widget-events-list-6-city\",\"name\":\"widget-tribe-widget-events-list[6][city]\",\"options\":[],\"placeholder\":\"\",\"value\":null},\"region\":{\"type\":\"checkbox\",\"label\":\"Staat (USA) oder Bundesland \\\/ Kanton (International)\",\"parent_classes\":\"\",\"classes\":\"\",\"dependency\":\"\",\"id\":\"widget-tribe-widget-events-list-6-region\",\"name\":\"widget-tribe-widget-events-list[6][region]\",\"options\":[],\"placeholder\":\"\",\"value\":null},\"zip\":{\"type\":\"checkbox\",\"label\":\"Postleitzahl\",\"parent_classes\":\"\",\"classes\":\"\",\"dependency\":\"\",\"id\":\"widget-tribe-widget-events-list-6-zip\",\"name\":\"widget-tribe-widget-events-list[6][zip]\",\"options\":[],\"placeholder\":\"\",\"value\":null},\"country\":{\"type\":\"checkbox\",\"label\":\"Land\",\"parent_classes\":\"\",\"classes\":\"\",\"dependency\":\"\",\"id\":\"widget-tribe-widget-events-list-6-country\",\"name\":\"widget-tribe-widget-events-list[6][country]\",\"options\":[],\"placeholder\":\"\",\"value\":null},\"phone\":{\"type\":\"checkbox\",\"label\":\"Telefon\",\"parent_classes\":\"\",\"classes\":\"\",\"dependency\":\"\",\"id\":\"widget-tribe-widget-events-list-6-phone\",\"name\":\"widget-tribe-widget-events-list[6][phone]\",\"options\":[],\"placeholder\":\"\",\"value\":null},\"organizer\":{\"type\":\"checkbox\",\"label\":\"Veranstalter\",\"parent_classes\":\"\",\"classes\":\"\",\"dependency\":\"\",\"id\":\"widget-tribe-widget-events-list-6-organizer\",\"name\":\"widget-tribe-widget-events-list[6][organizer]\",\"options\":[],\"placeholder\":\"\",\"value\":null},\"website\":{\"type\":\"checkbox\",\"label\":\"Webseite\",\"parent_classes\":\"\",\"classes\":\"\",\"dependency\":\"\",\"id\":\"widget-tribe-widget-events-list-6-website\",\"name\":\"widget-tribe-widget-events-list[6][website]\",\"options\":[],\"placeholder\":\"\",\"value\":null}},\"parent_classes\":\"\",\"dependency\":\"\",\"id\":\"widget-tribe-widget-events-list-6-metadata_section\",\"name\":\"widget-tribe-widget-events-list[6][metadata_section]\",\"options\":[],\"placeholder\":\"\",\"value\":null},\"taxonomy_section\":{\"type\":\"section\",\"classes\":[\"calendar-widget-filters-container\"],\"label\":\"Filter:\",\"children\":{\"filters\":{\"type\":\"taxonomy-filters\",\"parent_classes\":\"\",\"classes\":\"\",\"dependency\":\"\",\"id\":\"widget-tribe-widget-events-list-6-filters\",\"label\":\"\",\"name\":\"widget-tribe-widget-events-list[6][filters]\",\"options\":[],\"placeholder\":\"\",\"value\":null,\"list_items\":[]},\"operand\":{\"type\":\"fieldset\",\"classes\":\"tribe-common-form-control-checkbox-radio-group\",\"label\":\"Operand:\",\"selected\":\"OR\",\"children\":[{\"type\":\"radio\",\"label\":\"Match any\",\"button_value\":\"OR\",\"parent_classes\":\"\",\"classes\":\"\",\"dependency\":\"\",\"id\":\"widget-tribe-widget-events-list-6-operand\",\"name\":\"widget-tribe-widget-events-list[6][operand]\",\"options\":[],\"placeholder\":\"\",\"value\":null},{\"type\":\"radio\",\"label\":\"Match all\",\"button_value\":\"AND\",\"parent_classes\":\"\",\"classes\":\"\",\"dependency\":\"\",\"id\":\"widget-tribe-widget-events-list-6-operand\",\"name\":\"widget-tribe-widget-events-list[6][operand]\",\"options\":[],\"placeholder\":\"\",\"value\":null}],\"parent_classes\":\"\",\"dependency\":\"\",\"id\":\"widget-tribe-widget-events-list-6-operand\",\"name\":\"widget-tribe-widget-events-list[6][operand]\",\"options\":[],\"placeholder\":\"\",\"value\":null}},\"parent_classes\":\"\",\"dependency\":\"\",\"id\":\"widget-tribe-widget-events-list-6-taxonomy_section\",\"name\":\"widget-tribe-widget-events-list[6][taxonomy_section]\",\"options\":[],\"placeholder\":\"\",\"value\":null},\"taxonomy\":{\"type\":\"taxonomy\",\"classes\":\"calendar-widget-add-filter\",\"label\":\"Filter zuf\\u00fcgen:\",\"placeholder\":\"W\\u00e4hle einen Taxonomiebegriff\",\"parent_classes\":\"\",\"dependency\":\"\",\"id\":\"widget-tribe-widget-events-list-6-taxonomy\",\"name\":\"widget-tribe-widget-events-list[6][taxonomy]\",\"options\":[],\"value\":null},\"no_upcoming_events\":{\"label\":\"Blende dieses Widget aus, wenn es keine bevorstehenden Veranstaltungen gibt.\",\"type\":\"checkbox\",\"parent_classes\":\"\",\"classes\":\"\",\"dependency\":\"\",\"id\":\"widget-tribe-widget-events-list-6-no_upcoming_events\",\"name\":\"widget-tribe-widget-events-list[6][no_upcoming_events]\",\"options\":[],\"placeholder\":\"\",\"value\":null},\"featured_events_only\":{\"label\":\"Nur auf hervorgehobene Veranstaltungen beschr\\u00e4nken\",\"type\":\"checkbox\",\"parent_classes\":\"\",\"classes\":\"\",\"dependency\":\"\",\"id\":\"widget-tribe-widget-events-list-6-featured_events_only\",\"name\":\"widget-tribe-widget-events-list[6][featured_events_only]\",\"options\":[],\"placeholder\":\"\",\"value\":null},\"jsonld_enable\":{\"label\":\"JSON-LD-Daten generieren\",\"type\":\"checkbox\",\"parent_classes\":\"\",\"classes\":\"\",\"dependency\":\"\",\"id\":\"widget-tribe-widget-events-list-6-jsonld_enable\",\"name\":\"widget-tribe-widget-events-list[6][jsonld_enable]\",\"options\":[],\"placeholder\":\"\",\"value\":null}},\"venue\":false,\"country\":false,\"street\":false,\"city\":false,\"region\":false,\"zip\":false,\"phone\":false,\"cost\":false,\"organizer\":false,\"website\":false,\"operand\":\"OR\",\"filters\":\"\",\"wpml_language\":\"de\",\"fusion_display_title\":\"yes\",\"fusion_padding_color\":\"\",\"fusion_margin\":\"\",\"fusion_bg_color\":\"\",\"fusion_bg_radius_size\":\"\",\"fusion_border_size\":\"\",\"fusion_border_style\":\"solid\",\"fusion_border_color\":\"\",\"fusion_divider_color\":\"\",\"fusion_align\":\"\",\"fusion_align_mobile\":\"\",\"events\":[10000634,10000625,10000648],\"url\":\"https:\\\/\\\/welovekiel.com\\\/de\\\/?post_type=tribe_events&eventDisplay=widget-events-list\",\"url_event_date\":false,\"bar\":{\"keyword\":\"\",\"date\":\"\"},\"today\":\"2026-09-05 00:00:00\",\"now\":\"2026-09-05 04:43:57\",\"home_url\":\"https:\\\/\\\/welovekiel.com\\\/de\\\/\",\"rest_url\":\"https:\\\/\\\/welovekiel.com\\\/de\\\/wp-json\\\/tribe\\\/views\\\/v2\\\/html\",\"rest_method\":\"GET\",\"rest_nonce\":\"\",\"today_url\":\"https:\\\/\\\/welovekiel.com\\\/de\\\/?post_type=tribe_events&eventDisplay=widget-events-list&rest_route=%2Fwp%2Fv2%2Fgallery%2F1668\",\"today_title\":\"Klicke, um das heutige Datum auszuw\\u00e4hlen\",\"today_label\":\"Heute\",\"prev_label\":\"\",\"next_label\":\"\",\"date_formats\":{\"compact\":\"d.m.Y\",\"month_and_year_compact\":\"m.Y\",\"month_and_year\":\"F Y\",\"time_range_separator\":\" - \",\"date_time_separator\":\" | \"},\"messages\":[],\"start_of_week\":\"1\",\"header_title\":\"\",\"header_title_element\":\"h1\",\"content_title\":\"\",\"show_content_title\":false,\"breadcrumbs\":[],\"backlink\":false,\"before_events\":\"\",\"after_events\":\"\\n<!--\\nThis calendar is powered by The Events Calendar.\\nhttp:\\\/\\\/evnt.is\\\/18wn\\n-->\\n\",\"display_events_bar\":false,\"disable_event_search\":false,\"live_refresh\":true,\"ical\":{\"display_link\":true,\"link\":{\"url\":\"https:\\\/\\\/welovekiel.com\\\/de\\\/?post_type=tribe_events&#038;eventDisplay=widget-events-list&#038;ical=1\",\"text\":\"Veranstaltungen als iCal exportieren\",\"title\":\"Diese Funktion verwenden, um Kalenderdaten mit Google Kalender, Apple iCal und kompatiblen Apps zu teilen\"}},\"container_classes\":[\"tribe-common\",\"tribe-events\",\"tribe-events-view\",\"tribe-events-view--widget-events-list\",\"tribe-events-widget\"],\"container_data\":[],\"is_past\":false,\"breakpoints\":{\"xsmall\":500,\"medium\":768,\"full\":960},\"breakpoint_pointer\":\"1501c14a-0402-4313-b15b-a66a050d95eb\",\"is_initial_load\":false,\"public_views\":{\"list\":{\"view_class\":\"Tribe\\\\Events\\\\Views\\\\V2\\\\Views\\\\List_View\",\"view_url\":\"https:\\\/\\\/welovekiel.com\\\/de\\\/Veranstaltungen\\\/Liste\\\/\",\"view_label\":\"Liste\",\"aria_label\":\"Zeige Veranstaltungen in der Liste Ansicht\"},\"month\":{\"view_class\":\"Tribe\\\\Events\\\\Views\\\\V2\\\\Views\\\\Month_View\",\"view_url\":\"https:\\\/\\\/welovekiel.com\\\/de\\\/Veranstaltungen\\\/Monat\\\/\",\"view_label\":\"Monat\",\"aria_label\":\"Zeige Veranstaltungen in der Monat Ansicht\"},\"day\":{\"view_class\":\"Tribe\\\\Events\\\\Views\\\\V2\\\\Views\\\\Day_View\",\"view_url\":\"https:\\\/\\\/welovekiel.com\\\/de\\\/Veranstaltungen\\\/heute\\\/\",\"view_label\":\"Tag\",\"aria_label\":\"Zeige Veranstaltungen in der Tag Ansicht\"},\"week\":{\"view_class\":\"Tribe\\\\Events\\\\Pro\\\\Views\\\\V2\\\\Views\\\\Week_View\",\"view_url\":\"https:\\\/\\\/welovekiel.com\\\/de\\\/Veranstaltungen\\\/Woche\\\/\",\"view_label\":\"Woche\",\"aria_label\":\"Zeige Veranstaltungen in der Woche Ansicht\"}},\"show_latest_past\":false,\"past\":false,\"compatibility_classes\":[\"tribe-compatibility-container\"],\"view_more_text\":\"Kalender anzeigen\",\"view_more_title\":\"Weitere Veranstaltungen anzeigen.\",\"view_more_link\":\"https:\\\/\\\/welovekiel.com\\\/de\\\/Veranstaltungen\\\/\",\"widget_title\":\"Anstehende Veranstaltungen\",\"hide_if_no_upcoming_events\":false,\"display\":{\"cost\":false,\"venue\":false,\"street\":false,\"city\":false,\"region\":false,\"zip\":false,\"country\":false,\"phone\":false,\"organizer\":false,\"website\":false},\"subscribe_links\":{\"gcal\":{\"label\":\"Google Kalender\",\"single_label\":\"Zu Google Kalender hinzuf\\u00fcgen\",\"visible\":true,\"block_slug\":\"hasGoogleCalendar\"},\"ical\":{\"label\":\"iCalendar\",\"single_label\":\"Zu iCalendar hinzuf\\u00fcgen\",\"visible\":true,\"block_slug\":\"hasiCal\"},\"outlook-365\":{\"label\":\"Outlook 365\",\"single_label\":\"Outlook 365\",\"visible\":true,\"block_slug\":\"hasOutlook365\"},\"outlook-live\":{\"label\":\"Outlook Live\",\"single_label\":\"Outlook Live\",\"visible\":true,\"block_slug\":\"hasOutlookLive\"},\"ics\":{\"label\":\".ics-Datei exportieren\",\"single_label\":\".ics-Datei exportieren\",\"visible\":true,\"block_slug\":null},\"outlook-ics\":{\"label\":\"Exportiere Outlook .ics Datei\",\"single_label\":\"Exportiere Outlook .ics Datei\",\"visible\":true,\"block_slug\":null}},\"display_recurring_toggle\":false,\"_context\":{\"slug\":\"widget-events-list\"}}<\/script>\n\n\t\t\t\t\t\t\t<header class=\"tribe-events-widget-events-list__header\">\n\t\t\t\t\t<h2 class=\"tribe-events-widget-events-list__header-title tribe-common-h6 tribe-common-h--alt\">\n\t\t\t\t\t\tAnstehende Veranstaltungen\t\t\t\t\t<\/h2>\n\t\t\t\t<\/header>\n\t\t\t\n\t\t\t\n\t\t\t\t<div class=\"tribe-events-widget-events-list__events\">\n\t\t\t\t\t\t\t\t\t\t\t<div class=\"tribe-common-g-row tribe-events-widget-events-list__event-row\">\n\n\t<div class=\"tribe-events-widget-events-list__event-date-tag tribe-common-g-col\">\n\t<time class=\"tribe-events-widget-events-list__event-date-tag-datetime\" datetime=\"2026-09-06\">\n\t\t<span class=\"tribe-events-widget-events-list__event-date-tag-month\">\n\t\t\tSep.\t\t<\/span>\n\t\t<span class=\"tribe-events-widget-events-list__event-date-tag-daynum tribe-common-h2 tribe-common-h4--min-medium\">\n\t\t\t6\t\t<\/span>\n\t<\/time>\n<\/div>\n\n\t<div class=\"tribe-events-widget-events-list__event-wrapper tribe-common-g-col\">\n\t\t<article class=\"tribe-events-widget-events-list__event post-10000634 tribe_events type-tribe_events status-publish has-post-thumbnail hentry tag-3262 tag-asmus-bremer-platz tag-flohmarkt tag-flohmarkt-kiel tag-flohmarkt-kieler-innenstadt tag-flohmarkt-rathausplatz tag-holstenplatz tag-holstenstrasse tag-rathausplatz tag-willestrasse tribe_events_cat-flohmarkt tribe_events_cat-kiel tribe_events_cat-shopping gallery-content-unit\">\n\t\t\t<div class=\"tribe-events-widget-events-list__event-details\">\n\n\t\t\t\t<header class=\"tribe-events-widget-events-list__event-header\">\n\t\t\t\t\t<div class=\"tribe-events-widget-events-list__event-datetime-wrapper tribe-common-b2 tribe-common-b3--min-medium\">\n\t\t<time class=\"tribe-events-widget-events-list__event-datetime\" datetime=\"2026-09-06\">\n\t\t<span class=\"tribe-event-date-start\">08:00<\/span> - <span class=\"tribe-event-time\">16:00<\/span>\t<\/time>\n\t<\/div>\n\t\t\t\t\t<h3 class=\"tribe-events-widget-events-list__event-title tribe-common-h7\">\n\t<a href=\"https:\/\/welovekiel.com\/de\/event\/flohmarkt-kiel-innenstadt-holstenplatz-bis-rathausplatz-6-9-2026\/\" title=\"Flohmarkt Kiel Innenstadt Holstenplatz bis Rathausplatz 06.09.2026\" rel=\"bookmark\" class=\"tribe-events-widget-events-list__event-title-link tribe-common-anchor-thin\">\n\t\tFlohmarkt Kiel Innenstadt Holstenplatz bis Rathausplatz 06.09.2026\t<\/a>\n<\/h3>\n\t\t\t\t<\/header>\n\n\t\t\t\t\n\t\t\t<\/div>\n\t\t<\/article>\n\t<\/div>\n\n<\/div>\n\t\t\t\t\t\t\t\t\t\t\t<div class=\"tribe-common-g-row tribe-events-widget-events-list__event-row\">\n\n\t<div class=\"tribe-events-widget-events-list__event-date-tag tribe-common-g-col\">\n\t<time class=\"tribe-events-widget-events-list__event-date-tag-datetime\" datetime=\"2026-09-13\">\n\t\t<span class=\"tribe-events-widget-events-list__event-date-tag-month\">\n\t\t\tSep.\t\t<\/span>\n\t\t<span class=\"tribe-events-widget-events-list__event-date-tag-daynum tribe-common-h2 tribe-common-h4--min-medium\">\n\t\t\t13\t\t<\/span>\n\t<\/time>\n<\/div>\n\n\t<div class=\"tribe-events-widget-events-list__event-wrapper tribe-common-g-col\">\n\t\t<article class=\"tribe-events-widget-events-list__event post-10000625 tribe_events type-tribe_events status-publish has-post-thumbnail hentry tag-3262 tag-flohmarkt tag-flohmarkt-kiel tag-flohmarkt-mettenhof tag-kaufland tag-kaufland-flohmarkt tag-kaufland-mettenhof tag-kiel tag-mettenhof tag-mettenhof-fohmarkt tag-shopping tag-skandinaviendamm tribe_events_cat-flohmarkt tribe_events_cat-kiel tribe_events_cat-mettenhof tribe_events_cat-shopping gallery-content-unit\">\n\t\t\t<div class=\"tribe-events-widget-events-list__event-details\">\n\n\t\t\t\t<header class=\"tribe-events-widget-events-list__event-header\">\n\t\t\t\t\t<div class=\"tribe-events-widget-events-list__event-datetime-wrapper tribe-common-b2 tribe-common-b3--min-medium\">\n\t\t<time class=\"tribe-events-widget-events-list__event-datetime\" datetime=\"2026-09-13\">\n\t\t<span class=\"tribe-event-date-start\">06:00<\/span> - <span class=\"tribe-event-time\">16:00<\/span>\t<\/time>\n\t<\/div>\n\t\t\t\t\t<h3 class=\"tribe-events-widget-events-list__event-title tribe-common-h7\">\n\t<a href=\"https:\/\/welovekiel.com\/de\/event\/flohmarkt-kaufland-kiel-mettenhof-13-09-2026\/\" title=\"Flohmarkt Kaufland Kiel-Mettenhof 13.09.2026\" rel=\"bookmark\" class=\"tribe-events-widget-events-list__event-title-link tribe-common-anchor-thin\">\n\t\tFlohmarkt Kaufland Kiel-Mettenhof 13.09.2026\t<\/a>\n<\/h3>\n\t\t\t\t<\/header>\n\n\t\t\t\t\n\t\t\t<\/div>\n\t\t<\/article>\n\t<\/div>\n\n<\/div>\n\t\t\t\t\t\t\t\t\t\t\t<div class=\"tribe-common-g-row tribe-events-widget-events-list__event-row\">\n\n\t<div class=\"tribe-events-widget-events-list__event-date-tag tribe-common-g-col\">\n\t<time class=\"tribe-events-widget-events-list__event-date-tag-datetime\" datetime=\"2026-09-13\">\n\t\t<span class=\"tribe-events-widget-events-list__event-date-tag-month\">\n\t\t\tSep.\t\t<\/span>\n\t\t<span class=\"tribe-events-widget-events-list__event-date-tag-daynum tribe-common-h2 tribe-common-h4--min-medium\">\n\t\t\t13\t\t<\/span>\n\t<\/time>\n<\/div>\n\n\t<div class=\"tribe-events-widget-events-list__event-wrapper tribe-common-g-col\">\n\t\t<article class=\"tribe-events-widget-events-list__event post-10000648 tribe_events type-tribe_events status-publish has-post-thumbnail hentry tag-3262 tag-citti-park tag-citti-park-flohmarkt tag-citti-park-kiel tag-flohmarkt tag-flohmarkt-kiel tag-hassee tag-shopping tribe_events_cat-flohmarkt tribe_events_cat-hassee tribe_events_cat-kiel tribe_events_cat-shopping gallery-content-unit\">\n\t\t\t<div class=\"tribe-events-widget-events-list__event-details\">\n\n\t\t\t\t<header class=\"tribe-events-widget-events-list__event-header\">\n\t\t\t\t\t<div class=\"tribe-events-widget-events-list__event-datetime-wrapper tribe-common-b2 tribe-common-b3--min-medium\">\n\t\t<time class=\"tribe-events-widget-events-list__event-datetime\" datetime=\"2026-09-13\">\n\t\t<span class=\"tribe-event-date-start\">08:00<\/span> - <span class=\"tribe-event-time\">16:00<\/span>\t<\/time>\n\t<\/div>\n\t\t\t\t\t<h3 class=\"tribe-events-widget-events-list__event-title tribe-common-h7\">\n\t<a href=\"https:\/\/welovekiel.com\/de\/event\/flohmarkt-citti-park-kiel-13-9-2026\/\" title=\"Flohmarkt Citti-Park Kiel 13.9.2026\" rel=\"bookmark\" class=\"tribe-events-widget-events-list__event-title-link tribe-common-anchor-thin\">\n\t\tFlohmarkt Citti-Park Kiel 13.9.2026\t<\/a>\n<\/h3>\n\t\t\t\t<\/header>\n\n\t\t\t\t\n\t\t\t<\/div>\n\t\t<\/article>\n\t<\/div>\n\n<\/div>\n\t\t\t\t\t\t\t\t\t<\/div>\n\n\t\t\t\t<div class=\"tribe-events-widget-events-list__view-more tribe-common-b1 tribe-common-b2--min-medium\">\n\t<a href=\"https:\/\/welovekiel.com\/de\/Veranstaltungen\/\" class=\"tribe-events-widget-events-list__view-more-link tribe-common-anchor-thin\" title=\"Weitere Veranstaltungen anzeigen.\">\n\t\tKalender anzeigen\t<\/a>\n<\/div>\n\n\t\t\t\t\t<\/div>\n\t<\/div>\n<\/div>\n<script data-js=\"tribe-events-view-nonce-data\" type=\"application\/json\">{\"tvn1\":\"1b2226026f\",\"tvn2\":\"\"}<\/script><div class=\"fusion-additional-widget-content\"><\/div><\/div><div class=\"fusion-clearfix\"><\/div><\/div><\/div><\/div><\/div>\n","protected":false},"excerpt":{"rendered":"","protected":false},"author":2,"featured_media":133,"template":"","gallery-category":[277,293],"gallery-tag":[278,294,283],"gallery-event":[],"gallery-place":[288,279,295],"gallery-date":[300,299,298,297,290,296],"gallery-person":[],"gallery-photographer":[291],"class_list":["post-1668","gallery","type-gallery","status-publish","has-post-thumbnail","hentry","gallery-category-kieler-foerde","gallery-category-schiffe","gallery-tag-kieler-foerde","gallery-tag-kreuzfahrtschiffe","gallery-tag-schiffe","gallery-place-kiel","gallery-place-kieler-foerde","gallery-place-ostseekai","gallery-date-300","gallery-date-299","gallery-date-298","gallery-date-297","gallery-date-290","gallery-date-296","gallery-photographer-christian-gewiese","gallery-content-unit"],"aioseo_notices":[],"aioseo_head":"\n\t\t<!-- All in One SEO 4.9.10 - aioseo.com -->\n\t<meta name=\"description\" content=\"Das Restaurant und Park-Caf\u00e9 Forstbaumschule im gleichnamigen Park, eingebettet in Parkanlagen und mit einem gro\u00dfen Biergarten, befindet sich im Kieler Stadtteil D\u00fcsternbrook. Die Gastwirtschaft Forstbaumschule besteht bereits seit 1905. Kiels \u00e4ltester Park Forstbaumschule und das Restaurant z\u00e4hlen zu den beliebtesten Ausflugszielen der Landeshauptstadt Kiel.\" \/>\n\t<meta name=\"robots\" content=\"max-image-preview:large\" \/>\n\t<meta name=\"author\" content=\"Christian Gewiese\"\/>\n\t<meta name=\"keywords\" content=\"forstbaumschule,restaurant,biergarten,biergarten kiel,restaurant kiel,d\u00fcvelsbeker weg,landschaftsgarten,park,d\u00fcsternbrook,restaurants &amp; bars\" \/>\n\t<link rel=\"canonical\" href=\"https:\/\/welovekiel.com\/de\/lexikon\/restaurant-forstbaumschule\/\" \/>\n\t<meta name=\"generator\" content=\"All in One SEO (AIOSEO) 4.9.10\" \/>\n\t\t<meta property=\"og:locale\" content=\"de_DE\" \/>\n\t\t<meta property=\"og:site_name\" content=\"We love Kiel |\" \/>\n\t\t<meta property=\"og:type\" content=\"article\" \/>\n\t\t<meta property=\"og:title\" content=\"Restaurant Forstbaumschule | We love Kiel\" \/>\n\t\t<meta property=\"og:description\" content=\"Das Restaurant und Park-Caf\u00e9 Forstbaumschule im gleichnamigen Park, eingebettet in Parkanlagen und mit einem gro\u00dfen Biergarten, befindet sich im Kieler Stadtteil D\u00fcsternbrook. Die Gastwirtschaft Forstbaumschule besteht bereits seit 1905. Kiels \u00e4ltester Park Forstbaumschule und das Restaurant z\u00e4hlen zu den beliebtesten Ausflugszielen der Landeshauptstadt Kiel.\" \/>\n\t\t<meta property=\"og:url\" content=\"https:\/\/welovekiel.com\/de\/lexikon\/restaurant-forstbaumschule\/\" \/>\n\t\t<meta property=\"article:published_time\" content=\"2019-09-03T01:48:30+00:00\" \/>\n\t\t<meta property=\"article:modified_time\" content=\"2023-03-07T22:15:44+00:00\" \/>\n\t\t<meta property=\"article:publisher\" content=\"https:\/\/www.facebook.com\/WeLoveKielCity\/\" \/>\n\t\t<meta name=\"twitter:card\" content=\"summary\" \/>\n\t\t<meta name=\"twitter:title\" content=\"Restaurant Forstbaumschule | We love Kiel\" \/>\n\t\t<meta name=\"twitter:description\" content=\"Das Restaurant und Park-Caf\u00e9 Forstbaumschule im gleichnamigen Park, eingebettet in Parkanlagen und mit einem gro\u00dfen Biergarten, befindet sich im Kieler Stadtteil D\u00fcsternbrook. Die Gastwirtschaft Forstbaumschule besteht bereits seit 1905. Kiels \u00e4ltester Park Forstbaumschule und das Restaurant z\u00e4hlen zu den beliebtesten Ausflugszielen der Landeshauptstadt Kiel.\" \/>\n\t\t<script type=\"application\/ld+json\" class=\"aioseo-schema\">\n\t\t\t{\"@context\":\"https:\\\/\\\/schema.org\",\"@graph\":[{\"@type\":\"BreadcrumbList\",\"@id\":\"https:\\\/\\\/welovekiel.com\\\/de\\\/lexikon\\\/restaurant-forstbaumschule\\\/#breadcrumblist\",\"itemListElement\":[{\"@type\":\"ListItem\",\"@id\":\"https:\\\/\\\/welovekiel.com\\\/de\\\/#listItem\",\"position\":1,\"name\":\"Home\",\"item\":\"https:\\\/\\\/welovekiel.com\\\/de\\\/\",\"nextItem\":{\"@type\":\"ListItem\",\"@id\":\"https:\\\/\\\/welovekiel.com\\\/de\\\/galleries\\\/#listItem\",\"name\":\"Galerien\"}},{\"@type\":\"ListItem\",\"@id\":\"https:\\\/\\\/welovekiel.com\\\/de\\\/galleries\\\/#listItem\",\"position\":2,\"name\":\"Galerien\",\"item\":\"https:\\\/\\\/welovekiel.com\\\/de\\\/galleries\\\/\",\"nextItem\":{\"@type\":\"ListItem\",\"@id\":\"https:\\\/\\\/welovekiel.com\\\/de\\\/galleries\\\/category\\\/kieler-foerde\\\/#listItem\",\"name\":\"Kieler F\\u00f6rde\"},\"previousItem\":{\"@type\":\"ListItem\",\"@id\":\"https:\\\/\\\/welovekiel.com\\\/de\\\/#listItem\",\"name\":\"Home\"}},{\"@type\":\"ListItem\",\"@id\":\"https:\\\/\\\/welovekiel.com\\\/de\\\/galleries\\\/category\\\/kieler-foerde\\\/#listItem\",\"position\":3,\"name\":\"Kieler F\\u00f6rde\",\"item\":\"https:\\\/\\\/welovekiel.com\\\/de\\\/galleries\\\/category\\\/kieler-foerde\\\/\",\"nextItem\":{\"@type\":\"ListItem\",\"@id\":\"https:\\\/\\\/welovekiel.com\\\/de\\\/galleries\\\/kreuzfahrtschiffe-in-der-kieler-foerde\\\/#listItem\",\"name\":\"Kreuzfahrtschiffe in der Kieler F\\u00f6rde\"},\"previousItem\":{\"@type\":\"ListItem\",\"@id\":\"https:\\\/\\\/welovekiel.com\\\/de\\\/galleries\\\/#listItem\",\"name\":\"Galerien\"}},{\"@type\":\"ListItem\",\"@id\":\"https:\\\/\\\/welovekiel.com\\\/de\\\/galleries\\\/kreuzfahrtschiffe-in-der-kieler-foerde\\\/#listItem\",\"position\":4,\"name\":\"Kreuzfahrtschiffe in der Kieler F\\u00f6rde\",\"previousItem\":{\"@type\":\"ListItem\",\"@id\":\"https:\\\/\\\/welovekiel.com\\\/de\\\/galleries\\\/category\\\/kieler-foerde\\\/#listItem\",\"name\":\"Kieler F\\u00f6rde\"}}]},{\"@type\":\"Organization\",\"@id\":\"https:\\\/\\\/welovekiel.com\\\/de\\\/#organization\",\"name\":\"We love Kiel\",\"url\":\"https:\\\/\\\/welovekiel.com\\\/de\\\/\",\"sameAs\":[\"https:\\\/\\\/www.facebook.com\\\/WeLoveKielCity\\\/\",\"https:\\\/\\\/www.instagram.com\\\/welovekiel\\\/\"]},{\"@type\":\"Person\",\"@id\":\"https:\\\/\\\/welovekiel.com\\\/de\\\/author\\\/christian\\\/#author\",\"url\":\"https:\\\/\\\/welovekiel.com\\\/de\\\/author\\\/christian\\\/\",\"name\":\"Christian Gewiese\",\"image\":{\"@type\":\"ImageObject\",\"@id\":\"https:\\\/\\\/welovekiel.com\\\/de\\\/lexikon\\\/restaurant-forstbaumschule\\\/#authorImage\",\"url\":\"https:\\\/\\\/secure.gravatar.com\\\/avatar\\\/97707923f9bed63dfb3bbdf8065fadb426aa1508b119d1c175a90c8939cbdb88?s=96&d=mm&r=g\",\"width\":96,\"height\":96,\"caption\":\"Christian Gewiese\"}},{\"@type\":\"WebPage\",\"@id\":\"https:\\\/\\\/welovekiel.com\\\/de\\\/lexikon\\\/restaurant-forstbaumschule\\\/#webpage\",\"url\":\"https:\\\/\\\/welovekiel.com\\\/de\\\/lexikon\\\/restaurant-forstbaumschule\\\/\",\"name\":\"Restaurant Forstbaumschule | We love Kiel\",\"description\":\"Das Restaurant und Park-Caf\\u00e9 Forstbaumschule im gleichnamigen Park, eingebettet in Parkanlagen und mit einem gro\\u00dfen Biergarten, befindet sich im Kieler Stadtteil D\\u00fcsternbrook. Die Gastwirtschaft Forstbaumschule besteht bereits seit 1905. Kiels \\u00e4ltester Park Forstbaumschule und das Restaurant z\\u00e4hlen zu den beliebtesten Ausflugszielen der Landeshauptstadt Kiel.\",\"inLanguage\":\"de-DE\",\"isPartOf\":{\"@id\":\"https:\\\/\\\/welovekiel.com\\\/de\\\/#website\"},\"breadcrumb\":{\"@id\":\"https:\\\/\\\/welovekiel.com\\\/de\\\/lexikon\\\/restaurant-forstbaumschule\\\/#breadcrumblist\"},\"author\":{\"@id\":\"https:\\\/\\\/welovekiel.com\\\/de\\\/author\\\/christian\\\/#author\"},\"creator\":{\"@id\":\"https:\\\/\\\/welovekiel.com\\\/de\\\/author\\\/christian\\\/#author\"},\"image\":{\"@type\":\"ImageObject\",\"url\":\"https:\\\/\\\/welovekiel.com\\\/wp-content\\\/uploads\\\/restaurant-forstbaumschule-kiel-landschaftspark.jpg\",\"@id\":\"https:\\\/\\\/welovekiel.com\\\/de\\\/lexikon\\\/restaurant-forstbaumschule\\\/#mainImage\",\"width\":1200,\"height\":900,\"caption\":\"Restaurant & Biergarten Forstbaumschule Kiel\"},\"primaryImageOfPage\":{\"@id\":\"https:\\\/\\\/welovekiel.com\\\/de\\\/lexikon\\\/restaurant-forstbaumschule\\\/#mainImage\"},\"datePublished\":\"2019-09-03T03:48:30+02:00\",\"dateModified\":\"2023-03-07T23:15:44+01:00\"},{\"@type\":\"WebSite\",\"@id\":\"https:\\\/\\\/welovekiel.com\\\/de\\\/#website\",\"url\":\"https:\\\/\\\/welovekiel.com\\\/de\\\/\",\"name\":\"We love Kiel\",\"inLanguage\":\"de-DE\",\"publisher\":{\"@id\":\"https:\\\/\\\/welovekiel.com\\\/de\\\/#organization\"}}]}\n\t\t<\/script>\n\t\t<!-- All in One SEO -->\n\n","aioseo_head_json":{"title":"Restaurant Forstbaumschule | We love Kiel","description":"Das Restaurant und Park-Caf\u00e9 Forstbaumschule im gleichnamigen Park, eingebettet in Parkanlagen und mit einem gro\u00dfen Biergarten, befindet sich im Kieler Stadtteil D\u00fcsternbrook. Die Gastwirtschaft Forstbaumschule besteht bereits seit 1905. Kiels \u00e4ltester Park Forstbaumschule und das Restaurant z\u00e4hlen zu den beliebtesten Ausflugszielen der Landeshauptstadt Kiel.","canonical_url":"https:\/\/welovekiel.com\/de\/lexikon\/restaurant-forstbaumschule\/","robots":"max-image-preview:large","keywords":"forstbaumschule,restaurant,biergarten,biergarten kiel,restaurant kiel,d\u00fcvelsbeker weg,landschaftsgarten,park,d\u00fcsternbrook,restaurants &amp; bars","webmasterTools":{"miscellaneous":""},"schema":{"@context":"https:\/\/schema.org","@graph":[{"@type":"BreadcrumbList","@id":"https:\/\/welovekiel.com\/de\/lexikon\/restaurant-forstbaumschule\/#breadcrumblist","itemListElement":[{"@type":"ListItem","@id":"https:\/\/welovekiel.com\/de\/#listItem","position":1,"name":"Home","item":"https:\/\/welovekiel.com\/de\/","nextItem":{"@type":"ListItem","@id":"https:\/\/welovekiel.com\/de\/galleries\/#listItem","name":"Galerien"}},{"@type":"ListItem","@id":"https:\/\/welovekiel.com\/de\/galleries\/#listItem","position":2,"name":"Galerien","item":"https:\/\/welovekiel.com\/de\/galleries\/","nextItem":{"@type":"ListItem","@id":"https:\/\/welovekiel.com\/de\/galleries\/category\/kieler-foerde\/#listItem","name":"Kieler F\u00f6rde"},"previousItem":{"@type":"ListItem","@id":"https:\/\/welovekiel.com\/de\/#listItem","name":"Home"}},{"@type":"ListItem","@id":"https:\/\/welovekiel.com\/de\/galleries\/category\/kieler-foerde\/#listItem","position":3,"name":"Kieler F\u00f6rde","item":"https:\/\/welovekiel.com\/de\/galleries\/category\/kieler-foerde\/","nextItem":{"@type":"ListItem","@id":"https:\/\/welovekiel.com\/de\/galleries\/kreuzfahrtschiffe-in-der-kieler-foerde\/#listItem","name":"Kreuzfahrtschiffe in der Kieler F\u00f6rde"},"previousItem":{"@type":"ListItem","@id":"https:\/\/welovekiel.com\/de\/galleries\/#listItem","name":"Galerien"}},{"@type":"ListItem","@id":"https:\/\/welovekiel.com\/de\/galleries\/kreuzfahrtschiffe-in-der-kieler-foerde\/#listItem","position":4,"name":"Kreuzfahrtschiffe in der Kieler F\u00f6rde","previousItem":{"@type":"ListItem","@id":"https:\/\/welovekiel.com\/de\/galleries\/category\/kieler-foerde\/#listItem","name":"Kieler F\u00f6rde"}}]},{"@type":"Organization","@id":"https:\/\/welovekiel.com\/de\/#organization","name":"We love Kiel","url":"https:\/\/welovekiel.com\/de\/","sameAs":["https:\/\/www.facebook.com\/WeLoveKielCity\/","https:\/\/www.instagram.com\/welovekiel\/"]},{"@type":"Person","@id":"https:\/\/welovekiel.com\/de\/author\/christian\/#author","url":"https:\/\/welovekiel.com\/de\/author\/christian\/","name":"Christian Gewiese","image":{"@type":"ImageObject","@id":"https:\/\/welovekiel.com\/de\/lexikon\/restaurant-forstbaumschule\/#authorImage","url":"https:\/\/secure.gravatar.com\/avatar\/97707923f9bed63dfb3bbdf8065fadb426aa1508b119d1c175a90c8939cbdb88?s=96&d=mm&r=g","width":96,"height":96,"caption":"Christian Gewiese"}},{"@type":"WebPage","@id":"https:\/\/welovekiel.com\/de\/lexikon\/restaurant-forstbaumschule\/#webpage","url":"https:\/\/welovekiel.com\/de\/lexikon\/restaurant-forstbaumschule\/","name":"Restaurant Forstbaumschule | We love Kiel","description":"Das Restaurant und Park-Caf\u00e9 Forstbaumschule im gleichnamigen Park, eingebettet in Parkanlagen und mit einem gro\u00dfen Biergarten, befindet sich im Kieler Stadtteil D\u00fcsternbrook. Die Gastwirtschaft Forstbaumschule besteht bereits seit 1905. Kiels \u00e4ltester Park Forstbaumschule und das Restaurant z\u00e4hlen zu den beliebtesten Ausflugszielen der Landeshauptstadt Kiel.","inLanguage":"de-DE","isPartOf":{"@id":"https:\/\/welovekiel.com\/de\/#website"},"breadcrumb":{"@id":"https:\/\/welovekiel.com\/de\/lexikon\/restaurant-forstbaumschule\/#breadcrumblist"},"author":{"@id":"https:\/\/welovekiel.com\/de\/author\/christian\/#author"},"creator":{"@id":"https:\/\/welovekiel.com\/de\/author\/christian\/#author"},"image":{"@type":"ImageObject","url":"https:\/\/welovekiel.com\/wp-content\/uploads\/restaurant-forstbaumschule-kiel-landschaftspark.jpg","@id":"https:\/\/welovekiel.com\/de\/lexikon\/restaurant-forstbaumschule\/#mainImage","width":1200,"height":900,"caption":"Restaurant & Biergarten Forstbaumschule Kiel"},"primaryImageOfPage":{"@id":"https:\/\/welovekiel.com\/de\/lexikon\/restaurant-forstbaumschule\/#mainImage"},"datePublished":"2019-09-03T03:48:30+02:00","dateModified":"2023-03-07T23:15:44+01:00"},{"@type":"WebSite","@id":"https:\/\/welovekiel.com\/de\/#website","url":"https:\/\/welovekiel.com\/de\/","name":"We love Kiel","inLanguage":"de-DE","publisher":{"@id":"https:\/\/welovekiel.com\/de\/#organization"}}]},"og:locale":"de_DE","og:site_name":"We love Kiel |","og:type":"article","og:title":"Restaurant Forstbaumschule | We love Kiel","og:description":"Das Restaurant und Park-Caf\u00e9 Forstbaumschule im gleichnamigen Park, eingebettet in Parkanlagen und mit einem gro\u00dfen Biergarten, befindet sich im Kieler Stadtteil D\u00fcsternbrook. Die Gastwirtschaft Forstbaumschule besteht bereits seit 1905. Kiels \u00e4ltester Park Forstbaumschule und das Restaurant z\u00e4hlen zu den beliebtesten Ausflugszielen der Landeshauptstadt Kiel.","og:url":"https:\/\/welovekiel.com\/de\/lexikon\/restaurant-forstbaumschule\/","article:published_time":"2019-09-03T01:48:30+00:00","article:modified_time":"2023-03-07T22:15:44+00:00","article:publisher":"https:\/\/www.facebook.com\/WeLoveKielCity\/","twitter:card":"summary","twitter:title":"Restaurant Forstbaumschule | We love Kiel","twitter:description":"Das Restaurant und Park-Caf\u00e9 Forstbaumschule im gleichnamigen Park, eingebettet in Parkanlagen und mit einem gro\u00dfen Biergarten, befindet sich im Kieler Stadtteil D\u00fcsternbrook. Die Gastwirtschaft Forstbaumschule besteht bereits seit 1905. Kiels \u00e4ltester Park Forstbaumschule und das Restaurant z\u00e4hlen zu den beliebtesten Ausflugszielen der Landeshauptstadt Kiel."},"aioseo_meta_data":{"post_id":"1668","title":"Bildergalerie Kreuzfahrtschiffe in der Kieler F\u00f6rde | #site_title","description":"Bildergalerie Kreuzfahrtschiffe in der Kieler F\u00f6rde mit zahlreichen Fotos von verschiedenen Kreuzfahrtschiffen, die in der Vergangenheit zu Gast in Kiel waren.","keywords":[{"label":"Kreuzfahrtschiffe","value":"Kreuzfahrtschiffe"},{"label":"Kiel","value":"Kiel"},{"label":"Kieler F\u00f6rde","value":"Kieler F\u00f6rde"},{"label":"Schiffe Kiel","value":"Schiffe Kiel"},{"label":"Kreuzfahrtschiffe Kiel","value":"Kreuzfahrtschiffe Kiel"},{"label":"Fotos","value":"Fotos"},{"label":"Bildergalerie","value":"Bildergalerie"}],"keyphrases":null,"primary_term":null,"canonical_url":null,"og_title":null,"og_description":null,"og_object_type":"default","og_image_type":"default","og_image_url":null,"og_image_width":null,"og_image_height":null,"og_image_custom_url":null,"og_image_custom_fields":null,"og_video":null,"og_custom_url":null,"og_article_section":null,"og_article_tags":null,"twitter_use_og":false,"twitter_card":"default","twitter_image_type":"default","twitter_image_url":null,"twitter_image_custom_url":null,"twitter_image_custom_fields":null,"twitter_title":null,"twitter_description":null,"schema":{"blockGraphs":[],"customGraphs":[],"default":{"data":{"Article":[],"Course":[],"Dataset":[],"FAQPage":[],"Movie":[],"Person":[],"Product":[],"ProductReview":[],"Car":[],"Recipe":[],"Service":[],"SoftwareApplication":[],"WebPage":[]},"graphName":"","isEnabled":true},"graphs":[]},"schema_type":null,"schema_type_options":null,"pillar_content":false,"robots_default":true,"robots_noindex":false,"robots_noarchive":false,"robots_nosnippet":false,"robots_nofollow":false,"robots_noimageindex":false,"robots_noodp":false,"robots_notranslate":false,"robots_max_snippet":null,"robots_max_videopreview":null,"robots_max_imagepreview":"large","priority":null,"frequency":null,"local_seo":null,"breadcrumb_settings":null,"limit_modified_date":false,"ai":null,"created":"2021-01-21 16:56:04","updated":"2025-08-31 01:49:20","seo_analyzer_scan_date":null},"aioseo_breadcrumb":"<div class=\"aioseo-breadcrumbs\"><span class=\"aioseo-breadcrumb\">\n\t\t\t<a href=\"https:\/\/welovekiel.com\/de\/\" title=\"Home\">Home<\/a>\n\t\t<\/span><span class=\"aioseo-breadcrumb-separator\">&raquo;<\/span><span class=\"aioseo-breadcrumb\">\n\t\t\t<a href=\"https:\/\/welovekiel.com\/de\/galleries\/\" title=\"Galerien\">Galerien<\/a>\n\t\t<\/span><span class=\"aioseo-breadcrumb-separator\">&raquo;<\/span><span class=\"aioseo-breadcrumb\">\n\t\t\t<a href=\"https:\/\/welovekiel.com\/de\/galleries\/category\/kieler-foerde\/\" title=\"Kieler F\u00f6rde\">Kieler F\u00f6rde<\/a>\n\t\t<\/span><span class=\"aioseo-breadcrumb-separator\">&raquo;<\/span><span class=\"aioseo-breadcrumb\">\n\t\t\tKreuzfahrtschiffe in der Kieler F\u00f6rde\n\t\t<\/span><\/div>","aioseo_breadcrumb_json":[{"label":"Home","link":"https:\/\/welovekiel.com\/de\/"},{"label":"Galerien","link":"https:\/\/welovekiel.com\/de\/galleries\/"},{"label":"Kieler F\u00f6rde","link":"https:\/\/welovekiel.com\/de\/galleries\/category\/kieler-foerde\/"},{"label":"Kreuzfahrtschiffe in der Kieler F\u00f6rde","link":"https:\/\/welovekiel.com\/de\/galleries\/kreuzfahrtschiffe-in-der-kieler-foerde\/"}],"_links":{"self":[{"href":"https:\/\/welovekiel.com\/de\/wp-json\/wp\/v2\/gallery\/1668","targetHints":{"allow":["GET"]}}],"collection":[{"href":"https:\/\/welovekiel.com\/de\/wp-json\/wp\/v2\/gallery"}],"about":[{"href":"https:\/\/welovekiel.com\/de\/wp-json\/wp\/v2\/types\/gallery"}],"author":[{"embeddable":true,"href":"https:\/\/welovekiel.com\/de\/wp-json\/wp\/v2\/users\/2"}],"version-history":[{"count":0,"href":"https:\/\/welovekiel.com\/de\/wp-json\/wp\/v2\/gallery\/1668\/revisions"}],"wp:featuredmedia":[{"embeddable":true,"href":"https:\/\/welovekiel.com\/de\/wp-json\/wp\/v2\/media\/133"}],"wp:attachment":[{"href":"https:\/\/welovekiel.com\/de\/wp-json\/wp\/v2\/media?parent=1668"}],"wp:term":[{"taxonomy":"gallery-category","embeddable":true,"href":"https:\/\/welovekiel.com\/de\/wp-json\/wp\/v2\/gallery-category?post=1668"},{"taxonomy":"gallery-tag","embeddable":true,"href":"https:\/\/welovekiel.com\/de\/wp-json\/wp\/v2\/gallery-tag?post=1668"},{"taxonomy":"gallery-event","embeddable":true,"href":"https:\/\/welovekiel.com\/de\/wp-json\/wp\/v2\/gallery-event?post=1668"},{"taxonomy":"gallery-place","embeddable":true,"href":"https:\/\/welovekiel.com\/de\/wp-json\/wp\/v2\/gallery-place?post=1668"},{"taxonomy":"gallery-date","embeddable":true,"href":"https:\/\/welovekiel.com\/de\/wp-json\/wp\/v2\/gallery-date?post=1668"},{"taxonomy":"gallery-person","embeddable":true,"href":"https:\/\/welovekiel.com\/de\/wp-json\/wp\/v2\/gallery-person?post=1668"},{"taxonomy":"gallery-photographer","embeddable":true,"href":"https:\/\/welovekiel.com\/de\/wp-json\/wp\/v2\/gallery-photographer?post=1668"}],"curies":[{"name":"wp","href":"https:\/\/api.w.org\/{rel}","templated":true}]}}