{"id":12252,"date":"2022-12-08T09:59:18","date_gmt":"2022-12-08T08:59:18","guid":{"rendered":"https:\/\/welovekiel.com\/?post_type=gallery&#038;p=12252"},"modified":"2022-12-08T10:01:45","modified_gmt":"2022-12-08T09:01:45","slug":"historischer-weihnachtsmarkt-gut-steinwehr-adventssonntag-2022","status":"publish","type":"gallery","link":"https:\/\/welovekiel.com\/de\/galleries\/historischer-weihnachtsmarkt-gut-steinwehr-adventssonntag-2022\/","title":{"rendered":"Traditioneller Weihnachtsmarkt Gut Steinwehr 2. Adventssonntag 04. Dezember 2022"},"content":{"rendered":"<div class=\"fusion-fullwidth fullwidth-box fusion-builder-row-1 nonhundred-percent-fullwidth non-hundred-percent-height-scrolling\" style=\"background-color: rgba(255,255,255,0);background-position: center center;background-repeat: no-repeat;padding-top:0px;padding-right:0px;padding-bottom:0px;padding-left:0px;margin-bottom: 0px;margin-top: 0px;border-width: 0px 0px 0px 0px;border-color:#eae9e9;border-style:solid;\"><div class=\"fusion-builder-row fusion-row\"><div class=\"fusion-layout-column fusion_builder_column fusion-builder-column-0 fusion_builder_column_3_4 3_4 fusion-three-fourth fusion-column-first\" style=\"width:75%;width:calc(75% - ( ( 4% ) * 0.75 ) );margin-right: 4%;margin-top:0px;margin-bottom:20px;\"><div class=\"fusion-column-wrapper fusion-flex-column-wrapper-legacy\" style=\"background-position:left top;background-repeat:no-repeat;-webkit-background-size:cover;-moz-background-size:cover;-o-background-size:cover;background-size:cover;padding: 0px 0px 0px 0px;\"><div class=\"fusion-text fusion-text-1\"><p><strong>Bildergalerie Traditioneller Weihnachtsmarkt Gut Steinwehr 2. Adventssonntag 04. Dezember 2022 auf dem Himbeerhof Gut Steinwehr am <a href=\"https:\/\/welovekiel.com\/de\/lexikon\/nord-ostsee-kanal\/\" target=\"_self\" title=\"\" class=\"encyclopedia\">Nord-Ostsee-Kanal<\/a>.<\/strong><\/p>\n<p>Auch in diesem Jahr findet wieder der traditionelle Weihnachtsmarkt auf Gut Steinwehr, dem malerischen Gutshof direkt am Nord-Ostsee-Kanal, statt. Zahlreiche Aussteller werden in den beheizten Geb&auml;uden und Hallen sowie im Innenhof wieder ihre St&auml;nde auf Gut Steinwehr aufbauen. Hier gibt es an insgesamt drei Adventswochenenden jede Menge zum St&ouml;bern und sch&ouml;ne Dinge rund um Weihnachten, Dekoration und Kunsthandwerk. Darunter unter anderem Geschenkideen, Dekoratives, Schmuck, Textilien und Stoffe, Holzarbeiten, Naturkosmetik und regionale Delikatessen.<\/p>\n<p>Und nat&uuml;rlich gibt es auch eine gro&szlig;e Auswahl f&uuml;r das leiblich Wohl wie Gl&uuml;hwein, Bratwurst sowie S&uuml;&szlig;es und Deftiges aus der Gutshofk&uuml;che.<\/p>\n<\/div><div class=\"fusion-text fusion-text-2\">\n\t\t<style type=\"text\/css\">\n\t\t\t#gallery-1 {\n\t\t\t\tmargin: auto;\n\t\t\t}\n\t\t\t#gallery-1 .gallery-item {\n\t\t\t\tfloat: left;\n\t\t\t\tmargin-top: 10px;\n\t\t\t\ttext-align: center;\n\t\t\t\twidth: 50%;\n\t\t\t}\n\t\t\t#gallery-1 img {\n\t\t\t\tborder: 2px solid #cfcfcf;\n\t\t\t}\n\t\t\t#gallery-1 .gallery-caption {\n\t\t\t\tmargin-left: 0;\n\t\t\t}\n\t\t\t\/* see gallery_shortcode() in wp-includes\/media.php *\/\n\t\t<\/style>\n\t\t<div id=\"gallery-1\" class=\"gallery galleryid-12252 gallery-columns-2 gallery-size-fusion-400\"><dl class=\"gallery-item\">\n\t\t\t<dt class=\"gallery-icon landscape\">\n\t\t\t\t<a data-rel=\"iLightbox[postimages]\" data-title=\"Weihnachtsmarkt Gut Steinwehr\" data-caption=\"Weihnachtsmarkt Gut Steinwehr\" href=\"https:\/\/welovekiel.com\/wp-content\/uploads\/weihnachtsmarkt-gut-steinwehr.jpg\" title=\"Weihnachtsmarkt Gut Steinwehr\" data-description=\"Weihnachtsmarkt Gut Steinwehr\"><img decoding=\"async\" width=\"400\" height=\"300\" src=\"https:\/\/welovekiel.com\/wp-content\/uploads\/weihnachtsmarkt-gut-steinwehr-400x300.jpg\" class=\"attachment-fusion-400 size-fusion-400 lazyload\" alt=\"Weihnachtsmarkt Gut Steinwehr\" aria-describedby=\"gallery-1-12224\" srcset=\"data:image\/svg+xml,%3Csvg%20xmlns%3D%27http%3A%2F%2Fwww.w3.org%2F2000%2Fsvg%27%20width%3D%271200%27%20height%3D%27900%27%20viewBox%3D%270%200%201200%20900%27%3E%3Crect%20width%3D%271200%27%20height%3D%27900%27%20fill-opacity%3D%220%22%2F%3E%3C%2Fsvg%3E\" data-orig-src=\"https:\/\/welovekiel.com\/wp-content\/uploads\/weihnachtsmarkt-gut-steinwehr-400x300.jpg\" data-srcset=\"https:\/\/welovekiel.com\/wp-content\/uploads\/weihnachtsmarkt-gut-steinwehr-200x150.jpg 200w, https:\/\/welovekiel.com\/wp-content\/uploads\/weihnachtsmarkt-gut-steinwehr-300x225.jpg 300w, https:\/\/welovekiel.com\/wp-content\/uploads\/weihnachtsmarkt-gut-steinwehr-400x300.jpg 400w, https:\/\/welovekiel.com\/wp-content\/uploads\/weihnachtsmarkt-gut-steinwehr-600x450.jpg 600w, https:\/\/welovekiel.com\/wp-content\/uploads\/weihnachtsmarkt-gut-steinwehr-768x576.jpg 768w, https:\/\/welovekiel.com\/wp-content\/uploads\/weihnachtsmarkt-gut-steinwehr-800x600.jpg 800w, https:\/\/welovekiel.com\/wp-content\/uploads\/weihnachtsmarkt-gut-steinwehr-1024x768.jpg 1024w, https:\/\/welovekiel.com\/wp-content\/uploads\/weihnachtsmarkt-gut-steinwehr.jpg 1200w\" data-sizes=\"auto\"><\/a>\n\t\t\t<\/dt>\n\t\t\t\t<dd class=\"wp-caption-text gallery-caption\" id=\"gallery-1-12224\">\n\t\t\t\tWeihnachtsmarkt Gut Steinwehr\n\t\t\t\t<\/dd><\/dl><dl class=\"gallery-item\">\n\t\t\t<dt class=\"gallery-icon landscape\">\n\t\t\t\t<a data-rel=\"iLightbox[postimages]\" data-title=\"Historischer Weihnachtsmarkt Gut Steinwehr\" data-caption=\"Historischer Weihnachtsmarkt Gut Steinwehr\" href=\"https:\/\/welovekiel.com\/wp-content\/uploads\/historischer-weihnachtsmarkt-gut-steinwehr.jpg\" title=\"Historischer Weihnachtsmarkt Gut Steinwehr\" data-description=\"Historischer Weihnachtsmarkt Gut Steinwehr\"><img decoding=\"async\" width=\"400\" height=\"300\" src=\"https:\/\/welovekiel.com\/wp-content\/uploads\/historischer-weihnachtsmarkt-gut-steinwehr-400x300.jpg\" class=\"attachment-fusion-400 size-fusion-400 lazyload\" alt=\"Historischer Weihnachtsmarkt Gut Steinwehr\" aria-describedby=\"gallery-1-12214\" srcset=\"data:image\/svg+xml,%3Csvg%20xmlns%3D%27http%3A%2F%2Fwww.w3.org%2F2000%2Fsvg%27%20width%3D%271200%27%20height%3D%27900%27%20viewBox%3D%270%200%201200%20900%27%3E%3Crect%20width%3D%271200%27%20height%3D%27900%27%20fill-opacity%3D%220%22%2F%3E%3C%2Fsvg%3E\" data-orig-src=\"https:\/\/welovekiel.com\/wp-content\/uploads\/historischer-weihnachtsmarkt-gut-steinwehr-400x300.jpg\" data-srcset=\"https:\/\/welovekiel.com\/wp-content\/uploads\/historischer-weihnachtsmarkt-gut-steinwehr-200x150.jpg 200w, https:\/\/welovekiel.com\/wp-content\/uploads\/historischer-weihnachtsmarkt-gut-steinwehr-300x225.jpg 300w, https:\/\/welovekiel.com\/wp-content\/uploads\/historischer-weihnachtsmarkt-gut-steinwehr-400x300.jpg 400w, https:\/\/welovekiel.com\/wp-content\/uploads\/historischer-weihnachtsmarkt-gut-steinwehr-600x450.jpg 600w, https:\/\/welovekiel.com\/wp-content\/uploads\/historischer-weihnachtsmarkt-gut-steinwehr-768x576.jpg 768w, https:\/\/welovekiel.com\/wp-content\/uploads\/historischer-weihnachtsmarkt-gut-steinwehr-800x600.jpg 800w, https:\/\/welovekiel.com\/wp-content\/uploads\/historischer-weihnachtsmarkt-gut-steinwehr-1024x768.jpg 1024w, https:\/\/welovekiel.com\/wp-content\/uploads\/historischer-weihnachtsmarkt-gut-steinwehr.jpg 1200w\" data-sizes=\"auto\"><\/a>\n\t\t\t<\/dt>\n\t\t\t\t<dd class=\"wp-caption-text gallery-caption\" id=\"gallery-1-12214\">\n\t\t\t\tHistorischer Weihnachtsmarkt Gut Steinwehr\n\t\t\t\t<\/dd><\/dl><br style=\"clear: both\"><dl class=\"gallery-item\">\n\t\t\t<dt class=\"gallery-icon landscape\">\n\t\t\t\t<a data-rel=\"iLightbox[postimages]\" data-title=\"Historischer Weihnachtsmarkt auf Gut Steinwehr\" data-caption=\"Historischer Weihnachtsmarkt auf Gut Steinwehr\" href=\"https:\/\/welovekiel.com\/wp-content\/uploads\/historischer-weihnachtsmarkt-auf-gut-steinwehr.jpg\" title=\"Historischer Weihnachtsmarkt auf Gut Steinwehr\" data-description=\"Historischer Weihnachtsmarkt auf Gut Steinwehr\"><img decoding=\"async\" width=\"400\" height=\"300\" src=\"https:\/\/welovekiel.com\/wp-content\/uploads\/historischer-weihnachtsmarkt-auf-gut-steinwehr-400x300.jpg\" class=\"attachment-fusion-400 size-fusion-400 lazyload\" alt=\"Historischer Weihnachtsmarkt auf Gut Steinwehr\" aria-describedby=\"gallery-1-12212\" srcset=\"data:image\/svg+xml,%3Csvg%20xmlns%3D%27http%3A%2F%2Fwww.w3.org%2F2000%2Fsvg%27%20width%3D%271200%27%20height%3D%27900%27%20viewBox%3D%270%200%201200%20900%27%3E%3Crect%20width%3D%271200%27%20height%3D%27900%27%20fill-opacity%3D%220%22%2F%3E%3C%2Fsvg%3E\" data-orig-src=\"https:\/\/welovekiel.com\/wp-content\/uploads\/historischer-weihnachtsmarkt-auf-gut-steinwehr-400x300.jpg\" data-srcset=\"https:\/\/welovekiel.com\/wp-content\/uploads\/historischer-weihnachtsmarkt-auf-gut-steinwehr-200x150.jpg 200w, https:\/\/welovekiel.com\/wp-content\/uploads\/historischer-weihnachtsmarkt-auf-gut-steinwehr-300x225.jpg 300w, https:\/\/welovekiel.com\/wp-content\/uploads\/historischer-weihnachtsmarkt-auf-gut-steinwehr-400x300.jpg 400w, https:\/\/welovekiel.com\/wp-content\/uploads\/historischer-weihnachtsmarkt-auf-gut-steinwehr-600x450.jpg 600w, https:\/\/welovekiel.com\/wp-content\/uploads\/historischer-weihnachtsmarkt-auf-gut-steinwehr-768x576.jpg 768w, https:\/\/welovekiel.com\/wp-content\/uploads\/historischer-weihnachtsmarkt-auf-gut-steinwehr-800x600.jpg 800w, https:\/\/welovekiel.com\/wp-content\/uploads\/historischer-weihnachtsmarkt-auf-gut-steinwehr-1024x768.jpg 1024w, https:\/\/welovekiel.com\/wp-content\/uploads\/historischer-weihnachtsmarkt-auf-gut-steinwehr.jpg 1200w\" data-sizes=\"auto\"><\/a>\n\t\t\t<\/dt>\n\t\t\t\t<dd class=\"wp-caption-text gallery-caption\" id=\"gallery-1-12212\">\n\t\t\t\tHistorischer Weihnachtsmarkt auf Gut Steinwehr\n\t\t\t\t<\/dd><\/dl><dl class=\"gallery-item\">\n\t\t\t<dt class=\"gallery-icon landscape\">\n\t\t\t\t<a data-rel=\"iLightbox[postimages]\" data-title=\"Weihnachtsmarkt Himbeerhof Steinwehr\" data-caption=\"Weihnachtsmarkt Himbeerhof Steinwehr\" href=\"https:\/\/welovekiel.com\/wp-content\/uploads\/weihnachtsmarkt-steinwehr-himbeerhof.jpg\" title=\"Weihnachtsmarkt Himbeerhof Steinwehr\" data-description=\"Weihnachtsmarkt Himbeerhof Steinwehr\"><img decoding=\"async\" width=\"400\" height=\"300\" src=\"https:\/\/welovekiel.com\/wp-content\/uploads\/weihnachtsmarkt-steinwehr-himbeerhof-400x300.jpg\" class=\"attachment-fusion-400 size-fusion-400 lazyload\" alt=\"Weihnachtsmarkt Himbeerhof Steinwehr\" aria-describedby=\"gallery-1-12236\" srcset=\"data:image\/svg+xml,%3Csvg%20xmlns%3D%27http%3A%2F%2Fwww.w3.org%2F2000%2Fsvg%27%20width%3D%271200%27%20height%3D%27900%27%20viewBox%3D%270%200%201200%20900%27%3E%3Crect%20width%3D%271200%27%20height%3D%27900%27%20fill-opacity%3D%220%22%2F%3E%3C%2Fsvg%3E\" data-orig-src=\"https:\/\/welovekiel.com\/wp-content\/uploads\/weihnachtsmarkt-steinwehr-himbeerhof-400x300.jpg\" data-srcset=\"https:\/\/welovekiel.com\/wp-content\/uploads\/weihnachtsmarkt-steinwehr-himbeerhof-200x150.jpg 200w, https:\/\/welovekiel.com\/wp-content\/uploads\/weihnachtsmarkt-steinwehr-himbeerhof-300x225.jpg 300w, https:\/\/welovekiel.com\/wp-content\/uploads\/weihnachtsmarkt-steinwehr-himbeerhof-400x300.jpg 400w, https:\/\/welovekiel.com\/wp-content\/uploads\/weihnachtsmarkt-steinwehr-himbeerhof-600x450.jpg 600w, https:\/\/welovekiel.com\/wp-content\/uploads\/weihnachtsmarkt-steinwehr-himbeerhof-768x576.jpg 768w, https:\/\/welovekiel.com\/wp-content\/uploads\/weihnachtsmarkt-steinwehr-himbeerhof-800x600.jpg 800w, https:\/\/welovekiel.com\/wp-content\/uploads\/weihnachtsmarkt-steinwehr-himbeerhof-1024x768.jpg 1024w, https:\/\/welovekiel.com\/wp-content\/uploads\/weihnachtsmarkt-steinwehr-himbeerhof.jpg 1200w\" data-sizes=\"auto\"><\/a>\n\t\t\t<\/dt>\n\t\t\t\t<dd class=\"wp-caption-text gallery-caption\" id=\"gallery-1-12236\">\n\t\t\t\tWeihnachtsmarkt Himbeerhof Steinwehr\n\t\t\t\t<\/dd><\/dl><br style=\"clear: both\"><dl class=\"gallery-item\">\n\t\t\t<dt class=\"gallery-icon landscape\">\n\t\t\t\t<a data-rel=\"iLightbox[postimages]\" data-title=\"Gut Steinwehr Weihnachtsmarkt\" data-caption=\"Gut Steinwehr Weihnachtsmarkt\" href=\"https:\/\/welovekiel.com\/wp-content\/uploads\/gut-steinwehr-weihnachtsmarkt.jpg\" title=\"Gut Steinwehr Weihnachtsmarkt\" data-description=\"Gut Steinwehr Weihnachtsmarkt\"><img decoding=\"async\" width=\"400\" height=\"300\" src=\"https:\/\/welovekiel.com\/wp-content\/uploads\/gut-steinwehr-weihnachtsmarkt-400x300.jpg\" class=\"attachment-fusion-400 size-fusion-400 lazyload\" alt=\"Gut Steinwehr Weihnachtsmarkt\" aria-describedby=\"gallery-1-12244\" srcset=\"data:image\/svg+xml,%3Csvg%20xmlns%3D%27http%3A%2F%2Fwww.w3.org%2F2000%2Fsvg%27%20width%3D%271200%27%20height%3D%27900%27%20viewBox%3D%270%200%201200%20900%27%3E%3Crect%20width%3D%271200%27%20height%3D%27900%27%20fill-opacity%3D%220%22%2F%3E%3C%2Fsvg%3E\" data-orig-src=\"https:\/\/welovekiel.com\/wp-content\/uploads\/gut-steinwehr-weihnachtsmarkt-400x300.jpg\" data-srcset=\"https:\/\/welovekiel.com\/wp-content\/uploads\/gut-steinwehr-weihnachtsmarkt-200x150.jpg 200w, https:\/\/welovekiel.com\/wp-content\/uploads\/gut-steinwehr-weihnachtsmarkt-300x225.jpg 300w, https:\/\/welovekiel.com\/wp-content\/uploads\/gut-steinwehr-weihnachtsmarkt-400x300.jpg 400w, https:\/\/welovekiel.com\/wp-content\/uploads\/gut-steinwehr-weihnachtsmarkt-600x450.jpg 600w, https:\/\/welovekiel.com\/wp-content\/uploads\/gut-steinwehr-weihnachtsmarkt-768x576.jpg 768w, https:\/\/welovekiel.com\/wp-content\/uploads\/gut-steinwehr-weihnachtsmarkt-800x600.jpg 800w, https:\/\/welovekiel.com\/wp-content\/uploads\/gut-steinwehr-weihnachtsmarkt-1024x768.jpg 1024w, https:\/\/welovekiel.com\/wp-content\/uploads\/gut-steinwehr-weihnachtsmarkt.jpg 1200w\" data-sizes=\"auto\"><\/a>\n\t\t\t<\/dt>\n\t\t\t\t<dd class=\"wp-caption-text gallery-caption\" id=\"gallery-1-12244\">\n\t\t\t\tGut Steinwehr Weihnachtsmarkt\n\t\t\t\t<\/dd><\/dl><dl class=\"gallery-item\">\n\t\t\t<dt class=\"gallery-icon landscape\">\n\t\t\t\t<a data-rel=\"iLightbox[postimages]\" data-title=\"Gut Steinwehr am Adventswochenende\" data-caption=\"Gut Steinwehr am Adventswochenende\" href=\"https:\/\/welovekiel.com\/wp-content\/uploads\/gut-steinwehr-adventswochenende.jpg\" title=\"Gut Steinwehr am Adventswochenende\" data-description=\"Gut Steinwehr am Adventswochenende\"><img decoding=\"async\" width=\"400\" height=\"300\" src=\"https:\/\/welovekiel.com\/wp-content\/uploads\/gut-steinwehr-adventswochenende-400x300.jpg\" class=\"attachment-fusion-400 size-fusion-400 lazyload\" alt=\"Gut Steinwehr am Adventswochenende\" aria-describedby=\"gallery-1-12242\" srcset=\"data:image\/svg+xml,%3Csvg%20xmlns%3D%27http%3A%2F%2Fwww.w3.org%2F2000%2Fsvg%27%20width%3D%271200%27%20height%3D%27900%27%20viewBox%3D%270%200%201200%20900%27%3E%3Crect%20width%3D%271200%27%20height%3D%27900%27%20fill-opacity%3D%220%22%2F%3E%3C%2Fsvg%3E\" data-orig-src=\"https:\/\/welovekiel.com\/wp-content\/uploads\/gut-steinwehr-adventswochenende-400x300.jpg\" data-srcset=\"https:\/\/welovekiel.com\/wp-content\/uploads\/gut-steinwehr-adventswochenende-200x150.jpg 200w, https:\/\/welovekiel.com\/wp-content\/uploads\/gut-steinwehr-adventswochenende-300x225.jpg 300w, https:\/\/welovekiel.com\/wp-content\/uploads\/gut-steinwehr-adventswochenende-400x300.jpg 400w, https:\/\/welovekiel.com\/wp-content\/uploads\/gut-steinwehr-adventswochenende-600x450.jpg 600w, https:\/\/welovekiel.com\/wp-content\/uploads\/gut-steinwehr-adventswochenende-768x576.jpg 768w, https:\/\/welovekiel.com\/wp-content\/uploads\/gut-steinwehr-adventswochenende-800x600.jpg 800w, https:\/\/welovekiel.com\/wp-content\/uploads\/gut-steinwehr-adventswochenende-1024x768.jpg 1024w, https:\/\/welovekiel.com\/wp-content\/uploads\/gut-steinwehr-adventswochenende.jpg 1200w\" data-sizes=\"auto\"><\/a>\n\t\t\t<\/dt>\n\t\t\t\t<dd class=\"wp-caption-text gallery-caption\" id=\"gallery-1-12242\">\n\t\t\t\tGut Steinwehr am Adventswochenende\n\t\t\t\t<\/dd><\/dl><br style=\"clear: both\"><dl class=\"gallery-item\">\n\t\t\t<dt class=\"gallery-icon landscape\">\n\t\t\t\t<a data-rel=\"iLightbox[postimages]\" data-title=\"Weihnachtsmarkt Gut Steinwehr Scheune Strohburg Jagdausstellung\" data-caption=\"Weihnachtsmarkt Gut Steinwehr Scheune Strohburg Jagdausstellung\" href=\"https:\/\/welovekiel.com\/wp-content\/uploads\/weihnachtsmarkt-gut-steinwehr-strohburg-jagdausstellung.jpg\" title=\"Weihnachtsmarkt Gut Steinwehr Scheune Strohburg Jagdausstellung\" data-description=\"Weihnachtsmarkt Gut Steinwehr Scheune Strohburg Jagdausstellung\"><img decoding=\"async\" width=\"400\" height=\"300\" src=\"https:\/\/welovekiel.com\/wp-content\/uploads\/weihnachtsmarkt-gut-steinwehr-strohburg-jagdausstellung-400x300.jpg\" class=\"attachment-fusion-400 size-fusion-400 lazyload\" alt=\"Weihnachtsmarkt Gut Steinwehr Scheune Strohburg Jagdausstellung\" aria-describedby=\"gallery-1-12232\" srcset=\"data:image\/svg+xml,%3Csvg%20xmlns%3D%27http%3A%2F%2Fwww.w3.org%2F2000%2Fsvg%27%20width%3D%271200%27%20height%3D%27900%27%20viewBox%3D%270%200%201200%20900%27%3E%3Crect%20width%3D%271200%27%20height%3D%27900%27%20fill-opacity%3D%220%22%2F%3E%3C%2Fsvg%3E\" data-orig-src=\"https:\/\/welovekiel.com\/wp-content\/uploads\/weihnachtsmarkt-gut-steinwehr-strohburg-jagdausstellung-400x300.jpg\" data-srcset=\"https:\/\/welovekiel.com\/wp-content\/uploads\/weihnachtsmarkt-gut-steinwehr-strohburg-jagdausstellung-200x150.jpg 200w, https:\/\/welovekiel.com\/wp-content\/uploads\/weihnachtsmarkt-gut-steinwehr-strohburg-jagdausstellung-300x225.jpg 300w, https:\/\/welovekiel.com\/wp-content\/uploads\/weihnachtsmarkt-gut-steinwehr-strohburg-jagdausstellung-400x300.jpg 400w, https:\/\/welovekiel.com\/wp-content\/uploads\/weihnachtsmarkt-gut-steinwehr-strohburg-jagdausstellung-600x450.jpg 600w, https:\/\/welovekiel.com\/wp-content\/uploads\/weihnachtsmarkt-gut-steinwehr-strohburg-jagdausstellung-768x576.jpg 768w, https:\/\/welovekiel.com\/wp-content\/uploads\/weihnachtsmarkt-gut-steinwehr-strohburg-jagdausstellung-800x600.jpg 800w, https:\/\/welovekiel.com\/wp-content\/uploads\/weihnachtsmarkt-gut-steinwehr-strohburg-jagdausstellung-1024x768.jpg 1024w, https:\/\/welovekiel.com\/wp-content\/uploads\/weihnachtsmarkt-gut-steinwehr-strohburg-jagdausstellung.jpg 1200w\" data-sizes=\"auto\"><\/a>\n\t\t\t<\/dt>\n\t\t\t\t<dd class=\"wp-caption-text gallery-caption\" id=\"gallery-1-12232\">\n\t\t\t\tWeihnachtsmarkt Gut Steinwehr Scheune Strohburg Jagdausstellung\n\t\t\t\t<\/dd><\/dl><dl class=\"gallery-item\">\n\t\t\t<dt class=\"gallery-icon landscape\">\n\t\t\t\t<a data-rel=\"iLightbox[postimages]\" data-title=\"Jagdausstellung Gut Steinwehr Weihnachtsmarkt\" data-caption=\"Jagdausstellung Gut Steinwehr Weihnachtsmarkt\" href=\"https:\/\/welovekiel.com\/wp-content\/uploads\/jagdausstellung-gut-steinwehr-weihnachtsmarkt.jpg\" title=\"Jagdausstellung Gut Steinwehr Weihnachtsmarkt\" data-description=\"Jagdausstellung Gut Steinwehr Weihnachtsmarkt\"><img decoding=\"async\" width=\"400\" height=\"300\" src=\"https:\/\/welovekiel.com\/wp-content\/uploads\/jagdausstellung-gut-steinwehr-weihnachtsmarkt-400x300.jpg\" class=\"attachment-fusion-400 size-fusion-400 lazyload\" alt=\"Jagdausstellung Gut Steinwehr Weihnachtsmarkt\" aria-describedby=\"gallery-1-12216\" srcset=\"data:image\/svg+xml,%3Csvg%20xmlns%3D%27http%3A%2F%2Fwww.w3.org%2F2000%2Fsvg%27%20width%3D%271200%27%20height%3D%27900%27%20viewBox%3D%270%200%201200%20900%27%3E%3Crect%20width%3D%271200%27%20height%3D%27900%27%20fill-opacity%3D%220%22%2F%3E%3C%2Fsvg%3E\" data-orig-src=\"https:\/\/welovekiel.com\/wp-content\/uploads\/jagdausstellung-gut-steinwehr-weihnachtsmarkt-400x300.jpg\" data-srcset=\"https:\/\/welovekiel.com\/wp-content\/uploads\/jagdausstellung-gut-steinwehr-weihnachtsmarkt-200x150.jpg 200w, https:\/\/welovekiel.com\/wp-content\/uploads\/jagdausstellung-gut-steinwehr-weihnachtsmarkt-300x225.jpg 300w, https:\/\/welovekiel.com\/wp-content\/uploads\/jagdausstellung-gut-steinwehr-weihnachtsmarkt-400x300.jpg 400w, https:\/\/welovekiel.com\/wp-content\/uploads\/jagdausstellung-gut-steinwehr-weihnachtsmarkt-600x450.jpg 600w, https:\/\/welovekiel.com\/wp-content\/uploads\/jagdausstellung-gut-steinwehr-weihnachtsmarkt-768x576.jpg 768w, https:\/\/welovekiel.com\/wp-content\/uploads\/jagdausstellung-gut-steinwehr-weihnachtsmarkt-800x600.jpg 800w, https:\/\/welovekiel.com\/wp-content\/uploads\/jagdausstellung-gut-steinwehr-weihnachtsmarkt-1024x768.jpg 1024w, https:\/\/welovekiel.com\/wp-content\/uploads\/jagdausstellung-gut-steinwehr-weihnachtsmarkt.jpg 1200w\" data-sizes=\"auto\"><\/a>\n\t\t\t<\/dt>\n\t\t\t\t<dd class=\"wp-caption-text gallery-caption\" id=\"gallery-1-12216\">\n\t\t\t\tJagdausstellung Gut Steinwehr Weihnachtsmarkt\n\t\t\t\t<\/dd><\/dl><br style=\"clear: both\"><dl class=\"gallery-item\">\n\t\t\t<dt class=\"gallery-icon landscape\">\n\t\t\t\t<a data-rel=\"iLightbox[postimages]\" data-title=\"Fuchs und Wildschweine Jagdausstellung Gut Steinwehr\" data-caption=\"Fuchs und Wildschweine Jagdausstellung Gut Steinwehr\" href=\"https:\/\/welovekiel.com\/wp-content\/uploads\/fuchs-und-wildschweine.jpg\" title=\"Fuchs und Wildschweine Jagdausstellung Gut Steinwehr\" data-description=\"Fuchs und Wildschweine Jagdausstellung Gut Steinwehr\"><img decoding=\"async\" width=\"400\" height=\"300\" src=\"https:\/\/welovekiel.com\/wp-content\/uploads\/fuchs-und-wildschweine-400x300.jpg\" class=\"attachment-fusion-400 size-fusion-400 lazyload\" alt=\"Fuchs und Wildschweine Jagdausstellung Gut Steinwehr\" aria-describedby=\"gallery-1-12240\" srcset=\"data:image\/svg+xml,%3Csvg%20xmlns%3D%27http%3A%2F%2Fwww.w3.org%2F2000%2Fsvg%27%20width%3D%271200%27%20height%3D%27900%27%20viewBox%3D%270%200%201200%20900%27%3E%3Crect%20width%3D%271200%27%20height%3D%27900%27%20fill-opacity%3D%220%22%2F%3E%3C%2Fsvg%3E\" data-orig-src=\"https:\/\/welovekiel.com\/wp-content\/uploads\/fuchs-und-wildschweine-400x300.jpg\" data-srcset=\"https:\/\/welovekiel.com\/wp-content\/uploads\/fuchs-und-wildschweine-200x150.jpg 200w, https:\/\/welovekiel.com\/wp-content\/uploads\/fuchs-und-wildschweine-300x225.jpg 300w, https:\/\/welovekiel.com\/wp-content\/uploads\/fuchs-und-wildschweine-400x300.jpg 400w, https:\/\/welovekiel.com\/wp-content\/uploads\/fuchs-und-wildschweine-600x450.jpg 600w, https:\/\/welovekiel.com\/wp-content\/uploads\/fuchs-und-wildschweine-768x576.jpg 768w, https:\/\/welovekiel.com\/wp-content\/uploads\/fuchs-und-wildschweine-800x600.jpg 800w, https:\/\/welovekiel.com\/wp-content\/uploads\/fuchs-und-wildschweine-1024x768.jpg 1024w, https:\/\/welovekiel.com\/wp-content\/uploads\/fuchs-und-wildschweine.jpg 1200w\" data-sizes=\"auto\"><\/a>\n\t\t\t<\/dt>\n\t\t\t\t<dd class=\"wp-caption-text gallery-caption\" id=\"gallery-1-12240\">\n\t\t\t\tFuchs und Wildschweine Jagdausstellung Gut Steinwehr\n\t\t\t\t<\/dd><\/dl><dl class=\"gallery-item\">\n\t\t\t<dt class=\"gallery-icon landscape\">\n\t\t\t\t<a data-rel=\"iLightbox[postimages]\" data-title=\"Tannenbaumverkauf Gut Steinwehr\" data-caption=\"Tannenbaumverkauf Gut Steinwehr\" href=\"https:\/\/welovekiel.com\/wp-content\/uploads\/tannenbaumverkauf-gut-steinwehr.jpg\" title=\"Tannenbaumverkauf Gut Steinwehr\" data-description=\"Tannenbaumverkauf Gut Steinwehr\"><img decoding=\"async\" width=\"400\" height=\"300\" src=\"https:\/\/welovekiel.com\/wp-content\/uploads\/tannenbaumverkauf-gut-steinwehr-400x300.jpg\" class=\"attachment-fusion-400 size-fusion-400 lazyload\" alt=\"Tannenbaumverkauf Gut Steinwehr\" aria-describedby=\"gallery-1-12220\" srcset=\"data:image\/svg+xml,%3Csvg%20xmlns%3D%27http%3A%2F%2Fwww.w3.org%2F2000%2Fsvg%27%20width%3D%271200%27%20height%3D%27900%27%20viewBox%3D%270%200%201200%20900%27%3E%3Crect%20width%3D%271200%27%20height%3D%27900%27%20fill-opacity%3D%220%22%2F%3E%3C%2Fsvg%3E\" data-orig-src=\"https:\/\/welovekiel.com\/wp-content\/uploads\/tannenbaumverkauf-gut-steinwehr-400x300.jpg\" data-srcset=\"https:\/\/welovekiel.com\/wp-content\/uploads\/tannenbaumverkauf-gut-steinwehr-200x150.jpg 200w, https:\/\/welovekiel.com\/wp-content\/uploads\/tannenbaumverkauf-gut-steinwehr-300x225.jpg 300w, https:\/\/welovekiel.com\/wp-content\/uploads\/tannenbaumverkauf-gut-steinwehr-400x300.jpg 400w, https:\/\/welovekiel.com\/wp-content\/uploads\/tannenbaumverkauf-gut-steinwehr-600x450.jpg 600w, https:\/\/welovekiel.com\/wp-content\/uploads\/tannenbaumverkauf-gut-steinwehr-768x576.jpg 768w, https:\/\/welovekiel.com\/wp-content\/uploads\/tannenbaumverkauf-gut-steinwehr-800x600.jpg 800w, https:\/\/welovekiel.com\/wp-content\/uploads\/tannenbaumverkauf-gut-steinwehr-1024x768.jpg 1024w, https:\/\/welovekiel.com\/wp-content\/uploads\/tannenbaumverkauf-gut-steinwehr.jpg 1200w\" data-sizes=\"auto\"><\/a>\n\t\t\t<\/dt>\n\t\t\t\t<dd class=\"wp-caption-text gallery-caption\" id=\"gallery-1-12220\">\n\t\t\t\tTannenbaumverkauf Gut Steinwehr\n\t\t\t\t<\/dd><\/dl><br style=\"clear: both\"><dl class=\"gallery-item\">\n\t\t\t<dt class=\"gallery-icon landscape\">\n\t\t\t\t<a data-rel=\"iLightbox[postimages]\" data-title=\"Weihnachtsmann Gut Steinwehr Weihnachtsmarkt\" data-caption=\"Weihnachtsmann Gut Steinwehr Weihnachtsmarkt\" href=\"https:\/\/welovekiel.com\/wp-content\/uploads\/weihnachtsmann-gut-steinwehr-weihnachtsmarkt.jpg\" title=\"Weihnachtsmann Gut Steinwehr Weihnachtsmarkt\" data-description=\"Weihnachtsmann Gut Steinwehr Weihnachtsmarkt\"><img decoding=\"async\" width=\"400\" height=\"300\" src=\"https:\/\/welovekiel.com\/wp-content\/uploads\/weihnachtsmann-gut-steinwehr-weihnachtsmarkt-400x300.jpg\" class=\"attachment-fusion-400 size-fusion-400 lazyload\" alt=\"Weihnachtsmann Gut Steinwehr Weihnachtsmarkt\" aria-describedby=\"gallery-1-12222\" srcset=\"data:image\/svg+xml,%3Csvg%20xmlns%3D%27http%3A%2F%2Fwww.w3.org%2F2000%2Fsvg%27%20width%3D%271200%27%20height%3D%27900%27%20viewBox%3D%270%200%201200%20900%27%3E%3Crect%20width%3D%271200%27%20height%3D%27900%27%20fill-opacity%3D%220%22%2F%3E%3C%2Fsvg%3E\" data-orig-src=\"https:\/\/welovekiel.com\/wp-content\/uploads\/weihnachtsmann-gut-steinwehr-weihnachtsmarkt-400x300.jpg\" data-srcset=\"https:\/\/welovekiel.com\/wp-content\/uploads\/weihnachtsmann-gut-steinwehr-weihnachtsmarkt-200x150.jpg 200w, https:\/\/welovekiel.com\/wp-content\/uploads\/weihnachtsmann-gut-steinwehr-weihnachtsmarkt-300x225.jpg 300w, https:\/\/welovekiel.com\/wp-content\/uploads\/weihnachtsmann-gut-steinwehr-weihnachtsmarkt-400x300.jpg 400w, https:\/\/welovekiel.com\/wp-content\/uploads\/weihnachtsmann-gut-steinwehr-weihnachtsmarkt-600x450.jpg 600w, https:\/\/welovekiel.com\/wp-content\/uploads\/weihnachtsmann-gut-steinwehr-weihnachtsmarkt-768x576.jpg 768w, https:\/\/welovekiel.com\/wp-content\/uploads\/weihnachtsmann-gut-steinwehr-weihnachtsmarkt-800x600.jpg 800w, https:\/\/welovekiel.com\/wp-content\/uploads\/weihnachtsmann-gut-steinwehr-weihnachtsmarkt-1024x768.jpg 1024w, https:\/\/welovekiel.com\/wp-content\/uploads\/weihnachtsmann-gut-steinwehr-weihnachtsmarkt.jpg 1200w\" data-sizes=\"auto\"><\/a>\n\t\t\t<\/dt>\n\t\t\t\t<dd class=\"wp-caption-text gallery-caption\" id=\"gallery-1-12222\">\n\t\t\t\tWeihnachtsmann Gut Steinwehr Weihnachtsmarkt\n\t\t\t\t<\/dd><\/dl><dl class=\"gallery-item\">\n\t\t\t<dt class=\"gallery-icon landscape\">\n\t\t\t\t<a data-rel=\"iLightbox[postimages]\" data-title=\"Weihnachtsmarkt Gut Steinwehr Scheune Eingang Markthalle\" data-caption=\"Weihnachtsmarkt Gut Steinwehr Scheune Eingang Markthalle\" href=\"https:\/\/welovekiel.com\/wp-content\/uploads\/weihnachtsmarkt-gut-steinwehr-scheune-eingang-markthalle.jpg\" title=\"Weihnachtsmarkt Gut Steinwehr Scheune Eingang Markthalle\" data-description=\"Weihnachtsmarkt Gut Steinwehr Scheune Eingang Markthalle\"><img decoding=\"async\" width=\"400\" height=\"300\" src=\"https:\/\/welovekiel.com\/wp-content\/uploads\/weihnachtsmarkt-gut-steinwehr-scheune-eingang-markthalle-400x300.jpg\" class=\"attachment-fusion-400 size-fusion-400 lazyload\" alt=\"Weihnachtsmarkt Gut Steinwehr Scheune Eingang Markthalle\" aria-describedby=\"gallery-1-12228\" srcset=\"data:image\/svg+xml,%3Csvg%20xmlns%3D%27http%3A%2F%2Fwww.w3.org%2F2000%2Fsvg%27%20width%3D%271200%27%20height%3D%27900%27%20viewBox%3D%270%200%201200%20900%27%3E%3Crect%20width%3D%271200%27%20height%3D%27900%27%20fill-opacity%3D%220%22%2F%3E%3C%2Fsvg%3E\" data-orig-src=\"https:\/\/welovekiel.com\/wp-content\/uploads\/weihnachtsmarkt-gut-steinwehr-scheune-eingang-markthalle-400x300.jpg\" data-srcset=\"https:\/\/welovekiel.com\/wp-content\/uploads\/weihnachtsmarkt-gut-steinwehr-scheune-eingang-markthalle-200x150.jpg 200w, https:\/\/welovekiel.com\/wp-content\/uploads\/weihnachtsmarkt-gut-steinwehr-scheune-eingang-markthalle-300x225.jpg 300w, https:\/\/welovekiel.com\/wp-content\/uploads\/weihnachtsmarkt-gut-steinwehr-scheune-eingang-markthalle-400x300.jpg 400w, https:\/\/welovekiel.com\/wp-content\/uploads\/weihnachtsmarkt-gut-steinwehr-scheune-eingang-markthalle-600x450.jpg 600w, https:\/\/welovekiel.com\/wp-content\/uploads\/weihnachtsmarkt-gut-steinwehr-scheune-eingang-markthalle-768x576.jpg 768w, https:\/\/welovekiel.com\/wp-content\/uploads\/weihnachtsmarkt-gut-steinwehr-scheune-eingang-markthalle-800x600.jpg 800w, https:\/\/welovekiel.com\/wp-content\/uploads\/weihnachtsmarkt-gut-steinwehr-scheune-eingang-markthalle-1024x768.jpg 1024w, https:\/\/welovekiel.com\/wp-content\/uploads\/weihnachtsmarkt-gut-steinwehr-scheune-eingang-markthalle.jpg 1200w\" data-sizes=\"auto\"><\/a>\n\t\t\t<\/dt>\n\t\t\t\t<dd class=\"wp-caption-text gallery-caption\" id=\"gallery-1-12228\">\n\t\t\t\tWeihnachtsmarkt Gut Steinwehr Scheune Eingang Markthalle\n\t\t\t\t<\/dd><\/dl><br style=\"clear: both\"><dl class=\"gallery-item\">\n\t\t\t<dt class=\"gallery-icon landscape\">\n\t\t\t\t<a data-rel=\"iLightbox[postimages]\" data-title=\"Gut Steinwehr Scheune Aussteller und Tortenverkauf\" data-caption=\"Gut Steinwehr Scheune Aussteller und Tortenverkauf\" href=\"https:\/\/welovekiel.com\/wp-content\/uploads\/gut-steinwehr-weihnachtsmarkt-scheune-aussteller-tortenverkauf.jpg\" title=\"Gut Steinwehr Scheune Aussteller und Tortenverkauf\" data-description=\"Gut Steinwehr Scheune Aussteller und Tortenverkauf\"><img decoding=\"async\" width=\"400\" height=\"300\" src=\"https:\/\/welovekiel.com\/wp-content\/uploads\/gut-steinwehr-weihnachtsmarkt-scheune-aussteller-tortenverkauf-400x300.jpg\" class=\"attachment-fusion-400 size-fusion-400 lazyload\" alt=\"Gut Steinwehr Scheune Aussteller und Tortenverkauf\" aria-describedby=\"gallery-1-12246\" srcset=\"data:image\/svg+xml,%3Csvg%20xmlns%3D%27http%3A%2F%2Fwww.w3.org%2F2000%2Fsvg%27%20width%3D%271200%27%20height%3D%27900%27%20viewBox%3D%270%200%201200%20900%27%3E%3Crect%20width%3D%271200%27%20height%3D%27900%27%20fill-opacity%3D%220%22%2F%3E%3C%2Fsvg%3E\" data-orig-src=\"https:\/\/welovekiel.com\/wp-content\/uploads\/gut-steinwehr-weihnachtsmarkt-scheune-aussteller-tortenverkauf-400x300.jpg\" data-srcset=\"https:\/\/welovekiel.com\/wp-content\/uploads\/gut-steinwehr-weihnachtsmarkt-scheune-aussteller-tortenverkauf-200x150.jpg 200w, https:\/\/welovekiel.com\/wp-content\/uploads\/gut-steinwehr-weihnachtsmarkt-scheune-aussteller-tortenverkauf-300x225.jpg 300w, https:\/\/welovekiel.com\/wp-content\/uploads\/gut-steinwehr-weihnachtsmarkt-scheune-aussteller-tortenverkauf-400x300.jpg 400w, https:\/\/welovekiel.com\/wp-content\/uploads\/gut-steinwehr-weihnachtsmarkt-scheune-aussteller-tortenverkauf-600x450.jpg 600w, https:\/\/welovekiel.com\/wp-content\/uploads\/gut-steinwehr-weihnachtsmarkt-scheune-aussteller-tortenverkauf-768x576.jpg 768w, https:\/\/welovekiel.com\/wp-content\/uploads\/gut-steinwehr-weihnachtsmarkt-scheune-aussteller-tortenverkauf-800x600.jpg 800w, https:\/\/welovekiel.com\/wp-content\/uploads\/gut-steinwehr-weihnachtsmarkt-scheune-aussteller-tortenverkauf-1024x768.jpg 1024w, https:\/\/welovekiel.com\/wp-content\/uploads\/gut-steinwehr-weihnachtsmarkt-scheune-aussteller-tortenverkauf.jpg 1200w\" data-sizes=\"auto\"><\/a>\n\t\t\t<\/dt>\n\t\t\t\t<dd class=\"wp-caption-text gallery-caption\" id=\"gallery-1-12246\">\n\t\t\t\tGut Steinwehr Scheune Aussteller und Tortenverkauf\n\t\t\t\t<\/dd><\/dl><dl class=\"gallery-item\">\n\t\t\t<dt class=\"gallery-icon landscape\">\n\t\t\t\t<a data-rel=\"iLightbox[postimages]\" data-title=\"Aussteller Weihnachtsmarkt Gut Steinwehr\" data-caption=\"Aussteller Weihnachtsmarkt Gut Steinwehr\" href=\"https:\/\/welovekiel.com\/wp-content\/uploads\/aussteller-weihnachtsmarkt-gut-steinwehr.jpg\" title=\"Aussteller Weihnachtsmarkt Gut Steinwehr\" data-description=\"Aussteller Weihnachtsmarkt Gut Steinwehr\"><img decoding=\"async\" width=\"400\" height=\"300\" src=\"https:\/\/welovekiel.com\/wp-content\/uploads\/aussteller-weihnachtsmarkt-gut-steinwehr-400x300.jpg\" class=\"attachment-fusion-400 size-fusion-400 lazyload\" alt=\"Aussteller Weihnachtsmarkt Gut Steinwehr\" aria-describedby=\"gallery-1-12238\" srcset=\"data:image\/svg+xml,%3Csvg%20xmlns%3D%27http%3A%2F%2Fwww.w3.org%2F2000%2Fsvg%27%20width%3D%271200%27%20height%3D%27900%27%20viewBox%3D%270%200%201200%20900%27%3E%3Crect%20width%3D%271200%27%20height%3D%27900%27%20fill-opacity%3D%220%22%2F%3E%3C%2Fsvg%3E\" data-orig-src=\"https:\/\/welovekiel.com\/wp-content\/uploads\/aussteller-weihnachtsmarkt-gut-steinwehr-400x300.jpg\" data-srcset=\"https:\/\/welovekiel.com\/wp-content\/uploads\/aussteller-weihnachtsmarkt-gut-steinwehr-200x150.jpg 200w, https:\/\/welovekiel.com\/wp-content\/uploads\/aussteller-weihnachtsmarkt-gut-steinwehr-300x225.jpg 300w, https:\/\/welovekiel.com\/wp-content\/uploads\/aussteller-weihnachtsmarkt-gut-steinwehr-400x300.jpg 400w, https:\/\/welovekiel.com\/wp-content\/uploads\/aussteller-weihnachtsmarkt-gut-steinwehr-600x450.jpg 600w, https:\/\/welovekiel.com\/wp-content\/uploads\/aussteller-weihnachtsmarkt-gut-steinwehr-768x576.jpg 768w, https:\/\/welovekiel.com\/wp-content\/uploads\/aussteller-weihnachtsmarkt-gut-steinwehr-800x600.jpg 800w, https:\/\/welovekiel.com\/wp-content\/uploads\/aussteller-weihnachtsmarkt-gut-steinwehr-1024x768.jpg 1024w, https:\/\/welovekiel.com\/wp-content\/uploads\/aussteller-weihnachtsmarkt-gut-steinwehr.jpg 1200w\" data-sizes=\"auto\"><\/a>\n\t\t\t<\/dt>\n\t\t\t\t<dd class=\"wp-caption-text gallery-caption\" id=\"gallery-1-12238\">\n\t\t\t\tAussteller Weihnachtsmarkt Gut Steinwehr\n\t\t\t\t<\/dd><\/dl><br style=\"clear: both\"><dl class=\"gallery-item\">\n\t\t\t<dt class=\"gallery-icon landscape\">\n\t\t\t\t<a data-rel=\"iLightbox[postimages]\" data-title=\"Markthalle mit Ausstellern Weihnachtsmarkt Gut Steinwehr\" data-caption=\"Markthalle mit Ausstellern Weihnachtsmarkt Gut Steinwehr\" href=\"https:\/\/welovekiel.com\/wp-content\/uploads\/markthalle-mit-ausstellern-weihnachtsmarkt-gut-steinwehr.jpg\" title=\"Markthalle mit Ausstellern Weihnachtsmarkt Gut Steinwehr\" data-description=\"Markthalle mit Ausstellern Weihnachtsmarkt Gut Steinwehr\"><img decoding=\"async\" width=\"400\" height=\"300\" src=\"https:\/\/welovekiel.com\/wp-content\/uploads\/markthalle-mit-ausstellern-weihnachtsmarkt-gut-steinwehr-400x300.jpg\" class=\"attachment-fusion-400 size-fusion-400 lazyload\" alt=\"Markthalle mit Ausstellern Weihnachtsmarkt Gut Steinwehr\" aria-describedby=\"gallery-1-12218\" srcset=\"data:image\/svg+xml,%3Csvg%20xmlns%3D%27http%3A%2F%2Fwww.w3.org%2F2000%2Fsvg%27%20width%3D%271200%27%20height%3D%27900%27%20viewBox%3D%270%200%201200%20900%27%3E%3Crect%20width%3D%271200%27%20height%3D%27900%27%20fill-opacity%3D%220%22%2F%3E%3C%2Fsvg%3E\" data-orig-src=\"https:\/\/welovekiel.com\/wp-content\/uploads\/markthalle-mit-ausstellern-weihnachtsmarkt-gut-steinwehr-400x300.jpg\" data-srcset=\"https:\/\/welovekiel.com\/wp-content\/uploads\/markthalle-mit-ausstellern-weihnachtsmarkt-gut-steinwehr-200x150.jpg 200w, https:\/\/welovekiel.com\/wp-content\/uploads\/markthalle-mit-ausstellern-weihnachtsmarkt-gut-steinwehr-300x225.jpg 300w, https:\/\/welovekiel.com\/wp-content\/uploads\/markthalle-mit-ausstellern-weihnachtsmarkt-gut-steinwehr-400x300.jpg 400w, https:\/\/welovekiel.com\/wp-content\/uploads\/markthalle-mit-ausstellern-weihnachtsmarkt-gut-steinwehr-600x450.jpg 600w, https:\/\/welovekiel.com\/wp-content\/uploads\/markthalle-mit-ausstellern-weihnachtsmarkt-gut-steinwehr-768x576.jpg 768w, https:\/\/welovekiel.com\/wp-content\/uploads\/markthalle-mit-ausstellern-weihnachtsmarkt-gut-steinwehr-800x600.jpg 800w, https:\/\/welovekiel.com\/wp-content\/uploads\/markthalle-mit-ausstellern-weihnachtsmarkt-gut-steinwehr-1024x768.jpg 1024w, https:\/\/welovekiel.com\/wp-content\/uploads\/markthalle-mit-ausstellern-weihnachtsmarkt-gut-steinwehr.jpg 1200w\" data-sizes=\"auto\"><\/a>\n\t\t\t<\/dt>\n\t\t\t\t<dd class=\"wp-caption-text gallery-caption\" id=\"gallery-1-12218\">\n\t\t\t\tMarkthalle mit Ausstellern Weihnachtsmarkt Gut Steinwehr\n\t\t\t\t<\/dd><\/dl><dl class=\"gallery-item\">\n\t\t\t<dt class=\"gallery-icon landscape\">\n\t\t\t\t<a data-rel=\"iLightbox[postimages]\" data-title=\"Weihnachtsmarkt Gut Steinwehr Scheune Markthalle\" data-caption=\"Weihnachtsmarkt Gut Steinwehr Scheune Markthalle\" href=\"https:\/\/welovekiel.com\/wp-content\/uploads\/weihnachtsmarkt-gut-steinwehr-scheune-markthalle.jpg\" title=\"Weihnachtsmarkt Gut Steinwehr Scheune Markthalle\" data-description=\"Weihnachtsmarkt Gut Steinwehr Scheune Markthalle\"><img decoding=\"async\" width=\"400\" height=\"300\" src=\"https:\/\/welovekiel.com\/wp-content\/uploads\/weihnachtsmarkt-gut-steinwehr-scheune-markthalle-400x300.jpg\" class=\"attachment-fusion-400 size-fusion-400 lazyload\" alt=\"Weihnachtsmarkt Gut Steinwehr Scheune Markthalle\" aria-describedby=\"gallery-1-12230\" srcset=\"data:image\/svg+xml,%3Csvg%20xmlns%3D%27http%3A%2F%2Fwww.w3.org%2F2000%2Fsvg%27%20width%3D%271200%27%20height%3D%27900%27%20viewBox%3D%270%200%201200%20900%27%3E%3Crect%20width%3D%271200%27%20height%3D%27900%27%20fill-opacity%3D%220%22%2F%3E%3C%2Fsvg%3E\" data-orig-src=\"https:\/\/welovekiel.com\/wp-content\/uploads\/weihnachtsmarkt-gut-steinwehr-scheune-markthalle-400x300.jpg\" data-srcset=\"https:\/\/welovekiel.com\/wp-content\/uploads\/weihnachtsmarkt-gut-steinwehr-scheune-markthalle-200x150.jpg 200w, https:\/\/welovekiel.com\/wp-content\/uploads\/weihnachtsmarkt-gut-steinwehr-scheune-markthalle-300x225.jpg 300w, https:\/\/welovekiel.com\/wp-content\/uploads\/weihnachtsmarkt-gut-steinwehr-scheune-markthalle-400x300.jpg 400w, https:\/\/welovekiel.com\/wp-content\/uploads\/weihnachtsmarkt-gut-steinwehr-scheune-markthalle-600x450.jpg 600w, https:\/\/welovekiel.com\/wp-content\/uploads\/weihnachtsmarkt-gut-steinwehr-scheune-markthalle-768x576.jpg 768w, https:\/\/welovekiel.com\/wp-content\/uploads\/weihnachtsmarkt-gut-steinwehr-scheune-markthalle-800x600.jpg 800w, https:\/\/welovekiel.com\/wp-content\/uploads\/weihnachtsmarkt-gut-steinwehr-scheune-markthalle-1024x768.jpg 1024w, https:\/\/welovekiel.com\/wp-content\/uploads\/weihnachtsmarkt-gut-steinwehr-scheune-markthalle.jpg 1200w\" data-sizes=\"auto\"><\/a>\n\t\t\t<\/dt>\n\t\t\t\t<dd class=\"wp-caption-text gallery-caption\" id=\"gallery-1-12230\">\n\t\t\t\tWeihnachtsmarkt Gut Steinwehr Scheune Markthalle\n\t\t\t\t<\/dd><\/dl><br style=\"clear: both\"><dl class=\"gallery-item\">\n\t\t\t<dt class=\"gallery-icon landscape\">\n\t\t\t\t<a data-rel=\"iLightbox[postimages]\" data-title=\"Weihnachtsmarkt Gut Steinwehr Markthalle &amp; Tortenverkauf\" data-caption=\"Weihnachtsmarkt Gut Steinwehr Markthalle &amp; Tortenverkauf\" href=\"https:\/\/welovekiel.com\/wp-content\/uploads\/weihnachtsmarkt-gut-steinwehr-markthalle-scheune.jpg\" title=\"Weihnachtsmarkt Gut Steinwehr Markthalle &amp; Tortenverkauf\" data-description=\"Weihnachtsmarkt Gut Steinwehr Markthalle &amp; Tortenverkauf\"><img decoding=\"async\" width=\"400\" height=\"300\" src=\"https:\/\/welovekiel.com\/wp-content\/uploads\/weihnachtsmarkt-gut-steinwehr-markthalle-scheune-400x300.jpg\" class=\"attachment-fusion-400 size-fusion-400 lazyload\" alt=\"Weihnachtsmarkt Gut Steinwehr Markthalle &amp; Tortenverkauf\" aria-describedby=\"gallery-1-12226\" srcset=\"data:image\/svg+xml,%3Csvg%20xmlns%3D%27http%3A%2F%2Fwww.w3.org%2F2000%2Fsvg%27%20width%3D%271200%27%20height%3D%27900%27%20viewBox%3D%270%200%201200%20900%27%3E%3Crect%20width%3D%271200%27%20height%3D%27900%27%20fill-opacity%3D%220%22%2F%3E%3C%2Fsvg%3E\" data-orig-src=\"https:\/\/welovekiel.com\/wp-content\/uploads\/weihnachtsmarkt-gut-steinwehr-markthalle-scheune-400x300.jpg\" data-srcset=\"https:\/\/welovekiel.com\/wp-content\/uploads\/weihnachtsmarkt-gut-steinwehr-markthalle-scheune-200x150.jpg 200w, https:\/\/welovekiel.com\/wp-content\/uploads\/weihnachtsmarkt-gut-steinwehr-markthalle-scheune-300x225.jpg 300w, https:\/\/welovekiel.com\/wp-content\/uploads\/weihnachtsmarkt-gut-steinwehr-markthalle-scheune-400x300.jpg 400w, https:\/\/welovekiel.com\/wp-content\/uploads\/weihnachtsmarkt-gut-steinwehr-markthalle-scheune-600x450.jpg 600w, https:\/\/welovekiel.com\/wp-content\/uploads\/weihnachtsmarkt-gut-steinwehr-markthalle-scheune-768x576.jpg 768w, https:\/\/welovekiel.com\/wp-content\/uploads\/weihnachtsmarkt-gut-steinwehr-markthalle-scheune-800x600.jpg 800w, https:\/\/welovekiel.com\/wp-content\/uploads\/weihnachtsmarkt-gut-steinwehr-markthalle-scheune-1024x768.jpg 1024w, https:\/\/welovekiel.com\/wp-content\/uploads\/weihnachtsmarkt-gut-steinwehr-markthalle-scheune.jpg 1200w\" data-sizes=\"auto\"><\/a>\n\t\t\t<\/dt>\n\t\t\t\t<dd class=\"wp-caption-text gallery-caption\" id=\"gallery-1-12226\">\n\t\t\t\tWeihnachtsmarkt Gut Steinwehr Markthalle &amp; Tortenverkauf\n\t\t\t\t<\/dd><\/dl><dl class=\"gallery-item\">\n\t\t\t<dt class=\"gallery-icon landscape\">\n\t\t\t\t<a data-rel=\"iLightbox[postimages]\" data-title=\"Himbeerhof Steinwehr Fruchtgelee, Fruchtsaft und Lik&ouml;r\" data-caption=\"Himbeerhof Steinwehr Fruchtgelee, Fruchtsaft und Lik&ouml;r\" href=\"https:\/\/welovekiel.com\/wp-content\/uploads\/himbeerhof-steinwehr-fruchtgelee-fruchtsaft-likoer.jpg\" title=\"Himbeerhof Steinwehr Fruchtgelee, Fruchtsaft und Lik&ouml;r\" data-description=\"Himbeerhof Steinwehr Fruchtgelee, Fruchtsaft und Lik&ouml;r\"><img decoding=\"async\" width=\"400\" height=\"300\" src=\"https:\/\/welovekiel.com\/wp-content\/uploads\/himbeerhof-steinwehr-fruchtgelee-fruchtsaft-likoer-400x300.jpg\" class=\"attachment-fusion-400 size-fusion-400 lazyload\" alt=\"Himbeerhof Steinwehr Fruchtgelee, Fruchtsaft und Lik&ouml;r\" aria-describedby=\"gallery-1-12248\" srcset=\"data:image\/svg+xml,%3Csvg%20xmlns%3D%27http%3A%2F%2Fwww.w3.org%2F2000%2Fsvg%27%20width%3D%271200%27%20height%3D%27900%27%20viewBox%3D%270%200%201200%20900%27%3E%3Crect%20width%3D%271200%27%20height%3D%27900%27%20fill-opacity%3D%220%22%2F%3E%3C%2Fsvg%3E\" data-orig-src=\"https:\/\/welovekiel.com\/wp-content\/uploads\/himbeerhof-steinwehr-fruchtgelee-fruchtsaft-likoer-400x300.jpg\" data-srcset=\"https:\/\/welovekiel.com\/wp-content\/uploads\/himbeerhof-steinwehr-fruchtgelee-fruchtsaft-likoer-200x150.jpg 200w, https:\/\/welovekiel.com\/wp-content\/uploads\/himbeerhof-steinwehr-fruchtgelee-fruchtsaft-likoer-300x225.jpg 300w, https:\/\/welovekiel.com\/wp-content\/uploads\/himbeerhof-steinwehr-fruchtgelee-fruchtsaft-likoer-400x300.jpg 400w, https:\/\/welovekiel.com\/wp-content\/uploads\/himbeerhof-steinwehr-fruchtgelee-fruchtsaft-likoer-600x450.jpg 600w, https:\/\/welovekiel.com\/wp-content\/uploads\/himbeerhof-steinwehr-fruchtgelee-fruchtsaft-likoer-768x576.jpg 768w, https:\/\/welovekiel.com\/wp-content\/uploads\/himbeerhof-steinwehr-fruchtgelee-fruchtsaft-likoer-800x600.jpg 800w, https:\/\/welovekiel.com\/wp-content\/uploads\/himbeerhof-steinwehr-fruchtgelee-fruchtsaft-likoer-1024x768.jpg 1024w, https:\/\/welovekiel.com\/wp-content\/uploads\/himbeerhof-steinwehr-fruchtgelee-fruchtsaft-likoer.jpg 1200w\" data-sizes=\"auto\"><\/a>\n\t\t\t<\/dt>\n\t\t\t\t<dd class=\"wp-caption-text gallery-caption\" id=\"gallery-1-12248\">\n\t\t\t\tHimbeerhof Steinwehr Fruchtgelee, Fruchtsaft und Lik&ouml;r\n\t\t\t\t<\/dd><\/dl><br style=\"clear: both\"><dl class=\"gallery-item\">\n\t\t\t<dt class=\"gallery-icon landscape\">\n\t\t\t\t<a data-rel=\"iLightbox[postimages]\" data-title=\"Himbeerhof Steinwehr Johannisbeer Fruchtgelee\" data-caption=\"Himbeerhof Steinwehr Johannisbeer Fruchtgelee\" href=\"https:\/\/welovekiel.com\/wp-content\/uploads\/himbeerhof-steinwehr-johannisbeer-fruchtgelee.jpg\" title=\"Himbeerhof Steinwehr Johannisbeer Fruchtgelee\" data-description=\"Himbeerhof Steinwehr Johannisbeer Fruchtgelee\"><img decoding=\"async\" width=\"400\" height=\"300\" src=\"https:\/\/welovekiel.com\/wp-content\/uploads\/himbeerhof-steinwehr-johannisbeer-fruchtgelee-400x300.jpg\" class=\"attachment-fusion-400 size-fusion-400 lazyload\" alt=\"Himbeerhof Steinwehr Johannisbeer Fruchtgelee\" aria-describedby=\"gallery-1-12250\" srcset=\"data:image\/svg+xml,%3Csvg%20xmlns%3D%27http%3A%2F%2Fwww.w3.org%2F2000%2Fsvg%27%20width%3D%271200%27%20height%3D%27900%27%20viewBox%3D%270%200%201200%20900%27%3E%3Crect%20width%3D%271200%27%20height%3D%27900%27%20fill-opacity%3D%220%22%2F%3E%3C%2Fsvg%3E\" data-orig-src=\"https:\/\/welovekiel.com\/wp-content\/uploads\/himbeerhof-steinwehr-johannisbeer-fruchtgelee-400x300.jpg\" data-srcset=\"https:\/\/welovekiel.com\/wp-content\/uploads\/himbeerhof-steinwehr-johannisbeer-fruchtgelee-200x150.jpg 200w, https:\/\/welovekiel.com\/wp-content\/uploads\/himbeerhof-steinwehr-johannisbeer-fruchtgelee-300x225.jpg 300w, https:\/\/welovekiel.com\/wp-content\/uploads\/himbeerhof-steinwehr-johannisbeer-fruchtgelee-400x300.jpg 400w, https:\/\/welovekiel.com\/wp-content\/uploads\/himbeerhof-steinwehr-johannisbeer-fruchtgelee-600x450.jpg 600w, https:\/\/welovekiel.com\/wp-content\/uploads\/himbeerhof-steinwehr-johannisbeer-fruchtgelee-768x576.jpg 768w, https:\/\/welovekiel.com\/wp-content\/uploads\/himbeerhof-steinwehr-johannisbeer-fruchtgelee-800x600.jpg 800w, https:\/\/welovekiel.com\/wp-content\/uploads\/himbeerhof-steinwehr-johannisbeer-fruchtgelee-1024x768.jpg 1024w, https:\/\/welovekiel.com\/wp-content\/uploads\/himbeerhof-steinwehr-johannisbeer-fruchtgelee.jpg 1200w\" data-sizes=\"auto\"><\/a>\n\t\t\t<\/dt>\n\t\t\t\t<dd class=\"wp-caption-text gallery-caption\" id=\"gallery-1-12250\">\n\t\t\t\tHimbeerhof Steinwehr Johannisbeer Fruchtgelee\n\t\t\t\t<\/dd><\/dl><dl class=\"gallery-item\">\n\t\t\t<dt class=\"gallery-icon landscape\">\n\t\t\t\t<a data-rel=\"iLightbox[postimages]\" data-title=\"Weihnachtsmarkt Gut Steinwehr Verkauf Fruchtgelee und Eierlik&ouml;r\" data-caption=\"Weihnachtsmarkt Gut Steinwehr Verkauf Fruchtgelee und Eierlik&ouml;r\" href=\"https:\/\/welovekiel.com\/wp-content\/uploads\/weihnachtsmarkt-gut-steinwehr-verkauf-fruchtgelee-eierlikoer.jpg\" title=\"Weihnachtsmarkt Gut Steinwehr Verkauf Fruchtgelee und Eierlik&ouml;r\" data-description=\"Weihnachtsmarkt Gut Steinwehr Verkauf Fruchtgelee und Eierlik&ouml;r\"><img decoding=\"async\" width=\"400\" height=\"300\" src=\"https:\/\/welovekiel.com\/wp-content\/uploads\/weihnachtsmarkt-gut-steinwehr-verkauf-fruchtgelee-eierlikoer-400x300.jpg\" class=\"attachment-fusion-400 size-fusion-400 lazyload\" alt=\"Weihnachtsmarkt Gut Steinwehr Verkauf Fruchtgelee und Eierlik&ouml;r\" aria-describedby=\"gallery-1-12234\" srcset=\"data:image\/svg+xml,%3Csvg%20xmlns%3D%27http%3A%2F%2Fwww.w3.org%2F2000%2Fsvg%27%20width%3D%271200%27%20height%3D%27900%27%20viewBox%3D%270%200%201200%20900%27%3E%3Crect%20width%3D%271200%27%20height%3D%27900%27%20fill-opacity%3D%220%22%2F%3E%3C%2Fsvg%3E\" data-orig-src=\"https:\/\/welovekiel.com\/wp-content\/uploads\/weihnachtsmarkt-gut-steinwehr-verkauf-fruchtgelee-eierlikoer-400x300.jpg\" data-srcset=\"https:\/\/welovekiel.com\/wp-content\/uploads\/weihnachtsmarkt-gut-steinwehr-verkauf-fruchtgelee-eierlikoer-200x150.jpg 200w, https:\/\/welovekiel.com\/wp-content\/uploads\/weihnachtsmarkt-gut-steinwehr-verkauf-fruchtgelee-eierlikoer-300x225.jpg 300w, https:\/\/welovekiel.com\/wp-content\/uploads\/weihnachtsmarkt-gut-steinwehr-verkauf-fruchtgelee-eierlikoer-400x300.jpg 400w, https:\/\/welovekiel.com\/wp-content\/uploads\/weihnachtsmarkt-gut-steinwehr-verkauf-fruchtgelee-eierlikoer-600x450.jpg 600w, https:\/\/welovekiel.com\/wp-content\/uploads\/weihnachtsmarkt-gut-steinwehr-verkauf-fruchtgelee-eierlikoer-768x576.jpg 768w, https:\/\/welovekiel.com\/wp-content\/uploads\/weihnachtsmarkt-gut-steinwehr-verkauf-fruchtgelee-eierlikoer-800x600.jpg 800w, https:\/\/welovekiel.com\/wp-content\/uploads\/weihnachtsmarkt-gut-steinwehr-verkauf-fruchtgelee-eierlikoer-1024x768.jpg 1024w, https:\/\/welovekiel.com\/wp-content\/uploads\/weihnachtsmarkt-gut-steinwehr-verkauf-fruchtgelee-eierlikoer.jpg 1200w\" data-sizes=\"auto\"><\/a>\n\t\t\t<\/dt>\n\t\t\t\t<dd class=\"wp-caption-text gallery-caption\" id=\"gallery-1-12234\">\n\t\t\t\tWeihnachtsmarkt Gut Steinwehr Verkauf Fruchtgelee und Eierlik&ouml;r\n\t\t\t\t<\/dd><\/dl><br style=\"clear: both\">\n\t\t<\/div>\n\n<\/div><style type=\"text\/css\">@media only screen and (max-width:800px) {.fusion-title.fusion-title-1{margin-top:10px!important;margin-bottom:!important;}}<\/style><div class=\"fusion-title title fusion-title-1 fusion-title-text fusion-title-size-two\" style=\"margin-top:20px;margin-right:0px;margin-bottom:31px;margin-left:0px;\"><h2 class=\"title-heading-left\" style=\"margin:0;\">Dies k&ouml;nnte dich auch interessieren<\/h2><span class=\"awb-title-spacer\"><\/span><div class=\"title-sep-container\"><div class=\"title-sep sep-double sep-solid\" style=\"border-color:#e0dede;\"><\/div><\/div><\/div><div class=\"fusion-text fusion-text-3\"><ul class=\"posts-by-tag-list\"><li class=\"posts-by-tag-item Asmus-Bremer-Platz Bernhardt-Minetti-Platz Gl&uuml;hwein Holstenplatz Kieler Weihnachtsdorf Kieler Weihnachtsm&auml;rkte Rathausplatz Shopping Weihnachtsmarkt Weihnachtsmarkt 2022 Weihnachtszeit\" id=\"posts-by-tag-item-11999\"><a class=\"posts-by-tag-item-title\" href=\"https:\/\/welovekiel.com\/de\/weihnachtsmarkt-kiel-2022-am-montag-eroeffnet-11999\/\">Weihnachtsmarkt Kiel 2022 am Montag er&ouml;ffnet<\/a> <small>Posted on: 22. November 2022<\/small><\/li><li class=\"posts-by-tag-item Asmus-Bremer-Platz Bernhardt-Minetti-Platz Gl&uuml;hwein Gut Augustenhof Gut Bossee Gut Steinwehr Historischer Weihnachtsmarkt Holstenplatz Kieler Weihnachtsdorf Kieler Weihnachtsm&auml;rkte Kilian Rathausplatz Weihnachtsmarkt Weihnachtsmarkt 2022 Weihnachtswichtel Kilian\" id=\"posts-by-tag-item-11823\"><a class=\"posts-by-tag-item-title\" href=\"https:\/\/welovekiel.com\/de\/am-21-11-2022-oeffnen-die-kieler-weihnachtsmaerkte-11823\/\">Nur noch 10 Tage: Am 21.11.2022 &ouml;ffnen die Kieler Weihnachtsm&auml;rkte<\/a> <small>Posted on: 11. November 2022<\/small><\/li><li class=\"posts-by-tag-item Asmus-Bremer-Platz Corona COVID-19 Holstenstra&szlig;e Holtenauer Stra&szlig;e Kieler Weihnachtsdorf Weihnachtsmarkt Weihnachtsmarkt Kiel\" id=\"posts-by-tag-item-7718\"><a class=\"posts-by-tag-item-title\" href=\"https:\/\/welovekiel.com\/de\/weihnachtsmarkt-kiel-2g-regelung-7718\/\">Weihnachtsmarkt Kiel: 2G-Regelung ab 4. Dezember 2021<\/a> <small>Posted on: 2. Dezember 2021<\/small><\/li><li class=\"posts-by-tag-item Asmus-Bremer-Platz Holstenplatz Holstenstra&szlig;e Holtenauer Stra&szlig;e Kieler Weihnachtsdorf Kieler Weihnachtsm&auml;rkte Rathausplatz Weihnachtsmarkt Weihnachtsmarkt Kiel Weihnachtswichtel Kilian\" id=\"posts-by-tag-item-7700\"><a class=\"posts-by-tag-item-title\" href=\"https:\/\/welovekiel.com\/de\/weihnachtsmarkt-kiel-2021-eroeffnet-7700\/\">Weihnachtsmarkt Kiel 2021 am Montag er&ouml;ffnet<\/a> <small>Posted on: 23. November 2021<\/small><\/li><li class=\"posts-by-tag-item Asmus-Bremer-Platz Bernhardt-Minetti-Platz Corona COVID-19 Holstenplatz Kieler Weihnachtsm&auml;rkte Rathausplatz Weihnachtsdorf Weihnachtsmarkt Weihnachtsmarkt 2021\" id=\"posts-by-tag-item-7531\"><a class=\"posts-by-tag-item-title\" href=\"https:\/\/welovekiel.com\/de\/weihnachtsmarkt-kiel-2021-corona-regeln-7531\/\">Welche Corona-Regeln gelten auf dem Weihnachtsmarkt Kiel 2021?<\/a> <small>Posted on: 17. November 2021<\/small><\/li><li class=\"posts-by-tag-item COVID-19 Kieler Weihnachtsm&auml;rkte Weihnachtsdorf Weihnachtsmarkt Weihnachtszeit\" id=\"posts-by-tag-item-4186\"><a class=\"posts-by-tag-item-title\" href=\"https:\/\/welovekiel.com\/de\/abgesagt-kieler-weihnachtsmarkt-2020-4186\/\">Abgesagt: Kieler Weihnachtsmarkt 2020 findet nicht statt<\/a> <small>Posted on: 1. November 2020<\/small><\/li><li class=\"posts-by-tag-item Corona COVID-19 Weihnachtsmarkt\" id=\"posts-by-tag-item-4187\"><a class=\"posts-by-tag-item-title\" href=\"https:\/\/welovekiel.com\/de\/luebecker-weihnachtsmarkt-2020-abgesagt-4187\/\">L&uuml;becker Weihnachtsmarkt 2020 abgesagt<\/a> <small>Posted on: 27. Oktober 2020<\/small><\/li><li class=\"posts-by-tag-item Asmus-Bremer-Platz Bernhardt-Minetti-Platz Bootshafen COVID-19 Holstenplatz Holstenstra&szlig;e Kieler Weihnachtsm&auml;rkte Rathausplatz Weihnachtsdorf Weihnachtsmarkt Weihnachtszeit\" id=\"posts-by-tag-item-4179\"><a class=\"posts-by-tag-item-title\" href=\"https:\/\/welovekiel.com\/de\/kieler-weihnachtsmaerkte-2020-corona-4179\/\">Kieler Weihnachtsm&auml;rkte finden 2020 auch trotz Corona statt<\/a> <small>Posted on: 18. September 2020<\/small><\/li><li class=\"posts-by-tag-item Holstenplatz Holstenstra&szlig;e Kieler Weihnachtsm&auml;rkte Shopping Sophienhof Weihnachtsmarkt Weihnachtszeit\" id=\"posts-by-tag-item-2102\"><a class=\"posts-by-tag-item-title\" href=\"https:\/\/welovekiel.com\/de\/nach-den-weihnachtseinkaeufen-einen-gluehwein-auf-dem-kieler-weihnachtsmarkt-2102\/\">Nach den Weihnachtseink&auml;ufen einen Gl&uuml;hwein auf dem Kieler Weihnachtsmarkt<\/a> <small>Posted on: 23. Dezember 2019<\/small><\/li><li class=\"posts-by-tag-item Bernhardt-Minetti-Platz Holtenauer Stra&szlig;e Kieler Weihnachtsm&auml;rkte Weihnachtsmarkt Weihnachtszeit\" id=\"posts-by-tag-item-2091\"><a class=\"posts-by-tag-item-title\" href=\"https:\/\/welovekiel.com\/de\/26-meter-hohe-weihnachtspyramide-in-kiel-holtenauer-strasse-2091\/\">26 Meter hohe Weihnachtspyramide in der Holtenauer Stra&szlig;e aufgestellt<\/a> <small>Posted on: 13. November 2019<\/small><\/li><\/ul>\n<\/div><div class=\"fusion-clearfix\"><\/div><\/div><\/div><div class=\"fusion-layout-column fusion_builder_column fusion-builder-column-1 fusion_builder_column_1_4 1_4 fusion-one-fourth fusion-column-last\" style=\"width:25%;width:calc(25% - ( ( 4% ) * 0.25 ) );margin-top:0px;margin-bottom:20px;\"><div class=\"fusion-column-wrapper fusion-flex-column-wrapper-legacy\" style=\"background-position:left top;background-repeat:no-repeat;-webkit-background-size:cover;-moz-background-size:cover;-o-background-size:cover;background-size:cover;padding: 0px 0px 0px 0px;\"><div class=\"fusion-widget-area fusion-widget-area-1 fusion-content-widget-area\"><style type=\"text\/css\">.fusion-widget-area-1 {padding:0px 0px 0px 0px;}.fusion-widget-area-1 .widget h4 {color:#333333;}.fusion-widget-area-1 .widget .heading h4 {color:#333333;}<\/style><div id=\"custom_html-11\" class=\"widget_text widget widget_custom_html\"><div class=\"textwidget custom-html-widget\"><script async src=\"https:\/\/pagead2.googlesyndication.com\/pagead\/js\/adsbygoogle.js\"><\/script>\r\n<!-- welovekiel_de_galerie_sidebar_responsive -->\r\n<ins class=\"adsbygoogle\" style=\"display:block\" data-ad-client=\"ca-pub-2675294892226297\" data-ad-slot=\"5973548078\" data-ad-format=\"auto\" data-full-width-responsive=\"true\"><\/ins>\r\n<script>\r\n     (adsbygoogle = window.adsbygoogle || []).push({});\r\n<\/script><\/div><\/div><div id=\"gallery-taxonomies-2\" class=\"widget widget_gallery-taxonomies\" style=\"border-style: solid;border-color:transparent;border-width:0px;\"><div class=\"heading\"><h4 class=\"widget-title\">Kategorien der Bildergalerien<\/h4><\/div>\n<ul>\n  \t<li class=\"cat-item cat-item-339\"><a href=\"https:\/\/welovekiel.com\/de\/galleries\/category\/veranstaltungen-events\/\">Veranstaltungen &amp; Events<\/a>\n<\/li>\n\t<li class=\"cat-item cat-item-277\"><a href=\"https:\/\/welovekiel.com\/de\/galleries\/category\/kieler-foerde\/\">Kieler F&ouml;rde<\/a>\n<\/li>\n\t<li class=\"cat-item cat-item-293\"><a href=\"https:\/\/welovekiel.com\/de\/galleries\/category\/schiffe\/\">Schiffe<\/a>\n<\/li>\n\t<li class=\"cat-item cat-item-276\"><a href=\"https:\/\/welovekiel.com\/de\/galleries\/category\/kieler-woche\/\">Kieler Woche<\/a>\n<ul class=\"children\">\n\t<li class=\"cat-item cat-item-301\"><a href=\"https:\/\/welovekiel.com\/de\/galleries\/category\/kieler-woche-konzerte\/\">Kieler Woche Konzerte<\/a>\n<\/li>\n<\/ul>\n<\/li>\n\t<li class=\"cat-item cat-item-533\"><a href=\"https:\/\/welovekiel.com\/de\/galleries\/category\/kieler-hafen\/\">Kieler Hafen<\/a>\n<\/li>\n\t<li class=\"cat-item cat-item-501\"><a href=\"https:\/\/welovekiel.com\/de\/galleries\/category\/wik\/\">Wik<\/a>\n<\/li>\n\t<li class=\"cat-item cat-item-401\"><a href=\"https:\/\/welovekiel.com\/de\/galleries\/category\/altstadt\/\">Altstadt<\/a>\n<\/li>\n\t<li class=\"cat-item cat-item-674\"><a href=\"https:\/\/welovekiel.com\/de\/galleries\/category\/sehenswuerdigkeiten\/\">Sehensw&uuml;rdigkeiten<\/a>\n<\/li>\n\t<li class=\"cat-item cat-item-402\"><a href=\"https:\/\/welovekiel.com\/de\/galleries\/category\/vorstadt\/\">Vorstadt<\/a>\n<\/li>\n\t<li class=\"cat-item cat-item-502\"><a href=\"https:\/\/welovekiel.com\/de\/galleries\/category\/duesternbrook\/\">D&uuml;sternbrook<\/a>\n<\/li>\n\t<li class=\"cat-item cat-item-311\"><a href=\"https:\/\/welovekiel.com\/de\/galleries\/category\/musik-konzerte\/\">Musik &amp; Konzerte<\/a>\n<\/li>\n\t<li class=\"cat-item cat-item-890\"><a href=\"https:\/\/welovekiel.com\/de\/galleries\/category\/gebaeude-bauwerke\/\">Geb&auml;ude &amp; Bauwerke<\/a>\n<\/li>\n\t<li class=\"cat-item cat-item-318\"><a href=\"https:\/\/welovekiel.com\/de\/galleries\/category\/straende\/\">Str&auml;nde<\/a>\n<\/li>\n\t<li class=\"cat-item cat-item-573\"><a href=\"https:\/\/welovekiel.com\/de\/galleries\/category\/schilksee\/\">Schilksee<\/a>\n<\/li>\n\t<li class=\"cat-item cat-item-476\"><a href=\"https:\/\/welovekiel.com\/de\/galleries\/category\/parkanlagen-gruenflaechen\/\">Parkanlagen &amp; Gr&uuml;nfl&auml;chen<\/a>\n<\/li>\n\t<li class=\"cat-item cat-item-648\"><a href=\"https:\/\/welovekiel.com\/de\/galleries\/category\/holtenau\/\">Holtenau<\/a>\n<\/li>\n\t<li class=\"cat-item cat-item-672\"><a href=\"https:\/\/welovekiel.com\/de\/galleries\/category\/kieler-umland\/\">Kieler Umland<\/a>\n<\/li>\n\t<li class=\"cat-item cat-item-673\"><a href=\"https:\/\/welovekiel.com\/de\/galleries\/category\/kreis-rendsburg-eckernfoerde\/\">Kreis Rendsburg-Eckernf&ouml;rde<\/a>\n<\/li>\n\t<li class=\"cat-item cat-item-844\"><a href=\"https:\/\/welovekiel.com\/de\/galleries\/category\/sport\/\">Sport<\/a>\n<\/li>\n<\/ul>\n\n<\/div><div id=\"encyclopedia_items-6\" class=\"widget widget_encyclopedia_items\"><div class=\"heading\"><h4 class=\"widget-title\">Aus dem Kiel Lexikon<\/h4><\/div><ul>\n            <li><a href=\"https:\/\/welovekiel.com\/de\/lexikon\/ms-stadt-kiel\/\" title=\"\" class=\"encyclopedia\">MS Stadt Kiel<\/a><\/li>\n            <li><a href=\"https:\/\/welovekiel.com\/de\/lexikon\/schilksee-strand\/\" title=\"\" class=\"encyclopedia\">Schilksee Strand<\/a><\/li>\n            <li><a href=\"https:\/\/welovekiel.com\/de\/lexikon\/seebar-kiel-duesternbrook\/\" title=\"\" class=\"encyclopedia\">Seebar D&uuml;sternbrook<\/a><\/li>\n            <li><a href=\"https:\/\/welovekiel.com\/de\/lexikon\/internationaler-markt-kiel\/\" title=\"\" class=\"encyclopedia\">Internationaler Markt<\/a><\/li>\n            <li><a href=\"https:\/\/welovekiel.com\/de\/lexikon\/botanischer-garten-kiel\/\" title=\"\" class=\"encyclopedia\">Botanischer Garten<\/a><\/li>\n    <\/ul>\n<\/div>\n\t\t<div id=\"recent-posts-4\" class=\"widget widget_recent_entries\">\n\t\t<div class=\"heading\"><h4 class=\"widget-title\">Neu im Kiel Blog<\/h4><\/div>\n\t\t<ul>\n\t\t\t\t\t\t\t\t\t\t\t<li>\n\t\t\t\t\t<a href=\"https:\/\/welovekiel.com\/de\/kieler-woche-2026-konzerte-veranstaltungen-freitag-26-06-2026-17310\/\">Kieler Woche 2026: Konzerte &amp; Veranstaltungen Freitag 26.06.2026<\/a>\n\t\t\t\t\t\t\t\t\t<\/li>\n\t\t\t\t\t\t\t\t\t\t\t<li>\n\t\t\t\t\t<a href=\"https:\/\/welovekiel.com\/de\/kieler-woche-2026-konzerte-veranstaltungen-donnerstag-25-06-2026-17308\/\">Kieler Woche 2026: Konzerte &amp; Veranstaltungen Donnerstag 25.06.2026<\/a>\n\t\t\t\t\t\t\t\t\t<\/li>\n\t\t\t\t\t\t\t\t\t\t\t<li>\n\t\t\t\t\t<a href=\"https:\/\/welovekiel.com\/de\/kieler-woche-2026-konzerte-veranstaltungen-mittwoch-24-06-2026-17305\/\">Kieler Woche 2026: Konzerte &amp; Veranstaltungen Mittwoch 24.06.2026<\/a>\n\t\t\t\t\t\t\t\t\t<\/li>\n\t\t\t\t\t\t\t\t\t\t\t<li>\n\t\t\t\t\t<a href=\"https:\/\/welovekiel.com\/de\/kieler-woche-2026-konzerte-veranstaltungen-dienstag-23-06-2026-17303\/\">Kieler Woche 2026: Konzerte &amp; Veranstaltungen Dienstag 23.06.2026<\/a>\n\t\t\t\t\t\t\t\t\t<\/li>\n\t\t\t\t\t\t\t\t\t\t\t<li>\n\t\t\t\t\t<a href=\"https:\/\/welovekiel.com\/de\/kieler-woche-2026-konzerte-veranstaltungen-montag-22-06-2026-17298\/\">Kieler Woche 2026: Konzerte &amp; Veranstaltungen Montag 22.06.2026<\/a>\n\t\t\t\t\t\t\t\t\t<\/li>\n\t\t\t\t\t<\/ul>\n\n\t\t<\/div><div class=\"tribe-compatibility-container\">\n\t<div class=\"tribe-common tribe-events tribe-events-view tribe-events-view--widget-events-list tribe-events-widget\" data-js=\"tribe-events-view\" data-view-rest-url=\"https:\/\/welovekiel.com\/de\/wp-json\/tribe\/views\/v2\/html\" data-view-manage-url=\"1\" data-view-breakpoint-pointer=\"1d1aa853-02b9-49ba-bb55-283af95e2334\">\n\t\t<div class=\"tribe-events-widget-events-list\">\n\n\t\t\t<script type=\"application\/ld+json\">\r\n[{\"@context\":\"http:\/\/schema.org\",\"@type\":\"Event\",\"name\":\"Flohmarkt Kiel Innenstadt Holstenplatz bis Rathausplatz 06.09.2026\",\"description\":\"&lt;p&gt;Flohmarkt Kiel Innenstadt am Sonntag, den 6. September 2026 ab 8 Uhr auf dem Rathausplatz, Asmus-Bremer-Platz, Europaplatz, Fleeth\\u00f6rn, Willestra\\u00dfe, Holstenplatz und Holstenstra\\u00dfe. In den Monaten April bis September 2026 veranstaltet die Landeshauptstadt Kiel mehrere Flohm\\u00e4rkte [&hellip;]&lt;\/p&gt;\\\\n\",\"image\":\"https:\/\/welovekiel.com\/wp-content\/uploads\/kieler-rathausplatz-flohmarkt-innenstadt-kiel.jpg\",\"url\":\"https:\/\/welovekiel.com\/de\/event\/flohmarkt-kiel-innenstadt-holstenplatz-bis-rathausplatz-6-9-2026\/\",\"eventAttendanceMode\":\"https:\/\/schema.org\/OfflineEventAttendanceMode\",\"eventStatus\":\"https:\/\/schema.org\/EventScheduled\",\"startDate\":\"2026-09-06T08:00:00+02:00\",\"endDate\":\"2026-09-06T16:00:00+02:00\",\"location\":{\"@type\":\"Place\",\"name\":\"Rathausplatz Kiel\",\"description\":\"\",\"url\":\"https:\/\/welovekiel.com\/de\/veranstaltungsort\/rathausplatz-kiel\/\",\"address\":{\"@type\":\"PostalAddress\",\"streetAddress\":\"Rathausplatz\",\"addressLocality\":\"Kiel\",\"postalCode\":\"24103\",\"addressCountry\":\"Deutschland\"},\"telephone\":\"\",\"sameAs\":\"\"},\"organizer\":{\"@type\":\"Person\",\"name\":\"Landeshauptstadt Kiel\",\"description\":\"\",\"url\":\"\",\"telephone\":\"\",\"email\":\"\",\"sameAs\":\"\"},\"offers\":{\"@type\":\"Offer\",\"price\":\"0\",\"priceCurrency\":\"EUR\",\"url\":\"https:\/\/welovekiel.com\/de\/event\/flohmarkt-kiel-innenstadt-holstenplatz-bis-rathausplatz-6-9-2026\/\",\"category\":\"primary\",\"availability\":\"inStock\",\"validFrom\":\"1970-01-01T00:00:00+00:00\"},\"performer\":\"Organization\"},{\"@context\":\"http:\/\/schema.org\",\"@type\":\"Event\",\"name\":\"Flohmarkt Kaufland Kiel-Mettenhof 13.09.2026\",\"description\":\"&lt;p&gt;Flohmarkt Kaufland Kiel-Mettenhof am Sonntag, den 13. September 2026 ab 6 Uhr auf dem Kaufland Parkplatz im Kieler Stadtteil Mettenhof am Skandinaviendamm. In den Monaten Januar bis Dezember 2026 veranstaltet Heinz Geide Flohm\\u00e4rkte insgesamt 12 [&hellip;]&lt;\/p&gt;\\\\n\",\"image\":\"https:\/\/welovekiel.com\/wp-content\/uploads\/kaufland-mettenhof-parkhaus-flohmarkt.jpg\",\"url\":\"https:\/\/welovekiel.com\/de\/event\/flohmarkt-kaufland-kiel-mettenhof-13-09-2026\/\",\"eventAttendanceMode\":\"https:\/\/schema.org\/OfflineEventAttendanceMode\",\"eventStatus\":\"https:\/\/schema.org\/EventScheduled\",\"startDate\":\"2026-09-13T06:00:00+02:00\",\"endDate\":\"2026-09-13T16:00:00+02:00\",\"location\":{\"@type\":\"Place\",\"name\":\"Kaufland Kiel-Mettenhof\",\"description\":\"\",\"url\":\"https:\/\/welovekiel.com\/de\/veranstaltungsort\/kaufland-kiel-mettenhof\/\",\"address\":{\"@type\":\"PostalAddress\",\"streetAddress\":\"Skandinaviendamm 299\",\"addressLocality\":\"Kiel\",\"postalCode\":\"24109\",\"addressCountry\":\"Deutschland\"},\"telephone\":\"\",\"sameAs\":\"\"},\"organizer\":{\"@type\":\"Person\",\"name\":\"Heinz Geide Flom\\u00e4rkte\",\"description\":\"\",\"url\":\"\",\"telephone\":\"\",\"email\":\"\",\"sameAs\":\"\"},\"offers\":{\"@type\":\"Offer\",\"price\":\"0\",\"priceCurrency\":\"EUR\",\"url\":\"https:\/\/welovekiel.com\/de\/event\/flohmarkt-kaufland-kiel-mettenhof-13-09-2026\/\",\"category\":\"primary\",\"availability\":\"inStock\",\"validFrom\":\"1970-01-01T00:00:00+00:00\"},\"performer\":\"Organization\"},{\"@context\":\"http:\/\/schema.org\",\"@type\":\"Event\",\"name\":\"Flohmarkt Citti-Park Kiel 13.9.2026\",\"description\":\"&lt;p&gt;Flohmarkt Citti-Park Kiel am Sonntag, den 13. September 2026 ab 8 Uhr auf dem Citti-Park Parkplatz im M\\u00fchlendamm 1 im Kieler Stadtteil Hassee. An insgesamt sechs Terminen im Jahr 2026 veranstaltet die Firma Hochberg Flohm\\u00e4rkte [&hellip;]&lt;\/p&gt;\\\\n\",\"image\":\"https:\/\/welovekiel.com\/wp-content\/uploads\/flohmarkt-kiel-citti-park.jpg\",\"url\":\"https:\/\/welovekiel.com\/de\/event\/flohmarkt-citti-park-kiel-13-9-2026\/\",\"eventAttendanceMode\":\"https:\/\/schema.org\/OfflineEventAttendanceMode\",\"eventStatus\":\"https:\/\/schema.org\/EventScheduled\",\"startDate\":\"2026-09-13T08:00:00+02:00\",\"endDate\":\"2026-09-13T16:00:00+02:00\",\"location\":{\"@type\":\"Place\",\"name\":\"Citti-Park Kiel\",\"description\":\"\",\"url\":\"https:\/\/welovekiel.com\/de\/veranstaltungsort\/citti-park-kiel\/\",\"address\":{\"@type\":\"PostalAddress\",\"streetAddress\":\"M\\u00fchlendamm 1\",\"addressLocality\":\"Kiel\",\"postalCode\":\"24113\",\"addressCountry\":\"Deutschland\"},\"telephone\":\"\",\"sameAs\":\"\"},\"organizer\":{\"@type\":\"Person\",\"name\":\"Hochberg Flohmarkt\",\"description\":\"\",\"url\":\"\",\"telephone\":\"\",\"email\":\"\",\"sameAs\":\"\"},\"offers\":{\"@type\":\"Offer\",\"price\":\"0\",\"priceCurrency\":\"EUR\",\"url\":\"https:\/\/welovekiel.com\/de\/event\/flohmarkt-citti-park-kiel-13-9-2026\/\",\"category\":\"primary\",\"availability\":\"inStock\",\"validFrom\":\"1970-01-01T00:00:00+00:00\"},\"performer\":\"Organization\"}]\r\n<\/script>\n\t\t\t<script data-js=\"tribe-events-view-data\" type=\"application\/json\">\n\t{\"slug\":\"widget-events-list\",\"prev_url\":\"\",\"next_url\":\"https:\\\/\\\/welovekiel.com\\\/de\\\/?post_type=tribe_events&eventDisplay=widget-events-list&paged=2\",\"view_class\":\"Tribe\\\\Events\\\\Views\\\\V2\\\\Views\\\\Widgets\\\\Widget_List_View\",\"view_slug\":\"widget-events-list\",\"view_label\":\"View\",\"view\":null,\"should_manage_url\":true,\"id\":null,\"alias-slugs\":null,\"title\":\"Veranstaltungen von 31. August \\u2013 13. September \\u2013 We love Kiel\",\"limit\":\"3\",\"no_upcoming_events\":false,\"featured_events_only\":false,\"jsonld_enable\":true,\"tribe_is_list_widget\":false,\"admin_fields\":{\"title\":{\"label\":\"Titel:\",\"type\":\"text\",\"parent_classes\":\"\",\"classes\":\"\",\"dependency\":\"\",\"id\":\"widget-tribe-widget-events-list-6-title\",\"name\":\"widget-tribe-widget-events-list[6][title]\",\"options\":[],\"placeholder\":\"\",\"value\":null},\"limit\":{\"label\":\"Anzeige:\",\"type\":\"number\",\"default\":5,\"min\":1,\"max\":10,\"step\":1,\"parent_classes\":\"\",\"classes\":\"\",\"dependency\":\"\",\"id\":\"widget-tribe-widget-events-list-6-limit\",\"name\":\"widget-tribe-widget-events-list[6][limit]\",\"options\":[],\"placeholder\":\"\",\"value\":null},\"metadata_section\":{\"type\":\"fieldset\",\"classes\":\"tribe-common-form-control-checkbox-checkbox-group\",\"label\":\"Anzeige:\",\"children\":{\"cost\":{\"type\":\"checkbox\",\"label\":\"Preis\",\"parent_classes\":\"\",\"classes\":\"\",\"dependency\":\"\",\"id\":\"widget-tribe-widget-events-list-6-cost\",\"name\":\"widget-tribe-widget-events-list[6][cost]\",\"options\":[],\"placeholder\":\"\",\"value\":null},\"venue\":{\"type\":\"checkbox\",\"label\":\"Veranstaltungsort\",\"parent_classes\":\"\",\"classes\":\"\",\"dependency\":\"\",\"id\":\"widget-tribe-widget-events-list-6-venue\",\"name\":\"widget-tribe-widget-events-list[6][venue]\",\"options\":[],\"placeholder\":\"\",\"value\":null},\"street\":{\"type\":\"checkbox\",\"label\":\"Stra\\u00dfe\",\"parent_classes\":\"\",\"classes\":\"\",\"dependency\":\"\",\"id\":\"widget-tribe-widget-events-list-6-street\",\"name\":\"widget-tribe-widget-events-list[6][street]\",\"options\":[],\"placeholder\":\"\",\"value\":null},\"city\":{\"type\":\"checkbox\",\"label\":\"Stadt\",\"parent_classes\":\"\",\"classes\":\"\",\"dependency\":\"\",\"id\":\"widget-tribe-widget-events-list-6-city\",\"name\":\"widget-tribe-widget-events-list[6][city]\",\"options\":[],\"placeholder\":\"\",\"value\":null},\"region\":{\"type\":\"checkbox\",\"label\":\"Staat (USA) oder Bundesland \\\/ Kanton (International)\",\"parent_classes\":\"\",\"classes\":\"\",\"dependency\":\"\",\"id\":\"widget-tribe-widget-events-list-6-region\",\"name\":\"widget-tribe-widget-events-list[6][region]\",\"options\":[],\"placeholder\":\"\",\"value\":null},\"zip\":{\"type\":\"checkbox\",\"label\":\"Postleitzahl\",\"parent_classes\":\"\",\"classes\":\"\",\"dependency\":\"\",\"id\":\"widget-tribe-widget-events-list-6-zip\",\"name\":\"widget-tribe-widget-events-list[6][zip]\",\"options\":[],\"placeholder\":\"\",\"value\":null},\"country\":{\"type\":\"checkbox\",\"label\":\"Land\",\"parent_classes\":\"\",\"classes\":\"\",\"dependency\":\"\",\"id\":\"widget-tribe-widget-events-list-6-country\",\"name\":\"widget-tribe-widget-events-list[6][country]\",\"options\":[],\"placeholder\":\"\",\"value\":null},\"phone\":{\"type\":\"checkbox\",\"label\":\"Telefon\",\"parent_classes\":\"\",\"classes\":\"\",\"dependency\":\"\",\"id\":\"widget-tribe-widget-events-list-6-phone\",\"name\":\"widget-tribe-widget-events-list[6][phone]\",\"options\":[],\"placeholder\":\"\",\"value\":null},\"organizer\":{\"type\":\"checkbox\",\"label\":\"Veranstalter\",\"parent_classes\":\"\",\"classes\":\"\",\"dependency\":\"\",\"id\":\"widget-tribe-widget-events-list-6-organizer\",\"name\":\"widget-tribe-widget-events-list[6][organizer]\",\"options\":[],\"placeholder\":\"\",\"value\":null},\"website\":{\"type\":\"checkbox\",\"label\":\"Webseite\",\"parent_classes\":\"\",\"classes\":\"\",\"dependency\":\"\",\"id\":\"widget-tribe-widget-events-list-6-website\",\"name\":\"widget-tribe-widget-events-list[6][website]\",\"options\":[],\"placeholder\":\"\",\"value\":null}},\"parent_classes\":\"\",\"dependency\":\"\",\"id\":\"widget-tribe-widget-events-list-6-metadata_section\",\"name\":\"widget-tribe-widget-events-list[6][metadata_section]\",\"options\":[],\"placeholder\":\"\",\"value\":null},\"taxonomy_section\":{\"type\":\"section\",\"classes\":[\"calendar-widget-filters-container\"],\"label\":\"Filter:\",\"children\":{\"filters\":{\"type\":\"taxonomy-filters\",\"parent_classes\":\"\",\"classes\":\"\",\"dependency\":\"\",\"id\":\"widget-tribe-widget-events-list-6-filters\",\"label\":\"\",\"name\":\"widget-tribe-widget-events-list[6][filters]\",\"options\":[],\"placeholder\":\"\",\"value\":null,\"list_items\":[]},\"operand\":{\"type\":\"fieldset\",\"classes\":\"tribe-common-form-control-checkbox-radio-group\",\"label\":\"Operand:\",\"selected\":\"OR\",\"children\":[{\"type\":\"radio\",\"label\":\"Match any\",\"button_value\":\"OR\",\"parent_classes\":\"\",\"classes\":\"\",\"dependency\":\"\",\"id\":\"widget-tribe-widget-events-list-6-operand\",\"name\":\"widget-tribe-widget-events-list[6][operand]\",\"options\":[],\"placeholder\":\"\",\"value\":null},{\"type\":\"radio\",\"label\":\"Match all\",\"button_value\":\"AND\",\"parent_classes\":\"\",\"classes\":\"\",\"dependency\":\"\",\"id\":\"widget-tribe-widget-events-list-6-operand\",\"name\":\"widget-tribe-widget-events-list[6][operand]\",\"options\":[],\"placeholder\":\"\",\"value\":null}],\"parent_classes\":\"\",\"dependency\":\"\",\"id\":\"widget-tribe-widget-events-list-6-operand\",\"name\":\"widget-tribe-widget-events-list[6][operand]\",\"options\":[],\"placeholder\":\"\",\"value\":null}},\"parent_classes\":\"\",\"dependency\":\"\",\"id\":\"widget-tribe-widget-events-list-6-taxonomy_section\",\"name\":\"widget-tribe-widget-events-list[6][taxonomy_section]\",\"options\":[],\"placeholder\":\"\",\"value\":null},\"taxonomy\":{\"type\":\"taxonomy\",\"classes\":\"calendar-widget-add-filter\",\"label\":\"Filter zuf\\u00fcgen:\",\"placeholder\":\"W\\u00e4hle einen Taxonomiebegriff\",\"parent_classes\":\"\",\"dependency\":\"\",\"id\":\"widget-tribe-widget-events-list-6-taxonomy\",\"name\":\"widget-tribe-widget-events-list[6][taxonomy]\",\"options\":[],\"value\":null},\"no_upcoming_events\":{\"label\":\"Blende dieses Widget aus, wenn es keine bevorstehenden Veranstaltungen gibt.\",\"type\":\"checkbox\",\"parent_classes\":\"\",\"classes\":\"\",\"dependency\":\"\",\"id\":\"widget-tribe-widget-events-list-6-no_upcoming_events\",\"name\":\"widget-tribe-widget-events-list[6][no_upcoming_events]\",\"options\":[],\"placeholder\":\"\",\"value\":null},\"featured_events_only\":{\"label\":\"Nur auf hervorgehobene Veranstaltungen beschr\\u00e4nken\",\"type\":\"checkbox\",\"parent_classes\":\"\",\"classes\":\"\",\"dependency\":\"\",\"id\":\"widget-tribe-widget-events-list-6-featured_events_only\",\"name\":\"widget-tribe-widget-events-list[6][featured_events_only]\",\"options\":[],\"placeholder\":\"\",\"value\":null},\"jsonld_enable\":{\"label\":\"JSON-LD-Daten generieren\",\"type\":\"checkbox\",\"parent_classes\":\"\",\"classes\":\"\",\"dependency\":\"\",\"id\":\"widget-tribe-widget-events-list-6-jsonld_enable\",\"name\":\"widget-tribe-widget-events-list[6][jsonld_enable]\",\"options\":[],\"placeholder\":\"\",\"value\":null}},\"venue\":false,\"country\":false,\"street\":false,\"city\":false,\"region\":false,\"zip\":false,\"phone\":false,\"cost\":false,\"organizer\":false,\"website\":false,\"operand\":\"OR\",\"filters\":\"\",\"wpml_language\":\"de\",\"fusion_display_title\":\"yes\",\"fusion_padding_color\":\"\",\"fusion_margin\":\"\",\"fusion_bg_color\":\"\",\"fusion_bg_radius_size\":\"\",\"fusion_border_size\":\"\",\"fusion_border_style\":\"solid\",\"fusion_border_color\":\"\",\"fusion_divider_color\":\"\",\"fusion_align\":\"\",\"fusion_align_mobile\":\"\",\"events\":[10000634,10000625,10000648],\"url\":\"https:\\\/\\\/welovekiel.com\\\/de\\\/?post_type=tribe_events&eventDisplay=widget-events-list\",\"url_event_date\":false,\"bar\":{\"keyword\":\"\",\"date\":\"\"},\"today\":\"2026-08-31 00:00:00\",\"now\":\"2026-08-31 22:59:59\",\"home_url\":\"https:\\\/\\\/welovekiel.com\\\/de\\\/\",\"rest_url\":\"https:\\\/\\\/welovekiel.com\\\/de\\\/wp-json\\\/tribe\\\/views\\\/v2\\\/html\",\"rest_method\":\"GET\",\"rest_nonce\":\"\",\"today_url\":\"https:\\\/\\\/welovekiel.com\\\/de\\\/?post_type=tribe_events&eventDisplay=widget-events-list&rest_route=%2Fwp%2Fv2%2Fgallery%2F12252\",\"today_title\":\"Klicke, um das heutige Datum auszuw\\u00e4hlen\",\"today_label\":\"Heute\",\"prev_label\":\"\",\"next_label\":\"\",\"date_formats\":{\"compact\":\"d.m.Y\",\"month_and_year_compact\":\"m.Y\",\"month_and_year\":\"F Y\",\"time_range_separator\":\" - \",\"date_time_separator\":\" | \"},\"messages\":[],\"start_of_week\":\"1\",\"header_title\":\"\",\"header_title_element\":\"h1\",\"content_title\":\"\",\"show_content_title\":false,\"breadcrumbs\":[],\"backlink\":false,\"before_events\":\"\",\"after_events\":\"\\n<!--\\nThis calendar is powered by The Events Calendar.\\nhttp:\\\/\\\/evnt.is\\\/18wn\\n-->\\n\",\"display_events_bar\":false,\"disable_event_search\":false,\"live_refresh\":true,\"ical\":{\"display_link\":true,\"link\":{\"url\":\"https:\\\/\\\/welovekiel.com\\\/de\\\/?post_type=tribe_events&#038;eventDisplay=widget-events-list&#038;ical=1\",\"text\":\"Veranstaltungen als iCal exportieren\",\"title\":\"Diese Funktion verwenden, um Kalenderdaten mit Google Kalender, Apple iCal und kompatiblen Apps zu teilen\"}},\"container_classes\":[\"tribe-common\",\"tribe-events\",\"tribe-events-view\",\"tribe-events-view--widget-events-list\",\"tribe-events-widget\"],\"container_data\":[],\"is_past\":false,\"breakpoints\":{\"xsmall\":500,\"medium\":768,\"full\":960},\"breakpoint_pointer\":\"1d1aa853-02b9-49ba-bb55-283af95e2334\",\"is_initial_load\":false,\"public_views\":{\"list\":{\"view_class\":\"Tribe\\\\Events\\\\Views\\\\V2\\\\Views\\\\List_View\",\"view_url\":\"https:\\\/\\\/welovekiel.com\\\/de\\\/Veranstaltungen\\\/Liste\\\/\",\"view_label\":\"Liste\",\"aria_label\":\"Zeige Veranstaltungen in der Liste Ansicht\"},\"month\":{\"view_class\":\"Tribe\\\\Events\\\\Views\\\\V2\\\\Views\\\\Month_View\",\"view_url\":\"https:\\\/\\\/welovekiel.com\\\/de\\\/Veranstaltungen\\\/Monat\\\/\",\"view_label\":\"Monat\",\"aria_label\":\"Zeige Veranstaltungen in der Monat Ansicht\"},\"day\":{\"view_class\":\"Tribe\\\\Events\\\\Views\\\\V2\\\\Views\\\\Day_View\",\"view_url\":\"https:\\\/\\\/welovekiel.com\\\/de\\\/Veranstaltungen\\\/heute\\\/\",\"view_label\":\"Tag\",\"aria_label\":\"Zeige Veranstaltungen in der Tag Ansicht\"},\"week\":{\"view_class\":\"Tribe\\\\Events\\\\Pro\\\\Views\\\\V2\\\\Views\\\\Week_View\",\"view_url\":\"https:\\\/\\\/welovekiel.com\\\/de\\\/Veranstaltungen\\\/Woche\\\/\",\"view_label\":\"Woche\",\"aria_label\":\"Zeige Veranstaltungen in der Woche Ansicht\"}},\"show_latest_past\":false,\"past\":false,\"compatibility_classes\":[\"tribe-compatibility-container\"],\"view_more_text\":\"Kalender anzeigen\",\"view_more_title\":\"Weitere Veranstaltungen anzeigen.\",\"view_more_link\":\"https:\\\/\\\/welovekiel.com\\\/de\\\/Veranstaltungen\\\/\",\"widget_title\":\"Anstehende Veranstaltungen\",\"hide_if_no_upcoming_events\":false,\"display\":{\"cost\":false,\"venue\":false,\"street\":false,\"city\":false,\"region\":false,\"zip\":false,\"country\":false,\"phone\":false,\"organizer\":false,\"website\":false},\"subscribe_links\":{\"gcal\":{\"label\":\"Google Kalender\",\"single_label\":\"Zu Google Kalender hinzuf\\u00fcgen\",\"visible\":true,\"block_slug\":\"hasGoogleCalendar\"},\"ical\":{\"label\":\"iCalendar\",\"single_label\":\"Zu iCalendar hinzuf\\u00fcgen\",\"visible\":true,\"block_slug\":\"hasiCal\"},\"outlook-365\":{\"label\":\"Outlook 365\",\"single_label\":\"Outlook 365\",\"visible\":true,\"block_slug\":\"hasOutlook365\"},\"outlook-live\":{\"label\":\"Outlook Live\",\"single_label\":\"Outlook Live\",\"visible\":true,\"block_slug\":\"hasOutlookLive\"},\"ics\":{\"label\":\".ics-Datei exportieren\",\"single_label\":\".ics-Datei exportieren\",\"visible\":true,\"block_slug\":null},\"outlook-ics\":{\"label\":\"Exportiere Outlook .ics Datei\",\"single_label\":\"Exportiere Outlook .ics Datei\",\"visible\":true,\"block_slug\":null}},\"display_recurring_toggle\":false,\"_context\":{\"slug\":\"widget-events-list\"}}<\/script>\n\n\t\t\t\t\t\t\t<header class=\"tribe-events-widget-events-list__header\">\n\t\t\t\t\t<h2 class=\"tribe-events-widget-events-list__header-title tribe-common-h6 tribe-common-h--alt\">\n\t\t\t\t\t\tAnstehende Veranstaltungen\t\t\t\t\t<\/h2>\n\t\t\t\t<\/header>\n\t\t\t\n\t\t\t\n\t\t\t\t<div class=\"tribe-events-widget-events-list__events\">\n\t\t\t\t\t\t\t\t\t\t\t<div class=\"tribe-common-g-row tribe-events-widget-events-list__event-row\">\n\n\t<div class=\"tribe-events-widget-events-list__event-date-tag tribe-common-g-col\">\n\t<time class=\"tribe-events-widget-events-list__event-date-tag-datetime\" datetime=\"2026-09-06\">\n\t\t<span class=\"tribe-events-widget-events-list__event-date-tag-month\">\n\t\t\tSep.\t\t<\/span>\n\t\t<span class=\"tribe-events-widget-events-list__event-date-tag-daynum tribe-common-h2 tribe-common-h4--min-medium\">\n\t\t\t6\t\t<\/span>\n\t<\/time>\n<\/div>\n\n\t<div class=\"tribe-events-widget-events-list__event-wrapper tribe-common-g-col\">\n\t\t<article class=\"tribe-events-widget-events-list__event post-10000634 tribe_events type-tribe_events status-publish has-post-thumbnail hentry tag-3262 tag-asmus-bremer-platz tag-flohmarkt tag-flohmarkt-kiel tag-flohmarkt-kieler-innenstadt tag-flohmarkt-rathausplatz tag-holstenplatz tag-holstenstrasse tag-rathausplatz tag-willestrasse tribe_events_cat-flohmarkt tribe_events_cat-kiel tribe_events_cat-shopping gallery-content-unit\">\n\t\t\t<div class=\"tribe-events-widget-events-list__event-details\">\n\n\t\t\t\t<header class=\"tribe-events-widget-events-list__event-header\">\n\t\t\t\t\t<div class=\"tribe-events-widget-events-list__event-datetime-wrapper tribe-common-b2 tribe-common-b3--min-medium\">\n\t\t<time class=\"tribe-events-widget-events-list__event-datetime\" datetime=\"2026-09-06\">\n\t\t<span class=\"tribe-event-date-start\">08:00<\/span> - <span class=\"tribe-event-time\">16:00<\/span>\t<\/time>\n\t<\/div>\n\t\t\t\t\t<h3 class=\"tribe-events-widget-events-list__event-title tribe-common-h7\">\n\t<a href=\"https:\/\/welovekiel.com\/de\/event\/flohmarkt-kiel-innenstadt-holstenplatz-bis-rathausplatz-6-9-2026\/\" title=\"Flohmarkt Kiel Innenstadt Holstenplatz bis Rathausplatz 06.09.2026\" rel=\"bookmark\" class=\"tribe-events-widget-events-list__event-title-link tribe-common-anchor-thin\">\n\t\tFlohmarkt Kiel Innenstadt Holstenplatz bis Rathausplatz 06.09.2026\t<\/a>\n<\/h3>\n\t\t\t\t<\/header>\n\n\t\t\t\t\n\t\t\t<\/div>\n\t\t<\/article>\n\t<\/div>\n\n<\/div>\n\t\t\t\t\t\t\t\t\t\t\t<div class=\"tribe-common-g-row tribe-events-widget-events-list__event-row\">\n\n\t<div class=\"tribe-events-widget-events-list__event-date-tag tribe-common-g-col\">\n\t<time class=\"tribe-events-widget-events-list__event-date-tag-datetime\" datetime=\"2026-09-13\">\n\t\t<span class=\"tribe-events-widget-events-list__event-date-tag-month\">\n\t\t\tSep.\t\t<\/span>\n\t\t<span class=\"tribe-events-widget-events-list__event-date-tag-daynum tribe-common-h2 tribe-common-h4--min-medium\">\n\t\t\t13\t\t<\/span>\n\t<\/time>\n<\/div>\n\n\t<div class=\"tribe-events-widget-events-list__event-wrapper tribe-common-g-col\">\n\t\t<article class=\"tribe-events-widget-events-list__event post-10000625 tribe_events type-tribe_events status-publish has-post-thumbnail hentry tag-3262 tag-flohmarkt tag-flohmarkt-kiel tag-flohmarkt-mettenhof tag-kaufland tag-kaufland-flohmarkt tag-kaufland-mettenhof tag-kiel tag-mettenhof tag-mettenhof-fohmarkt tag-shopping tag-skandinaviendamm tribe_events_cat-flohmarkt tribe_events_cat-kiel tribe_events_cat-mettenhof tribe_events_cat-shopping gallery-content-unit\">\n\t\t\t<div class=\"tribe-events-widget-events-list__event-details\">\n\n\t\t\t\t<header class=\"tribe-events-widget-events-list__event-header\">\n\t\t\t\t\t<div class=\"tribe-events-widget-events-list__event-datetime-wrapper tribe-common-b2 tribe-common-b3--min-medium\">\n\t\t<time class=\"tribe-events-widget-events-list__event-datetime\" datetime=\"2026-09-13\">\n\t\t<span class=\"tribe-event-date-start\">06:00<\/span> - <span class=\"tribe-event-time\">16:00<\/span>\t<\/time>\n\t<\/div>\n\t\t\t\t\t<h3 class=\"tribe-events-widget-events-list__event-title tribe-common-h7\">\n\t<a href=\"https:\/\/welovekiel.com\/de\/event\/flohmarkt-kaufland-kiel-mettenhof-13-09-2026\/\" title=\"Flohmarkt Kaufland Kiel-Mettenhof 13.09.2026\" rel=\"bookmark\" class=\"tribe-events-widget-events-list__event-title-link tribe-common-anchor-thin\">\n\t\tFlohmarkt Kaufland Kiel-Mettenhof 13.09.2026\t<\/a>\n<\/h3>\n\t\t\t\t<\/header>\n\n\t\t\t\t\n\t\t\t<\/div>\n\t\t<\/article>\n\t<\/div>\n\n<\/div>\n\t\t\t\t\t\t\t\t\t\t\t<div class=\"tribe-common-g-row tribe-events-widget-events-list__event-row\">\n\n\t<div class=\"tribe-events-widget-events-list__event-date-tag tribe-common-g-col\">\n\t<time class=\"tribe-events-widget-events-list__event-date-tag-datetime\" datetime=\"2026-09-13\">\n\t\t<span class=\"tribe-events-widget-events-list__event-date-tag-month\">\n\t\t\tSep.\t\t<\/span>\n\t\t<span class=\"tribe-events-widget-events-list__event-date-tag-daynum tribe-common-h2 tribe-common-h4--min-medium\">\n\t\t\t13\t\t<\/span>\n\t<\/time>\n<\/div>\n\n\t<div class=\"tribe-events-widget-events-list__event-wrapper tribe-common-g-col\">\n\t\t<article class=\"tribe-events-widget-events-list__event post-10000648 tribe_events type-tribe_events status-publish has-post-thumbnail hentry tag-3262 tag-citti-park tag-citti-park-flohmarkt tag-citti-park-kiel tag-flohmarkt tag-flohmarkt-kiel tag-hassee tag-shopping tribe_events_cat-flohmarkt tribe_events_cat-hassee tribe_events_cat-kiel tribe_events_cat-shopping gallery-content-unit\">\n\t\t\t<div class=\"tribe-events-widget-events-list__event-details\">\n\n\t\t\t\t<header class=\"tribe-events-widget-events-list__event-header\">\n\t\t\t\t\t<div class=\"tribe-events-widget-events-list__event-datetime-wrapper tribe-common-b2 tribe-common-b3--min-medium\">\n\t\t<time class=\"tribe-events-widget-events-list__event-datetime\" datetime=\"2026-09-13\">\n\t\t<span class=\"tribe-event-date-start\">08:00<\/span> - <span class=\"tribe-event-time\">16:00<\/span>\t<\/time>\n\t<\/div>\n\t\t\t\t\t<h3 class=\"tribe-events-widget-events-list__event-title tribe-common-h7\">\n\t<a href=\"https:\/\/welovekiel.com\/de\/event\/flohmarkt-citti-park-kiel-13-9-2026\/\" title=\"Flohmarkt Citti-Park Kiel 13.9.2026\" rel=\"bookmark\" class=\"tribe-events-widget-events-list__event-title-link tribe-common-anchor-thin\">\n\t\tFlohmarkt Citti-Park Kiel 13.9.2026\t<\/a>\n<\/h3>\n\t\t\t\t<\/header>\n\n\t\t\t\t\n\t\t\t<\/div>\n\t\t<\/article>\n\t<\/div>\n\n<\/div>\n\t\t\t\t\t\t\t\t\t<\/div>\n\n\t\t\t\t<div class=\"tribe-events-widget-events-list__view-more tribe-common-b1 tribe-common-b2--min-medium\">\n\t<a href=\"https:\/\/welovekiel.com\/de\/Veranstaltungen\/\" class=\"tribe-events-widget-events-list__view-more-link tribe-common-anchor-thin\" title=\"Weitere Veranstaltungen anzeigen.\">\n\t\tKalender anzeigen\t<\/a>\n<\/div>\n\n\t\t\t\t\t<\/div>\n\t<\/div>\n<\/div>\n<script data-js=\"tribe-events-view-nonce-data\" type=\"application\/json\">{\"tvn1\":\"1ac8ea6e68\",\"tvn2\":\"\"}<\/script><div class=\"fusion-additional-widget-content\"><\/div><\/div><div class=\"fusion-clearfix\"><\/div><\/div><\/div><\/div><\/div>\n","protected":false},"excerpt":{"rendered":"","protected":false},"author":2,"featured_media":12224,"template":"","gallery-category":[672,673,339],"gallery-tag":[2334,2335,2145,414,2336,415],"gallery-event":[2337],"gallery-place":[2338],"gallery-date":[1082],"gallery-person":[],"gallery-photographer":[291],"class_list":["post-12252","gallery","type-gallery","status-publish","has-post-thumbnail","hentry","gallery-category-kieler-umland","gallery-category-kreis-rendsburg-eckernfoerde","gallery-category-veranstaltungen-events","gallery-tag-gut-steinwehr","gallery-tag-himbeerhof-steinwehr","gallery-tag-shopping","gallery-tag-weihnachtsmarkt","gallery-tag-weihnachtsmarkt-gut-steinwehr","gallery-tag-weihnachtszeit","gallery-event-weihnachtsmarkt-gut-steinwehr","gallery-place-gut-steinwehr","gallery-date-1082","gallery-photographer-christian-gewiese","gallery-content-unit"],"aioseo_notices":[],"aioseo_head":"\n\t\t<!-- All in One SEO 4.9.10 - aioseo.com -->\n\t<meta name=\"description\" content=\"Der Botanische Garten Kiel geh\u00f6rt zum Botanischen Institut der Christian-Albrechts-Universit\u00e4t zu Kiel und umfasst rund 14.000 Pflanzenarten aus aller Welt f\u00fcr Forschung und Lehre, die sich in den Gew\u00e4chsh\u00e4usern sowie den Au\u00dfenanlagen befinden.\" \/>\n\t<meta name=\"robots\" content=\"max-image-preview:large\" \/>\n\t<meta name=\"author\" content=\"Christian Gewiese\"\/>\n\t<meta name=\"keywords\" content=\"botanischer garten,christian-albrechts-universit\u00e4t zu kiel,garten,pflanzen,bildung und forschung,natur und umwelt,parkanlagen &amp; gr\u00fcnfl\u00e4chen,ravensberg,sehensw\u00fcrdigkeiten kiel\" \/>\n\t<link rel=\"canonical\" href=\"https:\/\/welovekiel.com\/de\/lexikon\/botanischer-garten-kiel\/\" \/>\n\t<meta name=\"generator\" content=\"All in One SEO (AIOSEO) 4.9.10\" \/>\n\t\t<meta property=\"og:locale\" content=\"de_DE\" \/>\n\t\t<meta property=\"og:site_name\" content=\"We love Kiel |\" \/>\n\t\t<meta property=\"og:type\" content=\"article\" \/>\n\t\t<meta property=\"og:title\" content=\"Botanischer Garten Kiel | We love Kiel\" \/>\n\t\t<meta property=\"og:description\" content=\"Der Botanische Garten Kiel geh\u00f6rt zum Botanischen Institut der Christian-Albrechts-Universit\u00e4t zu Kiel und umfasst rund 14.000 Pflanzenarten aus aller Welt f\u00fcr Forschung und Lehre, die sich in den Gew\u00e4chsh\u00e4usern sowie den Au\u00dfenanlagen befinden.\" \/>\n\t\t<meta property=\"og:url\" content=\"https:\/\/welovekiel.com\/de\/lexikon\/botanischer-garten-kiel\/\" \/>\n\t\t<meta property=\"article:published_time\" content=\"2019-10-23T12:03:18+00:00\" \/>\n\t\t<meta property=\"article:modified_time\" content=\"2023-03-07T22:11:27+00:00\" \/>\n\t\t<meta property=\"article:publisher\" content=\"https:\/\/www.facebook.com\/WeLoveKielCity\/\" \/>\n\t\t<meta name=\"twitter:card\" content=\"summary\" \/>\n\t\t<meta name=\"twitter:title\" content=\"Botanischer Garten Kiel | We love Kiel\" \/>\n\t\t<meta name=\"twitter:description\" content=\"Der Botanische Garten Kiel geh\u00f6rt zum Botanischen Institut der Christian-Albrechts-Universit\u00e4t zu Kiel und umfasst rund 14.000 Pflanzenarten aus aller Welt f\u00fcr Forschung und Lehre, die sich in den Gew\u00e4chsh\u00e4usern sowie den Au\u00dfenanlagen befinden.\" \/>\n\t\t<script type=\"application\/ld+json\" class=\"aioseo-schema\">\n\t\t\t{\"@context\":\"https:\\\/\\\/schema.org\",\"@graph\":[{\"@type\":\"BreadcrumbList\",\"@id\":\"https:\\\/\\\/welovekiel.com\\\/de\\\/lexikon\\\/botanischer-garten-kiel\\\/#breadcrumblist\",\"itemListElement\":[{\"@type\":\"ListItem\",\"@id\":\"https:\\\/\\\/welovekiel.com\\\/de\\\/#listItem\",\"position\":1,\"name\":\"Home\",\"item\":\"https:\\\/\\\/welovekiel.com\\\/de\\\/\",\"nextItem\":{\"@type\":\"ListItem\",\"@id\":\"https:\\\/\\\/welovekiel.com\\\/de\\\/galleries\\\/#listItem\",\"name\":\"Galerien\"}},{\"@type\":\"ListItem\",\"@id\":\"https:\\\/\\\/welovekiel.com\\\/de\\\/galleries\\\/#listItem\",\"position\":2,\"name\":\"Galerien\",\"item\":\"https:\\\/\\\/welovekiel.com\\\/de\\\/galleries\\\/\",\"nextItem\":{\"@type\":\"ListItem\",\"@id\":\"https:\\\/\\\/welovekiel.com\\\/de\\\/galleries\\\/category\\\/veranstaltungen-events\\\/#listItem\",\"name\":\"Veranstaltungen &amp; Events\"},\"previousItem\":{\"@type\":\"ListItem\",\"@id\":\"https:\\\/\\\/welovekiel.com\\\/de\\\/#listItem\",\"name\":\"Home\"}},{\"@type\":\"ListItem\",\"@id\":\"https:\\\/\\\/welovekiel.com\\\/de\\\/galleries\\\/category\\\/veranstaltungen-events\\\/#listItem\",\"position\":3,\"name\":\"Veranstaltungen &amp; Events\",\"item\":\"https:\\\/\\\/welovekiel.com\\\/de\\\/galleries\\\/category\\\/veranstaltungen-events\\\/\",\"nextItem\":{\"@type\":\"ListItem\",\"@id\":\"https:\\\/\\\/welovekiel.com\\\/de\\\/galleries\\\/historischer-weihnachtsmarkt-gut-steinwehr-adventssonntag-2022\\\/#listItem\",\"name\":\"Traditioneller Weihnachtsmarkt Gut Steinwehr 2. Adventssonntag 04. Dezember 2022\"},\"previousItem\":{\"@type\":\"ListItem\",\"@id\":\"https:\\\/\\\/welovekiel.com\\\/de\\\/galleries\\\/#listItem\",\"name\":\"Galerien\"}},{\"@type\":\"ListItem\",\"@id\":\"https:\\\/\\\/welovekiel.com\\\/de\\\/galleries\\\/historischer-weihnachtsmarkt-gut-steinwehr-adventssonntag-2022\\\/#listItem\",\"position\":4,\"name\":\"Traditioneller Weihnachtsmarkt Gut Steinwehr 2. Adventssonntag 04. Dezember 2022\",\"previousItem\":{\"@type\":\"ListItem\",\"@id\":\"https:\\\/\\\/welovekiel.com\\\/de\\\/galleries\\\/category\\\/veranstaltungen-events\\\/#listItem\",\"name\":\"Veranstaltungen &amp; Events\"}}]},{\"@type\":\"Organization\",\"@id\":\"https:\\\/\\\/welovekiel.com\\\/de\\\/#organization\",\"name\":\"We love Kiel\",\"url\":\"https:\\\/\\\/welovekiel.com\\\/de\\\/\",\"sameAs\":[\"https:\\\/\\\/www.facebook.com\\\/WeLoveKielCity\\\/\",\"https:\\\/\\\/www.instagram.com\\\/welovekiel\\\/\"]},{\"@type\":\"Person\",\"@id\":\"https:\\\/\\\/welovekiel.com\\\/de\\\/author\\\/christian\\\/#author\",\"url\":\"https:\\\/\\\/welovekiel.com\\\/de\\\/author\\\/christian\\\/\",\"name\":\"Christian Gewiese\",\"image\":{\"@type\":\"ImageObject\",\"@id\":\"https:\\\/\\\/welovekiel.com\\\/de\\\/lexikon\\\/botanischer-garten-kiel\\\/#authorImage\",\"url\":\"https:\\\/\\\/secure.gravatar.com\\\/avatar\\\/97707923f9bed63dfb3bbdf8065fadb426aa1508b119d1c175a90c8939cbdb88?s=96&d=mm&r=g\",\"width\":96,\"height\":96,\"caption\":\"Christian Gewiese\"}},{\"@type\":\"WebPage\",\"@id\":\"https:\\\/\\\/welovekiel.com\\\/de\\\/lexikon\\\/botanischer-garten-kiel\\\/#webpage\",\"url\":\"https:\\\/\\\/welovekiel.com\\\/de\\\/lexikon\\\/botanischer-garten-kiel\\\/\",\"name\":\"Botanischer Garten Kiel | We love Kiel\",\"description\":\"Der Botanische Garten Kiel geh\\u00f6rt zum Botanischen Institut der Christian-Albrechts-Universit\\u00e4t zu Kiel und umfasst rund 14.000 Pflanzenarten aus aller Welt f\\u00fcr Forschung und Lehre, die sich in den Gew\\u00e4chsh\\u00e4usern sowie den Au\\u00dfenanlagen befinden.\",\"inLanguage\":\"de-DE\",\"isPartOf\":{\"@id\":\"https:\\\/\\\/welovekiel.com\\\/de\\\/#website\"},\"breadcrumb\":{\"@id\":\"https:\\\/\\\/welovekiel.com\\\/de\\\/lexikon\\\/botanischer-garten-kiel\\\/#breadcrumblist\"},\"author\":{\"@id\":\"https:\\\/\\\/welovekiel.com\\\/de\\\/author\\\/christian\\\/#author\"},\"creator\":{\"@id\":\"https:\\\/\\\/welovekiel.com\\\/de\\\/author\\\/christian\\\/#author\"},\"image\":{\"@type\":\"ImageObject\",\"url\":\"https:\\\/\\\/welovekiel.com\\\/wp-content\\\/uploads\\\/botanischer-garten-kiel.jpg\",\"@id\":\"https:\\\/\\\/welovekiel.com\\\/de\\\/lexikon\\\/botanischer-garten-kiel\\\/#mainImage\",\"width\":1200,\"height\":857,\"caption\":\"Botanischer Garten Kiel\"},\"primaryImageOfPage\":{\"@id\":\"https:\\\/\\\/welovekiel.com\\\/de\\\/lexikon\\\/botanischer-garten-kiel\\\/#mainImage\"},\"datePublished\":\"2019-10-23T14:03:18+02:00\",\"dateModified\":\"2023-03-07T23:11:27+01:00\"},{\"@type\":\"WebSite\",\"@id\":\"https:\\\/\\\/welovekiel.com\\\/de\\\/#website\",\"url\":\"https:\\\/\\\/welovekiel.com\\\/de\\\/\",\"name\":\"We love Kiel\",\"inLanguage\":\"de-DE\",\"publisher\":{\"@id\":\"https:\\\/\\\/welovekiel.com\\\/de\\\/#organization\"}}]}\n\t\t<\/script>\n\t\t<!-- All in One SEO -->\n\n","aioseo_head_json":{"title":"Botanischer Garten Kiel | We love Kiel","description":"Der Botanische Garten Kiel geh\u00f6rt zum Botanischen Institut der Christian-Albrechts-Universit\u00e4t zu Kiel und umfasst rund 14.000 Pflanzenarten aus aller Welt f\u00fcr Forschung und Lehre, die sich in den Gew\u00e4chsh\u00e4usern sowie den Au\u00dfenanlagen befinden.","canonical_url":"https:\/\/welovekiel.com\/de\/lexikon\/botanischer-garten-kiel\/","robots":"max-image-preview:large","keywords":"botanischer garten,christian-albrechts-universit\u00e4t zu kiel,garten,pflanzen,bildung und forschung,natur und umwelt,parkanlagen &amp; gr\u00fcnfl\u00e4chen,ravensberg,sehensw\u00fcrdigkeiten kiel","webmasterTools":{"miscellaneous":""},"schema":{"@context":"https:\/\/schema.org","@graph":[{"@type":"BreadcrumbList","@id":"https:\/\/welovekiel.com\/de\/lexikon\/botanischer-garten-kiel\/#breadcrumblist","itemListElement":[{"@type":"ListItem","@id":"https:\/\/welovekiel.com\/de\/#listItem","position":1,"name":"Home","item":"https:\/\/welovekiel.com\/de\/","nextItem":{"@type":"ListItem","@id":"https:\/\/welovekiel.com\/de\/galleries\/#listItem","name":"Galerien"}},{"@type":"ListItem","@id":"https:\/\/welovekiel.com\/de\/galleries\/#listItem","position":2,"name":"Galerien","item":"https:\/\/welovekiel.com\/de\/galleries\/","nextItem":{"@type":"ListItem","@id":"https:\/\/welovekiel.com\/de\/galleries\/category\/veranstaltungen-events\/#listItem","name":"Veranstaltungen &amp; Events"},"previousItem":{"@type":"ListItem","@id":"https:\/\/welovekiel.com\/de\/#listItem","name":"Home"}},{"@type":"ListItem","@id":"https:\/\/welovekiel.com\/de\/galleries\/category\/veranstaltungen-events\/#listItem","position":3,"name":"Veranstaltungen &amp; Events","item":"https:\/\/welovekiel.com\/de\/galleries\/category\/veranstaltungen-events\/","nextItem":{"@type":"ListItem","@id":"https:\/\/welovekiel.com\/de\/galleries\/historischer-weihnachtsmarkt-gut-steinwehr-adventssonntag-2022\/#listItem","name":"Traditioneller Weihnachtsmarkt Gut Steinwehr 2. Adventssonntag 04. Dezember 2022"},"previousItem":{"@type":"ListItem","@id":"https:\/\/welovekiel.com\/de\/galleries\/#listItem","name":"Galerien"}},{"@type":"ListItem","@id":"https:\/\/welovekiel.com\/de\/galleries\/historischer-weihnachtsmarkt-gut-steinwehr-adventssonntag-2022\/#listItem","position":4,"name":"Traditioneller Weihnachtsmarkt Gut Steinwehr 2. Adventssonntag 04. Dezember 2022","previousItem":{"@type":"ListItem","@id":"https:\/\/welovekiel.com\/de\/galleries\/category\/veranstaltungen-events\/#listItem","name":"Veranstaltungen &amp; Events"}}]},{"@type":"Organization","@id":"https:\/\/welovekiel.com\/de\/#organization","name":"We love Kiel","url":"https:\/\/welovekiel.com\/de\/","sameAs":["https:\/\/www.facebook.com\/WeLoveKielCity\/","https:\/\/www.instagram.com\/welovekiel\/"]},{"@type":"Person","@id":"https:\/\/welovekiel.com\/de\/author\/christian\/#author","url":"https:\/\/welovekiel.com\/de\/author\/christian\/","name":"Christian Gewiese","image":{"@type":"ImageObject","@id":"https:\/\/welovekiel.com\/de\/lexikon\/botanischer-garten-kiel\/#authorImage","url":"https:\/\/secure.gravatar.com\/avatar\/97707923f9bed63dfb3bbdf8065fadb426aa1508b119d1c175a90c8939cbdb88?s=96&d=mm&r=g","width":96,"height":96,"caption":"Christian Gewiese"}},{"@type":"WebPage","@id":"https:\/\/welovekiel.com\/de\/lexikon\/botanischer-garten-kiel\/#webpage","url":"https:\/\/welovekiel.com\/de\/lexikon\/botanischer-garten-kiel\/","name":"Botanischer Garten Kiel | We love Kiel","description":"Der Botanische Garten Kiel geh\u00f6rt zum Botanischen Institut der Christian-Albrechts-Universit\u00e4t zu Kiel und umfasst rund 14.000 Pflanzenarten aus aller Welt f\u00fcr Forschung und Lehre, die sich in den Gew\u00e4chsh\u00e4usern sowie den Au\u00dfenanlagen befinden.","inLanguage":"de-DE","isPartOf":{"@id":"https:\/\/welovekiel.com\/de\/#website"},"breadcrumb":{"@id":"https:\/\/welovekiel.com\/de\/lexikon\/botanischer-garten-kiel\/#breadcrumblist"},"author":{"@id":"https:\/\/welovekiel.com\/de\/author\/christian\/#author"},"creator":{"@id":"https:\/\/welovekiel.com\/de\/author\/christian\/#author"},"image":{"@type":"ImageObject","url":"https:\/\/welovekiel.com\/wp-content\/uploads\/botanischer-garten-kiel.jpg","@id":"https:\/\/welovekiel.com\/de\/lexikon\/botanischer-garten-kiel\/#mainImage","width":1200,"height":857,"caption":"Botanischer Garten Kiel"},"primaryImageOfPage":{"@id":"https:\/\/welovekiel.com\/de\/lexikon\/botanischer-garten-kiel\/#mainImage"},"datePublished":"2019-10-23T14:03:18+02:00","dateModified":"2023-03-07T23:11:27+01:00"},{"@type":"WebSite","@id":"https:\/\/welovekiel.com\/de\/#website","url":"https:\/\/welovekiel.com\/de\/","name":"We love Kiel","inLanguage":"de-DE","publisher":{"@id":"https:\/\/welovekiel.com\/de\/#organization"}}]},"og:locale":"de_DE","og:site_name":"We love Kiel |","og:type":"article","og:title":"Botanischer Garten Kiel | We love Kiel","og:description":"Der Botanische Garten Kiel geh\u00f6rt zum Botanischen Institut der Christian-Albrechts-Universit\u00e4t zu Kiel und umfasst rund 14.000 Pflanzenarten aus aller Welt f\u00fcr Forschung und Lehre, die sich in den Gew\u00e4chsh\u00e4usern sowie den Au\u00dfenanlagen befinden.","og:url":"https:\/\/welovekiel.com\/de\/lexikon\/botanischer-garten-kiel\/","article:published_time":"2019-10-23T12:03:18+00:00","article:modified_time":"2023-03-07T22:11:27+00:00","article:publisher":"https:\/\/www.facebook.com\/WeLoveKielCity\/","twitter:card":"summary","twitter:title":"Botanischer Garten Kiel | We love Kiel","twitter:description":"Der Botanische Garten Kiel geh\u00f6rt zum Botanischen Institut der Christian-Albrechts-Universit\u00e4t zu Kiel und umfasst rund 14.000 Pflanzenarten aus aller Welt f\u00fcr Forschung und Lehre, die sich in den Gew\u00e4chsh\u00e4usern sowie den Au\u00dfenanlagen befinden."},"aioseo_meta_data":{"post_id":"12252","title":null,"description":"Bildergalerie Traditioneller Weihnachtsmarkt Gut Steinwehr 2. Adventssonntag 04. Dezember 2022 auf dem Himbeerhof Gut Steinwehr am Nord-Ostsee-Kanal.","keywords":[],"keyphrases":{"focus":{"keyphrase":"Weihnachtsmarkt Gut Steinwehr","score":88,"analysis":{"keyphraseInTitle":{"title":"Focus keyphrase in SEO title","description":"Focus keyphrase found in SEO title.","score":9,"maxScore":9,"error":0},"keyphraseInDescription":{"title":"Focus keyphrase in meta description","description":"Focus keyphrase found in meta description.","score":9,"maxScore":9,"error":0},"keyphraseLength":{"title":"Focus keyphrase length","description":"Good job!","score":9,"maxScore":9,"error":0,"length":3},"keyphraseInURL":{"title":"Focus keyphrase in URL","description":"Focus keyphrase used in the URL.","score":5,"maxScore":5,"error":0},"keyphraseInIntroduction":{"title":"Focus keyphrase in introduction","description":"Your Focus keyphrase does not appear in the first paragraph. Make sure the topic is clear immediately.","score":3,"maxScore":9,"error":1},"keyphraseInSubHeadings":[],"keyphraseInImageAlt":{"title":"Focus keyphrase in image alt attributes","description":"Focus keyphrase found in image alt attribute(s).","score":9,"maxScore":9,"error":0}}},"additional":[]},"primary_term":null,"canonical_url":null,"og_title":null,"og_description":null,"og_object_type":"default","og_image_type":"default","og_image_url":null,"og_image_width":null,"og_image_height":null,"og_image_custom_url":null,"og_image_custom_fields":null,"og_video":"","og_custom_url":null,"og_article_section":null,"og_article_tags":[],"twitter_use_og":false,"twitter_card":"default","twitter_image_type":"default","twitter_image_url":null,"twitter_image_custom_url":null,"twitter_image_custom_fields":null,"twitter_title":null,"twitter_description":null,"schema":{"blockGraphs":[],"customGraphs":[],"default":{"data":{"Article":[],"Course":[],"Dataset":[],"FAQPage":[],"Movie":[],"Person":[],"Product":[],"ProductReview":[],"Car":[],"Recipe":[],"Service":[],"SoftwareApplication":[],"WebPage":[]},"graphName":"WebPage","isEnabled":true},"graphs":[]},"schema_type":"default","schema_type_options":null,"pillar_content":false,"robots_default":true,"robots_noindex":false,"robots_noarchive":false,"robots_nosnippet":false,"robots_nofollow":false,"robots_noimageindex":false,"robots_noodp":false,"robots_notranslate":false,"robots_max_snippet":"-1","robots_max_videopreview":"-1","robots_max_imagepreview":"large","priority":null,"frequency":"default","local_seo":null,"breadcrumb_settings":null,"limit_modified_date":false,"ai":null,"created":"2022-12-08 08:30:36","updated":"2025-08-31 02:07:20","seo_analyzer_scan_date":null},"aioseo_breadcrumb":"<div class=\"aioseo-breadcrumbs\"><span class=\"aioseo-breadcrumb\">\n\t\t\t<a href=\"https:\/\/welovekiel.com\/de\/\" title=\"Home\">Home<\/a>\n\t\t<\/span><span class=\"aioseo-breadcrumb-separator\">&raquo;<\/span><span class=\"aioseo-breadcrumb\">\n\t\t\t<a href=\"https:\/\/welovekiel.com\/de\/galleries\/\" title=\"Galerien\">Galerien<\/a>\n\t\t<\/span><span class=\"aioseo-breadcrumb-separator\">&raquo;<\/span><span class=\"aioseo-breadcrumb\">\n\t\t\t<a href=\"https:\/\/welovekiel.com\/de\/galleries\/category\/veranstaltungen-events\/\" title=\"Veranstaltungen &amp; Events\">Veranstaltungen &amp; Events<\/a>\n\t\t<\/span><span class=\"aioseo-breadcrumb-separator\">&raquo;<\/span><span class=\"aioseo-breadcrumb\">\n\t\t\tTraditioneller Weihnachtsmarkt Gut Steinwehr 2. Adventssonntag 04. Dezember 2022\n\t\t<\/span><\/div>","aioseo_breadcrumb_json":[{"label":"Home","link":"https:\/\/welovekiel.com\/de\/"},{"label":"Galerien","link":"https:\/\/welovekiel.com\/de\/galleries\/"},{"label":"Veranstaltungen &amp; Events","link":"https:\/\/welovekiel.com\/de\/galleries\/category\/veranstaltungen-events\/"},{"label":"Traditioneller Weihnachtsmarkt Gut Steinwehr 2. Adventssonntag 04. Dezember 2022","link":"https:\/\/welovekiel.com\/de\/galleries\/historischer-weihnachtsmarkt-gut-steinwehr-adventssonntag-2022\/"}],"_links":{"self":[{"href":"https:\/\/welovekiel.com\/de\/wp-json\/wp\/v2\/gallery\/12252","targetHints":{"allow":["GET"]}}],"collection":[{"href":"https:\/\/welovekiel.com\/de\/wp-json\/wp\/v2\/gallery"}],"about":[{"href":"https:\/\/welovekiel.com\/de\/wp-json\/wp\/v2\/types\/gallery"}],"author":[{"embeddable":true,"href":"https:\/\/welovekiel.com\/de\/wp-json\/wp\/v2\/users\/2"}],"version-history":[{"count":0,"href":"https:\/\/welovekiel.com\/de\/wp-json\/wp\/v2\/gallery\/12252\/revisions"}],"wp:featuredmedia":[{"embeddable":true,"href":"https:\/\/welovekiel.com\/de\/wp-json\/wp\/v2\/media\/12224"}],"wp:attachment":[{"href":"https:\/\/welovekiel.com\/de\/wp-json\/wp\/v2\/media?parent=12252"}],"wp:term":[{"taxonomy":"gallery-category","embeddable":true,"href":"https:\/\/welovekiel.com\/de\/wp-json\/wp\/v2\/gallery-category?post=12252"},{"taxonomy":"gallery-tag","embeddable":true,"href":"https:\/\/welovekiel.com\/de\/wp-json\/wp\/v2\/gallery-tag?post=12252"},{"taxonomy":"gallery-event","embeddable":true,"href":"https:\/\/welovekiel.com\/de\/wp-json\/wp\/v2\/gallery-event?post=12252"},{"taxonomy":"gallery-place","embeddable":true,"href":"https:\/\/welovekiel.com\/de\/wp-json\/wp\/v2\/gallery-place?post=12252"},{"taxonomy":"gallery-date","embeddable":true,"href":"https:\/\/welovekiel.com\/de\/wp-json\/wp\/v2\/gallery-date?post=12252"},{"taxonomy":"gallery-person","embeddable":true,"href":"https:\/\/welovekiel.com\/de\/wp-json\/wp\/v2\/gallery-person?post=12252"},{"taxonomy":"gallery-photographer","embeddable":true,"href":"https:\/\/welovekiel.com\/de\/wp-json\/wp\/v2\/gallery-photographer?post=12252"}],"curies":[{"name":"wp","href":"https:\/\/api.w.org\/{rel}","templated":true}]}}