{"id":12162,"date":"2022-12-06T12:50:52","date_gmt":"2022-12-06T11:50:52","guid":{"rendered":"https:\/\/welovekiel.com\/?post_type=gallery&#038;p=12162"},"modified":"2022-12-06T12:50:52","modified_gmt":"2022-12-06T11:50:52","slug":"holtenauer-hochbruecke-prinz-heinrich-bruecke","status":"publish","type":"gallery","link":"https:\/\/welovekiel.com\/de\/galleries\/holtenauer-hochbruecke-prinz-heinrich-bruecke\/","title":{"rendered":"Holtenauer Hochbr\u00fccken gesperrt: Prinz-Heinrich-Br\u00fccke am 02.12.2022"},"content":{"rendered":"<div class=\"fusion-fullwidth fullwidth-box fusion-builder-row-1 nonhundred-percent-fullwidth non-hundred-percent-height-scrolling\" style=\"background-color: rgba(255,255,255,0);background-position: center center;background-repeat: no-repeat;padding-top:0px;padding-right:0px;padding-bottom:0px;padding-left:0px;margin-bottom: 0px;margin-top: 0px;border-width: 0px 0px 0px 0px;border-color:#eae9e9;border-style:solid;\"><div class=\"fusion-builder-row fusion-row\"><div class=\"fusion-layout-column fusion_builder_column fusion-builder-column-0 fusion_builder_column_3_4 3_4 fusion-three-fourth fusion-column-first\" style=\"width:75%;width:calc(75% - ( ( 4% ) * 0.75 ) );margin-right: 4%;margin-top:0px;margin-bottom:20px;\"><div class=\"fusion-column-wrapper fusion-flex-column-wrapper-legacy\" style=\"background-position:left top;background-repeat:no-repeat;-webkit-background-size:cover;-moz-background-size:cover;-o-background-size:cover;background-size:cover;padding: 0px 0px 0px 0px;\"><div class=\"fusion-text fusion-text-1\"><p><strong>Bildergalerie Holtenauer Hochbr&uuml;cken gesperrt: Prinz-Heinrich-Br&uuml;cke am 02.12.2022 kein Verkehr auf der Bundesstra&szlig;e B 503 Richtung Kiel-Wik.<\/strong><\/p>\n<p>Die Holtenauer Hochbr&uuml;cken sind seit dem 30.11.2022 f&uuml;r den Verkehr gesperrt: Freie Fahrt f&uuml;r Radfahrer am 02.12.2022, nachdem ein Frachter am 30.11.2022 die Br&uuml;cken &uuml;ber den <a href=\"https:\/\/welovekiel.com\/de\/lexikon\/nord-ostsee-kanal\/\" target=\"_self\" title=\"\" class=\"encyclopedia\">Nord-Ostsee-Kanal<\/a> gerammt hatte. Dieser Anblick ist wirklich selten, die Holtenauer Hochbr&uuml;cke, Bundesstra&szlig;e B 503 Fahrtrichtung von Nord nach S&uuml;d komplett ohne Autos oder andere Fahrzeuge. Normalerweise ist hier praktisch rund um die Uhr viel Verkehr. Doch seit dem 30. November 2022 und der Kollision eines Krans an Bord eines Frachters sind die Br&uuml;cken noch immer f&uuml;r den Verkehr gesperrt. Das bedeutet freie Fahrt f&uuml;r Radfahrer, die sich diese einmalige Gelegenheit nicht entgehen lassen und auf der Fahrbahn statt auf dem Radweg die Holtenauer Hochbr&uuml;cke von Holtenau Richtung Kiel &uuml;berqueren.<\/p>\n<\/div><div class=\"fusion-text fusion-text-2\">\n\t\t<style type=\"text\/css\">\n\t\t\t#gallery-1 {\n\t\t\t\tmargin: auto;\n\t\t\t}\n\t\t\t#gallery-1 .gallery-item {\n\t\t\t\tfloat: left;\n\t\t\t\tmargin-top: 10px;\n\t\t\t\ttext-align: center;\n\t\t\t\twidth: 50%;\n\t\t\t}\n\t\t\t#gallery-1 img {\n\t\t\t\tborder: 2px solid #cfcfcf;\n\t\t\t}\n\t\t\t#gallery-1 .gallery-caption {\n\t\t\t\tmargin-left: 0;\n\t\t\t}\n\t\t\t\/* see gallery_shortcode() in wp-includes\/media.php *\/\n\t\t<\/style>\n\t\t<div id=\"gallery-1\" class=\"gallery galleryid-12162 gallery-columns-2 gallery-size-fusion-400\"><dl class=\"gallery-item\">\n\t\t\t<dt class=\"gallery-icon landscape\">\n\t\t\t\t<a data-rel=\"iLightbox[postimages]\" data-title=\"Spaziergang auf Holtenauer Hochbr&uuml;cke Richtung Wik\" data-caption=\"Spaziergang auf Holtenauer Hochbr&uuml;cke Richtung Wik\" href=\"https:\/\/welovekiel.com\/wp-content\/uploads\/holtenauer-hochbruecke-b-503-spaziergang.jpg\" title=\"Spaziergang auf Holtenauer Hochbr&uuml;cke Richtung Wik\" data-description=\"Spaziergang auf Holtenauer Hochbr&uuml;cke Richtung Wik\"><img decoding=\"async\" width=\"400\" height=\"300\" src=\"https:\/\/welovekiel.com\/wp-content\/uploads\/holtenauer-hochbruecke-b-503-spaziergang-400x300.jpg\" class=\"attachment-fusion-400 size-fusion-400 lazyload\" alt=\"Spaziergang auf Holtenauer Hochbr&uuml;cke Richtung Wik\" aria-describedby=\"gallery-1-12118\" srcset=\"data:image\/svg+xml,%3Csvg%20xmlns%3D%27http%3A%2F%2Fwww.w3.org%2F2000%2Fsvg%27%20width%3D%271200%27%20height%3D%27900%27%20viewBox%3D%270%200%201200%20900%27%3E%3Crect%20width%3D%271200%27%20height%3D%27900%27%20fill-opacity%3D%220%22%2F%3E%3C%2Fsvg%3E\" data-orig-src=\"https:\/\/welovekiel.com\/wp-content\/uploads\/holtenauer-hochbruecke-b-503-spaziergang-400x300.jpg\" data-srcset=\"https:\/\/welovekiel.com\/wp-content\/uploads\/holtenauer-hochbruecke-b-503-spaziergang-200x150.jpg 200w, https:\/\/welovekiel.com\/wp-content\/uploads\/holtenauer-hochbruecke-b-503-spaziergang-300x225.jpg 300w, https:\/\/welovekiel.com\/wp-content\/uploads\/holtenauer-hochbruecke-b-503-spaziergang-400x300.jpg 400w, https:\/\/welovekiel.com\/wp-content\/uploads\/holtenauer-hochbruecke-b-503-spaziergang-600x450.jpg 600w, https:\/\/welovekiel.com\/wp-content\/uploads\/holtenauer-hochbruecke-b-503-spaziergang-768x576.jpg 768w, https:\/\/welovekiel.com\/wp-content\/uploads\/holtenauer-hochbruecke-b-503-spaziergang-800x600.jpg 800w, https:\/\/welovekiel.com\/wp-content\/uploads\/holtenauer-hochbruecke-b-503-spaziergang-1024x768.jpg 1024w, https:\/\/welovekiel.com\/wp-content\/uploads\/holtenauer-hochbruecke-b-503-spaziergang.jpg 1200w\" data-sizes=\"auto\"><\/a>\n\t\t\t<\/dt>\n\t\t\t\t<dd class=\"wp-caption-text gallery-caption\" id=\"gallery-1-12118\">\n\t\t\t\tSpaziergang auf Holtenauer Hochbr&uuml;cke Richtung Wik\n\t\t\t\t<\/dd><\/dl><dl class=\"gallery-item\">\n\t\t\t<dt class=\"gallery-icon landscape\">\n\t\t\t\t<a data-rel=\"iLightbox[postimages]\" data-title=\"Holtenauer Hochbr&uuml;cke gesperrt\" data-caption=\"Holtenauer Hochbr&uuml;cke gesperrt\" href=\"https:\/\/welovekiel.com\/wp-content\/uploads\/holtenauer-hochbruecken-gesperrt.jpg\" title=\"Holtenauer Hochbr&uuml;cke gesperrt\" data-description=\"Holtenauer Hochbr&uuml;cke gesperrt\"><img decoding=\"async\" width=\"400\" height=\"300\" src=\"https:\/\/welovekiel.com\/wp-content\/uploads\/holtenauer-hochbruecken-gesperrt-400x300.jpg\" class=\"attachment-fusion-400 size-fusion-400 lazyload\" alt=\"Holtenauer Hochbr&uuml;cke gesperrt\" aria-describedby=\"gallery-1-12126\" srcset=\"data:image\/svg+xml,%3Csvg%20xmlns%3D%27http%3A%2F%2Fwww.w3.org%2F2000%2Fsvg%27%20width%3D%271200%27%20height%3D%27900%27%20viewBox%3D%270%200%201200%20900%27%3E%3Crect%20width%3D%271200%27%20height%3D%27900%27%20fill-opacity%3D%220%22%2F%3E%3C%2Fsvg%3E\" data-orig-src=\"https:\/\/welovekiel.com\/wp-content\/uploads\/holtenauer-hochbruecken-gesperrt-400x300.jpg\" data-srcset=\"https:\/\/welovekiel.com\/wp-content\/uploads\/holtenauer-hochbruecken-gesperrt-200x150.jpg 200w, https:\/\/welovekiel.com\/wp-content\/uploads\/holtenauer-hochbruecken-gesperrt-300x225.jpg 300w, https:\/\/welovekiel.com\/wp-content\/uploads\/holtenauer-hochbruecken-gesperrt-400x300.jpg 400w, https:\/\/welovekiel.com\/wp-content\/uploads\/holtenauer-hochbruecken-gesperrt-600x450.jpg 600w, https:\/\/welovekiel.com\/wp-content\/uploads\/holtenauer-hochbruecken-gesperrt-768x576.jpg 768w, https:\/\/welovekiel.com\/wp-content\/uploads\/holtenauer-hochbruecken-gesperrt-800x600.jpg 800w, https:\/\/welovekiel.com\/wp-content\/uploads\/holtenauer-hochbruecken-gesperrt-1024x768.jpg 1024w, https:\/\/welovekiel.com\/wp-content\/uploads\/holtenauer-hochbruecken-gesperrt.jpg 1200w\" data-sizes=\"auto\"><\/a>\n\t\t\t<\/dt>\n\t\t\t\t<dd class=\"wp-caption-text gallery-caption\" id=\"gallery-1-12126\">\n\t\t\t\tHoltenauer Hochbr&uuml;cke gesperrt\n\t\t\t\t<\/dd><\/dl><br style=\"clear: both\"><dl class=\"gallery-item\">\n\t\t\t<dt class=\"gallery-icon landscape\">\n\t\t\t\t<a data-rel=\"iLightbox[postimages]\" data-title=\"Radfahrer Holtenauer Hochbr&uuml;cke \/ Prinz-Heinrich-Br&uuml;cke\" data-caption=\"Radfahrer Holtenauer Hochbr&uuml;cke \/ Prinz-Heinrich-Br&uuml;cke\" href=\"https:\/\/welovekiel.com\/wp-content\/uploads\/holtenauer-hochbruecke-gesperrt-2-12-2022.jpg\" title=\"Radfahrer Holtenauer Hochbr&uuml;cke \/ Prinz-Heinrich-Br&uuml;cke\" data-description=\"Radfahrer Holtenauer Hochbr&uuml;cke \/ Prinz-Heinrich-Br&uuml;cke\"><img decoding=\"async\" width=\"400\" height=\"300\" src=\"https:\/\/welovekiel.com\/wp-content\/uploads\/holtenauer-hochbruecke-gesperrt-2-12-2022-400x300.jpg\" class=\"attachment-fusion-400 size-fusion-400 lazyload\" alt=\"Radfahrer Holtenauer Hochbr&uuml;cke \/ Prinz-Heinrich-Br&uuml;cke\" aria-describedby=\"gallery-1-12124\" srcset=\"data:image\/svg+xml,%3Csvg%20xmlns%3D%27http%3A%2F%2Fwww.w3.org%2F2000%2Fsvg%27%20width%3D%271200%27%20height%3D%27900%27%20viewBox%3D%270%200%201200%20900%27%3E%3Crect%20width%3D%271200%27%20height%3D%27900%27%20fill-opacity%3D%220%22%2F%3E%3C%2Fsvg%3E\" data-orig-src=\"https:\/\/welovekiel.com\/wp-content\/uploads\/holtenauer-hochbruecke-gesperrt-2-12-2022-400x300.jpg\" data-srcset=\"https:\/\/welovekiel.com\/wp-content\/uploads\/holtenauer-hochbruecke-gesperrt-2-12-2022-200x150.jpg 200w, https:\/\/welovekiel.com\/wp-content\/uploads\/holtenauer-hochbruecke-gesperrt-2-12-2022-300x225.jpg 300w, https:\/\/welovekiel.com\/wp-content\/uploads\/holtenauer-hochbruecke-gesperrt-2-12-2022-400x300.jpg 400w, https:\/\/welovekiel.com\/wp-content\/uploads\/holtenauer-hochbruecke-gesperrt-2-12-2022-600x450.jpg 600w, https:\/\/welovekiel.com\/wp-content\/uploads\/holtenauer-hochbruecke-gesperrt-2-12-2022-768x576.jpg 768w, https:\/\/welovekiel.com\/wp-content\/uploads\/holtenauer-hochbruecke-gesperrt-2-12-2022-800x600.jpg 800w, https:\/\/welovekiel.com\/wp-content\/uploads\/holtenauer-hochbruecke-gesperrt-2-12-2022-1024x768.jpg 1024w, https:\/\/welovekiel.com\/wp-content\/uploads\/holtenauer-hochbruecke-gesperrt-2-12-2022.jpg 1200w\" data-sizes=\"auto\"><\/a>\n\t\t\t<\/dt>\n\t\t\t\t<dd class=\"wp-caption-text gallery-caption\" id=\"gallery-1-12124\">\n\t\t\t\tRadfahrer Holtenauer Hochbr&uuml;cke \/ Prinz-Heinrich-Br&uuml;cke\n\t\t\t\t<\/dd><\/dl><dl class=\"gallery-item\">\n\t\t\t<dt class=\"gallery-icon landscape\">\n\t\t\t\t<a data-rel=\"iLightbox[postimages]\" data-title=\"Holtenauer Hochbr&uuml;cken B 503 gesperrt\" data-caption=\"Holtenauer Hochbr&uuml;cken B 503 gesperrt\" href=\"https:\/\/welovekiel.com\/wp-content\/uploads\/holtenauer-hochbruecke-b-503-bruecke-gesperrt.jpg\" title=\"Holtenauer Hochbr&uuml;cken B 503 gesperrt\" data-description=\"Holtenauer Hochbr&uuml;cken B 503 gesperrt\"><img decoding=\"async\" width=\"400\" height=\"300\" src=\"https:\/\/welovekiel.com\/wp-content\/uploads\/holtenauer-hochbruecke-b-503-bruecke-gesperrt-400x300.jpg\" class=\"attachment-fusion-400 size-fusion-400 lazyload\" alt=\"Holtenauer Hochbr&uuml;cken B 503 gesperrt\" aria-describedby=\"gallery-1-12114\" srcset=\"data:image\/svg+xml,%3Csvg%20xmlns%3D%27http%3A%2F%2Fwww.w3.org%2F2000%2Fsvg%27%20width%3D%271200%27%20height%3D%27900%27%20viewBox%3D%270%200%201200%20900%27%3E%3Crect%20width%3D%271200%27%20height%3D%27900%27%20fill-opacity%3D%220%22%2F%3E%3C%2Fsvg%3E\" data-orig-src=\"https:\/\/welovekiel.com\/wp-content\/uploads\/holtenauer-hochbruecke-b-503-bruecke-gesperrt-400x300.jpg\" data-srcset=\"https:\/\/welovekiel.com\/wp-content\/uploads\/holtenauer-hochbruecke-b-503-bruecke-gesperrt-200x150.jpg 200w, https:\/\/welovekiel.com\/wp-content\/uploads\/holtenauer-hochbruecke-b-503-bruecke-gesperrt-300x225.jpg 300w, https:\/\/welovekiel.com\/wp-content\/uploads\/holtenauer-hochbruecke-b-503-bruecke-gesperrt-400x300.jpg 400w, https:\/\/welovekiel.com\/wp-content\/uploads\/holtenauer-hochbruecke-b-503-bruecke-gesperrt-600x450.jpg 600w, https:\/\/welovekiel.com\/wp-content\/uploads\/holtenauer-hochbruecke-b-503-bruecke-gesperrt-768x576.jpg 768w, https:\/\/welovekiel.com\/wp-content\/uploads\/holtenauer-hochbruecke-b-503-bruecke-gesperrt-800x600.jpg 800w, https:\/\/welovekiel.com\/wp-content\/uploads\/holtenauer-hochbruecke-b-503-bruecke-gesperrt-1024x768.jpg 1024w, https:\/\/welovekiel.com\/wp-content\/uploads\/holtenauer-hochbruecke-b-503-bruecke-gesperrt.jpg 1200w\" data-sizes=\"auto\"><\/a>\n\t\t\t<\/dt>\n\t\t\t\t<dd class=\"wp-caption-text gallery-caption\" id=\"gallery-1-12114\">\n\t\t\t\tHoltenauer Hochbr&uuml;cken B 503 gesperrt\n\t\t\t\t<\/dd><\/dl><br style=\"clear: both\"><dl class=\"gallery-item\">\n\t\t\t<dt class=\"gallery-icon landscape\">\n\t\t\t\t<a data-rel=\"iLightbox[postimages]\" data-title=\"Prinz-Heinrich-Br&uuml;cke \/ Holtenauer Hochbr&uuml;cke\" data-caption=\"Prinz-Heinrich-Br&uuml;cke \/ Holtenauer Hochbr&uuml;cke\" href=\"https:\/\/welovekiel.com\/wp-content\/uploads\/holtenauer-hochbruecke-gesperrt.jpg\" title=\"Prinz-Heinrich-Br&uuml;cke \/ Holtenauer Hochbr&uuml;cke\" data-description=\"Prinz-Heinrich-Br&uuml;cke \/ Holtenauer Hochbr&uuml;cke\"><img decoding=\"async\" width=\"400\" height=\"300\" src=\"https:\/\/welovekiel.com\/wp-content\/uploads\/holtenauer-hochbruecke-gesperrt-400x300.jpg\" class=\"attachment-fusion-400 size-fusion-400 lazyload\" alt=\"Prinz-Heinrich-Br&uuml;cke \/ Holtenauer Hochbr&uuml;cke\" aria-describedby=\"gallery-1-12122\" srcset=\"data:image\/svg+xml,%3Csvg%20xmlns%3D%27http%3A%2F%2Fwww.w3.org%2F2000%2Fsvg%27%20width%3D%271200%27%20height%3D%27900%27%20viewBox%3D%270%200%201200%20900%27%3E%3Crect%20width%3D%271200%27%20height%3D%27900%27%20fill-opacity%3D%220%22%2F%3E%3C%2Fsvg%3E\" data-orig-src=\"https:\/\/welovekiel.com\/wp-content\/uploads\/holtenauer-hochbruecke-gesperrt-400x300.jpg\" data-srcset=\"https:\/\/welovekiel.com\/wp-content\/uploads\/holtenauer-hochbruecke-gesperrt-200x150.jpg 200w, https:\/\/welovekiel.com\/wp-content\/uploads\/holtenauer-hochbruecke-gesperrt-300x225.jpg 300w, https:\/\/welovekiel.com\/wp-content\/uploads\/holtenauer-hochbruecke-gesperrt-400x300.jpg 400w, https:\/\/welovekiel.com\/wp-content\/uploads\/holtenauer-hochbruecke-gesperrt-600x450.jpg 600w, https:\/\/welovekiel.com\/wp-content\/uploads\/holtenauer-hochbruecke-gesperrt-768x576.jpg 768w, https:\/\/welovekiel.com\/wp-content\/uploads\/holtenauer-hochbruecke-gesperrt-800x600.jpg 800w, https:\/\/welovekiel.com\/wp-content\/uploads\/holtenauer-hochbruecke-gesperrt-1024x768.jpg 1024w, https:\/\/welovekiel.com\/wp-content\/uploads\/holtenauer-hochbruecke-gesperrt.jpg 1200w\" data-sizes=\"auto\"><\/a>\n\t\t\t<\/dt>\n\t\t\t\t<dd class=\"wp-caption-text gallery-caption\" id=\"gallery-1-12122\">\n\t\t\t\tPrinz-Heinrich-Br&uuml;cke \/ Holtenauer Hochbr&uuml;cke\n\t\t\t\t<\/dd><\/dl><dl class=\"gallery-item\">\n\t\t\t<dt class=\"gallery-icon landscape\">\n\t\t\t\t<a data-rel=\"iLightbox[postimages]\" data-title=\"Holtenauer Hochbr&uuml;cke Bundesstra&szlig;e B 503\" data-caption=\"Holtenauer Hochbr&uuml;cke Bundesstra&szlig;e B 503\" href=\"https:\/\/welovekiel.com\/wp-content\/uploads\/holtenauer-hochbruecke-bundesstrasse-503.jpg\" title=\"Holtenauer Hochbr&uuml;cke Bundesstra&szlig;e B 503\" data-description=\"Holtenauer Hochbr&uuml;cke Bundesstra&szlig;e B 503\"><img decoding=\"async\" width=\"400\" height=\"300\" src=\"https:\/\/welovekiel.com\/wp-content\/uploads\/holtenauer-hochbruecke-bundesstrasse-503-400x300.jpg\" class=\"attachment-fusion-400 size-fusion-400 lazyload\" alt=\"Holtenauer Hochbr&uuml;cke Bundesstra&szlig;e B 503\" aria-describedby=\"gallery-1-12120\" srcset=\"data:image\/svg+xml,%3Csvg%20xmlns%3D%27http%3A%2F%2Fwww.w3.org%2F2000%2Fsvg%27%20width%3D%271200%27%20height%3D%27900%27%20viewBox%3D%270%200%201200%20900%27%3E%3Crect%20width%3D%271200%27%20height%3D%27900%27%20fill-opacity%3D%220%22%2F%3E%3C%2Fsvg%3E\" data-orig-src=\"https:\/\/welovekiel.com\/wp-content\/uploads\/holtenauer-hochbruecke-bundesstrasse-503-400x300.jpg\" data-srcset=\"https:\/\/welovekiel.com\/wp-content\/uploads\/holtenauer-hochbruecke-bundesstrasse-503-200x150.jpg 200w, https:\/\/welovekiel.com\/wp-content\/uploads\/holtenauer-hochbruecke-bundesstrasse-503-300x225.jpg 300w, https:\/\/welovekiel.com\/wp-content\/uploads\/holtenauer-hochbruecke-bundesstrasse-503-400x300.jpg 400w, https:\/\/welovekiel.com\/wp-content\/uploads\/holtenauer-hochbruecke-bundesstrasse-503-600x450.jpg 600w, https:\/\/welovekiel.com\/wp-content\/uploads\/holtenauer-hochbruecke-bundesstrasse-503-768x576.jpg 768w, https:\/\/welovekiel.com\/wp-content\/uploads\/holtenauer-hochbruecke-bundesstrasse-503-800x600.jpg 800w, https:\/\/welovekiel.com\/wp-content\/uploads\/holtenauer-hochbruecke-bundesstrasse-503-1024x768.jpg 1024w, https:\/\/welovekiel.com\/wp-content\/uploads\/holtenauer-hochbruecke-bundesstrasse-503.jpg 1200w\" data-sizes=\"auto\"><\/a>\n\t\t\t<\/dt>\n\t\t\t\t<dd class=\"wp-caption-text gallery-caption\" id=\"gallery-1-12120\">\n\t\t\t\tHoltenauer Hochbr&uuml;cke Bundesstra&szlig;e B 503\n\t\t\t\t<\/dd><\/dl><br style=\"clear: both\"><dl class=\"gallery-item\">\n\t\t\t<dt class=\"gallery-icon landscape\">\n\t\t\t\t<a data-rel=\"iLightbox[postimages]\" data-title=\"Holtenauer Hochbr&uuml;cke Bundesstra&szlig;e B 503 gsperrt\" data-caption=\"Holtenauer Hochbr&uuml;cke Bundesstra&szlig;e B 503 gsperrt\" href=\"https:\/\/welovekiel.com\/wp-content\/uploads\/holtenauer-hochbruecke-b-503-gesperrt.jpg\" title=\"Holtenauer Hochbr&uuml;cke Bundesstra&szlig;e B 503 gsperrt\" data-description=\"Holtenauer Hochbr&uuml;cke Bundesstra&szlig;e B 503 gsperrt\"><img decoding=\"async\" width=\"400\" height=\"300\" src=\"https:\/\/welovekiel.com\/wp-content\/uploads\/holtenauer-hochbruecke-b-503-gesperrt-400x300.jpg\" class=\"attachment-fusion-400 size-fusion-400 lazyload\" alt=\"Holtenauer Hochbr&uuml;cke Bundesstra&szlig;e B 503 gsperrt\" aria-describedby=\"gallery-1-12116\" srcset=\"data:image\/svg+xml,%3Csvg%20xmlns%3D%27http%3A%2F%2Fwww.w3.org%2F2000%2Fsvg%27%20width%3D%271200%27%20height%3D%27900%27%20viewBox%3D%270%200%201200%20900%27%3E%3Crect%20width%3D%271200%27%20height%3D%27900%27%20fill-opacity%3D%220%22%2F%3E%3C%2Fsvg%3E\" data-orig-src=\"https:\/\/welovekiel.com\/wp-content\/uploads\/holtenauer-hochbruecke-b-503-gesperrt-400x300.jpg\" data-srcset=\"https:\/\/welovekiel.com\/wp-content\/uploads\/holtenauer-hochbruecke-b-503-gesperrt-200x150.jpg 200w, https:\/\/welovekiel.com\/wp-content\/uploads\/holtenauer-hochbruecke-b-503-gesperrt-300x225.jpg 300w, https:\/\/welovekiel.com\/wp-content\/uploads\/holtenauer-hochbruecke-b-503-gesperrt-400x300.jpg 400w, https:\/\/welovekiel.com\/wp-content\/uploads\/holtenauer-hochbruecke-b-503-gesperrt-600x450.jpg 600w, https:\/\/welovekiel.com\/wp-content\/uploads\/holtenauer-hochbruecke-b-503-gesperrt-768x576.jpg 768w, https:\/\/welovekiel.com\/wp-content\/uploads\/holtenauer-hochbruecke-b-503-gesperrt-800x600.jpg 800w, https:\/\/welovekiel.com\/wp-content\/uploads\/holtenauer-hochbruecke-b-503-gesperrt-1024x768.jpg 1024w, https:\/\/welovekiel.com\/wp-content\/uploads\/holtenauer-hochbruecke-b-503-gesperrt.jpg 1200w\" data-sizes=\"auto\"><\/a>\n\t\t\t<\/dt>\n\t\t\t\t<dd class=\"wp-caption-text gallery-caption\" id=\"gallery-1-12116\">\n\t\t\t\tHoltenauer Hochbr&uuml;cke Bundesstra&szlig;e B 503 gsperrt\n\t\t\t\t<\/dd><\/dl><dl class=\"gallery-item\">\n\t\t\t<dt class=\"gallery-icon landscape\">\n\t\t\t\t<a data-rel=\"iLightbox[postimages]\" data-title=\"B 503 Holtenauer Hochbr&uuml;cke f&uuml;r Verkehr gesperrt\" data-caption=\"B 503 Holtenauer Hochbr&uuml;cke f&uuml;r Verkehr gesperrt\" href=\"https:\/\/welovekiel.com\/wp-content\/uploads\/b-503-holtenauer-hochbruecke-nach-kollision-gesperrt.jpg\" title=\"B 503 Holtenauer Hochbr&uuml;cke f&uuml;r Verkehr gesperrt\" data-description=\"B 503 Holtenauer Hochbr&uuml;cke f&uuml;r Verkehr gesperrt\"><img decoding=\"async\" width=\"400\" height=\"300\" src=\"https:\/\/welovekiel.com\/wp-content\/uploads\/b-503-holtenauer-hochbruecke-nach-kollision-gesperrt-400x300.jpg\" class=\"attachment-fusion-400 size-fusion-400 lazyload\" alt=\"B 503 Holtenauer Hochbr&uuml;cke f&uuml;r Verkehr gesperrt\" aria-describedby=\"gallery-1-12098\" srcset=\"data:image\/svg+xml,%3Csvg%20xmlns%3D%27http%3A%2F%2Fwww.w3.org%2F2000%2Fsvg%27%20width%3D%271200%27%20height%3D%27900%27%20viewBox%3D%270%200%201200%20900%27%3E%3Crect%20width%3D%271200%27%20height%3D%27900%27%20fill-opacity%3D%220%22%2F%3E%3C%2Fsvg%3E\" data-orig-src=\"https:\/\/welovekiel.com\/wp-content\/uploads\/b-503-holtenauer-hochbruecke-nach-kollision-gesperrt-400x300.jpg\" data-srcset=\"https:\/\/welovekiel.com\/wp-content\/uploads\/b-503-holtenauer-hochbruecke-nach-kollision-gesperrt-200x150.jpg 200w, https:\/\/welovekiel.com\/wp-content\/uploads\/b-503-holtenauer-hochbruecke-nach-kollision-gesperrt-300x225.jpg 300w, https:\/\/welovekiel.com\/wp-content\/uploads\/b-503-holtenauer-hochbruecke-nach-kollision-gesperrt-400x300.jpg 400w, https:\/\/welovekiel.com\/wp-content\/uploads\/b-503-holtenauer-hochbruecke-nach-kollision-gesperrt-600x450.jpg 600w, https:\/\/welovekiel.com\/wp-content\/uploads\/b-503-holtenauer-hochbruecke-nach-kollision-gesperrt-768x576.jpg 768w, https:\/\/welovekiel.com\/wp-content\/uploads\/b-503-holtenauer-hochbruecke-nach-kollision-gesperrt-800x600.jpg 800w, https:\/\/welovekiel.com\/wp-content\/uploads\/b-503-holtenauer-hochbruecke-nach-kollision-gesperrt-1024x768.jpg 1024w, https:\/\/welovekiel.com\/wp-content\/uploads\/b-503-holtenauer-hochbruecke-nach-kollision-gesperrt.jpg 1200w\" data-sizes=\"auto\"><\/a>\n\t\t\t<\/dt>\n\t\t\t\t<dd class=\"wp-caption-text gallery-caption\" id=\"gallery-1-12098\">\n\t\t\t\tB 503 Holtenauer Hochbr&uuml;cke f&uuml;r Verkehr gesperrt\n\t\t\t\t<\/dd><\/dl><br style=\"clear: both\"><dl class=\"gallery-item\">\n\t\t\t<dt class=\"gallery-icon landscape\">\n\t\t\t\t<a data-rel=\"iLightbox[postimages]\" data-title=\"Schlepper im Nord-Ostsee-Kanal\" data-caption=\"Schlepper im Nord-Ostsee-Kanal\" href=\"https:\/\/welovekiel.com\/wp-content\/uploads\/schlepper-im-nord-ostsee-kanal.jpg\" title=\"Schlepper im Nord-Ostsee-Kanal\" data-description=\"Schlepper im Nord-Ostsee-Kanal\"><img decoding=\"async\" width=\"400\" height=\"300\" src=\"https:\/\/welovekiel.com\/wp-content\/uploads\/schlepper-im-nord-ostsee-kanal-400x300.jpg\" class=\"attachment-fusion-400 size-fusion-400 lazyload\" alt=\"Schlepper im Nord-Ostsee-Kanal\" aria-describedby=\"gallery-1-12152\" srcset=\"data:image\/svg+xml,%3Csvg%20xmlns%3D%27http%3A%2F%2Fwww.w3.org%2F2000%2Fsvg%27%20width%3D%271200%27%20height%3D%27900%27%20viewBox%3D%270%200%201200%20900%27%3E%3Crect%20width%3D%271200%27%20height%3D%27900%27%20fill-opacity%3D%220%22%2F%3E%3C%2Fsvg%3E\" data-orig-src=\"https:\/\/welovekiel.com\/wp-content\/uploads\/schlepper-im-nord-ostsee-kanal-400x300.jpg\" data-srcset=\"https:\/\/welovekiel.com\/wp-content\/uploads\/schlepper-im-nord-ostsee-kanal-200x150.jpg 200w, https:\/\/welovekiel.com\/wp-content\/uploads\/schlepper-im-nord-ostsee-kanal-300x225.jpg 300w, https:\/\/welovekiel.com\/wp-content\/uploads\/schlepper-im-nord-ostsee-kanal-400x300.jpg 400w, https:\/\/welovekiel.com\/wp-content\/uploads\/schlepper-im-nord-ostsee-kanal-600x450.jpg 600w, https:\/\/welovekiel.com\/wp-content\/uploads\/schlepper-im-nord-ostsee-kanal-768x576.jpg 768w, https:\/\/welovekiel.com\/wp-content\/uploads\/schlepper-im-nord-ostsee-kanal-800x600.jpg 800w, https:\/\/welovekiel.com\/wp-content\/uploads\/schlepper-im-nord-ostsee-kanal-1024x768.jpg 1024w, https:\/\/welovekiel.com\/wp-content\/uploads\/schlepper-im-nord-ostsee-kanal.jpg 1200w\" data-sizes=\"auto\"><\/a>\n\t\t\t<\/dt>\n\t\t\t\t<dd class=\"wp-caption-text gallery-caption\" id=\"gallery-1-12152\">\n\t\t\t\tSchlepper im Nord-Ostsee-Kanal\n\t\t\t\t<\/dd><\/dl><dl class=\"gallery-item\">\n\t\t\t<dt class=\"gallery-icon landscape\">\n\t\t\t\t<a data-rel=\"iLightbox[postimages]\" data-title=\"Nordhafen Nord-Ostsee-Kanal Frachtschiffe\" data-caption=\"Nordhafen Nord-Ostsee-Kanal Frachtschiffe\" href=\"https:\/\/welovekiel.com\/wp-content\/uploads\/nordhafen-nord-ostsee-kanal-frachtschiffe.jpg\" title=\"Nordhafen Nord-Ostsee-Kanal Frachtschiffe\" data-description=\"Nordhafen Nord-Ostsee-Kanal Frachtschiffe\"><img decoding=\"async\" width=\"400\" height=\"300\" src=\"https:\/\/welovekiel.com\/wp-content\/uploads\/nordhafen-nord-ostsee-kanal-frachtschiffe-400x300.jpg\" class=\"attachment-fusion-400 size-fusion-400 lazyload\" alt=\"Nordhafen Nord-Ostsee-Kanal Frachtschiffe\" aria-describedby=\"gallery-1-12146\" srcset=\"data:image\/svg+xml,%3Csvg%20xmlns%3D%27http%3A%2F%2Fwww.w3.org%2F2000%2Fsvg%27%20width%3D%271200%27%20height%3D%27900%27%20viewBox%3D%270%200%201200%20900%27%3E%3Crect%20width%3D%271200%27%20height%3D%27900%27%20fill-opacity%3D%220%22%2F%3E%3C%2Fsvg%3E\" data-orig-src=\"https:\/\/welovekiel.com\/wp-content\/uploads\/nordhafen-nord-ostsee-kanal-frachtschiffe-400x300.jpg\" data-srcset=\"https:\/\/welovekiel.com\/wp-content\/uploads\/nordhafen-nord-ostsee-kanal-frachtschiffe-200x150.jpg 200w, https:\/\/welovekiel.com\/wp-content\/uploads\/nordhafen-nord-ostsee-kanal-frachtschiffe-300x225.jpg 300w, https:\/\/welovekiel.com\/wp-content\/uploads\/nordhafen-nord-ostsee-kanal-frachtschiffe-400x300.jpg 400w, https:\/\/welovekiel.com\/wp-content\/uploads\/nordhafen-nord-ostsee-kanal-frachtschiffe-600x450.jpg 600w, https:\/\/welovekiel.com\/wp-content\/uploads\/nordhafen-nord-ostsee-kanal-frachtschiffe-768x576.jpg 768w, https:\/\/welovekiel.com\/wp-content\/uploads\/nordhafen-nord-ostsee-kanal-frachtschiffe-800x600.jpg 800w, https:\/\/welovekiel.com\/wp-content\/uploads\/nordhafen-nord-ostsee-kanal-frachtschiffe-1024x768.jpg 1024w, https:\/\/welovekiel.com\/wp-content\/uploads\/nordhafen-nord-ostsee-kanal-frachtschiffe.jpg 1200w\" data-sizes=\"auto\"><\/a>\n\t\t\t<\/dt>\n\t\t\t\t<dd class=\"wp-caption-text gallery-caption\" id=\"gallery-1-12146\">\n\t\t\t\tNordhafen Nord-Ostsee-Kanal Frachtschiffe\n\t\t\t\t<\/dd><\/dl><br style=\"clear: both\"><dl class=\"gallery-item\">\n\t\t\t<dt class=\"gallery-icon landscape\">\n\t\t\t\t<a data-rel=\"iLightbox[postimages]\" data-title=\"Meri Frachtschiff Nordhafen Kiel\" data-caption=\"Meri Frachtschiff Nordhafen Kiel\" href=\"https:\/\/welovekiel.com\/wp-content\/uploads\/meri-frachtschiff-nordhafen-kiel.jpg\" title=\"Meri Frachtschiff Nordhafen Kiel\" data-description=\"Meri Frachtschiff Nordhafen Kiel\"><img decoding=\"async\" width=\"400\" height=\"300\" src=\"https:\/\/welovekiel.com\/wp-content\/uploads\/meri-frachtschiff-nordhafen-kiel-400x300.jpg\" class=\"attachment-fusion-400 size-fusion-400 lazyload\" alt=\"Meri Frachtschiff Nordhafen Kiel\" aria-describedby=\"gallery-1-12138\" srcset=\"data:image\/svg+xml,%3Csvg%20xmlns%3D%27http%3A%2F%2Fwww.w3.org%2F2000%2Fsvg%27%20width%3D%271200%27%20height%3D%27900%27%20viewBox%3D%270%200%201200%20900%27%3E%3Crect%20width%3D%271200%27%20height%3D%27900%27%20fill-opacity%3D%220%22%2F%3E%3C%2Fsvg%3E\" data-orig-src=\"https:\/\/welovekiel.com\/wp-content\/uploads\/meri-frachtschiff-nordhafen-kiel-400x300.jpg\" data-srcset=\"https:\/\/welovekiel.com\/wp-content\/uploads\/meri-frachtschiff-nordhafen-kiel-200x150.jpg 200w, https:\/\/welovekiel.com\/wp-content\/uploads\/meri-frachtschiff-nordhafen-kiel-300x225.jpg 300w, https:\/\/welovekiel.com\/wp-content\/uploads\/meri-frachtschiff-nordhafen-kiel-400x300.jpg 400w, https:\/\/welovekiel.com\/wp-content\/uploads\/meri-frachtschiff-nordhafen-kiel-600x450.jpg 600w, https:\/\/welovekiel.com\/wp-content\/uploads\/meri-frachtschiff-nordhafen-kiel-768x576.jpg 768w, https:\/\/welovekiel.com\/wp-content\/uploads\/meri-frachtschiff-nordhafen-kiel-800x600.jpg 800w, https:\/\/welovekiel.com\/wp-content\/uploads\/meri-frachtschiff-nordhafen-kiel-1024x768.jpg 1024w, https:\/\/welovekiel.com\/wp-content\/uploads\/meri-frachtschiff-nordhafen-kiel.jpg 1200w\" data-sizes=\"auto\"><\/a>\n\t\t\t<\/dt>\n\t\t\t\t<dd class=\"wp-caption-text gallery-caption\" id=\"gallery-1-12138\">\n\t\t\t\tMeri Frachtschiff Nordhafen Kiel\n\t\t\t\t<\/dd><\/dl><dl class=\"gallery-item\">\n\t\t\t<dt class=\"gallery-icon landscape\">\n\t\t\t\t<a data-rel=\"iLightbox[postimages]\" data-title=\"Kran auf Frachtschiff nach Havarie mit Holtenauer Hochbr&uuml;cke\" data-caption=\"Kran auf Frachtschiff nach Havarie mit Holtenauer Hochbr&uuml;cke\" href=\"https:\/\/welovekiel.com\/wp-content\/uploads\/kran-auf-frachtschiff-nach-havarie-mit-holtenauer-hochbruecke.jpg\" title=\"Kran auf Frachtschiff nach Havarie mit Holtenauer Hochbr&uuml;cke\" data-description=\"Kran auf Frachtschiff nach Havarie mit Holtenauer Hochbr&uuml;cke\"><img decoding=\"async\" width=\"400\" height=\"300\" src=\"https:\/\/welovekiel.com\/wp-content\/uploads\/kran-auf-frachtschiff-nach-havarie-mit-holtenauer-hochbruecke-400x300.jpg\" class=\"attachment-fusion-400 size-fusion-400 lazyload\" alt=\"Kran auf Frachtschiff nach Havarie mit Holtenauer Hochbr&uuml;cke\" aria-describedby=\"gallery-1-12134\" srcset=\"data:image\/svg+xml,%3Csvg%20xmlns%3D%27http%3A%2F%2Fwww.w3.org%2F2000%2Fsvg%27%20width%3D%271200%27%20height%3D%27900%27%20viewBox%3D%270%200%201200%20900%27%3E%3Crect%20width%3D%271200%27%20height%3D%27900%27%20fill-opacity%3D%220%22%2F%3E%3C%2Fsvg%3E\" data-orig-src=\"https:\/\/welovekiel.com\/wp-content\/uploads\/kran-auf-frachtschiff-nach-havarie-mit-holtenauer-hochbruecke-400x300.jpg\" data-srcset=\"https:\/\/welovekiel.com\/wp-content\/uploads\/kran-auf-frachtschiff-nach-havarie-mit-holtenauer-hochbruecke-200x150.jpg 200w, https:\/\/welovekiel.com\/wp-content\/uploads\/kran-auf-frachtschiff-nach-havarie-mit-holtenauer-hochbruecke-300x225.jpg 300w, https:\/\/welovekiel.com\/wp-content\/uploads\/kran-auf-frachtschiff-nach-havarie-mit-holtenauer-hochbruecke-400x300.jpg 400w, https:\/\/welovekiel.com\/wp-content\/uploads\/kran-auf-frachtschiff-nach-havarie-mit-holtenauer-hochbruecke-600x450.jpg 600w, https:\/\/welovekiel.com\/wp-content\/uploads\/kran-auf-frachtschiff-nach-havarie-mit-holtenauer-hochbruecke-768x576.jpg 768w, https:\/\/welovekiel.com\/wp-content\/uploads\/kran-auf-frachtschiff-nach-havarie-mit-holtenauer-hochbruecke-800x600.jpg 800w, https:\/\/welovekiel.com\/wp-content\/uploads\/kran-auf-frachtschiff-nach-havarie-mit-holtenauer-hochbruecke-1024x768.jpg 1024w, https:\/\/welovekiel.com\/wp-content\/uploads\/kran-auf-frachtschiff-nach-havarie-mit-holtenauer-hochbruecke.jpg 1200w\" data-sizes=\"auto\"><\/a>\n\t\t\t<\/dt>\n\t\t\t\t<dd class=\"wp-caption-text gallery-caption\" id=\"gallery-1-12134\">\n\t\t\t\tKran auf Frachtschiff nach Havarie mit Holtenauer Hochbr&uuml;cke\n\t\t\t\t<\/dd><\/dl><br style=\"clear: both\">\n\t\t<\/div>\n\n<\/div><style type=\"text\/css\">@media only screen and (max-width:800px) {.fusion-title.fusion-title-1{margin-top:10px!important;margin-bottom:!important;}}<\/style><div class=\"fusion-title title fusion-title-1 fusion-title-text fusion-title-size-two\" style=\"margin-top:20px;margin-right:0px;margin-bottom:31px;margin-left:0px;\"><h2 class=\"title-heading-left\" style=\"margin:0;\">Dies k&ouml;nnte dich auch interessieren<\/h2><span class=\"awb-title-spacer\"><\/span><div class=\"title-sep-container\"><div class=\"title-sep sep-double sep-solid\" style=\"border-color:#e0dede;\"><\/div><\/div><\/div><div class=\"fusion-text fusion-text-3\"><ul class=\"posts-by-tag-list\"><li class=\"posts-by-tag-item Belvedere Forstbaumschule Fussball Holstein Fans Holstein Kiel Holstein-Stadion Holtenauer Stra&szlig;e Wik\" id=\"posts-by-tag-item-16832\"><a class=\"posts-by-tag-item-title\" href=\"https:\/\/welovekiel.com\/de\/holstein-kiel-fans-fanmarsch-zum-holstein-stadion-16832\/\">Holstein Kiel Fans: Fanmarsch von Forstbaumschule zum Holstein-Stadion vor letztem Heimspiel gegen D&uuml;sseldorf<\/a> <small>Posted on: 13. Mai 2024<\/small><\/li><li class=\"posts-by-tag-item Adler I Holtenau Holtenauer Hochbr&uuml;cke NOK Nord-Ostsee-Kanal Wartungsarbeiten Wik\" id=\"posts-by-tag-item-15497\"><a class=\"posts-by-tag-item-title\" href=\"https:\/\/welovekiel.com\/de\/wartungsarbeiten-kanalfaehre-adler-i-ab-15-10-2023-15497\/\">Planm&auml;&szlig;ige Wartungsarbeiten: Kanalf&auml;hre \"Adler I\" f&auml;llt ab 15.10.2023 f&uuml;r mehrere Tage aus<\/a> <small>Posted on: 13. Oktober 2023<\/small><\/li><li class=\"posts-by-tag-item Drohnenshow Holstein Kiel Holstein-Stadion Lasershow Westring Wik\" id=\"posts-by-tag-item-15455\"><a class=\"posts-by-tag-item-title\" href=\"https:\/\/welovekiel.com\/de\/fin-bartels-abschied-lasershow-drohnenshow-ueber-dem-holstein-stadion-15455\/\">Fin Bartels Abschied: Lasershow &amp; Drohnenshow &uuml;ber dem Holstein-Stadion<\/a> <small>Posted on: 9. September 2023<\/small><\/li><li class=\"posts-by-tag-item B 503 B 76 Br&uuml;cke Holtenauer Hochbr&uuml;cke Levensauer Hochbr&uuml;cke Nord-Ostsee-Kanal Olympiabr&uuml;cke Polizeieinsatz Sperrung Stau\" id=\"posts-by-tag-item-15432\"><a class=\"posts-by-tag-item-title\" href=\"https:\/\/welovekiel.com\/de\/holtenauer-hochbruecke-nach-mehrstuendigem-polizeieinsatz-am-28-08-2023-wieder-befahrbar-15432\/\">Holtenauer Hochbr&uuml;cke nach mehrst&uuml;ndigem Polizeieinsatz am 28.08.2023 wieder befahrbar<\/a> <small>Posted on: 28. August 2023<\/small><\/li><li class=\"posts-by-tag-item Bagger Kieler F&ouml;rde Nord-Ostsee-Kanal Schiffe Schwimmbagger\" id=\"posts-by-tag-item-15403\"><a class=\"posts-by-tag-item-title\" href=\"https:\/\/welovekiel.com\/de\/schwimmbagger-magnor-16-8-2023-nord-ostsee-kanal-15403\/\">Gr&ouml;&szlig;ter Schwimmbagger der Welt \"Magnor\" 16.8.2023 durch den Nord-Ostsee-Kanal geschleppt<\/a> <small>Posted on: 17. August 2023<\/small><\/li><li class=\"posts-by-tag-item Altenholz B 503 B 76 Holtenau Holtenauer Hochbr&uuml;cke Kieler Woche Olympiabr&uuml;cke Prinz-Heinrich-Br&uuml;cke Prinz-Heinrich-Stra&szlig;e Wik\" id=\"posts-by-tag-item-15204\"><a class=\"posts-by-tag-item-title\" href=\"https:\/\/welovekiel.com\/de\/bis-zum-ende-der-kieler-woche-2023-freie-fahrt-auf-den-holtenauer-hochbruecken-15204\/\">Bis zum Ende der Kieler Woche 2023: Freie Fahrt auf beiden Holtenauer Hochbr&uuml;cken<\/a> <small>Posted on: 14. Juni 2023<\/small><\/li><li class=\"posts-by-tag-item Deutsche Marine Kieler F&ouml;rde Marineschiffe Nord-Ostsee-Kanal Schleuse ThyssenKrupp Marine Systems TKMS U 17 U-Boot Wik\" id=\"posts-by-tag-item-14561\"><a class=\"posts-by-tag-item-title\" href=\"https:\/\/welovekiel.com\/de\/letzte-fahrt-u-17-von-kiel-durch-den-nord-ostsee-kanal-zum-technik-museum-sinsheim-speyer-14561\/\">Letzte Fahrt f&uuml;r U 17 von Kiel durch den Nord-Ostsee-Kanal zum Technik Museum Sinsheim Speyer<\/a> <small>Posted on: 30. April 2023<\/small><\/li><li class=\"posts-by-tag-item 218 SG Holtenau Kieler F&ouml;rde Marineschiffe Nord-Ostsee-Kanal Schiffe Schleuse Holtenau ThyssenKrupp Marine Systems TKMS U-Boot\" id=\"posts-by-tag-item-14559\"><a class=\"posts-by-tag-item-title\" href=\"https:\/\/welovekiel.com\/de\/u-boot-impeccable-nord-ostsee-kanal-kieler-foerde-14559\/\">70 Meter U-Boot \"Impeccable\" im Nord-Ostsee-Kanal und der Kieler F&ouml;rde<\/a> <small>Posted on: 29. April 2023<\/small><\/li><li class=\"posts-by-tag-item Balmoral Kreuzfahrtschiff Kreuzfahrtschiffe Nord-Ostsee-Kanal Ostseekai Schiffe Schleuse Schleuse Holtenau\" id=\"posts-by-tag-item-14266\"><a class=\"posts-by-tag-item-title\" href=\"https:\/\/welovekiel.com\/de\/kreuzfahrtschiff-balmoral-ankunft-kiel-14-4-2023-14266\/\">Kreuzfahrtsaison 2023: Kreuzfahrtschiff \"Balmoral\" macht am Ostseekai fest<\/a> <small>Posted on: 14. April 2023<\/small><\/li><li class=\"posts-by-tag-item 1601 Adler I Kieler F&ouml;rde L&uuml;rssen Megayacht Nord-Ostsee-Kanal Schiffe Schleuse Schleuse Holtenau Yacht\" id=\"posts-by-tag-item-13800\"><a class=\"posts-by-tag-item-title\" href=\"https:\/\/welovekiel.com\/de\/luerssen-megayacht-1601-nord-ostsee-kanal-13800\/\">L&uuml;rssen Megayacht 1601 im Nord-Ostsee-Kanal auf dem Weg zu Testfahrten in der Ostsee<\/a> <small>Posted on: 18. M&auml;rz 2023<\/small><\/li><\/ul>\n<\/div><style type=\"text\/css\">@media only screen and (max-width:800px) {.fusion-title.fusion-title-2{margin-top:10px!important;margin-bottom:!important;}}<\/style><div class=\"fusion-title title fusion-title-2 fusion-title-text fusion-title-size-two\" style=\"margin-top:20px;margin-right:0px;margin-bottom:31px;margin-left:0px;\"><h2 class=\"title-heading-left\" style=\"margin:0;\">Video Prinz-Heinrich-Br&uuml;cke<\/h2><span class=\"awb-title-spacer\"><\/span><div class=\"title-sep-container\"><div class=\"title-sep sep-double sep-solid\" style=\"border-color:#e0dede;\"><\/div><\/div><\/div><div class=\"fusion-video fusion-youtube\" style=\"max-width:800px;max-height:450px;\"><div class=\"video-shortcode\"><div class=\"fluid-width-video-wrapper\" style=\"padding-top:56.25%;\"><iframe title=\"YouTube video player 1\" src=\"https:\/\/www.youtube.com\/embed\/9HYN7bLySFw?wmode=transparent&amp;autoplay=0\" width=\"800\" height=\"450\" allowfullscreen allow=\"autoplay; fullscreen\"><\/iframe><\/div><\/div><\/div><div class=\"fusion-clearfix\"><\/div><\/div><\/div><div class=\"fusion-layout-column fusion_builder_column fusion-builder-column-1 fusion_builder_column_1_4 1_4 fusion-one-fourth fusion-column-last\" style=\"width:25%;width:calc(25% - ( ( 4% ) * 0.25 ) );margin-top:0px;margin-bottom:20px;\"><div class=\"fusion-column-wrapper fusion-flex-column-wrapper-legacy\" style=\"background-position:left top;background-repeat:no-repeat;-webkit-background-size:cover;-moz-background-size:cover;-o-background-size:cover;background-size:cover;padding: 0px 0px 0px 0px;\"><div class=\"fusion-widget-area fusion-widget-area-1 fusion-content-widget-area\"><style type=\"text\/css\">.fusion-widget-area-1 {padding:0px 0px 0px 0px;}.fusion-widget-area-1 .widget h4 {color:#333333;}.fusion-widget-area-1 .widget .heading h4 {color:#333333;}<\/style><div id=\"custom_html-11\" class=\"widget_text widget widget_custom_html\"><div class=\"textwidget custom-html-widget\"><script async src=\"https:\/\/pagead2.googlesyndication.com\/pagead\/js\/adsbygoogle.js\"><\/script>\r\n<!-- welovekiel_de_galerie_sidebar_responsive -->\r\n<ins class=\"adsbygoogle\" style=\"display:block\" data-ad-client=\"ca-pub-2675294892226297\" data-ad-slot=\"5973548078\" data-ad-format=\"auto\" data-full-width-responsive=\"true\"><\/ins>\r\n<script>\r\n     (adsbygoogle = window.adsbygoogle || []).push({});\r\n<\/script><\/div><\/div><div id=\"gallery-taxonomies-2\" class=\"widget widget_gallery-taxonomies\" style=\"border-style: solid;border-color:transparent;border-width:0px;\"><div class=\"heading\"><h4 class=\"widget-title\">Kategorien der Bildergalerien<\/h4><\/div>\n<ul>\n  \t<li class=\"cat-item cat-item-339\"><a href=\"https:\/\/welovekiel.com\/de\/galleries\/category\/veranstaltungen-events\/\">Veranstaltungen &amp; Events<\/a>\n<\/li>\n\t<li class=\"cat-item cat-item-277\"><a href=\"https:\/\/welovekiel.com\/de\/galleries\/category\/kieler-foerde\/\">Kieler F&ouml;rde<\/a>\n<\/li>\n\t<li class=\"cat-item cat-item-293\"><a href=\"https:\/\/welovekiel.com\/de\/galleries\/category\/schiffe\/\">Schiffe<\/a>\n<\/li>\n\t<li class=\"cat-item cat-item-276\"><a href=\"https:\/\/welovekiel.com\/de\/galleries\/category\/kieler-woche\/\">Kieler Woche<\/a>\n<ul class=\"children\">\n\t<li class=\"cat-item cat-item-301\"><a href=\"https:\/\/welovekiel.com\/de\/galleries\/category\/kieler-woche-konzerte\/\">Kieler Woche Konzerte<\/a>\n<\/li>\n<\/ul>\n<\/li>\n\t<li class=\"cat-item cat-item-533\"><a href=\"https:\/\/welovekiel.com\/de\/galleries\/category\/kieler-hafen\/\">Kieler Hafen<\/a>\n<\/li>\n\t<li class=\"cat-item cat-item-501\"><a href=\"https:\/\/welovekiel.com\/de\/galleries\/category\/wik\/\">Wik<\/a>\n<\/li>\n\t<li class=\"cat-item cat-item-401\"><a href=\"https:\/\/welovekiel.com\/de\/galleries\/category\/altstadt\/\">Altstadt<\/a>\n<\/li>\n\t<li class=\"cat-item cat-item-674\"><a href=\"https:\/\/welovekiel.com\/de\/galleries\/category\/sehenswuerdigkeiten\/\">Sehensw&uuml;rdigkeiten<\/a>\n<\/li>\n\t<li class=\"cat-item cat-item-402\"><a href=\"https:\/\/welovekiel.com\/de\/galleries\/category\/vorstadt\/\">Vorstadt<\/a>\n<\/li>\n\t<li class=\"cat-item cat-item-502\"><a href=\"https:\/\/welovekiel.com\/de\/galleries\/category\/duesternbrook\/\">D&uuml;sternbrook<\/a>\n<\/li>\n\t<li class=\"cat-item cat-item-311\"><a href=\"https:\/\/welovekiel.com\/de\/galleries\/category\/musik-konzerte\/\">Musik &amp; Konzerte<\/a>\n<\/li>\n\t<li class=\"cat-item cat-item-890\"><a href=\"https:\/\/welovekiel.com\/de\/galleries\/category\/gebaeude-bauwerke\/\">Geb&auml;ude &amp; Bauwerke<\/a>\n<\/li>\n\t<li class=\"cat-item cat-item-318\"><a href=\"https:\/\/welovekiel.com\/de\/galleries\/category\/straende\/\">Str&auml;nde<\/a>\n<\/li>\n\t<li class=\"cat-item cat-item-573\"><a href=\"https:\/\/welovekiel.com\/de\/galleries\/category\/schilksee\/\">Schilksee<\/a>\n<\/li>\n\t<li class=\"cat-item cat-item-476\"><a href=\"https:\/\/welovekiel.com\/de\/galleries\/category\/parkanlagen-gruenflaechen\/\">Parkanlagen &amp; Gr&uuml;nfl&auml;chen<\/a>\n<\/li>\n\t<li class=\"cat-item cat-item-648\"><a href=\"https:\/\/welovekiel.com\/de\/galleries\/category\/holtenau\/\">Holtenau<\/a>\n<\/li>\n\t<li class=\"cat-item cat-item-672\"><a href=\"https:\/\/welovekiel.com\/de\/galleries\/category\/kieler-umland\/\">Kieler Umland<\/a>\n<\/li>\n\t<li class=\"cat-item cat-item-673\"><a href=\"https:\/\/welovekiel.com\/de\/galleries\/category\/kreis-rendsburg-eckernfoerde\/\">Kreis Rendsburg-Eckernf&ouml;rde<\/a>\n<\/li>\n\t<li class=\"cat-item cat-item-844\"><a href=\"https:\/\/welovekiel.com\/de\/galleries\/category\/sport\/\">Sport<\/a>\n<\/li>\n<\/ul>\n\n<\/div><div id=\"encyclopedia_items-6\" class=\"widget widget_encyclopedia_items\"><div class=\"heading\"><h4 class=\"widget-title\">Aus dem Kiel Lexikon<\/h4><\/div><ul>\n            <li><a href=\"https:\/\/welovekiel.com\/de\/lexikon\/alexander-von-humboldt-2\/\" title=\"\" class=\"encyclopedia\">Alexander von Humboldt II<\/a><\/li>\n            <li><a href=\"https:\/\/welovekiel.com\/de\/lexikon\/seebar-kiel-duesternbrook\/\" title=\"\" class=\"encyclopedia\">Seebar D&uuml;sternbrook<\/a><\/li>\n            <li><a href=\"https:\/\/welovekiel.com\/de\/lexikon\/schlossgarten-erlebnis-und-kinoareal\/\" title=\"\" class=\"encyclopedia\">Schlossgarten Erlebnis- und Kinoareal<\/a><\/li>\n            <li><a href=\"https:\/\/welovekiel.com\/de\/lexikon\/wiker-balkon\/\" title=\"\" class=\"encyclopedia\">Wiker Balkon<\/a><\/li>\n            <li><a href=\"https:\/\/welovekiel.com\/de\/lexikon\/schlossgarten\/\" title=\"\" class=\"encyclopedia\">Schlossgarten<\/a><\/li>\n    <\/ul>\n<\/div>\n\t\t<div id=\"recent-posts-4\" class=\"widget widget_recent_entries\">\n\t\t<div class=\"heading\"><h4 class=\"widget-title\">Neu im Kiel Blog<\/h4><\/div>\n\t\t<ul>\n\t\t\t\t\t\t\t\t\t\t\t<li>\n\t\t\t\t\t<a href=\"https:\/\/welovekiel.com\/de\/kieler-woche-2026-konzerte-veranstaltungen-freitag-26-06-2026-17310\/\">Kieler Woche 2026: Konzerte &amp; Veranstaltungen Freitag 26.06.2026<\/a>\n\t\t\t\t\t\t\t\t\t<\/li>\n\t\t\t\t\t\t\t\t\t\t\t<li>\n\t\t\t\t\t<a href=\"https:\/\/welovekiel.com\/de\/kieler-woche-2026-konzerte-veranstaltungen-donnerstag-25-06-2026-17308\/\">Kieler Woche 2026: Konzerte &amp; Veranstaltungen Donnerstag 25.06.2026<\/a>\n\t\t\t\t\t\t\t\t\t<\/li>\n\t\t\t\t\t\t\t\t\t\t\t<li>\n\t\t\t\t\t<a href=\"https:\/\/welovekiel.com\/de\/kieler-woche-2026-konzerte-veranstaltungen-mittwoch-24-06-2026-17305\/\">Kieler Woche 2026: Konzerte &amp; Veranstaltungen Mittwoch 24.06.2026<\/a>\n\t\t\t\t\t\t\t\t\t<\/li>\n\t\t\t\t\t\t\t\t\t\t\t<li>\n\t\t\t\t\t<a href=\"https:\/\/welovekiel.com\/de\/kieler-woche-2026-konzerte-veranstaltungen-dienstag-23-06-2026-17303\/\">Kieler Woche 2026: Konzerte &amp; Veranstaltungen Dienstag 23.06.2026<\/a>\n\t\t\t\t\t\t\t\t\t<\/li>\n\t\t\t\t\t\t\t\t\t\t\t<li>\n\t\t\t\t\t<a href=\"https:\/\/welovekiel.com\/de\/kieler-woche-2026-konzerte-veranstaltungen-montag-22-06-2026-17298\/\">Kieler Woche 2026: Konzerte &amp; Veranstaltungen Montag 22.06.2026<\/a>\n\t\t\t\t\t\t\t\t\t<\/li>\n\t\t\t\t\t<\/ul>\n\n\t\t<\/div><div class=\"tribe-compatibility-container\">\n\t<div class=\"tribe-common tribe-events tribe-events-view tribe-events-view--widget-events-list tribe-events-widget\" data-js=\"tribe-events-view\" data-view-rest-url=\"https:\/\/welovekiel.com\/de\/wp-json\/tribe\/views\/v2\/html\" data-view-manage-url=\"1\" data-view-breakpoint-pointer=\"008169e6-9049-4acd-ac99-5e225d67d879\">\n\t\t<div class=\"tribe-events-widget-events-list\">\n\n\t\t\t<script type=\"application\/ld+json\">\r\n[{\"@context\":\"http:\/\/schema.org\",\"@type\":\"Event\",\"name\":\"Flohmarkt Kiel Innenstadt Holstenplatz bis Rathausplatz 06.09.2026\",\"description\":\"&lt;p&gt;Flohmarkt Kiel Innenstadt am Sonntag, den 6. September 2026 ab 8 Uhr auf dem Rathausplatz, Asmus-Bremer-Platz, Europaplatz, Fleeth\\u00f6rn, Willestra\\u00dfe, Holstenplatz und Holstenstra\\u00dfe. In den Monaten April bis September 2026 veranstaltet die Landeshauptstadt Kiel mehrere Flohm\\u00e4rkte [&hellip;]&lt;\/p&gt;\\\\n\",\"image\":\"https:\/\/welovekiel.com\/wp-content\/uploads\/kieler-rathausplatz-flohmarkt-innenstadt-kiel.jpg\",\"url\":\"https:\/\/welovekiel.com\/de\/event\/flohmarkt-kiel-innenstadt-holstenplatz-bis-rathausplatz-6-9-2026\/\",\"eventAttendanceMode\":\"https:\/\/schema.org\/OfflineEventAttendanceMode\",\"eventStatus\":\"https:\/\/schema.org\/EventScheduled\",\"startDate\":\"2026-09-06T08:00:00+02:00\",\"endDate\":\"2026-09-06T16:00:00+02:00\",\"location\":{\"@type\":\"Place\",\"name\":\"Rathausplatz Kiel\",\"description\":\"\",\"url\":\"https:\/\/welovekiel.com\/de\/veranstaltungsort\/rathausplatz-kiel\/\",\"address\":{\"@type\":\"PostalAddress\",\"streetAddress\":\"Rathausplatz\",\"addressLocality\":\"Kiel\",\"postalCode\":\"24103\",\"addressCountry\":\"Deutschland\"},\"telephone\":\"\",\"sameAs\":\"\"},\"organizer\":{\"@type\":\"Person\",\"name\":\"Landeshauptstadt Kiel\",\"description\":\"\",\"url\":\"\",\"telephone\":\"\",\"email\":\"\",\"sameAs\":\"\"},\"offers\":{\"@type\":\"Offer\",\"price\":\"0\",\"priceCurrency\":\"EUR\",\"url\":\"https:\/\/welovekiel.com\/de\/event\/flohmarkt-kiel-innenstadt-holstenplatz-bis-rathausplatz-6-9-2026\/\",\"category\":\"primary\",\"availability\":\"inStock\",\"validFrom\":\"1970-01-01T00:00:00+00:00\"},\"performer\":\"Organization\"},{\"@context\":\"http:\/\/schema.org\",\"@type\":\"Event\",\"name\":\"Flohmarkt Kaufland Kiel-Mettenhof 13.09.2026\",\"description\":\"&lt;p&gt;Flohmarkt Kaufland Kiel-Mettenhof am Sonntag, den 13. September 2026 ab 6 Uhr auf dem Kaufland Parkplatz im Kieler Stadtteil Mettenhof am Skandinaviendamm. In den Monaten Januar bis Dezember 2026 veranstaltet Heinz Geide Flohm\\u00e4rkte insgesamt 12 [&hellip;]&lt;\/p&gt;\\\\n\",\"image\":\"https:\/\/welovekiel.com\/wp-content\/uploads\/kaufland-mettenhof-parkhaus-flohmarkt.jpg\",\"url\":\"https:\/\/welovekiel.com\/de\/event\/flohmarkt-kaufland-kiel-mettenhof-13-09-2026\/\",\"eventAttendanceMode\":\"https:\/\/schema.org\/OfflineEventAttendanceMode\",\"eventStatus\":\"https:\/\/schema.org\/EventScheduled\",\"startDate\":\"2026-09-13T06:00:00+02:00\",\"endDate\":\"2026-09-13T16:00:00+02:00\",\"location\":{\"@type\":\"Place\",\"name\":\"Kaufland Kiel-Mettenhof\",\"description\":\"\",\"url\":\"https:\/\/welovekiel.com\/de\/veranstaltungsort\/kaufland-kiel-mettenhof\/\",\"address\":{\"@type\":\"PostalAddress\",\"streetAddress\":\"Skandinaviendamm 299\",\"addressLocality\":\"Kiel\",\"postalCode\":\"24109\",\"addressCountry\":\"Deutschland\"},\"telephone\":\"\",\"sameAs\":\"\"},\"organizer\":{\"@type\":\"Person\",\"name\":\"Heinz Geide Flom\\u00e4rkte\",\"description\":\"\",\"url\":\"\",\"telephone\":\"\",\"email\":\"\",\"sameAs\":\"\"},\"offers\":{\"@type\":\"Offer\",\"price\":\"0\",\"priceCurrency\":\"EUR\",\"url\":\"https:\/\/welovekiel.com\/de\/event\/flohmarkt-kaufland-kiel-mettenhof-13-09-2026\/\",\"category\":\"primary\",\"availability\":\"inStock\",\"validFrom\":\"1970-01-01T00:00:00+00:00\"},\"performer\":\"Organization\"},{\"@context\":\"http:\/\/schema.org\",\"@type\":\"Event\",\"name\":\"Flohmarkt Citti-Park Kiel 13.9.2026\",\"description\":\"&lt;p&gt;Flohmarkt Citti-Park Kiel am Sonntag, den 13. September 2026 ab 8 Uhr auf dem Citti-Park Parkplatz im M\\u00fchlendamm 1 im Kieler Stadtteil Hassee. An insgesamt sechs Terminen im Jahr 2026 veranstaltet die Firma Hochberg Flohm\\u00e4rkte [&hellip;]&lt;\/p&gt;\\\\n\",\"image\":\"https:\/\/welovekiel.com\/wp-content\/uploads\/flohmarkt-kiel-citti-park.jpg\",\"url\":\"https:\/\/welovekiel.com\/de\/event\/flohmarkt-citti-park-kiel-13-9-2026\/\",\"eventAttendanceMode\":\"https:\/\/schema.org\/OfflineEventAttendanceMode\",\"eventStatus\":\"https:\/\/schema.org\/EventScheduled\",\"startDate\":\"2026-09-13T08:00:00+02:00\",\"endDate\":\"2026-09-13T16:00:00+02:00\",\"location\":{\"@type\":\"Place\",\"name\":\"Citti-Park Kiel\",\"description\":\"\",\"url\":\"https:\/\/welovekiel.com\/de\/veranstaltungsort\/citti-park-kiel\/\",\"address\":{\"@type\":\"PostalAddress\",\"streetAddress\":\"M\\u00fchlendamm 1\",\"addressLocality\":\"Kiel\",\"postalCode\":\"24113\",\"addressCountry\":\"Deutschland\"},\"telephone\":\"\",\"sameAs\":\"\"},\"organizer\":{\"@type\":\"Person\",\"name\":\"Hochberg Flohmarkt\",\"description\":\"\",\"url\":\"\",\"telephone\":\"\",\"email\":\"\",\"sameAs\":\"\"},\"offers\":{\"@type\":\"Offer\",\"price\":\"0\",\"priceCurrency\":\"EUR\",\"url\":\"https:\/\/welovekiel.com\/de\/event\/flohmarkt-citti-park-kiel-13-9-2026\/\",\"category\":\"primary\",\"availability\":\"inStock\",\"validFrom\":\"1970-01-01T00:00:00+00:00\"},\"performer\":\"Organization\"}]\r\n<\/script>\n\t\t\t<script data-js=\"tribe-events-view-data\" type=\"application\/json\">\n\t{\"slug\":\"widget-events-list\",\"prev_url\":\"\",\"next_url\":\"https:\\\/\\\/welovekiel.com\\\/de\\\/?post_type=tribe_events&eventDisplay=widget-events-list&paged=2\",\"view_class\":\"Tribe\\\\Events\\\\Views\\\\V2\\\\Views\\\\Widgets\\\\Widget_List_View\",\"view_slug\":\"widget-events-list\",\"view_label\":\"View\",\"view\":null,\"should_manage_url\":true,\"id\":null,\"alias-slugs\":null,\"title\":\"Veranstaltungen von 31. August \\u2013 13. September \\u2013 We love Kiel\",\"limit\":\"3\",\"no_upcoming_events\":false,\"featured_events_only\":false,\"jsonld_enable\":true,\"tribe_is_list_widget\":false,\"admin_fields\":{\"title\":{\"label\":\"Titel:\",\"type\":\"text\",\"parent_classes\":\"\",\"classes\":\"\",\"dependency\":\"\",\"id\":\"widget-tribe-widget-events-list-6-title\",\"name\":\"widget-tribe-widget-events-list[6][title]\",\"options\":[],\"placeholder\":\"\",\"value\":null},\"limit\":{\"label\":\"Anzeige:\",\"type\":\"number\",\"default\":5,\"min\":1,\"max\":10,\"step\":1,\"parent_classes\":\"\",\"classes\":\"\",\"dependency\":\"\",\"id\":\"widget-tribe-widget-events-list-6-limit\",\"name\":\"widget-tribe-widget-events-list[6][limit]\",\"options\":[],\"placeholder\":\"\",\"value\":null},\"metadata_section\":{\"type\":\"fieldset\",\"classes\":\"tribe-common-form-control-checkbox-checkbox-group\",\"label\":\"Anzeige:\",\"children\":{\"cost\":{\"type\":\"checkbox\",\"label\":\"Preis\",\"parent_classes\":\"\",\"classes\":\"\",\"dependency\":\"\",\"id\":\"widget-tribe-widget-events-list-6-cost\",\"name\":\"widget-tribe-widget-events-list[6][cost]\",\"options\":[],\"placeholder\":\"\",\"value\":null},\"venue\":{\"type\":\"checkbox\",\"label\":\"Veranstaltungsort\",\"parent_classes\":\"\",\"classes\":\"\",\"dependency\":\"\",\"id\":\"widget-tribe-widget-events-list-6-venue\",\"name\":\"widget-tribe-widget-events-list[6][venue]\",\"options\":[],\"placeholder\":\"\",\"value\":null},\"street\":{\"type\":\"checkbox\",\"label\":\"Stra\\u00dfe\",\"parent_classes\":\"\",\"classes\":\"\",\"dependency\":\"\",\"id\":\"widget-tribe-widget-events-list-6-street\",\"name\":\"widget-tribe-widget-events-list[6][street]\",\"options\":[],\"placeholder\":\"\",\"value\":null},\"city\":{\"type\":\"checkbox\",\"label\":\"Stadt\",\"parent_classes\":\"\",\"classes\":\"\",\"dependency\":\"\",\"id\":\"widget-tribe-widget-events-list-6-city\",\"name\":\"widget-tribe-widget-events-list[6][city]\",\"options\":[],\"placeholder\":\"\",\"value\":null},\"region\":{\"type\":\"checkbox\",\"label\":\"Staat (USA) oder Bundesland \\\/ Kanton (International)\",\"parent_classes\":\"\",\"classes\":\"\",\"dependency\":\"\",\"id\":\"widget-tribe-widget-events-list-6-region\",\"name\":\"widget-tribe-widget-events-list[6][region]\",\"options\":[],\"placeholder\":\"\",\"value\":null},\"zip\":{\"type\":\"checkbox\",\"label\":\"Postleitzahl\",\"parent_classes\":\"\",\"classes\":\"\",\"dependency\":\"\",\"id\":\"widget-tribe-widget-events-list-6-zip\",\"name\":\"widget-tribe-widget-events-list[6][zip]\",\"options\":[],\"placeholder\":\"\",\"value\":null},\"country\":{\"type\":\"checkbox\",\"label\":\"Land\",\"parent_classes\":\"\",\"classes\":\"\",\"dependency\":\"\",\"id\":\"widget-tribe-widget-events-list-6-country\",\"name\":\"widget-tribe-widget-events-list[6][country]\",\"options\":[],\"placeholder\":\"\",\"value\":null},\"phone\":{\"type\":\"checkbox\",\"label\":\"Telefon\",\"parent_classes\":\"\",\"classes\":\"\",\"dependency\":\"\",\"id\":\"widget-tribe-widget-events-list-6-phone\",\"name\":\"widget-tribe-widget-events-list[6][phone]\",\"options\":[],\"placeholder\":\"\",\"value\":null},\"organizer\":{\"type\":\"checkbox\",\"label\":\"Veranstalter\",\"parent_classes\":\"\",\"classes\":\"\",\"dependency\":\"\",\"id\":\"widget-tribe-widget-events-list-6-organizer\",\"name\":\"widget-tribe-widget-events-list[6][organizer]\",\"options\":[],\"placeholder\":\"\",\"value\":null},\"website\":{\"type\":\"checkbox\",\"label\":\"Webseite\",\"parent_classes\":\"\",\"classes\":\"\",\"dependency\":\"\",\"id\":\"widget-tribe-widget-events-list-6-website\",\"name\":\"widget-tribe-widget-events-list[6][website]\",\"options\":[],\"placeholder\":\"\",\"value\":null}},\"parent_classes\":\"\",\"dependency\":\"\",\"id\":\"widget-tribe-widget-events-list-6-metadata_section\",\"name\":\"widget-tribe-widget-events-list[6][metadata_section]\",\"options\":[],\"placeholder\":\"\",\"value\":null},\"taxonomy_section\":{\"type\":\"section\",\"classes\":[\"calendar-widget-filters-container\"],\"label\":\"Filter:\",\"children\":{\"filters\":{\"type\":\"taxonomy-filters\",\"parent_classes\":\"\",\"classes\":\"\",\"dependency\":\"\",\"id\":\"widget-tribe-widget-events-list-6-filters\",\"label\":\"\",\"name\":\"widget-tribe-widget-events-list[6][filters]\",\"options\":[],\"placeholder\":\"\",\"value\":null,\"list_items\":[]},\"operand\":{\"type\":\"fieldset\",\"classes\":\"tribe-common-form-control-checkbox-radio-group\",\"label\":\"Operand:\",\"selected\":\"OR\",\"children\":[{\"type\":\"radio\",\"label\":\"Match any\",\"button_value\":\"OR\",\"parent_classes\":\"\",\"classes\":\"\",\"dependency\":\"\",\"id\":\"widget-tribe-widget-events-list-6-operand\",\"name\":\"widget-tribe-widget-events-list[6][operand]\",\"options\":[],\"placeholder\":\"\",\"value\":null},{\"type\":\"radio\",\"label\":\"Match all\",\"button_value\":\"AND\",\"parent_classes\":\"\",\"classes\":\"\",\"dependency\":\"\",\"id\":\"widget-tribe-widget-events-list-6-operand\",\"name\":\"widget-tribe-widget-events-list[6][operand]\",\"options\":[],\"placeholder\":\"\",\"value\":null}],\"parent_classes\":\"\",\"dependency\":\"\",\"id\":\"widget-tribe-widget-events-list-6-operand\",\"name\":\"widget-tribe-widget-events-list[6][operand]\",\"options\":[],\"placeholder\":\"\",\"value\":null}},\"parent_classes\":\"\",\"dependency\":\"\",\"id\":\"widget-tribe-widget-events-list-6-taxonomy_section\",\"name\":\"widget-tribe-widget-events-list[6][taxonomy_section]\",\"options\":[],\"placeholder\":\"\",\"value\":null},\"taxonomy\":{\"type\":\"taxonomy\",\"classes\":\"calendar-widget-add-filter\",\"label\":\"Filter zuf\\u00fcgen:\",\"placeholder\":\"W\\u00e4hle einen Taxonomiebegriff\",\"parent_classes\":\"\",\"dependency\":\"\",\"id\":\"widget-tribe-widget-events-list-6-taxonomy\",\"name\":\"widget-tribe-widget-events-list[6][taxonomy]\",\"options\":[],\"value\":null},\"no_upcoming_events\":{\"label\":\"Blende dieses Widget aus, wenn es keine bevorstehenden Veranstaltungen gibt.\",\"type\":\"checkbox\",\"parent_classes\":\"\",\"classes\":\"\",\"dependency\":\"\",\"id\":\"widget-tribe-widget-events-list-6-no_upcoming_events\",\"name\":\"widget-tribe-widget-events-list[6][no_upcoming_events]\",\"options\":[],\"placeholder\":\"\",\"value\":null},\"featured_events_only\":{\"label\":\"Nur auf hervorgehobene Veranstaltungen beschr\\u00e4nken\",\"type\":\"checkbox\",\"parent_classes\":\"\",\"classes\":\"\",\"dependency\":\"\",\"id\":\"widget-tribe-widget-events-list-6-featured_events_only\",\"name\":\"widget-tribe-widget-events-list[6][featured_events_only]\",\"options\":[],\"placeholder\":\"\",\"value\":null},\"jsonld_enable\":{\"label\":\"JSON-LD-Daten generieren\",\"type\":\"checkbox\",\"parent_classes\":\"\",\"classes\":\"\",\"dependency\":\"\",\"id\":\"widget-tribe-widget-events-list-6-jsonld_enable\",\"name\":\"widget-tribe-widget-events-list[6][jsonld_enable]\",\"options\":[],\"placeholder\":\"\",\"value\":null}},\"venue\":false,\"country\":false,\"street\":false,\"city\":false,\"region\":false,\"zip\":false,\"phone\":false,\"cost\":false,\"organizer\":false,\"website\":false,\"operand\":\"OR\",\"filters\":\"\",\"wpml_language\":\"de\",\"fusion_display_title\":\"yes\",\"fusion_padding_color\":\"\",\"fusion_margin\":\"\",\"fusion_bg_color\":\"\",\"fusion_bg_radius_size\":\"\",\"fusion_border_size\":\"\",\"fusion_border_style\":\"solid\",\"fusion_border_color\":\"\",\"fusion_divider_color\":\"\",\"fusion_align\":\"\",\"fusion_align_mobile\":\"\",\"events\":[10000634,10000625,10000648],\"url\":\"https:\\\/\\\/welovekiel.com\\\/de\\\/?post_type=tribe_events&eventDisplay=widget-events-list\",\"url_event_date\":false,\"bar\":{\"keyword\":\"\",\"date\":\"\"},\"today\":\"2026-08-31 00:00:00\",\"now\":\"2026-08-31 23:05:52\",\"home_url\":\"https:\\\/\\\/welovekiel.com\\\/de\\\/\",\"rest_url\":\"https:\\\/\\\/welovekiel.com\\\/de\\\/wp-json\\\/tribe\\\/views\\\/v2\\\/html\",\"rest_method\":\"GET\",\"rest_nonce\":\"\",\"today_url\":\"https:\\\/\\\/welovekiel.com\\\/de\\\/?post_type=tribe_events&eventDisplay=widget-events-list&rest_route=%2Fwp%2Fv2%2Fgallery%2F12162\",\"today_title\":\"Klicke, um das heutige Datum auszuw\\u00e4hlen\",\"today_label\":\"Heute\",\"prev_label\":\"\",\"next_label\":\"\",\"date_formats\":{\"compact\":\"d.m.Y\",\"month_and_year_compact\":\"m.Y\",\"month_and_year\":\"F Y\",\"time_range_separator\":\" - \",\"date_time_separator\":\" | \"},\"messages\":[],\"start_of_week\":\"1\",\"header_title\":\"\",\"header_title_element\":\"h1\",\"content_title\":\"\",\"show_content_title\":false,\"breadcrumbs\":[],\"backlink\":false,\"before_events\":\"\",\"after_events\":\"\\n<!--\\nThis calendar is powered by The Events Calendar.\\nhttp:\\\/\\\/evnt.is\\\/18wn\\n-->\\n\",\"display_events_bar\":false,\"disable_event_search\":false,\"live_refresh\":true,\"ical\":{\"display_link\":true,\"link\":{\"url\":\"https:\\\/\\\/welovekiel.com\\\/de\\\/?post_type=tribe_events&#038;eventDisplay=widget-events-list&#038;ical=1\",\"text\":\"Veranstaltungen als iCal exportieren\",\"title\":\"Diese Funktion verwenden, um Kalenderdaten mit Google Kalender, Apple iCal und kompatiblen Apps zu teilen\"}},\"container_classes\":[\"tribe-common\",\"tribe-events\",\"tribe-events-view\",\"tribe-events-view--widget-events-list\",\"tribe-events-widget\"],\"container_data\":[],\"is_past\":false,\"breakpoints\":{\"xsmall\":500,\"medium\":768,\"full\":960},\"breakpoint_pointer\":\"008169e6-9049-4acd-ac99-5e225d67d879\",\"is_initial_load\":false,\"public_views\":{\"list\":{\"view_class\":\"Tribe\\\\Events\\\\Views\\\\V2\\\\Views\\\\List_View\",\"view_url\":\"https:\\\/\\\/welovekiel.com\\\/de\\\/Veranstaltungen\\\/Liste\\\/\",\"view_label\":\"Liste\",\"aria_label\":\"Zeige Veranstaltungen in der Liste Ansicht\"},\"month\":{\"view_class\":\"Tribe\\\\Events\\\\Views\\\\V2\\\\Views\\\\Month_View\",\"view_url\":\"https:\\\/\\\/welovekiel.com\\\/de\\\/Veranstaltungen\\\/Monat\\\/\",\"view_label\":\"Monat\",\"aria_label\":\"Zeige Veranstaltungen in der Monat Ansicht\"},\"day\":{\"view_class\":\"Tribe\\\\Events\\\\Views\\\\V2\\\\Views\\\\Day_View\",\"view_url\":\"https:\\\/\\\/welovekiel.com\\\/de\\\/Veranstaltungen\\\/heute\\\/\",\"view_label\":\"Tag\",\"aria_label\":\"Zeige Veranstaltungen in der Tag Ansicht\"},\"week\":{\"view_class\":\"Tribe\\\\Events\\\\Pro\\\\Views\\\\V2\\\\Views\\\\Week_View\",\"view_url\":\"https:\\\/\\\/welovekiel.com\\\/de\\\/Veranstaltungen\\\/Woche\\\/\",\"view_label\":\"Woche\",\"aria_label\":\"Zeige Veranstaltungen in der Woche Ansicht\"}},\"show_latest_past\":false,\"past\":false,\"compatibility_classes\":[\"tribe-compatibility-container\"],\"view_more_text\":\"Kalender anzeigen\",\"view_more_title\":\"Weitere Veranstaltungen anzeigen.\",\"view_more_link\":\"https:\\\/\\\/welovekiel.com\\\/de\\\/Veranstaltungen\\\/\",\"widget_title\":\"Anstehende Veranstaltungen\",\"hide_if_no_upcoming_events\":false,\"display\":{\"cost\":false,\"venue\":false,\"street\":false,\"city\":false,\"region\":false,\"zip\":false,\"country\":false,\"phone\":false,\"organizer\":false,\"website\":false},\"subscribe_links\":{\"gcal\":{\"label\":\"Google Kalender\",\"single_label\":\"Zu Google Kalender hinzuf\\u00fcgen\",\"visible\":true,\"block_slug\":\"hasGoogleCalendar\"},\"ical\":{\"label\":\"iCalendar\",\"single_label\":\"Zu iCalendar hinzuf\\u00fcgen\",\"visible\":true,\"block_slug\":\"hasiCal\"},\"outlook-365\":{\"label\":\"Outlook 365\",\"single_label\":\"Outlook 365\",\"visible\":true,\"block_slug\":\"hasOutlook365\"},\"outlook-live\":{\"label\":\"Outlook Live\",\"single_label\":\"Outlook Live\",\"visible\":true,\"block_slug\":\"hasOutlookLive\"},\"ics\":{\"label\":\".ics-Datei exportieren\",\"single_label\":\".ics-Datei exportieren\",\"visible\":true,\"block_slug\":null},\"outlook-ics\":{\"label\":\"Exportiere Outlook .ics Datei\",\"single_label\":\"Exportiere Outlook .ics Datei\",\"visible\":true,\"block_slug\":null}},\"display_recurring_toggle\":false,\"_context\":{\"slug\":\"widget-events-list\"}}<\/script>\n\n\t\t\t\t\t\t\t<header class=\"tribe-events-widget-events-list__header\">\n\t\t\t\t\t<h2 class=\"tribe-events-widget-events-list__header-title tribe-common-h6 tribe-common-h--alt\">\n\t\t\t\t\t\tAnstehende Veranstaltungen\t\t\t\t\t<\/h2>\n\t\t\t\t<\/header>\n\t\t\t\n\t\t\t\n\t\t\t\t<div class=\"tribe-events-widget-events-list__events\">\n\t\t\t\t\t\t\t\t\t\t\t<div class=\"tribe-common-g-row tribe-events-widget-events-list__event-row\">\n\n\t<div class=\"tribe-events-widget-events-list__event-date-tag tribe-common-g-col\">\n\t<time class=\"tribe-events-widget-events-list__event-date-tag-datetime\" datetime=\"2026-09-06\">\n\t\t<span class=\"tribe-events-widget-events-list__event-date-tag-month\">\n\t\t\tSep.\t\t<\/span>\n\t\t<span class=\"tribe-events-widget-events-list__event-date-tag-daynum tribe-common-h2 tribe-common-h4--min-medium\">\n\t\t\t6\t\t<\/span>\n\t<\/time>\n<\/div>\n\n\t<div class=\"tribe-events-widget-events-list__event-wrapper tribe-common-g-col\">\n\t\t<article class=\"tribe-events-widget-events-list__event post-10000634 tribe_events type-tribe_events status-publish has-post-thumbnail hentry tag-3262 tag-asmus-bremer-platz tag-flohmarkt tag-flohmarkt-kiel tag-flohmarkt-kieler-innenstadt tag-flohmarkt-rathausplatz tag-holstenplatz tag-holstenstrasse tag-rathausplatz tag-willestrasse tribe_events_cat-flohmarkt tribe_events_cat-kiel tribe_events_cat-shopping gallery-content-unit\">\n\t\t\t<div class=\"tribe-events-widget-events-list__event-details\">\n\n\t\t\t\t<header class=\"tribe-events-widget-events-list__event-header\">\n\t\t\t\t\t<div class=\"tribe-events-widget-events-list__event-datetime-wrapper tribe-common-b2 tribe-common-b3--min-medium\">\n\t\t<time class=\"tribe-events-widget-events-list__event-datetime\" datetime=\"2026-09-06\">\n\t\t<span class=\"tribe-event-date-start\">08:00<\/span> - <span class=\"tribe-event-time\">16:00<\/span>\t<\/time>\n\t<\/div>\n\t\t\t\t\t<h3 class=\"tribe-events-widget-events-list__event-title tribe-common-h7\">\n\t<a href=\"https:\/\/welovekiel.com\/de\/event\/flohmarkt-kiel-innenstadt-holstenplatz-bis-rathausplatz-6-9-2026\/\" title=\"Flohmarkt Kiel Innenstadt Holstenplatz bis Rathausplatz 06.09.2026\" rel=\"bookmark\" class=\"tribe-events-widget-events-list__event-title-link tribe-common-anchor-thin\">\n\t\tFlohmarkt Kiel Innenstadt Holstenplatz bis Rathausplatz 06.09.2026\t<\/a>\n<\/h3>\n\t\t\t\t<\/header>\n\n\t\t\t\t\n\t\t\t<\/div>\n\t\t<\/article>\n\t<\/div>\n\n<\/div>\n\t\t\t\t\t\t\t\t\t\t\t<div class=\"tribe-common-g-row tribe-events-widget-events-list__event-row\">\n\n\t<div class=\"tribe-events-widget-events-list__event-date-tag tribe-common-g-col\">\n\t<time class=\"tribe-events-widget-events-list__event-date-tag-datetime\" datetime=\"2026-09-13\">\n\t\t<span class=\"tribe-events-widget-events-list__event-date-tag-month\">\n\t\t\tSep.\t\t<\/span>\n\t\t<span class=\"tribe-events-widget-events-list__event-date-tag-daynum tribe-common-h2 tribe-common-h4--min-medium\">\n\t\t\t13\t\t<\/span>\n\t<\/time>\n<\/div>\n\n\t<div class=\"tribe-events-widget-events-list__event-wrapper tribe-common-g-col\">\n\t\t<article class=\"tribe-events-widget-events-list__event post-10000625 tribe_events type-tribe_events status-publish has-post-thumbnail hentry tag-3262 tag-flohmarkt tag-flohmarkt-kiel tag-flohmarkt-mettenhof tag-kaufland tag-kaufland-flohmarkt tag-kaufland-mettenhof tag-kiel tag-mettenhof tag-mettenhof-fohmarkt tag-shopping tag-skandinaviendamm tribe_events_cat-flohmarkt tribe_events_cat-kiel tribe_events_cat-mettenhof tribe_events_cat-shopping gallery-content-unit\">\n\t\t\t<div class=\"tribe-events-widget-events-list__event-details\">\n\n\t\t\t\t<header class=\"tribe-events-widget-events-list__event-header\">\n\t\t\t\t\t<div class=\"tribe-events-widget-events-list__event-datetime-wrapper tribe-common-b2 tribe-common-b3--min-medium\">\n\t\t<time class=\"tribe-events-widget-events-list__event-datetime\" datetime=\"2026-09-13\">\n\t\t<span class=\"tribe-event-date-start\">06:00<\/span> - <span class=\"tribe-event-time\">16:00<\/span>\t<\/time>\n\t<\/div>\n\t\t\t\t\t<h3 class=\"tribe-events-widget-events-list__event-title tribe-common-h7\">\n\t<a href=\"https:\/\/welovekiel.com\/de\/event\/flohmarkt-kaufland-kiel-mettenhof-13-09-2026\/\" title=\"Flohmarkt Kaufland Kiel-Mettenhof 13.09.2026\" rel=\"bookmark\" class=\"tribe-events-widget-events-list__event-title-link tribe-common-anchor-thin\">\n\t\tFlohmarkt Kaufland Kiel-Mettenhof 13.09.2026\t<\/a>\n<\/h3>\n\t\t\t\t<\/header>\n\n\t\t\t\t\n\t\t\t<\/div>\n\t\t<\/article>\n\t<\/div>\n\n<\/div>\n\t\t\t\t\t\t\t\t\t\t\t<div class=\"tribe-common-g-row tribe-events-widget-events-list__event-row\">\n\n\t<div class=\"tribe-events-widget-events-list__event-date-tag tribe-common-g-col\">\n\t<time class=\"tribe-events-widget-events-list__event-date-tag-datetime\" datetime=\"2026-09-13\">\n\t\t<span class=\"tribe-events-widget-events-list__event-date-tag-month\">\n\t\t\tSep.\t\t<\/span>\n\t\t<span class=\"tribe-events-widget-events-list__event-date-tag-daynum tribe-common-h2 tribe-common-h4--min-medium\">\n\t\t\t13\t\t<\/span>\n\t<\/time>\n<\/div>\n\n\t<div class=\"tribe-events-widget-events-list__event-wrapper tribe-common-g-col\">\n\t\t<article class=\"tribe-events-widget-events-list__event post-10000648 tribe_events type-tribe_events status-publish has-post-thumbnail hentry tag-3262 tag-citti-park tag-citti-park-flohmarkt tag-citti-park-kiel tag-flohmarkt tag-flohmarkt-kiel tag-hassee tag-shopping tribe_events_cat-flohmarkt tribe_events_cat-hassee tribe_events_cat-kiel tribe_events_cat-shopping gallery-content-unit\">\n\t\t\t<div class=\"tribe-events-widget-events-list__event-details\">\n\n\t\t\t\t<header class=\"tribe-events-widget-events-list__event-header\">\n\t\t\t\t\t<div class=\"tribe-events-widget-events-list__event-datetime-wrapper tribe-common-b2 tribe-common-b3--min-medium\">\n\t\t<time class=\"tribe-events-widget-events-list__event-datetime\" datetime=\"2026-09-13\">\n\t\t<span class=\"tribe-event-date-start\">08:00<\/span> - <span class=\"tribe-event-time\">16:00<\/span>\t<\/time>\n\t<\/div>\n\t\t\t\t\t<h3 class=\"tribe-events-widget-events-list__event-title tribe-common-h7\">\n\t<a href=\"https:\/\/welovekiel.com\/de\/event\/flohmarkt-citti-park-kiel-13-9-2026\/\" title=\"Flohmarkt Citti-Park Kiel 13.9.2026\" rel=\"bookmark\" class=\"tribe-events-widget-events-list__event-title-link tribe-common-anchor-thin\">\n\t\tFlohmarkt Citti-Park Kiel 13.9.2026\t<\/a>\n<\/h3>\n\t\t\t\t<\/header>\n\n\t\t\t\t\n\t\t\t<\/div>\n\t\t<\/article>\n\t<\/div>\n\n<\/div>\n\t\t\t\t\t\t\t\t\t<\/div>\n\n\t\t\t\t<div class=\"tribe-events-widget-events-list__view-more tribe-common-b1 tribe-common-b2--min-medium\">\n\t<a href=\"https:\/\/welovekiel.com\/de\/Veranstaltungen\/\" class=\"tribe-events-widget-events-list__view-more-link tribe-common-anchor-thin\" title=\"Weitere Veranstaltungen anzeigen.\">\n\t\tKalender anzeigen\t<\/a>\n<\/div>\n\n\t\t\t\t\t<\/div>\n\t<\/div>\n<\/div>\n<script data-js=\"tribe-events-view-nonce-data\" type=\"application\/json\">{\"tvn1\":\"1ac8ea6e68\",\"tvn2\":\"\"}<\/script><div class=\"fusion-additional-widget-content\"><\/div><\/div><div class=\"fusion-clearfix\"><\/div><\/div><\/div><\/div><\/div>\n","protected":false},"excerpt":{"rendered":"","protected":false},"author":2,"featured_media":12124,"template":"","gallery-category":[890,648,501],"gallery-tag":[2323,2326,652,2325,649,2328,1170,504],"gallery-event":[],"gallery-place":[2327],"gallery-date":[1082],"gallery-person":[],"gallery-photographer":[291],"class_list":["post-12162","gallery","type-gallery","status-publish","has-post-thumbnail","hentry","gallery-category-gebaeude-bauwerke","gallery-category-holtenau","gallery-category-wik","gallery-tag-b-503","gallery-tag-bruecke","gallery-tag-holtenau","gallery-tag-holtenauer-hochbruecke","gallery-tag-nord-ostsee-kanal","gallery-tag-prinz-heinrich-bruecke","gallery-tag-prinz-heinrich-strasse","gallery-tag-wik","gallery-place-holtenauer-hochbruecke","gallery-date-1082","gallery-photographer-christian-gewiese","gallery-content-unit"],"aioseo_notices":[],"aioseo_head":"\n\t\t<!-- All in One SEO 4.9.10 - aioseo.com -->\n\t<meta name=\"description\" content=\"Der Schlossgarten Kiel ist eine G\u00fcnfl\u00e4che n\u00f6rdlich des Kieler Schlosses und wurde als Renaissancegarten im 16. Jahhundert beim Schlossausbau zum Renaissancesitz angelegt.\" \/>\n\t<meta name=\"robots\" content=\"max-image-preview:large\" \/>\n\t<meta name=\"author\" content=\"Christian Gewiese\"\/>\n\t<meta name=\"keywords\" content=\"schlossgarten kiel,schlossgarten,kiel,,garten,kieler schloss,park,skulpturengarten,d\u00fcsternbrook,parkanlagen &amp; gr\u00fcnfl\u00e4chen,sehensw\u00fcrdigkeiten kiel\" \/>\n\t<link rel=\"canonical\" href=\"https:\/\/welovekiel.com\/de\/lexikon\/schlossgarten\/\" \/>\n\t<meta name=\"generator\" content=\"All in One SEO (AIOSEO) 4.9.10\" \/>\n\t\t<meta property=\"og:locale\" content=\"de_DE\" \/>\n\t\t<meta property=\"og:site_name\" content=\"We love Kiel |\" \/>\n\t\t<meta property=\"og:type\" content=\"article\" \/>\n\t\t<meta property=\"og:title\" content=\"Schlossgarten Kiel | We love Kiel\" \/>\n\t\t<meta property=\"og:description\" content=\"Der Schlossgarten Kiel ist eine G\u00fcnfl\u00e4che n\u00f6rdlich des Kieler Schlosses und wurde als Renaissancegarten im 16. Jahhundert beim Schlossausbau zum Renaissancesitz angelegt.\" \/>\n\t\t<meta property=\"og:url\" content=\"https:\/\/welovekiel.com\/de\/lexikon\/schlossgarten\/\" \/>\n\t\t<meta property=\"article:published_time\" content=\"2019-09-02T23:01:15+00:00\" \/>\n\t\t<meta property=\"article:modified_time\" content=\"2023-03-07T22:18:06+00:00\" \/>\n\t\t<meta property=\"article:publisher\" content=\"https:\/\/www.facebook.com\/WeLoveKielCity\/\" \/>\n\t\t<meta name=\"twitter:card\" content=\"summary\" \/>\n\t\t<meta name=\"twitter:title\" content=\"Schlossgarten Kiel | We love Kiel\" \/>\n\t\t<meta name=\"twitter:description\" content=\"Der Schlossgarten Kiel ist eine G\u00fcnfl\u00e4che n\u00f6rdlich des Kieler Schlosses und wurde als Renaissancegarten im 16. Jahhundert beim Schlossausbau zum Renaissancesitz angelegt.\" \/>\n\t\t<script type=\"application\/ld+json\" class=\"aioseo-schema\">\n\t\t\t{\"@context\":\"https:\\\/\\\/schema.org\",\"@graph\":[{\"@type\":\"BreadcrumbList\",\"@id\":\"https:\\\/\\\/welovekiel.com\\\/de\\\/lexikon\\\/schlossgarten\\\/#breadcrumblist\",\"itemListElement\":[{\"@type\":\"ListItem\",\"@id\":\"https:\\\/\\\/welovekiel.com\\\/de\\\/#listItem\",\"position\":1,\"name\":\"Home\",\"item\":\"https:\\\/\\\/welovekiel.com\\\/de\\\/\",\"nextItem\":{\"@type\":\"ListItem\",\"@id\":\"https:\\\/\\\/welovekiel.com\\\/de\\\/galleries\\\/#listItem\",\"name\":\"Galerien\"}},{\"@type\":\"ListItem\",\"@id\":\"https:\\\/\\\/welovekiel.com\\\/de\\\/galleries\\\/#listItem\",\"position\":2,\"name\":\"Galerien\",\"item\":\"https:\\\/\\\/welovekiel.com\\\/de\\\/galleries\\\/\",\"nextItem\":{\"@type\":\"ListItem\",\"@id\":\"https:\\\/\\\/welovekiel.com\\\/de\\\/galleries\\\/category\\\/wik\\\/#listItem\",\"name\":\"Wik\"},\"previousItem\":{\"@type\":\"ListItem\",\"@id\":\"https:\\\/\\\/welovekiel.com\\\/de\\\/#listItem\",\"name\":\"Home\"}},{\"@type\":\"ListItem\",\"@id\":\"https:\\\/\\\/welovekiel.com\\\/de\\\/galleries\\\/category\\\/wik\\\/#listItem\",\"position\":3,\"name\":\"Wik\",\"item\":\"https:\\\/\\\/welovekiel.com\\\/de\\\/galleries\\\/category\\\/wik\\\/\",\"nextItem\":{\"@type\":\"ListItem\",\"@id\":\"https:\\\/\\\/welovekiel.com\\\/de\\\/galleries\\\/holtenauer-hochbruecke-prinz-heinrich-bruecke\\\/#listItem\",\"name\":\"Holtenauer Hochbr\\u00fccken gesperrt: Prinz-Heinrich-Br\\u00fccke am 02.12.2022\"},\"previousItem\":{\"@type\":\"ListItem\",\"@id\":\"https:\\\/\\\/welovekiel.com\\\/de\\\/galleries\\\/#listItem\",\"name\":\"Galerien\"}},{\"@type\":\"ListItem\",\"@id\":\"https:\\\/\\\/welovekiel.com\\\/de\\\/galleries\\\/holtenauer-hochbruecke-prinz-heinrich-bruecke\\\/#listItem\",\"position\":4,\"name\":\"Holtenauer Hochbr\\u00fccken gesperrt: Prinz-Heinrich-Br\\u00fccke am 02.12.2022\",\"previousItem\":{\"@type\":\"ListItem\",\"@id\":\"https:\\\/\\\/welovekiel.com\\\/de\\\/galleries\\\/category\\\/wik\\\/#listItem\",\"name\":\"Wik\"}}]},{\"@type\":\"Organization\",\"@id\":\"https:\\\/\\\/welovekiel.com\\\/de\\\/#organization\",\"name\":\"We love Kiel\",\"url\":\"https:\\\/\\\/welovekiel.com\\\/de\\\/\",\"sameAs\":[\"https:\\\/\\\/www.facebook.com\\\/WeLoveKielCity\\\/\",\"https:\\\/\\\/www.instagram.com\\\/welovekiel\\\/\"]},{\"@type\":\"Person\",\"@id\":\"https:\\\/\\\/welovekiel.com\\\/de\\\/author\\\/christian\\\/#author\",\"url\":\"https:\\\/\\\/welovekiel.com\\\/de\\\/author\\\/christian\\\/\",\"name\":\"Christian Gewiese\",\"image\":{\"@type\":\"ImageObject\",\"@id\":\"https:\\\/\\\/welovekiel.com\\\/de\\\/lexikon\\\/schlossgarten\\\/#authorImage\",\"url\":\"https:\\\/\\\/secure.gravatar.com\\\/avatar\\\/97707923f9bed63dfb3bbdf8065fadb426aa1508b119d1c175a90c8939cbdb88?s=96&d=mm&r=g\",\"width\":96,\"height\":96,\"caption\":\"Christian Gewiese\"}},{\"@type\":\"WebPage\",\"@id\":\"https:\\\/\\\/welovekiel.com\\\/de\\\/lexikon\\\/schlossgarten\\\/#webpage\",\"url\":\"https:\\\/\\\/welovekiel.com\\\/de\\\/lexikon\\\/schlossgarten\\\/\",\"name\":\"Schlossgarten Kiel | We love Kiel\",\"description\":\"Der Schlossgarten Kiel ist eine G\\u00fcnfl\\u00e4che n\\u00f6rdlich des Kieler Schlosses und wurde als Renaissancegarten im 16. Jahhundert beim Schlossausbau zum Renaissancesitz angelegt.\",\"inLanguage\":\"de-DE\",\"isPartOf\":{\"@id\":\"https:\\\/\\\/welovekiel.com\\\/de\\\/#website\"},\"breadcrumb\":{\"@id\":\"https:\\\/\\\/welovekiel.com\\\/de\\\/lexikon\\\/schlossgarten\\\/#breadcrumblist\"},\"author\":{\"@id\":\"https:\\\/\\\/welovekiel.com\\\/de\\\/author\\\/christian\\\/#author\"},\"creator\":{\"@id\":\"https:\\\/\\\/welovekiel.com\\\/de\\\/author\\\/christian\\\/#author\"},\"image\":{\"@type\":\"ImageObject\",\"url\":\"https:\\\/\\\/welovekiel.com\\\/wp-content\\\/uploads\\\/schlossgarten-kiel-denkmal-kaiser-wilhelm.jpg\",\"@id\":\"https:\\\/\\\/welovekiel.com\\\/de\\\/lexikon\\\/schlossgarten\\\/#mainImage\",\"width\":1200,\"height\":900,\"caption\":\"Schlossgarten Kiel Kaiser-Wilhelm-Denkmal\"},\"primaryImageOfPage\":{\"@id\":\"https:\\\/\\\/welovekiel.com\\\/de\\\/lexikon\\\/schlossgarten\\\/#mainImage\"},\"datePublished\":\"2019-09-03T01:01:15+02:00\",\"dateModified\":\"2023-03-07T23:18:06+01:00\"},{\"@type\":\"WebSite\",\"@id\":\"https:\\\/\\\/welovekiel.com\\\/de\\\/#website\",\"url\":\"https:\\\/\\\/welovekiel.com\\\/de\\\/\",\"name\":\"We love Kiel\",\"inLanguage\":\"de-DE\",\"publisher\":{\"@id\":\"https:\\\/\\\/welovekiel.com\\\/de\\\/#organization\"}}]}\n\t\t<\/script>\n\t\t<!-- All in One SEO -->\n\n","aioseo_head_json":{"title":"Schlossgarten Kiel | We love Kiel","description":"Der Schlossgarten Kiel ist eine G\u00fcnfl\u00e4che n\u00f6rdlich des Kieler Schlosses und wurde als Renaissancegarten im 16. Jahhundert beim Schlossausbau zum Renaissancesitz angelegt.","canonical_url":"https:\/\/welovekiel.com\/de\/lexikon\/schlossgarten\/","robots":"max-image-preview:large","keywords":"schlossgarten kiel,schlossgarten,kiel,,garten,kieler schloss,park,skulpturengarten,d\u00fcsternbrook,parkanlagen &amp; gr\u00fcnfl\u00e4chen,sehensw\u00fcrdigkeiten kiel","webmasterTools":{"miscellaneous":""},"schema":{"@context":"https:\/\/schema.org","@graph":[{"@type":"BreadcrumbList","@id":"https:\/\/welovekiel.com\/de\/lexikon\/schlossgarten\/#breadcrumblist","itemListElement":[{"@type":"ListItem","@id":"https:\/\/welovekiel.com\/de\/#listItem","position":1,"name":"Home","item":"https:\/\/welovekiel.com\/de\/","nextItem":{"@type":"ListItem","@id":"https:\/\/welovekiel.com\/de\/galleries\/#listItem","name":"Galerien"}},{"@type":"ListItem","@id":"https:\/\/welovekiel.com\/de\/galleries\/#listItem","position":2,"name":"Galerien","item":"https:\/\/welovekiel.com\/de\/galleries\/","nextItem":{"@type":"ListItem","@id":"https:\/\/welovekiel.com\/de\/galleries\/category\/wik\/#listItem","name":"Wik"},"previousItem":{"@type":"ListItem","@id":"https:\/\/welovekiel.com\/de\/#listItem","name":"Home"}},{"@type":"ListItem","@id":"https:\/\/welovekiel.com\/de\/galleries\/category\/wik\/#listItem","position":3,"name":"Wik","item":"https:\/\/welovekiel.com\/de\/galleries\/category\/wik\/","nextItem":{"@type":"ListItem","@id":"https:\/\/welovekiel.com\/de\/galleries\/holtenauer-hochbruecke-prinz-heinrich-bruecke\/#listItem","name":"Holtenauer Hochbr\u00fccken gesperrt: Prinz-Heinrich-Br\u00fccke am 02.12.2022"},"previousItem":{"@type":"ListItem","@id":"https:\/\/welovekiel.com\/de\/galleries\/#listItem","name":"Galerien"}},{"@type":"ListItem","@id":"https:\/\/welovekiel.com\/de\/galleries\/holtenauer-hochbruecke-prinz-heinrich-bruecke\/#listItem","position":4,"name":"Holtenauer Hochbr\u00fccken gesperrt: Prinz-Heinrich-Br\u00fccke am 02.12.2022","previousItem":{"@type":"ListItem","@id":"https:\/\/welovekiel.com\/de\/galleries\/category\/wik\/#listItem","name":"Wik"}}]},{"@type":"Organization","@id":"https:\/\/welovekiel.com\/de\/#organization","name":"We love Kiel","url":"https:\/\/welovekiel.com\/de\/","sameAs":["https:\/\/www.facebook.com\/WeLoveKielCity\/","https:\/\/www.instagram.com\/welovekiel\/"]},{"@type":"Person","@id":"https:\/\/welovekiel.com\/de\/author\/christian\/#author","url":"https:\/\/welovekiel.com\/de\/author\/christian\/","name":"Christian Gewiese","image":{"@type":"ImageObject","@id":"https:\/\/welovekiel.com\/de\/lexikon\/schlossgarten\/#authorImage","url":"https:\/\/secure.gravatar.com\/avatar\/97707923f9bed63dfb3bbdf8065fadb426aa1508b119d1c175a90c8939cbdb88?s=96&d=mm&r=g","width":96,"height":96,"caption":"Christian Gewiese"}},{"@type":"WebPage","@id":"https:\/\/welovekiel.com\/de\/lexikon\/schlossgarten\/#webpage","url":"https:\/\/welovekiel.com\/de\/lexikon\/schlossgarten\/","name":"Schlossgarten Kiel | We love Kiel","description":"Der Schlossgarten Kiel ist eine G\u00fcnfl\u00e4che n\u00f6rdlich des Kieler Schlosses und wurde als Renaissancegarten im 16. Jahhundert beim Schlossausbau zum Renaissancesitz angelegt.","inLanguage":"de-DE","isPartOf":{"@id":"https:\/\/welovekiel.com\/de\/#website"},"breadcrumb":{"@id":"https:\/\/welovekiel.com\/de\/lexikon\/schlossgarten\/#breadcrumblist"},"author":{"@id":"https:\/\/welovekiel.com\/de\/author\/christian\/#author"},"creator":{"@id":"https:\/\/welovekiel.com\/de\/author\/christian\/#author"},"image":{"@type":"ImageObject","url":"https:\/\/welovekiel.com\/wp-content\/uploads\/schlossgarten-kiel-denkmal-kaiser-wilhelm.jpg","@id":"https:\/\/welovekiel.com\/de\/lexikon\/schlossgarten\/#mainImage","width":1200,"height":900,"caption":"Schlossgarten Kiel Kaiser-Wilhelm-Denkmal"},"primaryImageOfPage":{"@id":"https:\/\/welovekiel.com\/de\/lexikon\/schlossgarten\/#mainImage"},"datePublished":"2019-09-03T01:01:15+02:00","dateModified":"2023-03-07T23:18:06+01:00"},{"@type":"WebSite","@id":"https:\/\/welovekiel.com\/de\/#website","url":"https:\/\/welovekiel.com\/de\/","name":"We love Kiel","inLanguage":"de-DE","publisher":{"@id":"https:\/\/welovekiel.com\/de\/#organization"}}]},"og:locale":"de_DE","og:site_name":"We love Kiel |","og:type":"article","og:title":"Schlossgarten Kiel | We love Kiel","og:description":"Der Schlossgarten Kiel ist eine G\u00fcnfl\u00e4che n\u00f6rdlich des Kieler Schlosses und wurde als Renaissancegarten im 16. Jahhundert beim Schlossausbau zum Renaissancesitz angelegt.","og:url":"https:\/\/welovekiel.com\/de\/lexikon\/schlossgarten\/","article:published_time":"2019-09-02T23:01:15+00:00","article:modified_time":"2023-03-07T22:18:06+00:00","article:publisher":"https:\/\/www.facebook.com\/WeLoveKielCity\/","twitter:card":"summary","twitter:title":"Schlossgarten Kiel | We love Kiel","twitter:description":"Der Schlossgarten Kiel ist eine G\u00fcnfl\u00e4che n\u00f6rdlich des Kieler Schlosses und wurde als Renaissancegarten im 16. Jahhundert beim Schlossausbau zum Renaissancesitz angelegt."},"aioseo_meta_data":{"post_id":"12162","title":null,"description":"Bildergalerie Holtenauer Hochbr\u00fccken gesperrt: Prinz-Heinrich-Br\u00fccke am 02.12.2022 kein Verkehr auf der Bundesstra\u00dfe B 503 Richtung Kiel-Wik.","keywords":[],"keyphrases":{"focus":{"keyphrase":"Holtenauer Hochbr\u00fccke","score":56,"analysis":{"keyphraseInTitle":{"title":"Focus keyphrase in SEO title","description":"Focus keyphrase not found in SEO title.","score":3,"maxScore":9,"error":1},"keyphraseInDescription":{"title":"Focus keyphrase in meta description","description":"Focus keyphrase not found in meta description.","score":3,"maxScore":9,"error":1},"keyphraseLength":{"title":"Focus keyphrase length","description":"Good job!","score":9,"maxScore":9,"error":0,"length":2},"keyphraseInURL":{"title":"Focus keyphrase in URL","description":"Focus keyphrase not found in the URL.","score":1,"maxScore":5,"error":1},"keyphraseInIntroduction":{"title":"Focus keyphrase in introduction","description":"Your Focus keyphrase does not appear in the first paragraph. Make sure the topic is clear immediately.","score":3,"maxScore":9,"error":1},"keyphraseInSubHeadings":[],"keyphraseInImageAlt":{"title":"Focus keyphrase in image alt attributes","description":"Focus keyphrase found in image alt attribute(s).","score":9,"maxScore":9,"error":0}}},"additional":[]},"primary_term":null,"canonical_url":null,"og_title":null,"og_description":null,"og_object_type":"default","og_image_type":"default","og_image_url":null,"og_image_width":null,"og_image_height":null,"og_image_custom_url":null,"og_image_custom_fields":null,"og_video":"","og_custom_url":null,"og_article_section":null,"og_article_tags":[],"twitter_use_og":false,"twitter_card":"default","twitter_image_type":"default","twitter_image_url":null,"twitter_image_custom_url":null,"twitter_image_custom_fields":null,"twitter_title":null,"twitter_description":null,"schema":{"blockGraphs":[],"customGraphs":[],"default":{"data":{"Article":[],"Course":[],"Dataset":[],"FAQPage":[],"Movie":[],"Person":[],"Product":[],"ProductReview":[],"Car":[],"Recipe":[],"Service":[],"SoftwareApplication":[],"WebPage":[]},"graphName":"WebPage","isEnabled":true},"graphs":[]},"schema_type":"default","schema_type_options":null,"pillar_content":false,"robots_default":true,"robots_noindex":false,"robots_noarchive":false,"robots_nosnippet":false,"robots_nofollow":false,"robots_noimageindex":false,"robots_noodp":false,"robots_notranslate":false,"robots_max_snippet":"-1","robots_max_videopreview":"-1","robots_max_imagepreview":"large","priority":null,"frequency":"default","local_seo":null,"breadcrumb_settings":null,"limit_modified_date":false,"ai":null,"created":"2022-12-06 11:28:13","updated":"2025-08-31 02:07:20","seo_analyzer_scan_date":null},"aioseo_breadcrumb":"<div class=\"aioseo-breadcrumbs\"><span class=\"aioseo-breadcrumb\">\n\t\t\t<a href=\"https:\/\/welovekiel.com\/de\/\" title=\"Home\">Home<\/a>\n\t\t<\/span><span class=\"aioseo-breadcrumb-separator\">&raquo;<\/span><span class=\"aioseo-breadcrumb\">\n\t\t\t<a href=\"https:\/\/welovekiel.com\/de\/galleries\/\" title=\"Galerien\">Galerien<\/a>\n\t\t<\/span><span class=\"aioseo-breadcrumb-separator\">&raquo;<\/span><span class=\"aioseo-breadcrumb\">\n\t\t\t<a href=\"https:\/\/welovekiel.com\/de\/galleries\/category\/wik\/\" title=\"Wik\">Wik<\/a>\n\t\t<\/span><span class=\"aioseo-breadcrumb-separator\">&raquo;<\/span><span class=\"aioseo-breadcrumb\">\n\t\t\tHoltenauer Hochbr\u00fccken gesperrt: Prinz-Heinrich-Br\u00fccke am 02.12.2022\n\t\t<\/span><\/div>","aioseo_breadcrumb_json":[{"label":"Home","link":"https:\/\/welovekiel.com\/de\/"},{"label":"Galerien","link":"https:\/\/welovekiel.com\/de\/galleries\/"},{"label":"Wik","link":"https:\/\/welovekiel.com\/de\/galleries\/category\/wik\/"},{"label":"Holtenauer Hochbr\u00fccken gesperrt: Prinz-Heinrich-Br\u00fccke am 02.12.2022","link":"https:\/\/welovekiel.com\/de\/galleries\/holtenauer-hochbruecke-prinz-heinrich-bruecke\/"}],"_links":{"self":[{"href":"https:\/\/welovekiel.com\/de\/wp-json\/wp\/v2\/gallery\/12162","targetHints":{"allow":["GET"]}}],"collection":[{"href":"https:\/\/welovekiel.com\/de\/wp-json\/wp\/v2\/gallery"}],"about":[{"href":"https:\/\/welovekiel.com\/de\/wp-json\/wp\/v2\/types\/gallery"}],"author":[{"embeddable":true,"href":"https:\/\/welovekiel.com\/de\/wp-json\/wp\/v2\/users\/2"}],"version-history":[{"count":0,"href":"https:\/\/welovekiel.com\/de\/wp-json\/wp\/v2\/gallery\/12162\/revisions"}],"wp:featuredmedia":[{"embeddable":true,"href":"https:\/\/welovekiel.com\/de\/wp-json\/wp\/v2\/media\/12124"}],"wp:attachment":[{"href":"https:\/\/welovekiel.com\/de\/wp-json\/wp\/v2\/media?parent=12162"}],"wp:term":[{"taxonomy":"gallery-category","embeddable":true,"href":"https:\/\/welovekiel.com\/de\/wp-json\/wp\/v2\/gallery-category?post=12162"},{"taxonomy":"gallery-tag","embeddable":true,"href":"https:\/\/welovekiel.com\/de\/wp-json\/wp\/v2\/gallery-tag?post=12162"},{"taxonomy":"gallery-event","embeddable":true,"href":"https:\/\/welovekiel.com\/de\/wp-json\/wp\/v2\/gallery-event?post=12162"},{"taxonomy":"gallery-place","embeddable":true,"href":"https:\/\/welovekiel.com\/de\/wp-json\/wp\/v2\/gallery-place?post=12162"},{"taxonomy":"gallery-date","embeddable":true,"href":"https:\/\/welovekiel.com\/de\/wp-json\/wp\/v2\/gallery-date?post=12162"},{"taxonomy":"gallery-person","embeddable":true,"href":"https:\/\/welovekiel.com\/de\/wp-json\/wp\/v2\/gallery-person?post=12162"},{"taxonomy":"gallery-photographer","embeddable":true,"href":"https:\/\/welovekiel.com\/de\/wp-json\/wp\/v2\/gallery-photographer?post=12162"}],"curies":[{"name":"wp","href":"https:\/\/api.w.org\/{rel}","templated":true}]}}