{"id":11572,"date":"2022-10-30T19:17:30","date_gmt":"2022-10-30T18:17:30","guid":{"rendered":"https:\/\/welovekiel.com\/?post_type=gallery&#038;p=11572"},"modified":"2023-03-07T12:59:47","modified_gmt":"2023-03-07T11:59:47","slug":"flohmarkt-citti-park-kiel-30-10-2022","status":"publish","type":"gallery","link":"https:\/\/welovekiel.com\/de\/galleries\/flohmarkt-citti-park-kiel-30-10-2022\/","title":{"rendered":"Flohmarkt Citti-Park Kiel 30.10.2022"},"content":{"rendered":"<div class=\"fusion-fullwidth fullwidth-box fusion-builder-row-1 nonhundred-percent-fullwidth non-hundred-percent-height-scrolling\" style=\"background-color: rgba(255,255,255,0);background-position: center center;background-repeat: no-repeat;padding-top:0px;padding-right:0px;padding-bottom:0px;padding-left:0px;margin-bottom: 0px;margin-top: 0px;border-width: 0px 0px 0px 0px;border-color:#eae9e9;border-style:solid;\"><div class=\"fusion-builder-row fusion-row\"><div class=\"fusion-layout-column fusion_builder_column fusion-builder-column-0 fusion_builder_column_3_4 3_4 fusion-three-fourth fusion-column-first\" style=\"width:75%;width:calc(75% - ( ( 4% ) * 0.75 ) );margin-right: 4%;margin-top:0px;margin-bottom:20px;\"><div class=\"fusion-column-wrapper fusion-flex-column-wrapper-legacy\" style=\"background-position:left top;background-repeat:no-repeat;-webkit-background-size:cover;-moz-background-size:cover;-o-background-size:cover;background-size:cover;padding: 0px 0px 0px 0px;\"><div class=\"fusion-text fusion-text-1\"><p><strong>Bildergalerie Flohmarkt Citti-Park Kiel am Sonntag, den 30. Oktober 2022 ab 8 Uhr auf dem Citti-Park Parkplatz sowie in der Tiefgarage im Kieler Stadtteil Hassee im M&uuml;hlendamm 1.<\/strong><\/p>\n<p>Herrlicher Sonnenschein und Temperaturen um die 20 Grad in Kiel Ende Oktober, perfektes Flohmarkt-Wetter am letzten Wochenende des Monats. Die Flohmarktst&auml;nde waren teils drau&szlig;en auf dem Citti-Park Parkplatz aber auch unten in der Tiefgarage waren viele St&auml;nde und nat&uuml;rlich auch jede Menge Besucher.<\/p>\n<p>Mehrmals im Jahr veranstaltet die Firma Hochberg Flohm&auml;rkte am Citti-Park Kiel. Hier auf dem Flohmarkt beim Citti-Park in Kiel-Hassee stehen &uuml;berdachte Flohmarktst&auml;nde, St&auml;nde unter freiem Himmel sowie in der Tiefgarage (Oktober bis Februar) zur Verf&uuml;gung. Hier l&auml;sst sich sicher das eine oder andere Schn&auml;ppchen auf dem Citti-Park Flohmarkt finden.<\/p>\n<p><strong>Der Citti-Park Kiel Flohmarkt findet in 2022 an folgenden Sonntagen statt:<\/strong><\/p>\n<ul>\n<li>29. Mai 2022<\/li>\n<li>28. August 2022<\/li>\n<li>30. Oktober 2022<\/li>\n<li>04. Dezember 2022<\/li>\n<\/ul>\n<\/div><div class=\"fusion-text fusion-text-2\">\n\t\t<style type=\"text\/css\">\n\t\t\t#gallery-1 {\n\t\t\t\tmargin: auto;\n\t\t\t}\n\t\t\t#gallery-1 .gallery-item {\n\t\t\t\tfloat: left;\n\t\t\t\tmargin-top: 10px;\n\t\t\t\ttext-align: center;\n\t\t\t\twidth: 50%;\n\t\t\t}\n\t\t\t#gallery-1 img {\n\t\t\t\tborder: 2px solid #cfcfcf;\n\t\t\t}\n\t\t\t#gallery-1 .gallery-caption {\n\t\t\t\tmargin-left: 0;\n\t\t\t}\n\t\t\t\/* see gallery_shortcode() in wp-includes\/media.php *\/\n\t\t<\/style>\n\t\t<div id=\"gallery-1\" class=\"gallery galleryid-11572 gallery-columns-2 gallery-size-fusion-400\"><dl class=\"gallery-item\">\n\t\t\t<dt class=\"gallery-icon landscape\">\n\t\t\t\t<a data-rel=\"iLightbox[postimages]\" data-title=\"Flohmarkt Kiel Citti-Park\" data-caption=\"Flohmarkt Kiel Citti-Park\" href=\"https:\/\/welovekiel.com\/wp-content\/uploads\/flohmarkt-kiel-citti-park.jpg\" title=\"Flohmarkt Kiel Citti-Park\" data-description=\"Flohmarkt Kiel Citti-Park\"><img decoding=\"async\" width=\"400\" height=\"300\" src=\"https:\/\/welovekiel.com\/wp-content\/uploads\/flohmarkt-kiel-citti-park-400x300.jpg\" class=\"attachment-fusion-400 size-fusion-400 lazyload\" alt=\"Flohmarkt Kiel Citti-Park\" aria-describedby=\"gallery-1-11566\" srcset=\"data:image\/svg+xml,%3Csvg%20xmlns%3D%27http%3A%2F%2Fwww.w3.org%2F2000%2Fsvg%27%20width%3D%271200%27%20height%3D%27900%27%20viewBox%3D%270%200%201200%20900%27%3E%3Crect%20width%3D%271200%27%20height%3D%27900%27%20fill-opacity%3D%220%22%2F%3E%3C%2Fsvg%3E\" data-orig-src=\"https:\/\/welovekiel.com\/wp-content\/uploads\/flohmarkt-kiel-citti-park-400x300.jpg\" data-srcset=\"https:\/\/welovekiel.com\/wp-content\/uploads\/flohmarkt-kiel-citti-park-200x150.jpg 200w, https:\/\/welovekiel.com\/wp-content\/uploads\/flohmarkt-kiel-citti-park-300x225.jpg 300w, https:\/\/welovekiel.com\/wp-content\/uploads\/flohmarkt-kiel-citti-park-400x300.jpg 400w, https:\/\/welovekiel.com\/wp-content\/uploads\/flohmarkt-kiel-citti-park-600x450.jpg 600w, https:\/\/welovekiel.com\/wp-content\/uploads\/flohmarkt-kiel-citti-park-768x576.jpg 768w, https:\/\/welovekiel.com\/wp-content\/uploads\/flohmarkt-kiel-citti-park-800x600.jpg 800w, https:\/\/welovekiel.com\/wp-content\/uploads\/flohmarkt-kiel-citti-park-1024x768.jpg 1024w, https:\/\/welovekiel.com\/wp-content\/uploads\/flohmarkt-kiel-citti-park.jpg 1200w\" data-sizes=\"auto\"><\/a>\n\t\t\t<\/dt>\n\t\t\t\t<dd class=\"wp-caption-text gallery-caption\" id=\"gallery-1-11566\">\n\t\t\t\tFlohmarkt Kiel Citti-Park\n\t\t\t\t<\/dd><\/dl><dl class=\"gallery-item\">\n\t\t\t<dt class=\"gallery-icon landscape\">\n\t\t\t\t<a data-rel=\"iLightbox[postimages]\" data-title=\"Flohmarkt Kiel B&uuml;cher und Comics\" data-caption=\"Flohmarkt Kiel B&uuml;cher und Comics\" href=\"https:\/\/welovekiel.com\/wp-content\/uploads\/flohmarkt-kiel-buecher-comics-magazine.jpg\" title=\"Flohmarkt Kiel B&uuml;cher und Comics\" data-description=\"Flohmarkt Kiel B&uuml;cher und Comics\"><img decoding=\"async\" width=\"400\" height=\"300\" src=\"https:\/\/welovekiel.com\/wp-content\/uploads\/flohmarkt-kiel-buecher-comics-magazine-400x300.jpg\" class=\"attachment-fusion-400 size-fusion-400 lazyload\" alt=\"Flohmarkt Kiel B&uuml;cher und Comics\" aria-describedby=\"gallery-1-11564\" srcset=\"data:image\/svg+xml,%3Csvg%20xmlns%3D%27http%3A%2F%2Fwww.w3.org%2F2000%2Fsvg%27%20width%3D%271200%27%20height%3D%27900%27%20viewBox%3D%270%200%201200%20900%27%3E%3Crect%20width%3D%271200%27%20height%3D%27900%27%20fill-opacity%3D%220%22%2F%3E%3C%2Fsvg%3E\" data-orig-src=\"https:\/\/welovekiel.com\/wp-content\/uploads\/flohmarkt-kiel-buecher-comics-magazine-400x300.jpg\" data-srcset=\"https:\/\/welovekiel.com\/wp-content\/uploads\/flohmarkt-kiel-buecher-comics-magazine-200x150.jpg 200w, https:\/\/welovekiel.com\/wp-content\/uploads\/flohmarkt-kiel-buecher-comics-magazine-300x225.jpg 300w, https:\/\/welovekiel.com\/wp-content\/uploads\/flohmarkt-kiel-buecher-comics-magazine-400x300.jpg 400w, https:\/\/welovekiel.com\/wp-content\/uploads\/flohmarkt-kiel-buecher-comics-magazine-600x450.jpg 600w, https:\/\/welovekiel.com\/wp-content\/uploads\/flohmarkt-kiel-buecher-comics-magazine-768x576.jpg 768w, https:\/\/welovekiel.com\/wp-content\/uploads\/flohmarkt-kiel-buecher-comics-magazine-800x600.jpg 800w, https:\/\/welovekiel.com\/wp-content\/uploads\/flohmarkt-kiel-buecher-comics-magazine-1024x768.jpg 1024w, https:\/\/welovekiel.com\/wp-content\/uploads\/flohmarkt-kiel-buecher-comics-magazine.jpg 1200w\" data-sizes=\"auto\"><\/a>\n\t\t\t<\/dt>\n\t\t\t\t<dd class=\"wp-caption-text gallery-caption\" id=\"gallery-1-11564\">\n\t\t\t\tFlohmarkt Kiel B&uuml;cher und Comics\n\t\t\t\t<\/dd><\/dl><br style=\"clear: both\"><dl class=\"gallery-item\">\n\t\t\t<dt class=\"gallery-icon landscape\">\n\t\t\t\t<a data-rel=\"iLightbox[postimages]\" data-title=\"Flohmarkt Kiel Citti-Park Parkplatz\" data-caption=\"Flohmarkt Kiel Citti-Park Parkplatz\" href=\"https:\/\/welovekiel.com\/wp-content\/uploads\/flohmarkt-in-kiel-citti-park-parkplatz.jpg\" title=\"Flohmarkt Kiel Citti-Park Parkplatz\" data-description=\"Flohmarkt Kiel Citti-Park Parkplatz\"><img decoding=\"async\" width=\"400\" height=\"300\" src=\"https:\/\/welovekiel.com\/wp-content\/uploads\/flohmarkt-in-kiel-citti-park-parkplatz-400x300.jpg\" class=\"attachment-fusion-400 size-fusion-400 lazyload\" alt=\"Flohmarkt Kiel Citti-Park Parkplatz\" aria-describedby=\"gallery-1-11562\" srcset=\"data:image\/svg+xml,%3Csvg%20xmlns%3D%27http%3A%2F%2Fwww.w3.org%2F2000%2Fsvg%27%20width%3D%271200%27%20height%3D%27900%27%20viewBox%3D%270%200%201200%20900%27%3E%3Crect%20width%3D%271200%27%20height%3D%27900%27%20fill-opacity%3D%220%22%2F%3E%3C%2Fsvg%3E\" data-orig-src=\"https:\/\/welovekiel.com\/wp-content\/uploads\/flohmarkt-in-kiel-citti-park-parkplatz-400x300.jpg\" data-srcset=\"https:\/\/welovekiel.com\/wp-content\/uploads\/flohmarkt-in-kiel-citti-park-parkplatz-200x150.jpg 200w, https:\/\/welovekiel.com\/wp-content\/uploads\/flohmarkt-in-kiel-citti-park-parkplatz-300x225.jpg 300w, https:\/\/welovekiel.com\/wp-content\/uploads\/flohmarkt-in-kiel-citti-park-parkplatz-400x300.jpg 400w, https:\/\/welovekiel.com\/wp-content\/uploads\/flohmarkt-in-kiel-citti-park-parkplatz-600x450.jpg 600w, https:\/\/welovekiel.com\/wp-content\/uploads\/flohmarkt-in-kiel-citti-park-parkplatz-768x576.jpg 768w, https:\/\/welovekiel.com\/wp-content\/uploads\/flohmarkt-in-kiel-citti-park-parkplatz-800x600.jpg 800w, https:\/\/welovekiel.com\/wp-content\/uploads\/flohmarkt-in-kiel-citti-park-parkplatz-1024x768.jpg 1024w, https:\/\/welovekiel.com\/wp-content\/uploads\/flohmarkt-in-kiel-citti-park-parkplatz.jpg 1200w\" data-sizes=\"auto\"><\/a>\n\t\t\t<\/dt>\n\t\t\t\t<dd class=\"wp-caption-text gallery-caption\" id=\"gallery-1-11562\">\n\t\t\t\tFlohmarkt Kiel Citti-Park Parkplatz\n\t\t\t\t<\/dd><\/dl><dl class=\"gallery-item\">\n\t\t\t<dt class=\"gallery-icon landscape\">\n\t\t\t\t<a data-rel=\"iLightbox[postimages]\" data-title=\"Flohmarkt Citti-Park Kiel Tiefgarage\" data-caption=\"Flohmarkt Citti-Park Kiel Tiefgarage\" href=\"https:\/\/welovekiel.com\/wp-content\/uploads\/flohmarkt-citti-park-kiel-tiefgarage-2022.jpg\" title=\"Flohmarkt Citti-Park Kiel Tiefgarage\" data-description=\"Flohmarkt Citti-Park Kiel Tiefgarage\"><img decoding=\"async\" width=\"400\" height=\"300\" src=\"https:\/\/welovekiel.com\/wp-content\/uploads\/flohmarkt-citti-park-kiel-tiefgarage-2022-400x300.jpg\" class=\"attachment-fusion-400 size-fusion-400 lazyload\" alt=\"Flohmarkt Citti-Park Kiel Tiefgarage\" aria-describedby=\"gallery-1-11560\" srcset=\"data:image\/svg+xml,%3Csvg%20xmlns%3D%27http%3A%2F%2Fwww.w3.org%2F2000%2Fsvg%27%20width%3D%271200%27%20height%3D%27900%27%20viewBox%3D%270%200%201200%20900%27%3E%3Crect%20width%3D%271200%27%20height%3D%27900%27%20fill-opacity%3D%220%22%2F%3E%3C%2Fsvg%3E\" data-orig-src=\"https:\/\/welovekiel.com\/wp-content\/uploads\/flohmarkt-citti-park-kiel-tiefgarage-2022-400x300.jpg\" data-srcset=\"https:\/\/welovekiel.com\/wp-content\/uploads\/flohmarkt-citti-park-kiel-tiefgarage-2022-200x150.jpg 200w, https:\/\/welovekiel.com\/wp-content\/uploads\/flohmarkt-citti-park-kiel-tiefgarage-2022-300x225.jpg 300w, https:\/\/welovekiel.com\/wp-content\/uploads\/flohmarkt-citti-park-kiel-tiefgarage-2022-400x300.jpg 400w, https:\/\/welovekiel.com\/wp-content\/uploads\/flohmarkt-citti-park-kiel-tiefgarage-2022-600x450.jpg 600w, https:\/\/welovekiel.com\/wp-content\/uploads\/flohmarkt-citti-park-kiel-tiefgarage-2022-768x576.jpg 768w, https:\/\/welovekiel.com\/wp-content\/uploads\/flohmarkt-citti-park-kiel-tiefgarage-2022-800x600.jpg 800w, https:\/\/welovekiel.com\/wp-content\/uploads\/flohmarkt-citti-park-kiel-tiefgarage-2022-1024x768.jpg 1024w, https:\/\/welovekiel.com\/wp-content\/uploads\/flohmarkt-citti-park-kiel-tiefgarage-2022.jpg 1200w\" data-sizes=\"auto\"><\/a>\n\t\t\t<\/dt>\n\t\t\t\t<dd class=\"wp-caption-text gallery-caption\" id=\"gallery-1-11560\">\n\t\t\t\tFlohmarkt Citti-Park Kiel Tiefgarage\n\t\t\t\t<\/dd><\/dl><br style=\"clear: both\"><dl class=\"gallery-item\">\n\t\t\t<dt class=\"gallery-icon landscape\">\n\t\t\t\t<a data-rel=\"iLightbox[postimages]\" data-title=\"Flohmarkt Citti-Park Kiel Tiefgarage\" data-caption=\"Flohmarkt Citti-Park Kiel Tiefgarage\" href=\"https:\/\/welovekiel.com\/wp-content\/uploads\/flohmarkt-citti-park-kiel-tiefgarage.jpg\" title=\"Flohmarkt Citti-Park Kiel Tiefgarage\" data-description=\"Flohmarkt Citti-Park Kiel Tiefgarage\"><img decoding=\"async\" width=\"400\" height=\"300\" src=\"https:\/\/welovekiel.com\/wp-content\/uploads\/flohmarkt-citti-park-kiel-tiefgarage-400x300.jpg\" class=\"attachment-fusion-400 size-fusion-400 lazyload\" alt=\"Flohmarkt Citti-Park Kiel Tiefgarage\" aria-describedby=\"gallery-1-11558\" srcset=\"data:image\/svg+xml,%3Csvg%20xmlns%3D%27http%3A%2F%2Fwww.w3.org%2F2000%2Fsvg%27%20width%3D%271200%27%20height%3D%27900%27%20viewBox%3D%270%200%201200%20900%27%3E%3Crect%20width%3D%271200%27%20height%3D%27900%27%20fill-opacity%3D%220%22%2F%3E%3C%2Fsvg%3E\" data-orig-src=\"https:\/\/welovekiel.com\/wp-content\/uploads\/flohmarkt-citti-park-kiel-tiefgarage-400x300.jpg\" data-srcset=\"https:\/\/welovekiel.com\/wp-content\/uploads\/flohmarkt-citti-park-kiel-tiefgarage-200x150.jpg 200w, https:\/\/welovekiel.com\/wp-content\/uploads\/flohmarkt-citti-park-kiel-tiefgarage-300x225.jpg 300w, https:\/\/welovekiel.com\/wp-content\/uploads\/flohmarkt-citti-park-kiel-tiefgarage-400x300.jpg 400w, https:\/\/welovekiel.com\/wp-content\/uploads\/flohmarkt-citti-park-kiel-tiefgarage-600x450.jpg 600w, https:\/\/welovekiel.com\/wp-content\/uploads\/flohmarkt-citti-park-kiel-tiefgarage-768x576.jpg 768w, https:\/\/welovekiel.com\/wp-content\/uploads\/flohmarkt-citti-park-kiel-tiefgarage-800x600.jpg 800w, https:\/\/welovekiel.com\/wp-content\/uploads\/flohmarkt-citti-park-kiel-tiefgarage-1024x768.jpg 1024w, https:\/\/welovekiel.com\/wp-content\/uploads\/flohmarkt-citti-park-kiel-tiefgarage.jpg 1200w\" data-sizes=\"auto\"><\/a>\n\t\t\t<\/dt>\n\t\t\t\t<dd class=\"wp-caption-text gallery-caption\" id=\"gallery-1-11558\">\n\t\t\t\tFlohmarkt Citti-Park Kiel Tiefgarage\n\t\t\t\t<\/dd><\/dl><dl class=\"gallery-item\">\n\t\t\t<dt class=\"gallery-icon landscape\">\n\t\t\t\t<a data-rel=\"iLightbox[postimages]\" data-title=\"Flohmarkt Citti-Park Kiel\" data-caption=\"Flohmarkt Citti-Park Kiel\" href=\"https:\/\/welovekiel.com\/wp-content\/uploads\/flohmarkt-citti-park-kiel-parkplatz.jpg\" title=\"Flohmarkt Citti-Park Kiel\" data-description=\"Flohmarkt Citti-Park Kiel\"><img decoding=\"async\" width=\"400\" height=\"300\" src=\"https:\/\/welovekiel.com\/wp-content\/uploads\/flohmarkt-citti-park-kiel-parkplatz-400x300.jpg\" class=\"attachment-fusion-400 size-fusion-400 lazyload\" alt=\"Flohmarkt Citti-Park Kiel\" aria-describedby=\"gallery-1-11556\" srcset=\"data:image\/svg+xml,%3Csvg%20xmlns%3D%27http%3A%2F%2Fwww.w3.org%2F2000%2Fsvg%27%20width%3D%271200%27%20height%3D%27900%27%20viewBox%3D%270%200%201200%20900%27%3E%3Crect%20width%3D%271200%27%20height%3D%27900%27%20fill-opacity%3D%220%22%2F%3E%3C%2Fsvg%3E\" data-orig-src=\"https:\/\/welovekiel.com\/wp-content\/uploads\/flohmarkt-citti-park-kiel-parkplatz-400x300.jpg\" data-srcset=\"https:\/\/welovekiel.com\/wp-content\/uploads\/flohmarkt-citti-park-kiel-parkplatz-200x150.jpg 200w, https:\/\/welovekiel.com\/wp-content\/uploads\/flohmarkt-citti-park-kiel-parkplatz-300x225.jpg 300w, https:\/\/welovekiel.com\/wp-content\/uploads\/flohmarkt-citti-park-kiel-parkplatz-400x300.jpg 400w, https:\/\/welovekiel.com\/wp-content\/uploads\/flohmarkt-citti-park-kiel-parkplatz-600x450.jpg 600w, https:\/\/welovekiel.com\/wp-content\/uploads\/flohmarkt-citti-park-kiel-parkplatz-768x576.jpg 768w, https:\/\/welovekiel.com\/wp-content\/uploads\/flohmarkt-citti-park-kiel-parkplatz-800x600.jpg 800w, https:\/\/welovekiel.com\/wp-content\/uploads\/flohmarkt-citti-park-kiel-parkplatz-1024x768.jpg 1024w, https:\/\/welovekiel.com\/wp-content\/uploads\/flohmarkt-citti-park-kiel-parkplatz.jpg 1200w\" data-sizes=\"auto\"><\/a>\n\t\t\t<\/dt>\n\t\t\t\t<dd class=\"wp-caption-text gallery-caption\" id=\"gallery-1-11556\">\n\t\t\t\tFlohmarkt Citti-Park Kiel\n\t\t\t\t<\/dd><\/dl><br style=\"clear: both\"><dl class=\"gallery-item\">\n\t\t\t<dt class=\"gallery-icon landscape\">\n\t\t\t\t<a data-rel=\"iLightbox[postimages]\" data-title=\"Flohmarkt Kiel Tiefgarage Citti-Park\" data-caption=\"Flohmarkt Kiel Tiefgarage Citti-Park\" href=\"https:\/\/welovekiel.com\/wp-content\/uploads\/flohmarkt-citti-kiel-tiefgarage.jpg\" title=\"Flohmarkt Kiel Tiefgarage Citti-Park\" data-description=\"Flohmarkt Kiel Tiefgarage Citti-Park\"><img decoding=\"async\" width=\"400\" height=\"300\" src=\"https:\/\/welovekiel.com\/wp-content\/uploads\/flohmarkt-citti-kiel-tiefgarage-400x300.jpg\" class=\"attachment-fusion-400 size-fusion-400 lazyload\" alt=\"Flohmarkt Kiel Tiefgarage Citti-Park\" aria-describedby=\"gallery-1-11554\" srcset=\"data:image\/svg+xml,%3Csvg%20xmlns%3D%27http%3A%2F%2Fwww.w3.org%2F2000%2Fsvg%27%20width%3D%271200%27%20height%3D%27900%27%20viewBox%3D%270%200%201200%20900%27%3E%3Crect%20width%3D%271200%27%20height%3D%27900%27%20fill-opacity%3D%220%22%2F%3E%3C%2Fsvg%3E\" data-orig-src=\"https:\/\/welovekiel.com\/wp-content\/uploads\/flohmarkt-citti-kiel-tiefgarage-400x300.jpg\" data-srcset=\"https:\/\/welovekiel.com\/wp-content\/uploads\/flohmarkt-citti-kiel-tiefgarage-200x150.jpg 200w, https:\/\/welovekiel.com\/wp-content\/uploads\/flohmarkt-citti-kiel-tiefgarage-300x225.jpg 300w, https:\/\/welovekiel.com\/wp-content\/uploads\/flohmarkt-citti-kiel-tiefgarage-400x300.jpg 400w, https:\/\/welovekiel.com\/wp-content\/uploads\/flohmarkt-citti-kiel-tiefgarage-600x450.jpg 600w, https:\/\/welovekiel.com\/wp-content\/uploads\/flohmarkt-citti-kiel-tiefgarage-768x576.jpg 768w, https:\/\/welovekiel.com\/wp-content\/uploads\/flohmarkt-citti-kiel-tiefgarage-800x600.jpg 800w, https:\/\/welovekiel.com\/wp-content\/uploads\/flohmarkt-citti-kiel-tiefgarage-1024x768.jpg 1024w, https:\/\/welovekiel.com\/wp-content\/uploads\/flohmarkt-citti-kiel-tiefgarage.jpg 1200w\" data-sizes=\"auto\"><\/a>\n\t\t\t<\/dt>\n\t\t\t\t<dd class=\"wp-caption-text gallery-caption\" id=\"gallery-1-11554\">\n\t\t\t\tFlohmarkt Kiel Tiefgarage Citti-Park\n\t\t\t\t<\/dd><\/dl><dl class=\"gallery-item\">\n\t\t\t<dt class=\"gallery-icon landscape\">\n\t\t\t\t<a data-rel=\"iLightbox[postimages]\" data-title=\"Flohmarkt Kiel Tiefgarage Citti-Park\" data-caption=\"Flohmarkt Kiel Tiefgarage Citti-Park\" href=\"https:\/\/welovekiel.com\/wp-content\/uploads\/flohmarkt-cittie-kiel-tiefgarage.jpg\" title=\"Flohmarkt Kiel Tiefgarage Citti-Park\" data-description=\"Flohmarkt Kiel Tiefgarage Citti-Park\"><img decoding=\"async\" width=\"400\" height=\"300\" src=\"https:\/\/welovekiel.com\/wp-content\/uploads\/flohmarkt-cittie-kiel-tiefgarage-400x300.jpg\" class=\"attachment-fusion-400 size-fusion-400 lazyload\" alt=\"Flohmarkt Kiel Tiefgarage Citti-Park\" aria-describedby=\"gallery-1-11552\" srcset=\"data:image\/svg+xml,%3Csvg%20xmlns%3D%27http%3A%2F%2Fwww.w3.org%2F2000%2Fsvg%27%20width%3D%271200%27%20height%3D%27900%27%20viewBox%3D%270%200%201200%20900%27%3E%3Crect%20width%3D%271200%27%20height%3D%27900%27%20fill-opacity%3D%220%22%2F%3E%3C%2Fsvg%3E\" data-orig-src=\"https:\/\/welovekiel.com\/wp-content\/uploads\/flohmarkt-cittie-kiel-tiefgarage-400x300.jpg\" data-srcset=\"https:\/\/welovekiel.com\/wp-content\/uploads\/flohmarkt-cittie-kiel-tiefgarage-200x150.jpg 200w, https:\/\/welovekiel.com\/wp-content\/uploads\/flohmarkt-cittie-kiel-tiefgarage-300x225.jpg 300w, https:\/\/welovekiel.com\/wp-content\/uploads\/flohmarkt-cittie-kiel-tiefgarage-400x300.jpg 400w, https:\/\/welovekiel.com\/wp-content\/uploads\/flohmarkt-cittie-kiel-tiefgarage-600x450.jpg 600w, https:\/\/welovekiel.com\/wp-content\/uploads\/flohmarkt-cittie-kiel-tiefgarage-768x576.jpg 768w, https:\/\/welovekiel.com\/wp-content\/uploads\/flohmarkt-cittie-kiel-tiefgarage-800x600.jpg 800w, https:\/\/welovekiel.com\/wp-content\/uploads\/flohmarkt-cittie-kiel-tiefgarage-1024x768.jpg 1024w, https:\/\/welovekiel.com\/wp-content\/uploads\/flohmarkt-cittie-kiel-tiefgarage.jpg 1200w\" data-sizes=\"auto\"><\/a>\n\t\t\t<\/dt>\n\t\t\t\t<dd class=\"wp-caption-text gallery-caption\" id=\"gallery-1-11552\">\n\t\t\t\tFlohmarkt Kiel Tiefgarage Citti-Park\n\t\t\t\t<\/dd><\/dl><br style=\"clear: both\"><dl class=\"gallery-item\">\n\t\t\t<dt class=\"gallery-icon landscape\">\n\t\t\t\t<a data-rel=\"iLightbox[postimages]\" data-title=\"Citti-Park Kiel Flohmarkt Tiefgarage\" data-caption=\"Citti-Park Kiel Flohmarkt Tiefgarage\" href=\"https:\/\/welovekiel.com\/wp-content\/uploads\/citti-park-kiel-flohmarkt-tiefgarage.jpg\" title=\"Citti-Park Kiel Flohmarkt Tiefgarage\" data-description=\"Citti-Park Kiel Flohmarkt Tiefgarage\"><img decoding=\"async\" width=\"400\" height=\"300\" src=\"https:\/\/welovekiel.com\/wp-content\/uploads\/citti-park-kiel-flohmarkt-tiefgarage-400x300.jpg\" class=\"attachment-fusion-400 size-fusion-400 lazyload\" alt=\"Citti-Park Kiel Flohmarkt Tiefgarage\" aria-describedby=\"gallery-1-11550\" srcset=\"data:image\/svg+xml,%3Csvg%20xmlns%3D%27http%3A%2F%2Fwww.w3.org%2F2000%2Fsvg%27%20width%3D%271200%27%20height%3D%27900%27%20viewBox%3D%270%200%201200%20900%27%3E%3Crect%20width%3D%271200%27%20height%3D%27900%27%20fill-opacity%3D%220%22%2F%3E%3C%2Fsvg%3E\" data-orig-src=\"https:\/\/welovekiel.com\/wp-content\/uploads\/citti-park-kiel-flohmarkt-tiefgarage-400x300.jpg\" data-srcset=\"https:\/\/welovekiel.com\/wp-content\/uploads\/citti-park-kiel-flohmarkt-tiefgarage-200x150.jpg 200w, https:\/\/welovekiel.com\/wp-content\/uploads\/citti-park-kiel-flohmarkt-tiefgarage-300x225.jpg 300w, https:\/\/welovekiel.com\/wp-content\/uploads\/citti-park-kiel-flohmarkt-tiefgarage-400x300.jpg 400w, https:\/\/welovekiel.com\/wp-content\/uploads\/citti-park-kiel-flohmarkt-tiefgarage-600x450.jpg 600w, https:\/\/welovekiel.com\/wp-content\/uploads\/citti-park-kiel-flohmarkt-tiefgarage-768x576.jpg 768w, https:\/\/welovekiel.com\/wp-content\/uploads\/citti-park-kiel-flohmarkt-tiefgarage-800x600.jpg 800w, https:\/\/welovekiel.com\/wp-content\/uploads\/citti-park-kiel-flohmarkt-tiefgarage-1024x768.jpg 1024w, https:\/\/welovekiel.com\/wp-content\/uploads\/citti-park-kiel-flohmarkt-tiefgarage.jpg 1200w\" data-sizes=\"auto\"><\/a>\n\t\t\t<\/dt>\n\t\t\t\t<dd class=\"wp-caption-text gallery-caption\" id=\"gallery-1-11550\">\n\t\t\t\tCitti-Park Kiel Flohmarkt Tiefgarage\n\t\t\t\t<\/dd><\/dl><dl class=\"gallery-item\">\n\t\t\t<dt class=\"gallery-icon landscape\">\n\t\t\t\t<a data-rel=\"iLightbox[postimages]\" data-title=\"Citti-Park Kiel Flohmarkt Parkplatz\" data-caption=\"Citti-Park Kiel Flohmarkt Parkplatz\" href=\"https:\/\/welovekiel.com\/wp-content\/uploads\/citti-park-kiel-flohmarkt-parkplatz.jpg\" title=\"Citti-Park Kiel Flohmarkt Parkplatz\" data-description=\"Citti-Park Kiel Flohmarkt Parkplatz\"><img decoding=\"async\" width=\"400\" height=\"300\" src=\"https:\/\/welovekiel.com\/wp-content\/uploads\/citti-park-kiel-flohmarkt-parkplatz-400x300.jpg\" class=\"attachment-fusion-400 size-fusion-400 lazyload\" alt=\"Citti-Park Kiel Flohmarkt Parkplatz\" aria-describedby=\"gallery-1-11548\" srcset=\"data:image\/svg+xml,%3Csvg%20xmlns%3D%27http%3A%2F%2Fwww.w3.org%2F2000%2Fsvg%27%20width%3D%271200%27%20height%3D%27900%27%20viewBox%3D%270%200%201200%20900%27%3E%3Crect%20width%3D%271200%27%20height%3D%27900%27%20fill-opacity%3D%220%22%2F%3E%3C%2Fsvg%3E\" data-orig-src=\"https:\/\/welovekiel.com\/wp-content\/uploads\/citti-park-kiel-flohmarkt-parkplatz-400x300.jpg\" data-srcset=\"https:\/\/welovekiel.com\/wp-content\/uploads\/citti-park-kiel-flohmarkt-parkplatz-200x150.jpg 200w, https:\/\/welovekiel.com\/wp-content\/uploads\/citti-park-kiel-flohmarkt-parkplatz-300x225.jpg 300w, https:\/\/welovekiel.com\/wp-content\/uploads\/citti-park-kiel-flohmarkt-parkplatz-400x300.jpg 400w, https:\/\/welovekiel.com\/wp-content\/uploads\/citti-park-kiel-flohmarkt-parkplatz-600x450.jpg 600w, https:\/\/welovekiel.com\/wp-content\/uploads\/citti-park-kiel-flohmarkt-parkplatz-768x576.jpg 768w, https:\/\/welovekiel.com\/wp-content\/uploads\/citti-park-kiel-flohmarkt-parkplatz-800x600.jpg 800w, https:\/\/welovekiel.com\/wp-content\/uploads\/citti-park-kiel-flohmarkt-parkplatz-1024x768.jpg 1024w, https:\/\/welovekiel.com\/wp-content\/uploads\/citti-park-kiel-flohmarkt-parkplatz.jpg 1200w\" data-sizes=\"auto\"><\/a>\n\t\t\t<\/dt>\n\t\t\t\t<dd class=\"wp-caption-text gallery-caption\" id=\"gallery-1-11548\">\n\t\t\t\tCitti-Park Kiel Flohmarkt Parkplatz\n\t\t\t\t<\/dd><\/dl><br style=\"clear: both\"><dl class=\"gallery-item\">\n\t\t\t<dt class=\"gallery-icon landscape\">\n\t\t\t\t<a data-rel=\"iLightbox[postimages]\" data-title=\"Citti-Park Kiel Flohmarkt Oktober 2022\" data-caption=\"Citti-Park Kiel Flohmarkt Oktober 2022\" href=\"https:\/\/welovekiel.com\/wp-content\/uploads\/citti-park-kiel-flohmarkt-oktober-2022.jpg\" title=\"Citti-Park Kiel Flohmarkt Oktober 2022\" data-description=\"Citti-Park Kiel Flohmarkt Oktober 2022\"><img decoding=\"async\" width=\"400\" height=\"300\" src=\"https:\/\/welovekiel.com\/wp-content\/uploads\/citti-park-kiel-flohmarkt-oktober-2022-400x300.jpg\" class=\"attachment-fusion-400 size-fusion-400 lazyload\" alt=\"Citti-Park Kiel Flohmarkt Oktober 2022\" aria-describedby=\"gallery-1-11546\" srcset=\"data:image\/svg+xml,%3Csvg%20xmlns%3D%27http%3A%2F%2Fwww.w3.org%2F2000%2Fsvg%27%20width%3D%271200%27%20height%3D%27900%27%20viewBox%3D%270%200%201200%20900%27%3E%3Crect%20width%3D%271200%27%20height%3D%27900%27%20fill-opacity%3D%220%22%2F%3E%3C%2Fsvg%3E\" data-orig-src=\"https:\/\/welovekiel.com\/wp-content\/uploads\/citti-park-kiel-flohmarkt-oktober-2022-400x300.jpg\" data-srcset=\"https:\/\/welovekiel.com\/wp-content\/uploads\/citti-park-kiel-flohmarkt-oktober-2022-200x150.jpg 200w, https:\/\/welovekiel.com\/wp-content\/uploads\/citti-park-kiel-flohmarkt-oktober-2022-300x225.jpg 300w, https:\/\/welovekiel.com\/wp-content\/uploads\/citti-park-kiel-flohmarkt-oktober-2022-400x300.jpg 400w, https:\/\/welovekiel.com\/wp-content\/uploads\/citti-park-kiel-flohmarkt-oktober-2022-600x450.jpg 600w, https:\/\/welovekiel.com\/wp-content\/uploads\/citti-park-kiel-flohmarkt-oktober-2022-768x576.jpg 768w, https:\/\/welovekiel.com\/wp-content\/uploads\/citti-park-kiel-flohmarkt-oktober-2022-800x600.jpg 800w, https:\/\/welovekiel.com\/wp-content\/uploads\/citti-park-kiel-flohmarkt-oktober-2022-1024x768.jpg 1024w, https:\/\/welovekiel.com\/wp-content\/uploads\/citti-park-kiel-flohmarkt-oktober-2022.jpg 1200w\" data-sizes=\"auto\"><\/a>\n\t\t\t<\/dt>\n\t\t\t\t<dd class=\"wp-caption-text gallery-caption\" id=\"gallery-1-11546\">\n\t\t\t\tCitti-Park Kiel Flohmarkt Oktober 2022\n\t\t\t\t<\/dd><\/dl><dl class=\"gallery-item\">\n\t\t\t<dt class=\"gallery-icon landscape\">\n\t\t\t\t<a data-rel=\"iLightbox[postimages]\" data-title=\"Citti-Park Kiel Flohmarkt\" data-caption=\"Citti-Park Kiel Flohmarkt\" href=\"https:\/\/welovekiel.com\/wp-content\/uploads\/citti-park-in-kiel-flohmarkt.jpg\" title=\"Citti-Park Kiel Flohmarkt\" data-description=\"Citti-Park Kiel Flohmarkt\"><img decoding=\"async\" width=\"400\" height=\"300\" src=\"https:\/\/welovekiel.com\/wp-content\/uploads\/citti-park-in-kiel-flohmarkt-400x300.jpg\" class=\"attachment-fusion-400 size-fusion-400 lazyload\" alt=\"Citti-Park Kiel Flohmarkt\" aria-describedby=\"gallery-1-11544\" srcset=\"data:image\/svg+xml,%3Csvg%20xmlns%3D%27http%3A%2F%2Fwww.w3.org%2F2000%2Fsvg%27%20width%3D%271200%27%20height%3D%27900%27%20viewBox%3D%270%200%201200%20900%27%3E%3Crect%20width%3D%271200%27%20height%3D%27900%27%20fill-opacity%3D%220%22%2F%3E%3C%2Fsvg%3E\" data-orig-src=\"https:\/\/welovekiel.com\/wp-content\/uploads\/citti-park-in-kiel-flohmarkt-400x300.jpg\" data-srcset=\"https:\/\/welovekiel.com\/wp-content\/uploads\/citti-park-in-kiel-flohmarkt-200x150.jpg 200w, https:\/\/welovekiel.com\/wp-content\/uploads\/citti-park-in-kiel-flohmarkt-300x225.jpg 300w, https:\/\/welovekiel.com\/wp-content\/uploads\/citti-park-in-kiel-flohmarkt-400x300.jpg 400w, https:\/\/welovekiel.com\/wp-content\/uploads\/citti-park-in-kiel-flohmarkt-600x450.jpg 600w, https:\/\/welovekiel.com\/wp-content\/uploads\/citti-park-in-kiel-flohmarkt-768x576.jpg 768w, https:\/\/welovekiel.com\/wp-content\/uploads\/citti-park-in-kiel-flohmarkt-800x600.jpg 800w, https:\/\/welovekiel.com\/wp-content\/uploads\/citti-park-in-kiel-flohmarkt-1024x768.jpg 1024w, https:\/\/welovekiel.com\/wp-content\/uploads\/citti-park-in-kiel-flohmarkt.jpg 1200w\" data-sizes=\"auto\"><\/a>\n\t\t\t<\/dt>\n\t\t\t\t<dd class=\"wp-caption-text gallery-caption\" id=\"gallery-1-11544\">\n\t\t\t\tCitti-Park Kiel Flohmarkt\n\t\t\t\t<\/dd><\/dl><br style=\"clear: both\"><dl class=\"gallery-item\">\n\t\t\t<dt class=\"gallery-icon landscape\">\n\t\t\t\t<a data-rel=\"iLightbox[postimages]\" data-title=\"Citti-Park Flohmarkt in Kiel\" data-caption=\"Citti-Park Flohmarkt in Kiel\" href=\"https:\/\/welovekiel.com\/wp-content\/uploads\/citti-park-flohmarkt-kiel.jpg\" title=\"Citti-Park Flohmarkt in Kiel\" data-description=\"Citti-Park Flohmarkt in Kiel\"><img decoding=\"async\" width=\"400\" height=\"300\" src=\"https:\/\/welovekiel.com\/wp-content\/uploads\/citti-park-flohmarkt-kiel-400x300.jpg\" class=\"attachment-fusion-400 size-fusion-400 lazyload\" alt=\"Citti-Park Flohmarkt in Kiel\" aria-describedby=\"gallery-1-11542\" srcset=\"data:image\/svg+xml,%3Csvg%20xmlns%3D%27http%3A%2F%2Fwww.w3.org%2F2000%2Fsvg%27%20width%3D%271200%27%20height%3D%27900%27%20viewBox%3D%270%200%201200%20900%27%3E%3Crect%20width%3D%271200%27%20height%3D%27900%27%20fill-opacity%3D%220%22%2F%3E%3C%2Fsvg%3E\" data-orig-src=\"https:\/\/welovekiel.com\/wp-content\/uploads\/citti-park-flohmarkt-kiel-400x300.jpg\" data-srcset=\"https:\/\/welovekiel.com\/wp-content\/uploads\/citti-park-flohmarkt-kiel-200x150.jpg 200w, https:\/\/welovekiel.com\/wp-content\/uploads\/citti-park-flohmarkt-kiel-300x225.jpg 300w, https:\/\/welovekiel.com\/wp-content\/uploads\/citti-park-flohmarkt-kiel-400x300.jpg 400w, https:\/\/welovekiel.com\/wp-content\/uploads\/citti-park-flohmarkt-kiel-600x450.jpg 600w, https:\/\/welovekiel.com\/wp-content\/uploads\/citti-park-flohmarkt-kiel-768x576.jpg 768w, https:\/\/welovekiel.com\/wp-content\/uploads\/citti-park-flohmarkt-kiel-800x600.jpg 800w, https:\/\/welovekiel.com\/wp-content\/uploads\/citti-park-flohmarkt-kiel-1024x768.jpg 1024w, https:\/\/welovekiel.com\/wp-content\/uploads\/citti-park-flohmarkt-kiel.jpg 1200w\" data-sizes=\"auto\"><\/a>\n\t\t\t<\/dt>\n\t\t\t\t<dd class=\"wp-caption-text gallery-caption\" id=\"gallery-1-11542\">\n\t\t\t\tCitti-Park Flohmarkt in Kiel\n\t\t\t\t<\/dd><\/dl><dl class=\"gallery-item\">\n\t\t\t<dt class=\"gallery-icon landscape\">\n\t\t\t\t<a data-rel=\"iLightbox[postimages]\" data-title=\"Tiefgarage Flohmarkt Citti-Park Kiel\" data-caption=\"Tiefgarage Flohmarkt Citti-Park Kiel\" href=\"https:\/\/welovekiel.com\/wp-content\/uploads\/tiegfarage-flohmarkt-kiel-citti-park.jpg\" title=\"Tiefgarage Flohmarkt Citti-Park Kiel\" data-description=\"Tiefgarage Flohmarkt Citti-Park Kiel\"><img decoding=\"async\" width=\"400\" height=\"300\" src=\"https:\/\/welovekiel.com\/wp-content\/uploads\/tiegfarage-flohmarkt-kiel-citti-park-400x300.jpg\" class=\"attachment-fusion-400 size-fusion-400 lazyload\" alt=\"Tiefgarage Flohmarkt Citti-Park Kiel\" aria-describedby=\"gallery-1-11540\" srcset=\"data:image\/svg+xml,%3Csvg%20xmlns%3D%27http%3A%2F%2Fwww.w3.org%2F2000%2Fsvg%27%20width%3D%271200%27%20height%3D%27900%27%20viewBox%3D%270%200%201200%20900%27%3E%3Crect%20width%3D%271200%27%20height%3D%27900%27%20fill-opacity%3D%220%22%2F%3E%3C%2Fsvg%3E\" data-orig-src=\"https:\/\/welovekiel.com\/wp-content\/uploads\/tiegfarage-flohmarkt-kiel-citti-park-400x300.jpg\" data-srcset=\"https:\/\/welovekiel.com\/wp-content\/uploads\/tiegfarage-flohmarkt-kiel-citti-park-200x150.jpg 200w, https:\/\/welovekiel.com\/wp-content\/uploads\/tiegfarage-flohmarkt-kiel-citti-park-300x225.jpg 300w, https:\/\/welovekiel.com\/wp-content\/uploads\/tiegfarage-flohmarkt-kiel-citti-park-400x300.jpg 400w, https:\/\/welovekiel.com\/wp-content\/uploads\/tiegfarage-flohmarkt-kiel-citti-park-600x450.jpg 600w, https:\/\/welovekiel.com\/wp-content\/uploads\/tiegfarage-flohmarkt-kiel-citti-park-768x576.jpg 768w, https:\/\/welovekiel.com\/wp-content\/uploads\/tiegfarage-flohmarkt-kiel-citti-park-800x600.jpg 800w, https:\/\/welovekiel.com\/wp-content\/uploads\/tiegfarage-flohmarkt-kiel-citti-park-1024x768.jpg 1024w, https:\/\/welovekiel.com\/wp-content\/uploads\/tiegfarage-flohmarkt-kiel-citti-park.jpg 1200w\" data-sizes=\"auto\"><\/a>\n\t\t\t<\/dt>\n\t\t\t\t<dd class=\"wp-caption-text gallery-caption\" id=\"gallery-1-11540\">\n\t\t\t\tTiefgarage Flohmarkt Citti-Park Kiel\n\t\t\t\t<\/dd><\/dl><br style=\"clear: both\">\n\t\t<\/div>\n\n<\/div><style type=\"text\/css\">@media only screen and (max-width:800px) {.fusion-title.fusion-title-1{margin-top:10px!important;margin-bottom:!important;}}<\/style><div class=\"fusion-title title fusion-title-1 fusion-title-text fusion-title-size-two\" style=\"margin-top:20px;margin-right:0px;margin-bottom:31px;margin-left:0px;\"><h2 class=\"title-heading-left\" style=\"margin:0;\">&Auml;hnliche Nachrichten<\/h2><span class=\"awb-title-spacer\"><\/span><div class=\"title-sep-container\"><div class=\"title-sep sep-double sep-solid\" style=\"border-color:#e0dede;\"><\/div><\/div><\/div><div class=\"fusion-text fusion-text-3\"><ul class=\"posts-by-tag-list\"><li class=\"posts-by-tag-item 2026 Alter Markt Bobs Rockstage Feuerwerk F&ouml;rdeb&uuml;hne Kieler Woche 2026 Kieler Woche Konzert Kiellinie Kiwo Konzerte Nordmarksportfeld Ocean Funpark Radio Bob B&uuml;hne Radio Bob! Rockcamp Rathausb&uuml;hne Veranstaltung\" id=\"posts-by-tag-item-17296\"><a class=\"posts-by-tag-item-title\" href=\"https:\/\/welovekiel.com\/de\/kieler-woche-2026-konzerte-veranstaltungen-sonntag-21-06-2026-17296\/\">Kieler Woche 2026: Konzerte &amp; Veranstaltungen Sonntag 21.06.2026<\/a> <small>Posted on: 21. Juni 2026<\/small><\/li><li class=\"posts-by-tag-item 2026 Alter Markt F&ouml;rdeb&uuml;hne Freilichtb&uuml;hne Krusenkoppel H&ouml;rnb&uuml;hne Kiel Kieler Woche Kieler Woche 2026 Kieler Woche Konzert Kieler Woche Programm Kiellinie Konzerte Radio Bob B&uuml;hne Rathausb&uuml;hne Rathausplatz Veranstaltung\" id=\"posts-by-tag-item-17288\"><a class=\"posts-by-tag-item-title\" href=\"https:\/\/welovekiel.com\/de\/soundcheck-kieler-woche-2026-konzerte-am-19-6-2026-17288\/\">Soundcheck Kieler Woche 2026: Konzerte am 19.6.2026<\/a> <small>Posted on: 19. Juni 2026<\/small><\/li><li class=\"posts-by-tag-item Autogrammstunde Citti-Park Citti-Park Kiel Fussball Handball Holstein Kiel THW Kiel\" id=\"posts-by-tag-item-13690\"><a class=\"posts-by-tag-item-title\" href=\"https:\/\/welovekiel.com\/de\/autogrammstunde-holstein-kiel-und-thw-kiel-im-citti-park-13690\/\">Autogrammstunde mit den Mannschaften von Holstein Kiel und THW Kiel im Citti-Park<\/a> <small>Posted on: 9. M&auml;rz 2023<\/small><\/li><li class=\"posts-by-tag-item Flohmarkt Flohmarkt Kiel H&ouml;rn H&ouml;rn Campus H&ouml;rn-Areal Innenstadt Kieler H&ouml;rn\" id=\"posts-by-tag-item-9416\"><a class=\"posts-by-tag-item-title\" href=\"https:\/\/welovekiel.com\/de\/erster-flohmarkt-des-jahres-an-der-kieler-hoern-9416\/\">Erster Flohmarkt des Jahres an der Kieler H&ouml;rn<\/a> <small>Posted on: 24. April 2022<\/small><\/li><li class=\"posts-by-tag-item Asmus-Bremer-Platz Europaplatz Fleeth&ouml;rn Flohmarkt Holstenstra&szlig;e Innenstadt Kieler Innenstadt Rathausplatz\" id=\"posts-by-tag-item-8683\"><a class=\"posts-by-tag-item-title\" href=\"https:\/\/welovekiel.com\/de\/erster-flohmarkt-in-der-kieler-innenstadt-in-2022-8683\/\">Erster Flohmarkt in der Kieler Innenstadt in 2022<\/a> <small>Posted on: 3. April 2022<\/small><\/li><li class=\"posts-by-tag-item 2021 Corona COVID-19 Events Kieler Woche Kieler Woche 2021 Konzerte Pandemie Segelsport Sommerfestival\" id=\"posts-by-tag-item-4825\"><a class=\"posts-by-tag-item-title\" href=\"https:\/\/welovekiel.com\/de\/kieler-woche-2021-von-juni-auf-september-verschoben-4825\/\">Kieler Woche 2021 von Juni auf September verschoben<\/a> <small>Posted on: 19. M&auml;rz 2021<\/small><\/li><li class=\"posts-by-tag-item Kieler Woche Kieler Woche 2020 Rathausplatz Schlossgarten Tickets Veranstaltung\" id=\"posts-by-tag-item-3879\"><a class=\"posts-by-tag-item-title\" href=\"https:\/\/welovekiel.com\/de\/viele-kieler-woche-tickets-werden-nicht-abgeholt-3879\/\">Viele Kieler Woche Tickets werden nicht abgeholt<\/a> <small>Posted on: 9. September 2020<\/small><\/li><li class=\"posts-by-tag-item COVID-19 Kieler Woche Kieler Woche 2020 Kieler Woche Konzert Konzert Veranstaltung\" id=\"posts-by-tag-item-3635\"><a class=\"posts-by-tag-item-title\" href=\"https:\/\/welovekiel.com\/de\/kieler-woche-2020-ticket-reservierung-zu-viele-reservierungsanfragen-fuer-den-server-3635\/\">Kieler Woche 2020 Ticket-Reservierung - Zu viele Reservierungsanfragen f&uuml;r den Server<\/a> <small>Posted on: 27. August 2020<\/small><\/li><li class=\"posts-by-tag-item COVID-19 Kieler Woche Kieler Woche 2020 Kieler Woche Konzert Konzert Veranstaltung\" id=\"posts-by-tag-item-3624\"><a class=\"posts-by-tag-item-title\" href=\"https:\/\/welovekiel.com\/de\/kieler-woche-2020-teilnahme-an-veranstaltungen-3624\/\">Kieler Woche 2020: Teilnahme an Veranstaltungen nur mit g&uuml;ltigem Ticket - Reservierungen ab 27. August m&ouml;glich<\/a> <small>Posted on: 26. August 2020<\/small><\/li><li class=\"posts-by-tag-item COVID-19 Kieler Woche Kieler Woche 2020 Konzert Veranstaltung\" id=\"posts-by-tag-item-2235\"><a class=\"posts-by-tag-item-title\" href=\"https:\/\/welovekiel.com\/de\/kieler-woche-2020-september-ungewiss-2235\/\">Kieler Woche 2020: Kann die KiWo im September stattfinden?<\/a> <small>Posted on: 16. April 2020<\/small><\/li><\/ul>\n<\/div><div class=\"fusion-clearfix\"><\/div><\/div><\/div><div class=\"fusion-layout-column fusion_builder_column fusion-builder-column-1 fusion_builder_column_1_4 1_4 fusion-one-fourth fusion-column-last\" style=\"width:25%;width:calc(25% - ( ( 4% ) * 0.25 ) );margin-top:0px;margin-bottom:20px;\"><div class=\"fusion-column-wrapper fusion-flex-column-wrapper-legacy\" style=\"background-position:left top;background-repeat:no-repeat;-webkit-background-size:cover;-moz-background-size:cover;-o-background-size:cover;background-size:cover;padding: 0px 0px 0px 0px;\"><div class=\"fusion-widget-area fusion-widget-area-1 fusion-content-widget-area\"><style type=\"text\/css\">.fusion-widget-area-1 {padding:0px 0px 0px 0px;}.fusion-widget-area-1 .widget h4 {color:#333333;}.fusion-widget-area-1 .widget .heading h4 {color:#333333;}<\/style><div id=\"custom_html-11\" class=\"widget_text widget widget_custom_html\"><div class=\"textwidget custom-html-widget\"><script async src=\"https:\/\/pagead2.googlesyndication.com\/pagead\/js\/adsbygoogle.js\"><\/script>\r\n<!-- welovekiel_de_galerie_sidebar_responsive -->\r\n<ins class=\"adsbygoogle\" style=\"display:block\" data-ad-client=\"ca-pub-2675294892226297\" data-ad-slot=\"5973548078\" data-ad-format=\"auto\" data-full-width-responsive=\"true\"><\/ins>\r\n<script>\r\n     (adsbygoogle = window.adsbygoogle || []).push({});\r\n<\/script><\/div><\/div><div id=\"gallery-taxonomies-2\" class=\"widget widget_gallery-taxonomies\" style=\"border-style: solid;border-color:transparent;border-width:0px;\"><div class=\"heading\"><h4 class=\"widget-title\">Kategorien der Bildergalerien<\/h4><\/div>\n<ul>\n  \t<li class=\"cat-item cat-item-339\"><a href=\"https:\/\/welovekiel.com\/de\/galleries\/category\/veranstaltungen-events\/\">Veranstaltungen &amp; Events<\/a>\n<\/li>\n\t<li class=\"cat-item cat-item-277\"><a href=\"https:\/\/welovekiel.com\/de\/galleries\/category\/kieler-foerde\/\">Kieler F&ouml;rde<\/a>\n<\/li>\n\t<li class=\"cat-item cat-item-293\"><a href=\"https:\/\/welovekiel.com\/de\/galleries\/category\/schiffe\/\">Schiffe<\/a>\n<\/li>\n\t<li class=\"cat-item cat-item-276\"><a href=\"https:\/\/welovekiel.com\/de\/galleries\/category\/kieler-woche\/\">Kieler Woche<\/a>\n<ul class=\"children\">\n\t<li class=\"cat-item cat-item-301\"><a href=\"https:\/\/welovekiel.com\/de\/galleries\/category\/kieler-woche-konzerte\/\">Kieler Woche Konzerte<\/a>\n<\/li>\n<\/ul>\n<\/li>\n\t<li class=\"cat-item cat-item-533\"><a href=\"https:\/\/welovekiel.com\/de\/galleries\/category\/kieler-hafen\/\">Kieler Hafen<\/a>\n<\/li>\n\t<li class=\"cat-item cat-item-501\"><a href=\"https:\/\/welovekiel.com\/de\/galleries\/category\/wik\/\">Wik<\/a>\n<\/li>\n\t<li class=\"cat-item cat-item-401\"><a href=\"https:\/\/welovekiel.com\/de\/galleries\/category\/altstadt\/\">Altstadt<\/a>\n<\/li>\n\t<li class=\"cat-item cat-item-674\"><a href=\"https:\/\/welovekiel.com\/de\/galleries\/category\/sehenswuerdigkeiten\/\">Sehensw&uuml;rdigkeiten<\/a>\n<\/li>\n\t<li class=\"cat-item cat-item-402\"><a href=\"https:\/\/welovekiel.com\/de\/galleries\/category\/vorstadt\/\">Vorstadt<\/a>\n<\/li>\n\t<li class=\"cat-item cat-item-502\"><a href=\"https:\/\/welovekiel.com\/de\/galleries\/category\/duesternbrook\/\">D&uuml;sternbrook<\/a>\n<\/li>\n\t<li class=\"cat-item cat-item-311\"><a href=\"https:\/\/welovekiel.com\/de\/galleries\/category\/musik-konzerte\/\">Musik &amp; Konzerte<\/a>\n<\/li>\n\t<li class=\"cat-item cat-item-890\"><a href=\"https:\/\/welovekiel.com\/de\/galleries\/category\/gebaeude-bauwerke\/\">Geb&auml;ude &amp; Bauwerke<\/a>\n<\/li>\n\t<li class=\"cat-item cat-item-318\"><a href=\"https:\/\/welovekiel.com\/de\/galleries\/category\/straende\/\">Str&auml;nde<\/a>\n<\/li>\n\t<li class=\"cat-item cat-item-573\"><a href=\"https:\/\/welovekiel.com\/de\/galleries\/category\/schilksee\/\">Schilksee<\/a>\n<\/li>\n\t<li class=\"cat-item cat-item-476\"><a href=\"https:\/\/welovekiel.com\/de\/galleries\/category\/parkanlagen-gruenflaechen\/\">Parkanlagen &amp; Gr&uuml;nfl&auml;chen<\/a>\n<\/li>\n\t<li class=\"cat-item cat-item-648\"><a href=\"https:\/\/welovekiel.com\/de\/galleries\/category\/holtenau\/\">Holtenau<\/a>\n<\/li>\n\t<li class=\"cat-item cat-item-672\"><a href=\"https:\/\/welovekiel.com\/de\/galleries\/category\/kieler-umland\/\">Kieler Umland<\/a>\n<\/li>\n\t<li class=\"cat-item cat-item-673\"><a href=\"https:\/\/welovekiel.com\/de\/galleries\/category\/kreis-rendsburg-eckernfoerde\/\">Kreis Rendsburg-Eckernf&ouml;rde<\/a>\n<\/li>\n\t<li class=\"cat-item cat-item-844\"><a href=\"https:\/\/welovekiel.com\/de\/galleries\/category\/sport\/\">Sport<\/a>\n<\/li>\n<\/ul>\n\n<\/div><div id=\"encyclopedia_items-6\" class=\"widget widget_encyclopedia_items\"><div class=\"heading\"><h4 class=\"widget-title\">Aus dem Kiel Lexikon<\/h4><\/div><ul>\n            <li><a href=\"https:\/\/welovekiel.com\/de\/lexikon\/bluecherplatz\/\" title=\"\" class=\"encyclopedia\">Bl&uuml;cherplatz<\/a><\/li>\n            <li><a href=\"https:\/\/welovekiel.com\/de\/lexikon\/norwegenkai\/\" title=\"\" class=\"encyclopedia\">Norwegenkai<\/a><\/li>\n            <li><a href=\"https:\/\/welovekiel.com\/de\/lexikon\/ostseekai-kiel\/\" title=\"\" class=\"encyclopedia\">Ostseekai<\/a><\/li>\n            <li><a href=\"https:\/\/welovekiel.com\/de\/lexikon\/daenisch-nienhof-strand\/\" title=\"\" class=\"encyclopedia\">D&auml;nisch-Nienhof Strand<\/a><\/li>\n            <li><a href=\"https:\/\/welovekiel.com\/de\/lexikon\/kiel-duesternbrook\/\" title=\"\" class=\"encyclopedia\">D&uuml;sternbrook<\/a><\/li>\n    <\/ul>\n<\/div>\n\t\t<div id=\"recent-posts-4\" class=\"widget widget_recent_entries\">\n\t\t<div class=\"heading\"><h4 class=\"widget-title\">Neu im Kiel Blog<\/h4><\/div>\n\t\t<ul>\n\t\t\t\t\t\t\t\t\t\t\t<li>\n\t\t\t\t\t<a href=\"https:\/\/welovekiel.com\/de\/kieler-woche-2026-konzerte-veranstaltungen-freitag-26-06-2026-17310\/\">Kieler Woche 2026: Konzerte &amp; Veranstaltungen Freitag 26.06.2026<\/a>\n\t\t\t\t\t\t\t\t\t<\/li>\n\t\t\t\t\t\t\t\t\t\t\t<li>\n\t\t\t\t\t<a href=\"https:\/\/welovekiel.com\/de\/kieler-woche-2026-konzerte-veranstaltungen-donnerstag-25-06-2026-17308\/\">Kieler Woche 2026: Konzerte &amp; Veranstaltungen Donnerstag 25.06.2026<\/a>\n\t\t\t\t\t\t\t\t\t<\/li>\n\t\t\t\t\t\t\t\t\t\t\t<li>\n\t\t\t\t\t<a href=\"https:\/\/welovekiel.com\/de\/kieler-woche-2026-konzerte-veranstaltungen-mittwoch-24-06-2026-17305\/\">Kieler Woche 2026: Konzerte &amp; Veranstaltungen Mittwoch 24.06.2026<\/a>\n\t\t\t\t\t\t\t\t\t<\/li>\n\t\t\t\t\t\t\t\t\t\t\t<li>\n\t\t\t\t\t<a href=\"https:\/\/welovekiel.com\/de\/kieler-woche-2026-konzerte-veranstaltungen-dienstag-23-06-2026-17303\/\">Kieler Woche 2026: Konzerte &amp; Veranstaltungen Dienstag 23.06.2026<\/a>\n\t\t\t\t\t\t\t\t\t<\/li>\n\t\t\t\t\t\t\t\t\t\t\t<li>\n\t\t\t\t\t<a href=\"https:\/\/welovekiel.com\/de\/kieler-woche-2026-konzerte-veranstaltungen-montag-22-06-2026-17298\/\">Kieler Woche 2026: Konzerte &amp; Veranstaltungen Montag 22.06.2026<\/a>\n\t\t\t\t\t\t\t\t\t<\/li>\n\t\t\t\t\t<\/ul>\n\n\t\t<\/div><div class=\"tribe-compatibility-container\">\n\t<div class=\"tribe-common tribe-events tribe-events-view tribe-events-view--widget-events-list tribe-events-widget\" data-js=\"tribe-events-view\" data-view-rest-url=\"https:\/\/welovekiel.com\/de\/wp-json\/tribe\/views\/v2\/html\" data-view-manage-url=\"1\" data-view-breakpoint-pointer=\"3660b62e-1b57-46c2-aa44-7879de5e9ade\">\n\t\t<div class=\"tribe-events-widget-events-list\">\n\n\t\t\t<script type=\"application\/ld+json\">\r\n[{\"@context\":\"http:\/\/schema.org\",\"@type\":\"Event\",\"name\":\"Flohmarkt Kiel Innenstadt Holstenplatz bis Rathausplatz 06.09.2026\",\"description\":\"&lt;p&gt;Flohmarkt Kiel Innenstadt am Sonntag, den 6. September 2026 ab 8 Uhr auf dem Rathausplatz, Asmus-Bremer-Platz, Europaplatz, Fleeth\\u00f6rn, Willestra\\u00dfe, Holstenplatz und Holstenstra\\u00dfe. In den Monaten April bis September 2026 veranstaltet die Landeshauptstadt Kiel mehrere Flohm\\u00e4rkte [&hellip;]&lt;\/p&gt;\\\\n\",\"image\":\"https:\/\/welovekiel.com\/wp-content\/uploads\/kieler-rathausplatz-flohmarkt-innenstadt-kiel.jpg\",\"url\":\"https:\/\/welovekiel.com\/de\/event\/flohmarkt-kiel-innenstadt-holstenplatz-bis-rathausplatz-6-9-2026\/\",\"eventAttendanceMode\":\"https:\/\/schema.org\/OfflineEventAttendanceMode\",\"eventStatus\":\"https:\/\/schema.org\/EventScheduled\",\"startDate\":\"2026-09-06T08:00:00+02:00\",\"endDate\":\"2026-09-06T16:00:00+02:00\",\"location\":{\"@type\":\"Place\",\"name\":\"Rathausplatz Kiel\",\"description\":\"\",\"url\":\"https:\/\/welovekiel.com\/de\/veranstaltungsort\/rathausplatz-kiel\/\",\"address\":{\"@type\":\"PostalAddress\",\"streetAddress\":\"Rathausplatz\",\"addressLocality\":\"Kiel\",\"postalCode\":\"24103\",\"addressCountry\":\"Deutschland\"},\"telephone\":\"\",\"sameAs\":\"\"},\"organizer\":{\"@type\":\"Person\",\"name\":\"Landeshauptstadt Kiel\",\"description\":\"\",\"url\":\"\",\"telephone\":\"\",\"email\":\"\",\"sameAs\":\"\"},\"offers\":{\"@type\":\"Offer\",\"price\":\"0\",\"priceCurrency\":\"EUR\",\"url\":\"https:\/\/welovekiel.com\/de\/event\/flohmarkt-kiel-innenstadt-holstenplatz-bis-rathausplatz-6-9-2026\/\",\"category\":\"primary\",\"availability\":\"inStock\",\"validFrom\":\"1970-01-01T00:00:00+00:00\"},\"performer\":\"Organization\"},{\"@context\":\"http:\/\/schema.org\",\"@type\":\"Event\",\"name\":\"Flohmarkt Kaufland Kiel-Mettenhof 13.09.2026\",\"description\":\"&lt;p&gt;Flohmarkt Kaufland Kiel-Mettenhof am Sonntag, den 13. September 2026 ab 6 Uhr auf dem Kaufland Parkplatz im Kieler Stadtteil Mettenhof am Skandinaviendamm. In den Monaten Januar bis Dezember 2026 veranstaltet Heinz Geide Flohm\\u00e4rkte insgesamt 12 [&hellip;]&lt;\/p&gt;\\\\n\",\"image\":\"https:\/\/welovekiel.com\/wp-content\/uploads\/kaufland-mettenhof-parkhaus-flohmarkt.jpg\",\"url\":\"https:\/\/welovekiel.com\/de\/event\/flohmarkt-kaufland-kiel-mettenhof-13-09-2026\/\",\"eventAttendanceMode\":\"https:\/\/schema.org\/OfflineEventAttendanceMode\",\"eventStatus\":\"https:\/\/schema.org\/EventScheduled\",\"startDate\":\"2026-09-13T06:00:00+02:00\",\"endDate\":\"2026-09-13T16:00:00+02:00\",\"location\":{\"@type\":\"Place\",\"name\":\"Kaufland Kiel-Mettenhof\",\"description\":\"\",\"url\":\"https:\/\/welovekiel.com\/de\/veranstaltungsort\/kaufland-kiel-mettenhof\/\",\"address\":{\"@type\":\"PostalAddress\",\"streetAddress\":\"Skandinaviendamm 299\",\"addressLocality\":\"Kiel\",\"postalCode\":\"24109\",\"addressCountry\":\"Deutschland\"},\"telephone\":\"\",\"sameAs\":\"\"},\"organizer\":{\"@type\":\"Person\",\"name\":\"Heinz Geide Flom\\u00e4rkte\",\"description\":\"\",\"url\":\"\",\"telephone\":\"\",\"email\":\"\",\"sameAs\":\"\"},\"offers\":{\"@type\":\"Offer\",\"price\":\"0\",\"priceCurrency\":\"EUR\",\"url\":\"https:\/\/welovekiel.com\/de\/event\/flohmarkt-kaufland-kiel-mettenhof-13-09-2026\/\",\"category\":\"primary\",\"availability\":\"inStock\",\"validFrom\":\"1970-01-01T00:00:00+00:00\"},\"performer\":\"Organization\"},{\"@context\":\"http:\/\/schema.org\",\"@type\":\"Event\",\"name\":\"Flohmarkt Citti-Park Kiel 13.9.2026\",\"description\":\"&lt;p&gt;Flohmarkt Citti-Park Kiel am Sonntag, den 13. September 2026 ab 8 Uhr auf dem Citti-Park Parkplatz im M\\u00fchlendamm 1 im Kieler Stadtteil Hassee. An insgesamt sechs Terminen im Jahr 2026 veranstaltet die Firma Hochberg Flohm\\u00e4rkte [&hellip;]&lt;\/p&gt;\\\\n\",\"image\":\"https:\/\/welovekiel.com\/wp-content\/uploads\/flohmarkt-kiel-citti-park.jpg\",\"url\":\"https:\/\/welovekiel.com\/de\/event\/flohmarkt-citti-park-kiel-13-9-2026\/\",\"eventAttendanceMode\":\"https:\/\/schema.org\/OfflineEventAttendanceMode\",\"eventStatus\":\"https:\/\/schema.org\/EventScheduled\",\"startDate\":\"2026-09-13T08:00:00+02:00\",\"endDate\":\"2026-09-13T16:00:00+02:00\",\"location\":{\"@type\":\"Place\",\"name\":\"Citti-Park Kiel\",\"description\":\"\",\"url\":\"https:\/\/welovekiel.com\/de\/veranstaltungsort\/citti-park-kiel\/\",\"address\":{\"@type\":\"PostalAddress\",\"streetAddress\":\"M\\u00fchlendamm 1\",\"addressLocality\":\"Kiel\",\"postalCode\":\"24113\",\"addressCountry\":\"Deutschland\"},\"telephone\":\"\",\"sameAs\":\"\"},\"organizer\":{\"@type\":\"Person\",\"name\":\"Hochberg Flohmarkt\",\"description\":\"\",\"url\":\"\",\"telephone\":\"\",\"email\":\"\",\"sameAs\":\"\"},\"offers\":{\"@type\":\"Offer\",\"price\":\"0\",\"priceCurrency\":\"EUR\",\"url\":\"https:\/\/welovekiel.com\/de\/event\/flohmarkt-citti-park-kiel-13-9-2026\/\",\"category\":\"primary\",\"availability\":\"inStock\",\"validFrom\":\"1970-01-01T00:00:00+00:00\"},\"performer\":\"Organization\"}]\r\n<\/script>\n\t\t\t<script data-js=\"tribe-events-view-data\" type=\"application\/json\">\n\t{\"slug\":\"widget-events-list\",\"prev_url\":\"\",\"next_url\":\"https:\\\/\\\/welovekiel.com\\\/de\\\/?post_type=tribe_events&eventDisplay=widget-events-list&paged=2\",\"view_class\":\"Tribe\\\\Events\\\\Views\\\\V2\\\\Views\\\\Widgets\\\\Widget_List_View\",\"view_slug\":\"widget-events-list\",\"view_label\":\"View\",\"view\":null,\"should_manage_url\":true,\"id\":null,\"alias-slugs\":null,\"title\":\"Veranstaltungen von 1. September \\u2013 13. September \\u2013 We love Kiel\",\"limit\":\"3\",\"no_upcoming_events\":false,\"featured_events_only\":false,\"jsonld_enable\":true,\"tribe_is_list_widget\":false,\"admin_fields\":{\"title\":{\"label\":\"Titel:\",\"type\":\"text\",\"parent_classes\":\"\",\"classes\":\"\",\"dependency\":\"\",\"id\":\"widget-tribe-widget-events-list-6-title\",\"name\":\"widget-tribe-widget-events-list[6][title]\",\"options\":[],\"placeholder\":\"\",\"value\":null},\"limit\":{\"label\":\"Anzeige:\",\"type\":\"number\",\"default\":5,\"min\":1,\"max\":10,\"step\":1,\"parent_classes\":\"\",\"classes\":\"\",\"dependency\":\"\",\"id\":\"widget-tribe-widget-events-list-6-limit\",\"name\":\"widget-tribe-widget-events-list[6][limit]\",\"options\":[],\"placeholder\":\"\",\"value\":null},\"metadata_section\":{\"type\":\"fieldset\",\"classes\":\"tribe-common-form-control-checkbox-checkbox-group\",\"label\":\"Anzeige:\",\"children\":{\"cost\":{\"type\":\"checkbox\",\"label\":\"Preis\",\"parent_classes\":\"\",\"classes\":\"\",\"dependency\":\"\",\"id\":\"widget-tribe-widget-events-list-6-cost\",\"name\":\"widget-tribe-widget-events-list[6][cost]\",\"options\":[],\"placeholder\":\"\",\"value\":null},\"venue\":{\"type\":\"checkbox\",\"label\":\"Veranstaltungsort\",\"parent_classes\":\"\",\"classes\":\"\",\"dependency\":\"\",\"id\":\"widget-tribe-widget-events-list-6-venue\",\"name\":\"widget-tribe-widget-events-list[6][venue]\",\"options\":[],\"placeholder\":\"\",\"value\":null},\"street\":{\"type\":\"checkbox\",\"label\":\"Stra\\u00dfe\",\"parent_classes\":\"\",\"classes\":\"\",\"dependency\":\"\",\"id\":\"widget-tribe-widget-events-list-6-street\",\"name\":\"widget-tribe-widget-events-list[6][street]\",\"options\":[],\"placeholder\":\"\",\"value\":null},\"city\":{\"type\":\"checkbox\",\"label\":\"Stadt\",\"parent_classes\":\"\",\"classes\":\"\",\"dependency\":\"\",\"id\":\"widget-tribe-widget-events-list-6-city\",\"name\":\"widget-tribe-widget-events-list[6][city]\",\"options\":[],\"placeholder\":\"\",\"value\":null},\"region\":{\"type\":\"checkbox\",\"label\":\"Staat (USA) oder Bundesland \\\/ Kanton (International)\",\"parent_classes\":\"\",\"classes\":\"\",\"dependency\":\"\",\"id\":\"widget-tribe-widget-events-list-6-region\",\"name\":\"widget-tribe-widget-events-list[6][region]\",\"options\":[],\"placeholder\":\"\",\"value\":null},\"zip\":{\"type\":\"checkbox\",\"label\":\"Postleitzahl\",\"parent_classes\":\"\",\"classes\":\"\",\"dependency\":\"\",\"id\":\"widget-tribe-widget-events-list-6-zip\",\"name\":\"widget-tribe-widget-events-list[6][zip]\",\"options\":[],\"placeholder\":\"\",\"value\":null},\"country\":{\"type\":\"checkbox\",\"label\":\"Land\",\"parent_classes\":\"\",\"classes\":\"\",\"dependency\":\"\",\"id\":\"widget-tribe-widget-events-list-6-country\",\"name\":\"widget-tribe-widget-events-list[6][country]\",\"options\":[],\"placeholder\":\"\",\"value\":null},\"phone\":{\"type\":\"checkbox\",\"label\":\"Telefon\",\"parent_classes\":\"\",\"classes\":\"\",\"dependency\":\"\",\"id\":\"widget-tribe-widget-events-list-6-phone\",\"name\":\"widget-tribe-widget-events-list[6][phone]\",\"options\":[],\"placeholder\":\"\",\"value\":null},\"organizer\":{\"type\":\"checkbox\",\"label\":\"Veranstalter\",\"parent_classes\":\"\",\"classes\":\"\",\"dependency\":\"\",\"id\":\"widget-tribe-widget-events-list-6-organizer\",\"name\":\"widget-tribe-widget-events-list[6][organizer]\",\"options\":[],\"placeholder\":\"\",\"value\":null},\"website\":{\"type\":\"checkbox\",\"label\":\"Webseite\",\"parent_classes\":\"\",\"classes\":\"\",\"dependency\":\"\",\"id\":\"widget-tribe-widget-events-list-6-website\",\"name\":\"widget-tribe-widget-events-list[6][website]\",\"options\":[],\"placeholder\":\"\",\"value\":null}},\"parent_classes\":\"\",\"dependency\":\"\",\"id\":\"widget-tribe-widget-events-list-6-metadata_section\",\"name\":\"widget-tribe-widget-events-list[6][metadata_section]\",\"options\":[],\"placeholder\":\"\",\"value\":null},\"taxonomy_section\":{\"type\":\"section\",\"classes\":[\"calendar-widget-filters-container\"],\"label\":\"Filter:\",\"children\":{\"filters\":{\"type\":\"taxonomy-filters\",\"parent_classes\":\"\",\"classes\":\"\",\"dependency\":\"\",\"id\":\"widget-tribe-widget-events-list-6-filters\",\"label\":\"\",\"name\":\"widget-tribe-widget-events-list[6][filters]\",\"options\":[],\"placeholder\":\"\",\"value\":null,\"list_items\":[]},\"operand\":{\"type\":\"fieldset\",\"classes\":\"tribe-common-form-control-checkbox-radio-group\",\"label\":\"Operand:\",\"selected\":\"OR\",\"children\":[{\"type\":\"radio\",\"label\":\"Match any\",\"button_value\":\"OR\",\"parent_classes\":\"\",\"classes\":\"\",\"dependency\":\"\",\"id\":\"widget-tribe-widget-events-list-6-operand\",\"name\":\"widget-tribe-widget-events-list[6][operand]\",\"options\":[],\"placeholder\":\"\",\"value\":null},{\"type\":\"radio\",\"label\":\"Match all\",\"button_value\":\"AND\",\"parent_classes\":\"\",\"classes\":\"\",\"dependency\":\"\",\"id\":\"widget-tribe-widget-events-list-6-operand\",\"name\":\"widget-tribe-widget-events-list[6][operand]\",\"options\":[],\"placeholder\":\"\",\"value\":null}],\"parent_classes\":\"\",\"dependency\":\"\",\"id\":\"widget-tribe-widget-events-list-6-operand\",\"name\":\"widget-tribe-widget-events-list[6][operand]\",\"options\":[],\"placeholder\":\"\",\"value\":null}},\"parent_classes\":\"\",\"dependency\":\"\",\"id\":\"widget-tribe-widget-events-list-6-taxonomy_section\",\"name\":\"widget-tribe-widget-events-list[6][taxonomy_section]\",\"options\":[],\"placeholder\":\"\",\"value\":null},\"taxonomy\":{\"type\":\"taxonomy\",\"classes\":\"calendar-widget-add-filter\",\"label\":\"Filter zuf\\u00fcgen:\",\"placeholder\":\"W\\u00e4hle einen Taxonomiebegriff\",\"parent_classes\":\"\",\"dependency\":\"\",\"id\":\"widget-tribe-widget-events-list-6-taxonomy\",\"name\":\"widget-tribe-widget-events-list[6][taxonomy]\",\"options\":[],\"value\":null},\"no_upcoming_events\":{\"label\":\"Blende dieses Widget aus, wenn es keine bevorstehenden Veranstaltungen gibt.\",\"type\":\"checkbox\",\"parent_classes\":\"\",\"classes\":\"\",\"dependency\":\"\",\"id\":\"widget-tribe-widget-events-list-6-no_upcoming_events\",\"name\":\"widget-tribe-widget-events-list[6][no_upcoming_events]\",\"options\":[],\"placeholder\":\"\",\"value\":null},\"featured_events_only\":{\"label\":\"Nur auf hervorgehobene Veranstaltungen beschr\\u00e4nken\",\"type\":\"checkbox\",\"parent_classes\":\"\",\"classes\":\"\",\"dependency\":\"\",\"id\":\"widget-tribe-widget-events-list-6-featured_events_only\",\"name\":\"widget-tribe-widget-events-list[6][featured_events_only]\",\"options\":[],\"placeholder\":\"\",\"value\":null},\"jsonld_enable\":{\"label\":\"JSON-LD-Daten generieren\",\"type\":\"checkbox\",\"parent_classes\":\"\",\"classes\":\"\",\"dependency\":\"\",\"id\":\"widget-tribe-widget-events-list-6-jsonld_enable\",\"name\":\"widget-tribe-widget-events-list[6][jsonld_enable]\",\"options\":[],\"placeholder\":\"\",\"value\":null}},\"venue\":false,\"country\":false,\"street\":false,\"city\":false,\"region\":false,\"zip\":false,\"phone\":false,\"cost\":false,\"organizer\":false,\"website\":false,\"operand\":\"OR\",\"filters\":\"\",\"wpml_language\":\"de\",\"fusion_display_title\":\"yes\",\"fusion_padding_color\":\"\",\"fusion_margin\":\"\",\"fusion_bg_color\":\"\",\"fusion_bg_radius_size\":\"\",\"fusion_border_size\":\"\",\"fusion_border_style\":\"solid\",\"fusion_border_color\":\"\",\"fusion_divider_color\":\"\",\"fusion_align\":\"\",\"fusion_align_mobile\":\"\",\"events\":[10000634,10000625,10000648],\"url\":\"https:\\\/\\\/welovekiel.com\\\/de\\\/?post_type=tribe_events&eventDisplay=widget-events-list\",\"url_event_date\":false,\"bar\":{\"keyword\":\"\",\"date\":\"\"},\"today\":\"2026-09-01 00:00:00\",\"now\":\"2026-09-01 01:14:42\",\"home_url\":\"https:\\\/\\\/welovekiel.com\\\/de\\\/\",\"rest_url\":\"https:\\\/\\\/welovekiel.com\\\/de\\\/wp-json\\\/tribe\\\/views\\\/v2\\\/html\",\"rest_method\":\"GET\",\"rest_nonce\":\"\",\"today_url\":\"https:\\\/\\\/welovekiel.com\\\/de\\\/?post_type=tribe_events&eventDisplay=widget-events-list&rest_route=%2Fwp%2Fv2%2Fgallery%2F11572\",\"today_title\":\"Klicke, um das heutige Datum auszuw\\u00e4hlen\",\"today_label\":\"Heute\",\"prev_label\":\"\",\"next_label\":\"\",\"date_formats\":{\"compact\":\"d.m.Y\",\"month_and_year_compact\":\"m.Y\",\"month_and_year\":\"F Y\",\"time_range_separator\":\" - \",\"date_time_separator\":\" | \"},\"messages\":[],\"start_of_week\":\"1\",\"header_title\":\"\",\"header_title_element\":\"h1\",\"content_title\":\"\",\"show_content_title\":false,\"breadcrumbs\":[],\"backlink\":false,\"before_events\":\"\",\"after_events\":\"\\n<!--\\nThis calendar is powered by The Events Calendar.\\nhttp:\\\/\\\/evnt.is\\\/18wn\\n-->\\n\",\"display_events_bar\":false,\"disable_event_search\":false,\"live_refresh\":true,\"ical\":{\"display_link\":true,\"link\":{\"url\":\"https:\\\/\\\/welovekiel.com\\\/de\\\/?post_type=tribe_events&#038;eventDisplay=widget-events-list&#038;ical=1\",\"text\":\"Veranstaltungen als iCal exportieren\",\"title\":\"Diese Funktion verwenden, um Kalenderdaten mit Google Kalender, Apple iCal und kompatiblen Apps zu teilen\"}},\"container_classes\":[\"tribe-common\",\"tribe-events\",\"tribe-events-view\",\"tribe-events-view--widget-events-list\",\"tribe-events-widget\"],\"container_data\":[],\"is_past\":false,\"breakpoints\":{\"xsmall\":500,\"medium\":768,\"full\":960},\"breakpoint_pointer\":\"3660b62e-1b57-46c2-aa44-7879de5e9ade\",\"is_initial_load\":false,\"public_views\":{\"list\":{\"view_class\":\"Tribe\\\\Events\\\\Views\\\\V2\\\\Views\\\\List_View\",\"view_url\":\"https:\\\/\\\/welovekiel.com\\\/de\\\/Veranstaltungen\\\/Liste\\\/\",\"view_label\":\"Liste\",\"aria_label\":\"Zeige Veranstaltungen in der Liste Ansicht\"},\"month\":{\"view_class\":\"Tribe\\\\Events\\\\Views\\\\V2\\\\Views\\\\Month_View\",\"view_url\":\"https:\\\/\\\/welovekiel.com\\\/de\\\/Veranstaltungen\\\/Monat\\\/\",\"view_label\":\"Monat\",\"aria_label\":\"Zeige Veranstaltungen in der Monat Ansicht\"},\"day\":{\"view_class\":\"Tribe\\\\Events\\\\Views\\\\V2\\\\Views\\\\Day_View\",\"view_url\":\"https:\\\/\\\/welovekiel.com\\\/de\\\/Veranstaltungen\\\/heute\\\/\",\"view_label\":\"Tag\",\"aria_label\":\"Zeige Veranstaltungen in der Tag Ansicht\"},\"week\":{\"view_class\":\"Tribe\\\\Events\\\\Pro\\\\Views\\\\V2\\\\Views\\\\Week_View\",\"view_url\":\"https:\\\/\\\/welovekiel.com\\\/de\\\/Veranstaltungen\\\/Woche\\\/\",\"view_label\":\"Woche\",\"aria_label\":\"Zeige Veranstaltungen in der Woche Ansicht\"}},\"show_latest_past\":false,\"past\":false,\"compatibility_classes\":[\"tribe-compatibility-container\"],\"view_more_text\":\"Kalender anzeigen\",\"view_more_title\":\"Weitere Veranstaltungen anzeigen.\",\"view_more_link\":\"https:\\\/\\\/welovekiel.com\\\/de\\\/Veranstaltungen\\\/\",\"widget_title\":\"Anstehende Veranstaltungen\",\"hide_if_no_upcoming_events\":false,\"display\":{\"cost\":false,\"venue\":false,\"street\":false,\"city\":false,\"region\":false,\"zip\":false,\"country\":false,\"phone\":false,\"organizer\":false,\"website\":false},\"subscribe_links\":{\"gcal\":{\"label\":\"Google Kalender\",\"single_label\":\"Zu Google Kalender hinzuf\\u00fcgen\",\"visible\":true,\"block_slug\":\"hasGoogleCalendar\"},\"ical\":{\"label\":\"iCalendar\",\"single_label\":\"Zu iCalendar hinzuf\\u00fcgen\",\"visible\":true,\"block_slug\":\"hasiCal\"},\"outlook-365\":{\"label\":\"Outlook 365\",\"single_label\":\"Outlook 365\",\"visible\":true,\"block_slug\":\"hasOutlook365\"},\"outlook-live\":{\"label\":\"Outlook Live\",\"single_label\":\"Outlook Live\",\"visible\":true,\"block_slug\":\"hasOutlookLive\"},\"ics\":{\"label\":\".ics-Datei exportieren\",\"single_label\":\".ics-Datei exportieren\",\"visible\":true,\"block_slug\":null},\"outlook-ics\":{\"label\":\"Exportiere Outlook .ics Datei\",\"single_label\":\"Exportiere Outlook .ics Datei\",\"visible\":true,\"block_slug\":null}},\"display_recurring_toggle\":false,\"_context\":{\"slug\":\"widget-events-list\"}}<\/script>\n\n\t\t\t\t\t\t\t<header class=\"tribe-events-widget-events-list__header\">\n\t\t\t\t\t<h2 class=\"tribe-events-widget-events-list__header-title tribe-common-h6 tribe-common-h--alt\">\n\t\t\t\t\t\tAnstehende Veranstaltungen\t\t\t\t\t<\/h2>\n\t\t\t\t<\/header>\n\t\t\t\n\t\t\t\n\t\t\t\t<div class=\"tribe-events-widget-events-list__events\">\n\t\t\t\t\t\t\t\t\t\t\t<div class=\"tribe-common-g-row tribe-events-widget-events-list__event-row\">\n\n\t<div class=\"tribe-events-widget-events-list__event-date-tag tribe-common-g-col\">\n\t<time class=\"tribe-events-widget-events-list__event-date-tag-datetime\" datetime=\"2026-09-06\">\n\t\t<span class=\"tribe-events-widget-events-list__event-date-tag-month\">\n\t\t\tSep.\t\t<\/span>\n\t\t<span class=\"tribe-events-widget-events-list__event-date-tag-daynum tribe-common-h2 tribe-common-h4--min-medium\">\n\t\t\t6\t\t<\/span>\n\t<\/time>\n<\/div>\n\n\t<div class=\"tribe-events-widget-events-list__event-wrapper tribe-common-g-col\">\n\t\t<article class=\"tribe-events-widget-events-list__event post-10000634 tribe_events type-tribe_events status-publish has-post-thumbnail hentry tag-3262 tag-asmus-bremer-platz tag-flohmarkt tag-flohmarkt-kiel tag-flohmarkt-kieler-innenstadt tag-flohmarkt-rathausplatz tag-holstenplatz tag-holstenstrasse tag-rathausplatz tag-willestrasse tribe_events_cat-flohmarkt tribe_events_cat-kiel tribe_events_cat-shopping gallery-content-unit\">\n\t\t\t<div class=\"tribe-events-widget-events-list__event-details\">\n\n\t\t\t\t<header class=\"tribe-events-widget-events-list__event-header\">\n\t\t\t\t\t<div class=\"tribe-events-widget-events-list__event-datetime-wrapper tribe-common-b2 tribe-common-b3--min-medium\">\n\t\t<time class=\"tribe-events-widget-events-list__event-datetime\" datetime=\"2026-09-06\">\n\t\t<span class=\"tribe-event-date-start\">08:00<\/span> - <span class=\"tribe-event-time\">16:00<\/span>\t<\/time>\n\t<\/div>\n\t\t\t\t\t<h3 class=\"tribe-events-widget-events-list__event-title tribe-common-h7\">\n\t<a href=\"https:\/\/welovekiel.com\/de\/event\/flohmarkt-kiel-innenstadt-holstenplatz-bis-rathausplatz-6-9-2026\/\" title=\"Flohmarkt Kiel Innenstadt Holstenplatz bis Rathausplatz 06.09.2026\" rel=\"bookmark\" class=\"tribe-events-widget-events-list__event-title-link tribe-common-anchor-thin\">\n\t\tFlohmarkt Kiel Innenstadt Holstenplatz bis Rathausplatz 06.09.2026\t<\/a>\n<\/h3>\n\t\t\t\t<\/header>\n\n\t\t\t\t\n\t\t\t<\/div>\n\t\t<\/article>\n\t<\/div>\n\n<\/div>\n\t\t\t\t\t\t\t\t\t\t\t<div class=\"tribe-common-g-row tribe-events-widget-events-list__event-row\">\n\n\t<div class=\"tribe-events-widget-events-list__event-date-tag tribe-common-g-col\">\n\t<time class=\"tribe-events-widget-events-list__event-date-tag-datetime\" datetime=\"2026-09-13\">\n\t\t<span class=\"tribe-events-widget-events-list__event-date-tag-month\">\n\t\t\tSep.\t\t<\/span>\n\t\t<span class=\"tribe-events-widget-events-list__event-date-tag-daynum tribe-common-h2 tribe-common-h4--min-medium\">\n\t\t\t13\t\t<\/span>\n\t<\/time>\n<\/div>\n\n\t<div class=\"tribe-events-widget-events-list__event-wrapper tribe-common-g-col\">\n\t\t<article class=\"tribe-events-widget-events-list__event post-10000625 tribe_events type-tribe_events status-publish has-post-thumbnail hentry tag-3262 tag-flohmarkt tag-flohmarkt-kiel tag-flohmarkt-mettenhof tag-kaufland tag-kaufland-flohmarkt tag-kaufland-mettenhof tag-kiel tag-mettenhof tag-mettenhof-fohmarkt tag-shopping tag-skandinaviendamm tribe_events_cat-flohmarkt tribe_events_cat-kiel tribe_events_cat-mettenhof tribe_events_cat-shopping gallery-content-unit\">\n\t\t\t<div class=\"tribe-events-widget-events-list__event-details\">\n\n\t\t\t\t<header class=\"tribe-events-widget-events-list__event-header\">\n\t\t\t\t\t<div class=\"tribe-events-widget-events-list__event-datetime-wrapper tribe-common-b2 tribe-common-b3--min-medium\">\n\t\t<time class=\"tribe-events-widget-events-list__event-datetime\" datetime=\"2026-09-13\">\n\t\t<span class=\"tribe-event-date-start\">06:00<\/span> - <span class=\"tribe-event-time\">16:00<\/span>\t<\/time>\n\t<\/div>\n\t\t\t\t\t<h3 class=\"tribe-events-widget-events-list__event-title tribe-common-h7\">\n\t<a href=\"https:\/\/welovekiel.com\/de\/event\/flohmarkt-kaufland-kiel-mettenhof-13-09-2026\/\" title=\"Flohmarkt Kaufland Kiel-Mettenhof 13.09.2026\" rel=\"bookmark\" class=\"tribe-events-widget-events-list__event-title-link tribe-common-anchor-thin\">\n\t\tFlohmarkt Kaufland Kiel-Mettenhof 13.09.2026\t<\/a>\n<\/h3>\n\t\t\t\t<\/header>\n\n\t\t\t\t\n\t\t\t<\/div>\n\t\t<\/article>\n\t<\/div>\n\n<\/div>\n\t\t\t\t\t\t\t\t\t\t\t<div class=\"tribe-common-g-row tribe-events-widget-events-list__event-row\">\n\n\t<div class=\"tribe-events-widget-events-list__event-date-tag tribe-common-g-col\">\n\t<time class=\"tribe-events-widget-events-list__event-date-tag-datetime\" datetime=\"2026-09-13\">\n\t\t<span class=\"tribe-events-widget-events-list__event-date-tag-month\">\n\t\t\tSep.\t\t<\/span>\n\t\t<span class=\"tribe-events-widget-events-list__event-date-tag-daynum tribe-common-h2 tribe-common-h4--min-medium\">\n\t\t\t13\t\t<\/span>\n\t<\/time>\n<\/div>\n\n\t<div class=\"tribe-events-widget-events-list__event-wrapper tribe-common-g-col\">\n\t\t<article class=\"tribe-events-widget-events-list__event post-10000648 tribe_events type-tribe_events status-publish has-post-thumbnail hentry tag-3262 tag-citti-park tag-citti-park-flohmarkt tag-citti-park-kiel tag-flohmarkt tag-flohmarkt-kiel tag-hassee tag-shopping tribe_events_cat-flohmarkt tribe_events_cat-hassee tribe_events_cat-kiel tribe_events_cat-shopping gallery-content-unit\">\n\t\t\t<div class=\"tribe-events-widget-events-list__event-details\">\n\n\t\t\t\t<header class=\"tribe-events-widget-events-list__event-header\">\n\t\t\t\t\t<div class=\"tribe-events-widget-events-list__event-datetime-wrapper tribe-common-b2 tribe-common-b3--min-medium\">\n\t\t<time class=\"tribe-events-widget-events-list__event-datetime\" datetime=\"2026-09-13\">\n\t\t<span class=\"tribe-event-date-start\">08:00<\/span> - <span class=\"tribe-event-time\">16:00<\/span>\t<\/time>\n\t<\/div>\n\t\t\t\t\t<h3 class=\"tribe-events-widget-events-list__event-title tribe-common-h7\">\n\t<a href=\"https:\/\/welovekiel.com\/de\/event\/flohmarkt-citti-park-kiel-13-9-2026\/\" title=\"Flohmarkt Citti-Park Kiel 13.9.2026\" rel=\"bookmark\" class=\"tribe-events-widget-events-list__event-title-link tribe-common-anchor-thin\">\n\t\tFlohmarkt Citti-Park Kiel 13.9.2026\t<\/a>\n<\/h3>\n\t\t\t\t<\/header>\n\n\t\t\t\t\n\t\t\t<\/div>\n\t\t<\/article>\n\t<\/div>\n\n<\/div>\n\t\t\t\t\t\t\t\t\t<\/div>\n\n\t\t\t\t<div class=\"tribe-events-widget-events-list__view-more tribe-common-b1 tribe-common-b2--min-medium\">\n\t<a href=\"https:\/\/welovekiel.com\/de\/Veranstaltungen\/\" class=\"tribe-events-widget-events-list__view-more-link tribe-common-anchor-thin\" title=\"Weitere Veranstaltungen anzeigen.\">\n\t\tKalender anzeigen\t<\/a>\n<\/div>\n\n\t\t\t\t\t<\/div>\n\t<\/div>\n<\/div>\n<script data-js=\"tribe-events-view-nonce-data\" type=\"application\/json\">{\"tvn1\":\"1ac8ea6e68\",\"tvn2\":\"\"}<\/script><div class=\"fusion-additional-widget-content\"><\/div><\/div><div class=\"fusion-clearfix\"><\/div><\/div><\/div><\/div><\/div>\n","protected":false},"excerpt":{"rendered":"","protected":false},"author":2,"featured_media":11562,"template":"","gallery-category":[2141,339],"gallery-tag":[2142,1164,2143,2144,2146,2145],"gallery-event":[1167,2147],"gallery-place":[2148,2149],"gallery-date":[1082],"gallery-person":[],"gallery-photographer":[291],"class_list":["post-11572","gallery","type-gallery","status-publish","has-post-thumbnail","hentry","gallery-category-hassee","gallery-category-veranstaltungen-events","gallery-tag-citti-park","gallery-tag-flohmarkt","gallery-tag-flohmarkt-citti-park","gallery-tag-hassee","gallery-tag-markt","gallery-tag-shopping","gallery-event-flohmarkt","gallery-event-flohmarkt-citti-park","gallery-place-citti-park-kiel","gallery-place-hassee","gallery-date-1082","gallery-photographer-christian-gewiese","gallery-content-unit"],"aioseo_notices":[],"aioseo_head":"\n\t\t<!-- All in One SEO 4.9.10 - aioseo.com -->\n\t<meta name=\"description\" content=\"D\u00fcsternbrook ist ein Kieler Stadtteil am Westufer der F\u00f6rde. Der Sitz der Landesregierung, Landesministerien sowie die Promenade befinden sich in diesem Stadtteil.\" \/>\n\t<meta name=\"robots\" content=\"max-image-preview:large\" \/>\n\t<meta name=\"author\" content=\"Christian Gewiese\"\/>\n\t<meta name=\"keywords\" content=\"d\u00fcsternbrook,kieler f\u00f6rde,kiellinie,promenade,stadtteil,stadtteile\" \/>\n\t<link rel=\"canonical\" href=\"https:\/\/welovekiel.com\/de\/lexikon\/kiel-duesternbrook\/\" \/>\n\t<meta name=\"generator\" content=\"All in One SEO (AIOSEO) 4.9.10\" \/>\n\t\t<meta property=\"og:locale\" content=\"de_DE\" \/>\n\t\t<meta property=\"og:site_name\" content=\"We love Kiel |\" \/>\n\t\t<meta property=\"og:type\" content=\"article\" \/>\n\t\t<meta property=\"og:title\" content=\"D\u00fcsternbrook | We love Kiel\" \/>\n\t\t<meta property=\"og:description\" content=\"D\u00fcsternbrook ist ein Kieler Stadtteil am Westufer der F\u00f6rde. Der Sitz der Landesregierung, Landesministerien sowie die Promenade befinden sich in diesem Stadtteil.\" \/>\n\t\t<meta property=\"og:url\" content=\"https:\/\/welovekiel.com\/de\/lexikon\/kiel-duesternbrook\/\" \/>\n\t\t<meta property=\"article:published_time\" content=\"2021-03-07T13:13:26+00:00\" \/>\n\t\t<meta property=\"article:modified_time\" content=\"2023-03-07T22:11:39+00:00\" \/>\n\t\t<meta property=\"article:publisher\" content=\"https:\/\/www.facebook.com\/WeLoveKielCity\/\" \/>\n\t\t<meta name=\"twitter:card\" content=\"summary\" \/>\n\t\t<meta name=\"twitter:title\" content=\"D\u00fcsternbrook | We love Kiel\" \/>\n\t\t<meta name=\"twitter:description\" content=\"D\u00fcsternbrook ist ein Kieler Stadtteil am Westufer der F\u00f6rde. Der Sitz der Landesregierung, Landesministerien sowie die Promenade befinden sich in diesem Stadtteil.\" \/>\n\t\t<script type=\"application\/ld+json\" class=\"aioseo-schema\">\n\t\t\t{\"@context\":\"https:\\\/\\\/schema.org\",\"@graph\":[{\"@type\":\"BreadcrumbList\",\"@id\":\"https:\\\/\\\/welovekiel.com\\\/de\\\/lexikon\\\/kiel-duesternbrook\\\/#breadcrumblist\",\"itemListElement\":[{\"@type\":\"ListItem\",\"@id\":\"https:\\\/\\\/welovekiel.com\\\/de\\\/#listItem\",\"position\":1,\"name\":\"Home\",\"item\":\"https:\\\/\\\/welovekiel.com\\\/de\\\/\",\"nextItem\":{\"@type\":\"ListItem\",\"@id\":\"https:\\\/\\\/welovekiel.com\\\/de\\\/galleries\\\/#listItem\",\"name\":\"Galerien\"}},{\"@type\":\"ListItem\",\"@id\":\"https:\\\/\\\/welovekiel.com\\\/de\\\/galleries\\\/#listItem\",\"position\":2,\"name\":\"Galerien\",\"item\":\"https:\\\/\\\/welovekiel.com\\\/de\\\/galleries\\\/\",\"nextItem\":{\"@type\":\"ListItem\",\"@id\":\"https:\\\/\\\/welovekiel.com\\\/de\\\/galleries\\\/category\\\/veranstaltungen-events\\\/#listItem\",\"name\":\"Veranstaltungen &amp; Events\"},\"previousItem\":{\"@type\":\"ListItem\",\"@id\":\"https:\\\/\\\/welovekiel.com\\\/de\\\/#listItem\",\"name\":\"Home\"}},{\"@type\":\"ListItem\",\"@id\":\"https:\\\/\\\/welovekiel.com\\\/de\\\/galleries\\\/category\\\/veranstaltungen-events\\\/#listItem\",\"position\":3,\"name\":\"Veranstaltungen &amp; Events\",\"item\":\"https:\\\/\\\/welovekiel.com\\\/de\\\/galleries\\\/category\\\/veranstaltungen-events\\\/\",\"nextItem\":{\"@type\":\"ListItem\",\"@id\":\"https:\\\/\\\/welovekiel.com\\\/de\\\/galleries\\\/flohmarkt-citti-park-kiel-30-10-2022\\\/#listItem\",\"name\":\"Flohmarkt Citti-Park Kiel 30.10.2022\"},\"previousItem\":{\"@type\":\"ListItem\",\"@id\":\"https:\\\/\\\/welovekiel.com\\\/de\\\/galleries\\\/#listItem\",\"name\":\"Galerien\"}},{\"@type\":\"ListItem\",\"@id\":\"https:\\\/\\\/welovekiel.com\\\/de\\\/galleries\\\/flohmarkt-citti-park-kiel-30-10-2022\\\/#listItem\",\"position\":4,\"name\":\"Flohmarkt Citti-Park Kiel 30.10.2022\",\"previousItem\":{\"@type\":\"ListItem\",\"@id\":\"https:\\\/\\\/welovekiel.com\\\/de\\\/galleries\\\/category\\\/veranstaltungen-events\\\/#listItem\",\"name\":\"Veranstaltungen &amp; Events\"}}]},{\"@type\":\"Organization\",\"@id\":\"https:\\\/\\\/welovekiel.com\\\/de\\\/#organization\",\"name\":\"We love Kiel\",\"url\":\"https:\\\/\\\/welovekiel.com\\\/de\\\/\",\"sameAs\":[\"https:\\\/\\\/www.facebook.com\\\/WeLoveKielCity\\\/\",\"https:\\\/\\\/www.instagram.com\\\/welovekiel\\\/\"]},{\"@type\":\"Person\",\"@id\":\"https:\\\/\\\/welovekiel.com\\\/de\\\/author\\\/christian\\\/#author\",\"url\":\"https:\\\/\\\/welovekiel.com\\\/de\\\/author\\\/christian\\\/\",\"name\":\"Christian Gewiese\",\"image\":{\"@type\":\"ImageObject\",\"@id\":\"https:\\\/\\\/welovekiel.com\\\/de\\\/lexikon\\\/kiel-duesternbrook\\\/#authorImage\",\"url\":\"https:\\\/\\\/secure.gravatar.com\\\/avatar\\\/97707923f9bed63dfb3bbdf8065fadb426aa1508b119d1c175a90c8939cbdb88?s=96&d=mm&r=g\",\"width\":96,\"height\":96,\"caption\":\"Christian Gewiese\"}},{\"@type\":\"WebPage\",\"@id\":\"https:\\\/\\\/welovekiel.com\\\/de\\\/lexikon\\\/kiel-duesternbrook\\\/#webpage\",\"url\":\"https:\\\/\\\/welovekiel.com\\\/de\\\/lexikon\\\/kiel-duesternbrook\\\/\",\"name\":\"D\\u00fcsternbrook | We love Kiel\",\"description\":\"D\\u00fcsternbrook ist ein Kieler Stadtteil am Westufer der F\\u00f6rde. Der Sitz der Landesregierung, Landesministerien sowie die Promenade befinden sich in diesem Stadtteil.\",\"inLanguage\":\"de-DE\",\"isPartOf\":{\"@id\":\"https:\\\/\\\/welovekiel.com\\\/de\\\/#website\"},\"breadcrumb\":{\"@id\":\"https:\\\/\\\/welovekiel.com\\\/de\\\/lexikon\\\/kiel-duesternbrook\\\/#breadcrumblist\"},\"author\":{\"@id\":\"https:\\\/\\\/welovekiel.com\\\/de\\\/author\\\/christian\\\/#author\"},\"creator\":{\"@id\":\"https:\\\/\\\/welovekiel.com\\\/de\\\/author\\\/christian\\\/#author\"},\"image\":{\"@type\":\"ImageObject\",\"url\":\"https:\\\/\\\/welovekiel.com\\\/wp-content\\\/uploads\\\/kiellinie-kiel.jpg\",\"@id\":\"https:\\\/\\\/welovekiel.com\\\/de\\\/lexikon\\\/kiel-duesternbrook\\\/#mainImage\",\"width\":1200,\"height\":900,\"caption\":\"Kiellinie Kiel\"},\"primaryImageOfPage\":{\"@id\":\"https:\\\/\\\/welovekiel.com\\\/de\\\/lexikon\\\/kiel-duesternbrook\\\/#mainImage\"},\"datePublished\":\"2021-03-07T14:13:26+01:00\",\"dateModified\":\"2023-03-07T23:11:39+01:00\"},{\"@type\":\"WebSite\",\"@id\":\"https:\\\/\\\/welovekiel.com\\\/de\\\/#website\",\"url\":\"https:\\\/\\\/welovekiel.com\\\/de\\\/\",\"name\":\"We love Kiel\",\"inLanguage\":\"de-DE\",\"publisher\":{\"@id\":\"https:\\\/\\\/welovekiel.com\\\/de\\\/#organization\"}}]}\n\t\t<\/script>\n\t\t<!-- All in One SEO -->\n\n","aioseo_head_json":{"title":"D\u00fcsternbrook | We love Kiel","description":"D\u00fcsternbrook ist ein Kieler Stadtteil am Westufer der F\u00f6rde. Der Sitz der Landesregierung, Landesministerien sowie die Promenade befinden sich in diesem Stadtteil.","canonical_url":"https:\/\/welovekiel.com\/de\/lexikon\/kiel-duesternbrook\/","robots":"max-image-preview:large","keywords":"d\u00fcsternbrook,kieler f\u00f6rde,kiellinie,promenade,stadtteil,stadtteile","webmasterTools":{"miscellaneous":""},"schema":{"@context":"https:\/\/schema.org","@graph":[{"@type":"BreadcrumbList","@id":"https:\/\/welovekiel.com\/de\/lexikon\/kiel-duesternbrook\/#breadcrumblist","itemListElement":[{"@type":"ListItem","@id":"https:\/\/welovekiel.com\/de\/#listItem","position":1,"name":"Home","item":"https:\/\/welovekiel.com\/de\/","nextItem":{"@type":"ListItem","@id":"https:\/\/welovekiel.com\/de\/galleries\/#listItem","name":"Galerien"}},{"@type":"ListItem","@id":"https:\/\/welovekiel.com\/de\/galleries\/#listItem","position":2,"name":"Galerien","item":"https:\/\/welovekiel.com\/de\/galleries\/","nextItem":{"@type":"ListItem","@id":"https:\/\/welovekiel.com\/de\/galleries\/category\/veranstaltungen-events\/#listItem","name":"Veranstaltungen &amp; Events"},"previousItem":{"@type":"ListItem","@id":"https:\/\/welovekiel.com\/de\/#listItem","name":"Home"}},{"@type":"ListItem","@id":"https:\/\/welovekiel.com\/de\/galleries\/category\/veranstaltungen-events\/#listItem","position":3,"name":"Veranstaltungen &amp; Events","item":"https:\/\/welovekiel.com\/de\/galleries\/category\/veranstaltungen-events\/","nextItem":{"@type":"ListItem","@id":"https:\/\/welovekiel.com\/de\/galleries\/flohmarkt-citti-park-kiel-30-10-2022\/#listItem","name":"Flohmarkt Citti-Park Kiel 30.10.2022"},"previousItem":{"@type":"ListItem","@id":"https:\/\/welovekiel.com\/de\/galleries\/#listItem","name":"Galerien"}},{"@type":"ListItem","@id":"https:\/\/welovekiel.com\/de\/galleries\/flohmarkt-citti-park-kiel-30-10-2022\/#listItem","position":4,"name":"Flohmarkt Citti-Park Kiel 30.10.2022","previousItem":{"@type":"ListItem","@id":"https:\/\/welovekiel.com\/de\/galleries\/category\/veranstaltungen-events\/#listItem","name":"Veranstaltungen &amp; Events"}}]},{"@type":"Organization","@id":"https:\/\/welovekiel.com\/de\/#organization","name":"We love Kiel","url":"https:\/\/welovekiel.com\/de\/","sameAs":["https:\/\/www.facebook.com\/WeLoveKielCity\/","https:\/\/www.instagram.com\/welovekiel\/"]},{"@type":"Person","@id":"https:\/\/welovekiel.com\/de\/author\/christian\/#author","url":"https:\/\/welovekiel.com\/de\/author\/christian\/","name":"Christian Gewiese","image":{"@type":"ImageObject","@id":"https:\/\/welovekiel.com\/de\/lexikon\/kiel-duesternbrook\/#authorImage","url":"https:\/\/secure.gravatar.com\/avatar\/97707923f9bed63dfb3bbdf8065fadb426aa1508b119d1c175a90c8939cbdb88?s=96&d=mm&r=g","width":96,"height":96,"caption":"Christian Gewiese"}},{"@type":"WebPage","@id":"https:\/\/welovekiel.com\/de\/lexikon\/kiel-duesternbrook\/#webpage","url":"https:\/\/welovekiel.com\/de\/lexikon\/kiel-duesternbrook\/","name":"D\u00fcsternbrook | We love Kiel","description":"D\u00fcsternbrook ist ein Kieler Stadtteil am Westufer der F\u00f6rde. Der Sitz der Landesregierung, Landesministerien sowie die Promenade befinden sich in diesem Stadtteil.","inLanguage":"de-DE","isPartOf":{"@id":"https:\/\/welovekiel.com\/de\/#website"},"breadcrumb":{"@id":"https:\/\/welovekiel.com\/de\/lexikon\/kiel-duesternbrook\/#breadcrumblist"},"author":{"@id":"https:\/\/welovekiel.com\/de\/author\/christian\/#author"},"creator":{"@id":"https:\/\/welovekiel.com\/de\/author\/christian\/#author"},"image":{"@type":"ImageObject","url":"https:\/\/welovekiel.com\/wp-content\/uploads\/kiellinie-kiel.jpg","@id":"https:\/\/welovekiel.com\/de\/lexikon\/kiel-duesternbrook\/#mainImage","width":1200,"height":900,"caption":"Kiellinie Kiel"},"primaryImageOfPage":{"@id":"https:\/\/welovekiel.com\/de\/lexikon\/kiel-duesternbrook\/#mainImage"},"datePublished":"2021-03-07T14:13:26+01:00","dateModified":"2023-03-07T23:11:39+01:00"},{"@type":"WebSite","@id":"https:\/\/welovekiel.com\/de\/#website","url":"https:\/\/welovekiel.com\/de\/","name":"We love Kiel","inLanguage":"de-DE","publisher":{"@id":"https:\/\/welovekiel.com\/de\/#organization"}}]},"og:locale":"de_DE","og:site_name":"We love Kiel |","og:type":"article","og:title":"D\u00fcsternbrook | We love Kiel","og:description":"D\u00fcsternbrook ist ein Kieler Stadtteil am Westufer der F\u00f6rde. Der Sitz der Landesregierung, Landesministerien sowie die Promenade befinden sich in diesem Stadtteil.","og:url":"https:\/\/welovekiel.com\/de\/lexikon\/kiel-duesternbrook\/","article:published_time":"2021-03-07T13:13:26+00:00","article:modified_time":"2023-03-07T22:11:39+00:00","article:publisher":"https:\/\/www.facebook.com\/WeLoveKielCity\/","twitter:card":"summary","twitter:title":"D\u00fcsternbrook | We love Kiel","twitter:description":"D\u00fcsternbrook ist ein Kieler Stadtteil am Westufer der F\u00f6rde. Der Sitz der Landesregierung, Landesministerien sowie die Promenade befinden sich in diesem Stadtteil."},"aioseo_meta_data":{"post_id":"11572","title":null,"description":"Bildergalerie Flohmarkt Citti-Park Kiel am Sonntag, den 30. Oktober 2022 ab 8 Uhr auf dem Citti-Park Parkplatz sowie in der Tiefgarage im Kieler Stadtteil Hassee im M\u00fchlendamm 1.","keywords":[],"keyphrases":{"focus":{"keyphrase":"Flohmarkt Citti-Park Kiel","score":80,"analysis":{"keyphraseInTitle":{"score":9,"maxScore":9,"error":0},"keyphraseInDescription":{"score":9,"maxScore":9,"error":0},"keyphraseLength":{"score":9,"maxScore":9,"error":0,"length":3},"keyphraseInURL":{"score":1,"maxScore":5,"error":1},"keyphraseInIntroduction":{"score":3,"maxScore":9,"error":1},"keyphraseInSubHeadings":[],"keyphraseInImageAlt":{"score":9,"maxScore":9,"error":0}}},"additional":[]},"primary_term":null,"canonical_url":null,"og_title":null,"og_description":null,"og_object_type":"default","og_image_type":"default","og_image_url":null,"og_image_width":null,"og_image_height":null,"og_image_custom_url":null,"og_image_custom_fields":null,"og_video":"","og_custom_url":null,"og_article_section":null,"og_article_tags":[],"twitter_use_og":false,"twitter_card":"default","twitter_image_type":"default","twitter_image_url":null,"twitter_image_custom_url":null,"twitter_image_custom_fields":null,"twitter_title":null,"twitter_description":null,"schema":{"blockGraphs":[],"customGraphs":[],"default":{"data":{"Article":[],"Course":[],"Dataset":[],"FAQPage":[],"Movie":[],"Person":[],"Product":[],"ProductReview":[],"Car":[],"Recipe":[],"Service":[],"SoftwareApplication":[],"WebPage":[]},"graphName":"","isEnabled":true},"graphs":[]},"schema_type":"default","schema_type_options":null,"pillar_content":false,"robots_default":true,"robots_noindex":false,"robots_noarchive":false,"robots_nosnippet":false,"robots_nofollow":false,"robots_noimageindex":false,"robots_noodp":false,"robots_notranslate":false,"robots_max_snippet":"-1","robots_max_videopreview":"-1","robots_max_imagepreview":"large","priority":null,"frequency":"default","local_seo":null,"breadcrumb_settings":null,"limit_modified_date":false,"ai":null,"created":"2022-10-30 18:01:42","updated":"2025-08-31 02:05:20","seo_analyzer_scan_date":null},"aioseo_breadcrumb":"<div class=\"aioseo-breadcrumbs\"><span class=\"aioseo-breadcrumb\">\n\t\t\t<a href=\"https:\/\/welovekiel.com\/de\/\" title=\"Home\">Home<\/a>\n\t\t<\/span><span class=\"aioseo-breadcrumb-separator\">&raquo;<\/span><span class=\"aioseo-breadcrumb\">\n\t\t\t<a href=\"https:\/\/welovekiel.com\/de\/galleries\/\" title=\"Galerien\">Galerien<\/a>\n\t\t<\/span><span class=\"aioseo-breadcrumb-separator\">&raquo;<\/span><span class=\"aioseo-breadcrumb\">\n\t\t\t<a href=\"https:\/\/welovekiel.com\/de\/galleries\/category\/veranstaltungen-events\/\" title=\"Veranstaltungen &amp; Events\">Veranstaltungen &amp; Events<\/a>\n\t\t<\/span><span class=\"aioseo-breadcrumb-separator\">&raquo;<\/span><span class=\"aioseo-breadcrumb\">\n\t\t\tFlohmarkt Citti-Park Kiel 30.10.2022\n\t\t<\/span><\/div>","aioseo_breadcrumb_json":[{"label":"Home","link":"https:\/\/welovekiel.com\/de\/"},{"label":"Galerien","link":"https:\/\/welovekiel.com\/de\/galleries\/"},{"label":"Veranstaltungen &amp; Events","link":"https:\/\/welovekiel.com\/de\/galleries\/category\/veranstaltungen-events\/"},{"label":"Flohmarkt Citti-Park Kiel 30.10.2022","link":"https:\/\/welovekiel.com\/de\/galleries\/flohmarkt-citti-park-kiel-30-10-2022\/"}],"_links":{"self":[{"href":"https:\/\/welovekiel.com\/de\/wp-json\/wp\/v2\/gallery\/11572","targetHints":{"allow":["GET"]}}],"collection":[{"href":"https:\/\/welovekiel.com\/de\/wp-json\/wp\/v2\/gallery"}],"about":[{"href":"https:\/\/welovekiel.com\/de\/wp-json\/wp\/v2\/types\/gallery"}],"author":[{"embeddable":true,"href":"https:\/\/welovekiel.com\/de\/wp-json\/wp\/v2\/users\/2"}],"version-history":[{"count":0,"href":"https:\/\/welovekiel.com\/de\/wp-json\/wp\/v2\/gallery\/11572\/revisions"}],"wp:featuredmedia":[{"embeddable":true,"href":"https:\/\/welovekiel.com\/de\/wp-json\/wp\/v2\/media\/11562"}],"wp:attachment":[{"href":"https:\/\/welovekiel.com\/de\/wp-json\/wp\/v2\/media?parent=11572"}],"wp:term":[{"taxonomy":"gallery-category","embeddable":true,"href":"https:\/\/welovekiel.com\/de\/wp-json\/wp\/v2\/gallery-category?post=11572"},{"taxonomy":"gallery-tag","embeddable":true,"href":"https:\/\/welovekiel.com\/de\/wp-json\/wp\/v2\/gallery-tag?post=11572"},{"taxonomy":"gallery-event","embeddable":true,"href":"https:\/\/welovekiel.com\/de\/wp-json\/wp\/v2\/gallery-event?post=11572"},{"taxonomy":"gallery-place","embeddable":true,"href":"https:\/\/welovekiel.com\/de\/wp-json\/wp\/v2\/gallery-place?post=11572"},{"taxonomy":"gallery-date","embeddable":true,"href":"https:\/\/welovekiel.com\/de\/wp-json\/wp\/v2\/gallery-date?post=11572"},{"taxonomy":"gallery-person","embeddable":true,"href":"https:\/\/welovekiel.com\/de\/wp-json\/wp\/v2\/gallery-person?post=11572"},{"taxonomy":"gallery-photographer","embeddable":true,"href":"https:\/\/welovekiel.com\/de\/wp-json\/wp\/v2\/gallery-photographer?post=11572"}],"curies":[{"name":"wp","href":"https:\/\/api.w.org\/{rel}","templated":true}]}}