{"id":5427,"date":"2021-08-03T13:32:19","date_gmt":"2021-08-03T11:32:19","guid":{"rendered":"https:\/\/welovekiel.com\/de\/?post_type=encyclopedia&#038;p=5427"},"modified":"2023-03-07T23:16:02","modified_gmt":"2023-03-07T22:16:02","slug":"schleusenpark","status":"publish","type":"encyclopedia","link":"https:\/\/welovekiel.com\/de\/lexikon\/schleusenpark\/","title":{"rendered":"Schleusenpark"},"content":{"rendered":"<div class=\"fusion-fullwidth fullwidth-box fusion-builder-row-1 nonhundred-percent-fullwidth non-hundred-percent-height-scrolling\" style=\"background-color: rgba(255,255,255,0);background-position: center center;background-repeat: no-repeat;padding-top:0px;padding-right:0px;padding-bottom:0px;padding-left:0px;margin-bottom: 0px;margin-top: 0px;border-width: 0px 0px 0px 0px;border-color:#eae9e9;border-style:solid;\"><div class=\"fusion-builder-row fusion-row\"><div class=\"fusion-layout-column fusion_builder_column fusion-builder-column-0 fusion_builder_column_3_4 3_4 fusion-three-fourth fusion-column-first\" style=\"width:75%;width:calc(75% - ( ( 4% ) * 0.75 ) );margin-right: 4%;margin-top:0px;margin-bottom:20px;\"><div class=\"fusion-column-wrapper fusion-flex-column-wrapper-legacy\" style=\"background-position:left top;background-repeat:no-repeat;-webkit-background-size:cover;-moz-background-size:cover;-o-background-size:cover;background-size:cover;padding: 0px 0px 0px 0px;\"><style type=\"text\/css\"><\/style><div class=\"fusion-title title fusion-title-1 fusion-title-text fusion-title-size-one\" style=\"margin-top:0px;margin-right:0px;margin-bottom:31px;margin-left:0px;\"><h1 class=\"title-heading-left\" style=\"margin:0;\">Schleusenpark Kiel-Wik<\/h1><span class=\"awb-title-spacer\"><\/span><div class=\"title-sep-container\"><div class=\"title-sep sep-double sep-solid\" style=\"border-color:#e0dede;\"><\/div><\/div><\/div><div class=\"fusion-text fusion-text-1\"><p><strong><a href=\"https:\/\/welovekiel.com\/de\/lexikon\/schleusenpark\/\" target=\"_self\" title=\"\" class=\"encyclopedia\">Schleusenpark<\/a> Kiel &ndash; Die gr&uuml;ne Oase in der Wik mit Aussichtsplattform und Blick auf den <a href=\"https:\/\/welovekiel.com\/de\/lexikon\/nord-ostsee-kanal\/\" target=\"_self\" title=\"\" class=\"encyclopedia\">Nord-Ostsee-Kanal<\/a>, die Schleusenanlage sowie die <a href=\"https:\/\/welovekiel.com\/de\/lexikon\/kieler-foerde\/\" target=\"_self\" title=\"\" class=\"encyclopedia\">Kieler F&ouml;rde<\/a>.<\/strong><br>\nDer rund 1,5 Hektar gro&szlig;e Schleusenpark ist eine gr&uuml;ne Oase im Kieler Stadtteil Wik und befindet sich auf einem Areal, das vormals von Industrie und Bundeswehr genutzt wurde. Der gesamte Bereich musste aufwendig saniert und von Altlasten befreit werden. Nahe der B&ouml;schung Richtung Nord-Ostsee-Kanal befindet sich im Kieler Schleusenpark eine rund 2,3 Meter hohe Aussichtsplattform, auch <a href=\"https:\/\/welovekiel.com\/de\/lexikon\/wiker-balkon\/\" target=\"_self\" title=\"\" class=\"encyclopedia\">Wiker Balkon<\/a> genannt.<\/p>\n<p>Park und Aussichtsplattform befinden sich im Kieler Stadtteil Wik zwischen Herthastra&szlig;e und der B&ouml;schung &uuml;ber der Uferstra&szlig;e, die parallel zum Nord-Ostsee-Kanal verl&auml;uft. Parkanlage und Aussichtsplattform wurden im Jahr 2011\/2012 errichtet. Du erreichst die rund 2,30 Meter hohe Aussichtsplattform &uuml;ber die Stufen oder alternativ &uuml;ber barrierefreie Rampen.<br>\nAllerdings muss man noch hinzuf&uuml;gen, dass die Aussicht nicht ganz optimal ist, da angrenzende B&auml;ume und Geb&auml;ude den Ausblick auf die F&ouml;rde und den Kanal leicht beeintr&auml;chtigen.<\/p>\n<\/div><style type=\"text\/css\">@media only screen and (max-width:800px) {.fusion-title.fusion-title-2{margin-top:10px!important;margin-bottom:!important;}}<\/style><div class=\"fusion-title title fusion-title-2 fusion-title-text fusion-title-size-two\" style=\"margin-top:20px;margin-right:0px;margin-bottom:31px;margin-left:0px;\"><h2 class=\"title-heading-left\" style=\"margin:0;\">Aktuelles aus der Wik im Kiel-Blog<\/h2><span class=\"awb-title-spacer\"><\/span><div class=\"title-sep-container\"><div class=\"title-sep sep-double sep-solid\" style=\"border-color:#e0dede;\"><\/div><\/div><\/div><div class=\"fusion-text fusion-text-2\"><ul class=\"posts-by-tag-list\"><li class=\"posts-by-tag-item Belvedere Forstbaumschule Fussball Holstein Fans Holstein Kiel Holstein-Stadion Holtenauer Stra&szlig;e Wik\" id=\"posts-by-tag-item-16832\"><a class=\"posts-by-tag-item-title\" href=\"https:\/\/welovekiel.com\/de\/holstein-kiel-fans-fanmarsch-zum-holstein-stadion-16832\/\">Holstein Kiel Fans: Fanmarsch von Forstbaumschule zum Holstein-Stadion vor letztem Heimspiel gegen D&uuml;sseldorf<\/a> <small>Posted on: 13. Mai 2024<\/small><\/li><li class=\"posts-by-tag-item Adler I Holtenau Holtenauer Hochbr&uuml;cke NOK Nord-Ostsee-Kanal Wartungsarbeiten Wik\" id=\"posts-by-tag-item-15497\"><a class=\"posts-by-tag-item-title\" href=\"https:\/\/welovekiel.com\/de\/wartungsarbeiten-kanalfaehre-adler-i-ab-15-10-2023-15497\/\">Planm&auml;&szlig;ige Wartungsarbeiten: Kanalf&auml;hre \"Adler I\" f&auml;llt ab 15.10.2023 f&uuml;r mehrere Tage aus<\/a> <small>Posted on: 13. Oktober 2023<\/small><\/li><li class=\"posts-by-tag-item Drohnenshow Holstein Kiel Holstein-Stadion Lasershow Westring Wik\" id=\"posts-by-tag-item-15455\"><a class=\"posts-by-tag-item-title\" href=\"https:\/\/welovekiel.com\/de\/fin-bartels-abschied-lasershow-drohnenshow-ueber-dem-holstein-stadion-15455\/\">Fin Bartels Abschied: Lasershow &amp; Drohnenshow &uuml;ber dem Holstein-Stadion<\/a> <small>Posted on: 9. September 2023<\/small><\/li><li class=\"posts-by-tag-item Altenholz B 503 B 76 Holtenau Holtenauer Hochbr&uuml;cke Kieler Woche Olympiabr&uuml;cke Prinz-Heinrich-Br&uuml;cke Prinz-Heinrich-Stra&szlig;e Wik\" id=\"posts-by-tag-item-15204\"><a class=\"posts-by-tag-item-title\" href=\"https:\/\/welovekiel.com\/de\/bis-zum-ende-der-kieler-woche-2023-freie-fahrt-auf-den-holtenauer-hochbruecken-15204\/\">Bis zum Ende der Kieler Woche 2023: Freie Fahrt auf beiden Holtenauer Hochbr&uuml;cken<\/a> <small>Posted on: 14. Juni 2023<\/small><\/li><li class=\"posts-by-tag-item Deutsche Marine Kieler F&ouml;rde Marineschiffe Nord-Ostsee-Kanal Schleuse ThyssenKrupp Marine Systems TKMS U 17 U-Boot Wik\" id=\"posts-by-tag-item-14561\"><a class=\"posts-by-tag-item-title\" href=\"https:\/\/welovekiel.com\/de\/letzte-fahrt-u-17-von-kiel-durch-den-nord-ostsee-kanal-zum-technik-museum-sinsheim-speyer-14561\/\">Letzte Fahrt f&uuml;r U 17 von Kiel durch den Nord-Ostsee-Kanal zum Technik Museum Sinsheim Speyer<\/a> <small>Posted on: 30. April 2023<\/small><\/li><li class=\"posts-by-tag-item Adler I Holtenau MS Schwentine Nord-Ostsee-Kanal Schiffe SFK SFK Kiel Wik\" id=\"posts-by-tag-item-12305\"><a class=\"posts-by-tag-item-title\" href=\"https:\/\/welovekiel.com\/de\/nord-ostsee-kanal-ms-schwentine-kanalfaehre-holtenau-wik-12305\/\">Nord-Ostsee-Kanal: Letzter Tag f&uuml;r die MS Schwentine auf der Strecke Holtenau-Wik<\/a> <small>Posted on: 13. Dezember 2022<\/small><\/li><li class=\"posts-by-tag-item Altenholz B 503 Br&uuml;cke Holtenau Holtenauer Hochbr&uuml;cke Prinz-Heinrich-Br&uuml;cke Prinz-Heinrich-Stra&szlig;e Sperrung Wik\" id=\"posts-by-tag-item-12207\"><a class=\"posts-by-tag-item-title\" href=\"https:\/\/welovekiel.com\/de\/holtenauer-hochbruecken-prinz-heinrich-bruecke-freigegeben-12207\/\">Holtenauer Hochbr&uuml;cken: Seit 7. Dezember rollt der Verkehr wieder &uuml;ber die Prinz-Heinrich-Br&uuml;cke<\/a> <small>Posted on: 7. Dezember 2022<\/small><\/li><li class=\"posts-by-tag-item B 503 Br&uuml;cke Holtenau Holtenauer Hochbr&uuml;cke Nord-Ostsee-Kanal Prinz-Heinrich-Br&uuml;cke Prinz-Heinrich-Stra&szlig;e Sperrung Tiefbauamt Wik\" id=\"posts-by-tag-item-12186\"><a class=\"posts-by-tag-item-title\" href=\"https:\/\/welovekiel.com\/de\/holtenauer-hochbruecke-freigabe-prinz-heinrich-bruecke-ab-07-12-2022-12186\/\">Holtenauer Hochbr&uuml;cke: Vorbereitungen f&uuml;r Freigabe der Prinz-Heinrich-Br&uuml;cke ab 07.12.2022<\/a> <small>Posted on: 6. Dezember 2022<\/small><\/li><li class=\"posts-by-tag-item Adler I Drohne Feuerwehr Frachter Frachtschiff Havarie Hochbr&uuml;cke Holtenau Holtenauer Hochbr&uuml;cke NOK Nord Nord-Ostsee-Kanal Unfall Wik\" id=\"posts-by-tag-item-12071\"><a class=\"posts-by-tag-item-title\" href=\"https:\/\/welovekiel.com\/de\/holtenauer-hochbruecke-frachter-rammt-bruecken-30-11-2022-12071\/\">Holtenauer Hochbr&uuml;cke: Frachter mit hohem Kran rammt Br&uuml;cken am 30.11.2022<\/a> <small>Posted on: 30. November 2022<\/small><\/li><li class=\"posts-by-tag-item Deutsche Marine Kieler Woche Kieler Woche 2022 Marineschiffe Marinest&uuml;tzpunkt Kiel-Wik Open Ship Schiffe Tag der offenen T&uuml;r Wik\" id=\"posts-by-tag-item-9832\"><a class=\"posts-by-tag-item-title\" href=\"https:\/\/welovekiel.com\/de\/marinestuetzpunkt-kiel-open-ship-kieler-woche-2022-9832\/\">Marinest&uuml;tzpunkt Kiel: Open Ship w&auml;hrend der Kieler Woche 2022 wieder an drei Tagen<\/a> <small>Posted on: 12. Mai 2022<\/small><\/li><li class=\"posts-by-tag-item Havarie Nord-Ostsee-Kanal Schiffe Schleuse Schleuse Holtenau Wik\" id=\"posts-by-tag-item-7912\"><a class=\"posts-by-tag-item-title\" href=\"https:\/\/welovekiel.com\/de\/nord-ostsee-kanal-havarie-bei-rendsburg-7912\/\">Nord-Ostsee-Kanal nach Havarie bei Rendsburg mehrere Stunden f&uuml;r Schiffsverkehr gesperrt<\/a> <small>Posted on: 8. Februar 2022<\/small><\/li><li class=\"posts-by-tag-item Deutsche Marine D&uuml;sternbrook Gorch Fock Gorch-Fock-Mole Kieler F&ouml;rde Kiellinie Marineschiffe Marinest&uuml;tzpunkt Kiel-Wik Segelschiffe Segelschulschiff Wik\" id=\"posts-by-tag-item-7319\"><a class=\"posts-by-tag-item-title\" href=\"https:\/\/welovekiel.com\/de\/segelschulschiff-gorch-fock-ist-zurueck-in-kiel-7319\/\">Segelschulschiff Gorch Fock ist zur&uuml;ck in Kiel<\/a> <small>Posted on: 5. Oktober 2021<\/small><\/li><li class=\"posts-by-tag-item Deutsche Marine Kieler F&ouml;rde Kieler Woche Kieler Woche 2021 Marineschiffe Marinest&uuml;tzpunkt Kiel-Wik Open Ship Schiffe Tag der offenen T&uuml;r Wik\" id=\"posts-by-tag-item-6047\"><a class=\"posts-by-tag-item-title\" href=\"https:\/\/welovekiel.com\/de\/marinestuetzpunkt-kiel-wik-open-ship-2021-6047\/\">Marinest&uuml;tzpunkt Kiel-Wik Open Ship 2021<\/a> <small>Posted on: 26. August 2021<\/small><\/li><li class=\"posts-by-tag-item Bundesliga Fussball Holstein Kiel Holstein-Stadion Relegation Relegationsspiel Wik\" id=\"posts-by-tag-item-5168\"><a class=\"posts-by-tag-item-title\" href=\"https:\/\/welovekiel.com\/de\/holstein-kiel-1-fc-koeln-relegationsspiel-holstein-stadion-5168\/\">Holstein Kiel - 1. FC K&ouml;ln Relegationsspiel Kieler Fans vor dem Holstein-Stadion<\/a> <small>Posted on: 30. Mai 2021<\/small><\/li><li class=\"posts-by-tag-item Bundeswehr Gorch Fock Gorch-Fock-Mole Hafen Kieler F&ouml;rde Marine Tirpitzhafen Tirpitzmole Wik\" id=\"posts-by-tag-item-4982\"><a class=\"posts-by-tag-item-title\" href=\"https:\/\/welovekiel.com\/de\/neuer-name-kieler-marinestuetzpunkt-tirpitzhafen-kiel-wird-umbenannt-4982\/\">Neuer Name: Kieler Marinest&uuml;tzpunkt Tirpitzhafen Kiel wird umbenannt<\/a> <small>Posted on: 21. April 2021<\/small><\/li><li class=\"posts-by-tag-item Ausflugstipps Natur Projensdorf Tiere Tiergehege Wald Waldspaziergang Wik Wildschweine\" id=\"posts-by-tag-item-4877\"><a class=\"posts-by-tag-item-title\" href=\"https:\/\/welovekiel.com\/de\/fruehling-kiel-waldspaziergang-tiergehege-tannenberg-4877\/\">Fr&uuml;hling in Kiel: Waldspaziergang im Tiergehege Tannenberg<\/a> <small>Posted on: 26. M&auml;rz 2021<\/small><\/li><li class=\"posts-by-tag-item D&uuml;sternbrook Hochwasser Holtenau Kieler F&ouml;rde Kiellinie Sturm Tiessenkai Wik Wintersturm\" id=\"posts-by-tag-item-4484\"><a class=\"posts-by-tag-item-title\" href=\"https:\/\/welovekiel.com\/de\/sturm-tristan-hochwasser-kiellinie-kiel-tiessenkai-holtenau-4484\/\">Sturm Tristan: Hochwasser an der Kiellinie und am Tiessenkai Holtenau<\/a> <small>Posted on: 8. Februar 2021<\/small><\/li><\/ul>\n<\/div><style type=\"text\/css\">@media only screen and (max-width:800px) {.fusion-title.fusion-title-3{margin-top:10px!important;margin-bottom:!important;}}<\/style><div class=\"fusion-title title fusion-title-3 fusion-title-text fusion-title-size-two\" style=\"margin-top:20px;margin-right:0px;margin-bottom:31px;margin-left:0px;\"><h2 class=\"title-heading-left\" style=\"margin:0;\">Impressionen Schleusenpark<\/h2><span class=\"awb-title-spacer\"><\/span><div class=\"title-sep-container\"><div class=\"title-sep sep-double sep-solid\" style=\"border-color:#e0dede;\"><\/div><\/div><\/div><style type=\"text\/css\">.fusion-gallery-1 .fusion-gallery-image {border:0px solid #f6f6f6;}<\/style><div class=\"awb-gallery-wrapper awb-gallery-wrapper-1 button-span-no\"><div class=\"fusion-gallery fusion-gallery-container fusion-grid-2 fusion-columns-total-4 fusion-gallery-layout-grid fusion-gallery-1\" style=\"margin:-5px;\"><div style=\"padding:5px;\" class=\"fusion-grid-column fusion-gallery-column fusion-gallery-column-2 hover-type-none\"><div class=\"fusion-gallery-image\"><a href=\"https:\/\/welovekiel.com\/wp-content\/uploads\/schleusenpar-wik-gruenflaeche-kiel.jpg\" data-title=\"Schleusenpark Wik Gr&uuml;nfl&auml;che in Kiel\" title=\"Schleusenpark Wik Gr&uuml;nfl&auml;che in Kiel\" rel=\"noreferrer\" data-rel=\"iLightbox[gallery_image_1]\" class=\"fusion-lightbox\" target=\"_self\"><img decoding=\"async\" src=\"https:\/\/welovekiel.com\/wp-content\/uploads\/schleusenpar-wik-gruenflaeche-kiel.jpg\" data-orig-src=\"https:\/\/welovekiel.com\/wp-content\/uploads\/schleusenpar-wik-gruenflaeche-kiel.jpg\" width=\"1200\" height=\"900\" alt=\"Schleusenpark Wik Gr&uuml;nfl&auml;che in Kiel\" title=\"Schleusenpark Wik Gr&uuml;nfl&auml;che in Kiel\" aria-label=\"Schleusenpark Wik Gr&uuml;nfl&auml;che in Kiel\" class=\"lazyload img-responsive wp-image-5378\" srcset=\"data:image\/svg+xml,%3Csvg%20xmlns%3D%27http%3A%2F%2Fwww.w3.org%2F2000%2Fsvg%27%20width%3D%271200%27%20height%3D%27900%27%20viewBox%3D%270%200%201200%20900%27%3E%3Crect%20width%3D%271200%27%20height%3D%27900%27%20fill-opacity%3D%220%22%2F%3E%3C%2Fsvg%3E\" data-srcset=\"https:\/\/welovekiel.com\/wp-content\/uploads\/schleusenpar-wik-gruenflaeche-kiel-200x150.jpg 200w, https:\/\/welovekiel.com\/wp-content\/uploads\/schleusenpar-wik-gruenflaeche-kiel-400x300.jpg 400w, https:\/\/welovekiel.com\/wp-content\/uploads\/schleusenpar-wik-gruenflaeche-kiel-600x450.jpg 600w, https:\/\/welovekiel.com\/wp-content\/uploads\/schleusenpar-wik-gruenflaeche-kiel-800x600.jpg 800w, https:\/\/welovekiel.com\/wp-content\/uploads\/schleusenpar-wik-gruenflaeche-kiel.jpg 1200w\" data-sizes=\"auto\" data-orig-sizes=\"(min-width: 2200px) 100vw, (min-width: 712px) 548px, (min-width: 640px) 712px, \"><\/a><\/div><\/div><div style=\"padding:5px;\" class=\"fusion-grid-column fusion-gallery-column fusion-gallery-column-2 hover-type-none\"><div class=\"fusion-gallery-image\"><a href=\"https:\/\/welovekiel.com\/wp-content\/uploads\/schleusenpark-kiel-zugang-herthastrasse-wik.jpg\" data-title=\"Schleusenpark Kiel Zugang Herthastra&szlig;e Wik\" title=\"Schleusenpark Kiel Zugang Herthastra&szlig;e Wik\" rel=\"noreferrer\" data-rel=\"iLightbox[gallery_image_1]\" class=\"fusion-lightbox\" target=\"_self\"><img decoding=\"async\" src=\"https:\/\/welovekiel.com\/wp-content\/uploads\/schleusenpark-kiel-zugang-herthastrasse-wik.jpg\" data-orig-src=\"https:\/\/welovekiel.com\/wp-content\/uploads\/schleusenpark-kiel-zugang-herthastrasse-wik.jpg\" width=\"1200\" height=\"900\" alt=\"Schleusenpark Kiel Zugang Herthastra&szlig;e Wik\" title=\"Schleusenpark Kiel Zugang Herthastra&szlig;e Wik\" aria-label=\"Schleusenpark Kiel Zugang Herthastra&szlig;e Wik\" class=\"lazyload img-responsive wp-image-5372\" srcset=\"data:image\/svg+xml,%3Csvg%20xmlns%3D%27http%3A%2F%2Fwww.w3.org%2F2000%2Fsvg%27%20width%3D%271200%27%20height%3D%27900%27%20viewBox%3D%270%200%201200%20900%27%3E%3Crect%20width%3D%271200%27%20height%3D%27900%27%20fill-opacity%3D%220%22%2F%3E%3C%2Fsvg%3E\" data-srcset=\"https:\/\/welovekiel.com\/wp-content\/uploads\/schleusenpark-kiel-zugang-herthastrasse-wik-200x150.jpg 200w, https:\/\/welovekiel.com\/wp-content\/uploads\/schleusenpark-kiel-zugang-herthastrasse-wik-400x300.jpg 400w, https:\/\/welovekiel.com\/wp-content\/uploads\/schleusenpark-kiel-zugang-herthastrasse-wik-600x450.jpg 600w, https:\/\/welovekiel.com\/wp-content\/uploads\/schleusenpark-kiel-zugang-herthastrasse-wik-800x600.jpg 800w, https:\/\/welovekiel.com\/wp-content\/uploads\/schleusenpark-kiel-zugang-herthastrasse-wik.jpg 1200w\" data-sizes=\"auto\" data-orig-sizes=\"(min-width: 2200px) 100vw, (min-width: 712px) 548px, (min-width: 640px) 712px, \"><\/a><\/div><\/div><div class=\"clearfix\"><\/div><div style=\"padding:5px;\" class=\"fusion-grid-column fusion-gallery-column fusion-gallery-column-2 hover-type-none\"><div class=\"fusion-gallery-image\"><a href=\"https:\/\/welovekiel.com\/wp-content\/uploads\/schleusenpark-kiel-wik-parkanlage.jpg\" data-title=\"Schleusenpark Kiel-Wik Parkanlage\" title=\"Schleusenpark Kiel-Wik Parkanlage\" rel=\"noreferrer\" data-rel=\"iLightbox[gallery_image_1]\" class=\"fusion-lightbox\" target=\"_self\"><img decoding=\"async\" src=\"https:\/\/welovekiel.com\/wp-content\/uploads\/schleusenpark-kiel-wik-parkanlage.jpg\" data-orig-src=\"https:\/\/welovekiel.com\/wp-content\/uploads\/schleusenpark-kiel-wik-parkanlage.jpg\" width=\"1200\" height=\"900\" alt=\"Schleusenpark Kiel-Wik Parkanlage\" title=\"Schleusenpark Kiel-Wik Parkanlage\" aria-label=\"Schleusenpark Kiel-Wik Parkanlage\" class=\"lazyload img-responsive wp-image-5370\" srcset=\"data:image\/svg+xml,%3Csvg%20xmlns%3D%27http%3A%2F%2Fwww.w3.org%2F2000%2Fsvg%27%20width%3D%271200%27%20height%3D%27900%27%20viewBox%3D%270%200%201200%20900%27%3E%3Crect%20width%3D%271200%27%20height%3D%27900%27%20fill-opacity%3D%220%22%2F%3E%3C%2Fsvg%3E\" data-srcset=\"https:\/\/welovekiel.com\/wp-content\/uploads\/schleusenpark-kiel-wik-parkanlage-200x150.jpg 200w, https:\/\/welovekiel.com\/wp-content\/uploads\/schleusenpark-kiel-wik-parkanlage-400x300.jpg 400w, https:\/\/welovekiel.com\/wp-content\/uploads\/schleusenpark-kiel-wik-parkanlage-600x450.jpg 600w, https:\/\/welovekiel.com\/wp-content\/uploads\/schleusenpark-kiel-wik-parkanlage-800x600.jpg 800w, https:\/\/welovekiel.com\/wp-content\/uploads\/schleusenpark-kiel-wik-parkanlage.jpg 1200w\" data-sizes=\"auto\" data-orig-sizes=\"(min-width: 2200px) 100vw, (min-width: 712px) 548px, (min-width: 640px) 712px, \"><\/a><\/div><\/div><div style=\"padding:5px;\" class=\"fusion-grid-column fusion-gallery-column fusion-gallery-column-2 hover-type-none\"><div class=\"fusion-gallery-image\"><a href=\"https:\/\/welovekiel.com\/wp-content\/uploads\/aussichtsplattform-schleusenpark-wiker-balkon.jpg\" data-title=\"Wiker Balkon Aussichtsplattform im Schleusenpark Wik\" title=\"Wiker Balkon Aussichtsplattform im Schleusenpark Wik\" rel=\"noreferrer\" data-rel=\"iLightbox[gallery_image_1]\" class=\"fusion-lightbox\" target=\"_self\"><img decoding=\"async\" src=\"https:\/\/welovekiel.com\/wp-content\/uploads\/aussichtsplattform-schleusenpark-wiker-balkon.jpg\" data-orig-src=\"https:\/\/welovekiel.com\/wp-content\/uploads\/aussichtsplattform-schleusenpark-wiker-balkon.jpg\" width=\"1200\" height=\"900\" alt=\"Wiker Balkon Aussichtsplattform im Schleusenpark Wik\" title=\"Wiker Balkon Aussichtsplattform im Schleusenpark Wik\" aria-label=\"Wiker Balkon Aussichtsplattform im Schleusenpark Wik\" class=\"lazyload img-responsive wp-image-5278\" srcset=\"data:image\/svg+xml,%3Csvg%20xmlns%3D%27http%3A%2F%2Fwww.w3.org%2F2000%2Fsvg%27%20width%3D%271200%27%20height%3D%27900%27%20viewBox%3D%270%200%201200%20900%27%3E%3Crect%20width%3D%271200%27%20height%3D%27900%27%20fill-opacity%3D%220%22%2F%3E%3C%2Fsvg%3E\" data-srcset=\"https:\/\/welovekiel.com\/wp-content\/uploads\/aussichtsplattform-schleusenpark-wiker-balkon-200x150.jpg 200w, https:\/\/welovekiel.com\/wp-content\/uploads\/aussichtsplattform-schleusenpark-wiker-balkon-400x300.jpg 400w, https:\/\/welovekiel.com\/wp-content\/uploads\/aussichtsplattform-schleusenpark-wiker-balkon-600x450.jpg 600w, https:\/\/welovekiel.com\/wp-content\/uploads\/aussichtsplattform-schleusenpark-wiker-balkon-800x600.jpg 800w, https:\/\/welovekiel.com\/wp-content\/uploads\/aussichtsplattform-schleusenpark-wiker-balkon.jpg 1200w\" data-sizes=\"auto\" data-orig-sizes=\"(min-width: 2200px) 100vw, (min-width: 712px) 548px, (min-width: 640px) 712px, \"><\/a><\/div><\/div><div class=\"clearfix\"><\/div><\/div><\/div><style type=\"text\/css\">@media only screen and (max-width:800px) {.fusion-title.fusion-title-4{margin-top:10px!important;margin-bottom:!important;}}<\/style><div class=\"fusion-title title fusion-title-4 fusion-title-text fusion-title-size-two\" style=\"margin-top:20px;margin-right:0px;margin-bottom:31px;margin-left:0px;\"><h2 class=\"title-heading-left\" style=\"margin:0;\">Video Schleusenpark Kiel-Wik<\/h2><span class=\"awb-title-spacer\"><\/span><div class=\"title-sep-container\"><div class=\"title-sep sep-double sep-solid\" style=\"border-color:#e0dede;\"><\/div><\/div><\/div><div class=\"fusion-video fusion-youtube\" style=\"max-width:800px;max-height:450px;\"><div class=\"video-shortcode\"><div class=\"fluid-width-video-wrapper\" style=\"padding-top:56.25%;\"><iframe title=\"YouTube video player 1\" src=\"https:\/\/www.youtube.com\/embed\/tIPJy5LcPZI?wmode=transparent&amp;autoplay=0\" width=\"800\" height=\"450\" allowfullscreen allow=\"autoplay; fullscreen\"><\/iframe><\/div><\/div><\/div><style type=\"text\/css\">@media only screen and (max-width:800px) {.fusion-title.fusion-title-5{margin-top:10px!important;margin-bottom:!important;}}<\/style><div class=\"fusion-title title fusion-title-5 fusion-title-text fusion-title-size-two\" style=\"margin-top:20px;margin-right:0px;margin-bottom:31px;margin-left:0px;\"><h2 class=\"title-heading-left\" style=\"margin:0;\">Hier befindet sich der Schleusenpark<\/h2><span class=\"awb-title-spacer\"><\/span><div class=\"title-sep-container\"><div class=\"title-sep sep-double sep-solid\" style=\"border-color:#e0dede;\"><\/div><\/div><\/div><div class=\"shortcode-map fusion-google-map fusion-maps-embed-type\"><iframe width=\"100%\" height=\"450px\" frameborder=\"0\" style=\"border:0\" src=\"https:\/\/www.google.com\/maps\/embed\/v1\/place?key=AIzaSyBhsztdcdTJlulxY9dwqTyRvVdnAhtYsLU&amp;language=de&amp;q=Schleusenpark+Kiel&amp;maptype=roadmap&amp;zoom=11\" allowfullscreen><\/iframe><\/div><div class=\"fusion-clearfix\"><\/div><\/div><\/div><div class=\"fusion-layout-column fusion_builder_column fusion-builder-column-1 fusion_builder_column_1_4 1_4 fusion-one-fourth fusion-column-last\" style=\"width:25%;width:calc(25% - ( ( 4% ) * 0.25 ) );margin-top:0px;margin-bottom:20px;\"><div class=\"fusion-column-wrapper fusion-flex-column-wrapper-legacy\" style=\"background-position:left top;background-repeat:no-repeat;-webkit-background-size:cover;-moz-background-size:cover;-o-background-size:cover;background-size:cover;padding: 0px 0px 0px 0px;\"><div class=\"fusion-widget-area fusion-widget-area-1 fusion-content-widget-area\"><style type=\"text\/css\">.fusion-widget-area-1 {padding:0px 0px 0px 0px;}.fusion-widget-area-1 .widget h4 {color:#333333;}.fusion-widget-area-1 .widget .heading h4 {color:#333333;}<\/style><div id=\"encyclopedia_search-2\" class=\"widget widget_encyclopedia_search\"><div class=\"heading\"><h4 class=\"widget-title\">Lexikon-Suche<\/h4><\/div><form role=\"search\" method=\"get\" class=\"encyclopedia search-form\" action=\"https:\/\/welovekiel.com\/de\/lexikon\/\">\n    \n    \n    <label class=\"screen-reader-text\" for=\"encyclopedia-search-term\">Suche<\/label>\n    <input type=\"text\" id=\"encyclopedia-search-term\" name=\"s\" class=\"search-field\" value=\"\" placeholder=\"Suche&hellip;\">\n    <button type=\"submit\" class=\"search-submit submit button\" id=\"encyclopedia-search-submit\">Suche<\/button>\n<\/form><\/div><div id=\"custom_html-9\" class=\"widget_text widget widget_custom_html\"><div class=\"textwidget custom-html-widget\"><script async src=\"https:\/\/pagead2.googlesyndication.com\/pagead\/js\/adsbygoogle.js\"><\/script>\r\n<!-- welovekiel_de_lexikon_sidebar_responsive -->\r\n<ins class=\"adsbygoogle\" style=\"display:block\" data-ad-client=\"ca-pub-2675294892226297\" data-ad-slot=\"2688696180\" data-ad-format=\"auto\" data-full-width-responsive=\"true\"><\/ins>\r\n<script>\r\n     (adsbygoogle = window.adsbygoogle || []).push({});\r\n<\/script><\/div><\/div><div id=\"encyclopedia_items-2\" class=\"widget widget_encyclopedia_items\"><div class=\"heading\"><h4 class=\"widget-title\">Weitere Lexikon-Eintr&auml;ge<\/h4><\/div><ul>\n            <li><a href=\"https:\/\/welovekiel.com\/de\/lexikon\/sedov\/\" title=\"\" class=\"encyclopedia\">Sedov<\/a><\/li>\n            <li><a href=\"https:\/\/welovekiel.com\/de\/lexikon\/forstbaumschule\/\" title=\"\" class=\"encyclopedia\">Forstbaumschule<\/a><\/li>\n            <li><a href=\"https:\/\/welovekiel.com\/de\/lexikon\/stadtteile\/\" title=\"\" class=\"encyclopedia\">Stadtteile<\/a><\/li>\n            <li><a href=\"https:\/\/welovekiel.com\/de\/lexikon\/seebar-kiel-duesternbrook\/\" title=\"\" class=\"encyclopedia\">Seebar D&uuml;sternbrook<\/a><\/li>\n            <li><a href=\"https:\/\/welovekiel.com\/de\/lexikon\/kaiser-wilhelm-denkmal\/\" title=\"\" class=\"encyclopedia\">Kaiser-Wilhelm-Denkmal<\/a><\/li>\n            <li><a href=\"https:\/\/welovekiel.com\/de\/lexikon\/kieler-weihnachtsdorf\/\" title=\"\" class=\"encyclopedia\">Kieler Weihnachtsdorf<\/a><\/li>\n            <li><a href=\"https:\/\/welovekiel.com\/de\/lexikon\/u-boot-u-995\/\" title=\"\" class=\"encyclopedia\">U-Boot U 995<\/a><\/li>\n            <li><a href=\"https:\/\/welovekiel.com\/de\/lexikon\/moewen-in-kiel\/\" title=\"\" class=\"encyclopedia\">M&ouml;wen in Kiel<\/a><\/li>\n            <li><a href=\"https:\/\/welovekiel.com\/de\/lexikon\/norwegenkai\/\" title=\"\" class=\"encyclopedia\">Norwegenkai<\/a><\/li>\n            <li><a href=\"https:\/\/welovekiel.com\/de\/lexikon\/kiellinie-kiel\/\" title=\"\" class=\"encyclopedia\">Kiellinie<\/a><\/li>\n            <li><a href=\"https:\/\/welovekiel.com\/de\/lexikon\/kleiner-kiel-kanal\/\" title=\"\" class=\"encyclopedia\">Kleiner Kiel-Kanal<\/a><\/li>\n            <li><a href=\"https:\/\/welovekiel.com\/de\/lexikon\/marinestuetzpunkt-kiel-wik\/\" title=\"\" class=\"encyclopedia\">Marinest&uuml;tzpunkt Kiel-Wik<\/a><\/li>\n    <\/ul>\n<\/div>\n\t\t<div id=\"recent-posts-3\" class=\"widget widget_recent_entries\">\n\t\t<div class=\"heading\"><h4 class=\"widget-title\">Neu im Kiel-Blog<\/h4><\/div>\n\t\t<ul>\n\t\t\t\t\t\t\t\t\t\t\t<li>\n\t\t\t\t\t<a href=\"https:\/\/welovekiel.com\/de\/kieler-woche-2026-konzerte-veranstaltungen-freitag-26-06-2026-17310\/\">Kieler Woche 2026: Konzerte &amp; Veranstaltungen Freitag 26.06.2026<\/a>\n\t\t\t\t\t\t\t\t\t<\/li>\n\t\t\t\t\t\t\t\t\t\t\t<li>\n\t\t\t\t\t<a href=\"https:\/\/welovekiel.com\/de\/kieler-woche-2026-konzerte-veranstaltungen-donnerstag-25-06-2026-17308\/\">Kieler Woche 2026: Konzerte &amp; Veranstaltungen Donnerstag 25.06.2026<\/a>\n\t\t\t\t\t\t\t\t\t<\/li>\n\t\t\t\t\t\t\t\t\t\t\t<li>\n\t\t\t\t\t<a href=\"https:\/\/welovekiel.com\/de\/kieler-woche-2026-konzerte-veranstaltungen-mittwoch-24-06-2026-17305\/\">Kieler Woche 2026: Konzerte &amp; Veranstaltungen Mittwoch 24.06.2026<\/a>\n\t\t\t\t\t\t\t\t\t<\/li>\n\t\t\t\t\t<\/ul>\n\n\t\t<\/div><div class=\"tribe-compatibility-container\">\n\t<div class=\"tribe-common tribe-events tribe-events-view tribe-events-view--widget-events-list tribe-events-widget\" data-js=\"tribe-events-view\" data-view-rest-url=\"https:\/\/welovekiel.com\/de\/wp-json\/tribe\/views\/v2\/html\" data-view-manage-url=\"1\" data-view-breakpoint-pointer=\"dcd85d31-9971-4917-9e5c-9f55ed58d0cd\">\n\t\t<div class=\"tribe-events-widget-events-list\">\n\n\t\t\t<script type=\"application\/ld+json\">\r\n[{\"@context\":\"http:\/\/schema.org\",\"@type\":\"Event\",\"name\":\"Flohmarkt Kiel Innenstadt Holstenplatz bis Rathausplatz 06.09.2026\",\"description\":\"&lt;p&gt;Flohmarkt Kiel Innenstadt am Sonntag, den 6. September 2026 ab 8 Uhr auf dem Rathausplatz, Asmus-Bremer-Platz, Europaplatz, Fleeth\\u00f6rn, Willestra\\u00dfe, Holstenplatz und Holstenstra\\u00dfe. In den Monaten April bis September 2026 veranstaltet die Landeshauptstadt Kiel mehrere Flohm\\u00e4rkte [&hellip;]&lt;\/p&gt;\\\\n\",\"image\":\"https:\/\/welovekiel.com\/wp-content\/uploads\/kieler-rathausplatz-flohmarkt-innenstadt-kiel.jpg\",\"url\":\"https:\/\/welovekiel.com\/de\/event\/flohmarkt-kiel-innenstadt-holstenplatz-bis-rathausplatz-6-9-2026\/\",\"eventAttendanceMode\":\"https:\/\/schema.org\/OfflineEventAttendanceMode\",\"eventStatus\":\"https:\/\/schema.org\/EventScheduled\",\"startDate\":\"2026-09-06T08:00:00+02:00\",\"endDate\":\"2026-09-06T16:00:00+02:00\",\"location\":{\"@type\":\"Place\",\"name\":\"Rathausplatz Kiel\",\"description\":\"\",\"url\":\"https:\/\/welovekiel.com\/de\/veranstaltungsort\/rathausplatz-kiel\/\",\"address\":{\"@type\":\"PostalAddress\",\"streetAddress\":\"Rathausplatz\",\"addressLocality\":\"Kiel\",\"postalCode\":\"24103\",\"addressCountry\":\"Deutschland\"},\"telephone\":\"\",\"sameAs\":\"\"},\"organizer\":{\"@type\":\"Person\",\"name\":\"Landeshauptstadt Kiel\",\"description\":\"\",\"url\":\"\",\"telephone\":\"\",\"email\":\"\",\"sameAs\":\"\"},\"offers\":{\"@type\":\"Offer\",\"price\":\"0\",\"priceCurrency\":\"EUR\",\"url\":\"https:\/\/welovekiel.com\/de\/event\/flohmarkt-kiel-innenstadt-holstenplatz-bis-rathausplatz-6-9-2026\/\",\"category\":\"primary\",\"availability\":\"inStock\",\"validFrom\":\"1970-01-01T00:00:00+00:00\"},\"performer\":\"Organization\"},{\"@context\":\"http:\/\/schema.org\",\"@type\":\"Event\",\"name\":\"Flohmarkt Kaufland Kiel-Mettenhof 13.09.2026\",\"description\":\"&lt;p&gt;Flohmarkt Kaufland Kiel-Mettenhof am Sonntag, den 13. September 2026 ab 6 Uhr auf dem Kaufland Parkplatz im Kieler Stadtteil Mettenhof am Skandinaviendamm. In den Monaten Januar bis Dezember 2026 veranstaltet Heinz Geide Flohm\\u00e4rkte insgesamt 12 [&hellip;]&lt;\/p&gt;\\\\n\",\"image\":\"https:\/\/welovekiel.com\/wp-content\/uploads\/kaufland-mettenhof-parkhaus-flohmarkt.jpg\",\"url\":\"https:\/\/welovekiel.com\/de\/event\/flohmarkt-kaufland-kiel-mettenhof-13-09-2026\/\",\"eventAttendanceMode\":\"https:\/\/schema.org\/OfflineEventAttendanceMode\",\"eventStatus\":\"https:\/\/schema.org\/EventScheduled\",\"startDate\":\"2026-09-13T06:00:00+02:00\",\"endDate\":\"2026-09-13T16:00:00+02:00\",\"location\":{\"@type\":\"Place\",\"name\":\"Kaufland Kiel-Mettenhof\",\"description\":\"\",\"url\":\"https:\/\/welovekiel.com\/de\/veranstaltungsort\/kaufland-kiel-mettenhof\/\",\"address\":{\"@type\":\"PostalAddress\",\"streetAddress\":\"Skandinaviendamm 299\",\"addressLocality\":\"Kiel\",\"postalCode\":\"24109\",\"addressCountry\":\"Deutschland\"},\"telephone\":\"\",\"sameAs\":\"\"},\"organizer\":{\"@type\":\"Person\",\"name\":\"Heinz Geide Flom\\u00e4rkte\",\"description\":\"\",\"url\":\"\",\"telephone\":\"\",\"email\":\"\",\"sameAs\":\"\"},\"offers\":{\"@type\":\"Offer\",\"price\":\"0\",\"priceCurrency\":\"EUR\",\"url\":\"https:\/\/welovekiel.com\/de\/event\/flohmarkt-kaufland-kiel-mettenhof-13-09-2026\/\",\"category\":\"primary\",\"availability\":\"inStock\",\"validFrom\":\"1970-01-01T00:00:00+00:00\"},\"performer\":\"Organization\"},{\"@context\":\"http:\/\/schema.org\",\"@type\":\"Event\",\"name\":\"Flohmarkt Citti-Park Kiel 13.9.2026\",\"description\":\"&lt;p&gt;Flohmarkt Citti-Park Kiel am Sonntag, den 13. September 2026 ab 8 Uhr auf dem Citti-Park Parkplatz im M\\u00fchlendamm 1 im Kieler Stadtteil Hassee. An insgesamt sechs Terminen im Jahr 2026 veranstaltet die Firma Hochberg Flohm\\u00e4rkte [&hellip;]&lt;\/p&gt;\\\\n\",\"image\":\"https:\/\/welovekiel.com\/wp-content\/uploads\/flohmarkt-kiel-citti-park.jpg\",\"url\":\"https:\/\/welovekiel.com\/de\/event\/flohmarkt-citti-park-kiel-13-9-2026\/\",\"eventAttendanceMode\":\"https:\/\/schema.org\/OfflineEventAttendanceMode\",\"eventStatus\":\"https:\/\/schema.org\/EventScheduled\",\"startDate\":\"2026-09-13T08:00:00+02:00\",\"endDate\":\"2026-09-13T16:00:00+02:00\",\"location\":{\"@type\":\"Place\",\"name\":\"Citti-Park Kiel\",\"description\":\"\",\"url\":\"https:\/\/welovekiel.com\/de\/veranstaltungsort\/citti-park-kiel\/\",\"address\":{\"@type\":\"PostalAddress\",\"streetAddress\":\"M\\u00fchlendamm 1\",\"addressLocality\":\"Kiel\",\"postalCode\":\"24113\",\"addressCountry\":\"Deutschland\"},\"telephone\":\"\",\"sameAs\":\"\"},\"organizer\":{\"@type\":\"Person\",\"name\":\"Hochberg Flohmarkt\",\"description\":\"\",\"url\":\"\",\"telephone\":\"\",\"email\":\"\",\"sameAs\":\"\"},\"offers\":{\"@type\":\"Offer\",\"price\":\"0\",\"priceCurrency\":\"EUR\",\"url\":\"https:\/\/welovekiel.com\/de\/event\/flohmarkt-citti-park-kiel-13-9-2026\/\",\"category\":\"primary\",\"availability\":\"inStock\",\"validFrom\":\"1970-01-01T00:00:00+00:00\"},\"performer\":\"Organization\"}]\r\n<\/script>\n\t\t\t<script data-js=\"tribe-events-view-data\" type=\"application\/json\">\n\t{\"slug\":\"widget-events-list\",\"prev_url\":\"\",\"next_url\":\"https:\\\/\\\/welovekiel.com\\\/de\\\/?post_type=tribe_events&eventDisplay=widget-events-list&paged=2\",\"view_class\":\"Tribe\\\\Events\\\\Views\\\\V2\\\\Views\\\\Widgets\\\\Widget_List_View\",\"view_slug\":\"widget-events-list\",\"view_label\":\"View\",\"view\":null,\"should_manage_url\":true,\"id\":null,\"alias-slugs\":null,\"title\":\"Veranstaltungen von 4. September \\u2013 13. September \\u2013 We love Kiel\",\"limit\":\"3\",\"no_upcoming_events\":false,\"featured_events_only\":false,\"jsonld_enable\":true,\"tribe_is_list_widget\":false,\"admin_fields\":{\"title\":{\"label\":\"Titel:\",\"type\":\"text\",\"parent_classes\":\"\",\"classes\":\"\",\"dependency\":\"\",\"id\":\"widget-tribe-widget-events-list-5-title\",\"name\":\"widget-tribe-widget-events-list[5][title]\",\"options\":[],\"placeholder\":\"\",\"value\":null},\"limit\":{\"label\":\"Anzeige:\",\"type\":\"number\",\"default\":5,\"min\":1,\"max\":10,\"step\":1,\"parent_classes\":\"\",\"classes\":\"\",\"dependency\":\"\",\"id\":\"widget-tribe-widget-events-list-5-limit\",\"name\":\"widget-tribe-widget-events-list[5][limit]\",\"options\":[],\"placeholder\":\"\",\"value\":null},\"metadata_section\":{\"type\":\"fieldset\",\"classes\":\"tribe-common-form-control-checkbox-checkbox-group\",\"label\":\"Anzeige:\",\"children\":{\"cost\":{\"type\":\"checkbox\",\"label\":\"Preis\",\"parent_classes\":\"\",\"classes\":\"\",\"dependency\":\"\",\"id\":\"widget-tribe-widget-events-list-5-cost\",\"name\":\"widget-tribe-widget-events-list[5][cost]\",\"options\":[],\"placeholder\":\"\",\"value\":null},\"venue\":{\"type\":\"checkbox\",\"label\":\"Veranstaltungsort\",\"parent_classes\":\"\",\"classes\":\"\",\"dependency\":\"\",\"id\":\"widget-tribe-widget-events-list-5-venue\",\"name\":\"widget-tribe-widget-events-list[5][venue]\",\"options\":[],\"placeholder\":\"\",\"value\":null},\"street\":{\"type\":\"checkbox\",\"label\":\"Stra\\u00dfe\",\"parent_classes\":\"\",\"classes\":\"\",\"dependency\":\"\",\"id\":\"widget-tribe-widget-events-list-5-street\",\"name\":\"widget-tribe-widget-events-list[5][street]\",\"options\":[],\"placeholder\":\"\",\"value\":null},\"city\":{\"type\":\"checkbox\",\"label\":\"Stadt\",\"parent_classes\":\"\",\"classes\":\"\",\"dependency\":\"\",\"id\":\"widget-tribe-widget-events-list-5-city\",\"name\":\"widget-tribe-widget-events-list[5][city]\",\"options\":[],\"placeholder\":\"\",\"value\":null},\"region\":{\"type\":\"checkbox\",\"label\":\"Staat (USA) oder Bundesland \\\/ Kanton (International)\",\"parent_classes\":\"\",\"classes\":\"\",\"dependency\":\"\",\"id\":\"widget-tribe-widget-events-list-5-region\",\"name\":\"widget-tribe-widget-events-list[5][region]\",\"options\":[],\"placeholder\":\"\",\"value\":null},\"zip\":{\"type\":\"checkbox\",\"label\":\"Postleitzahl\",\"parent_classes\":\"\",\"classes\":\"\",\"dependency\":\"\",\"id\":\"widget-tribe-widget-events-list-5-zip\",\"name\":\"widget-tribe-widget-events-list[5][zip]\",\"options\":[],\"placeholder\":\"\",\"value\":null},\"country\":{\"type\":\"checkbox\",\"label\":\"Land\",\"parent_classes\":\"\",\"classes\":\"\",\"dependency\":\"\",\"id\":\"widget-tribe-widget-events-list-5-country\",\"name\":\"widget-tribe-widget-events-list[5][country]\",\"options\":[],\"placeholder\":\"\",\"value\":null},\"phone\":{\"type\":\"checkbox\",\"label\":\"Telefon\",\"parent_classes\":\"\",\"classes\":\"\",\"dependency\":\"\",\"id\":\"widget-tribe-widget-events-list-5-phone\",\"name\":\"widget-tribe-widget-events-list[5][phone]\",\"options\":[],\"placeholder\":\"\",\"value\":null},\"organizer\":{\"type\":\"checkbox\",\"label\":\"Veranstalter\",\"parent_classes\":\"\",\"classes\":\"\",\"dependency\":\"\",\"id\":\"widget-tribe-widget-events-list-5-organizer\",\"name\":\"widget-tribe-widget-events-list[5][organizer]\",\"options\":[],\"placeholder\":\"\",\"value\":null},\"website\":{\"type\":\"checkbox\",\"label\":\"Webseite\",\"parent_classes\":\"\",\"classes\":\"\",\"dependency\":\"\",\"id\":\"widget-tribe-widget-events-list-5-website\",\"name\":\"widget-tribe-widget-events-list[5][website]\",\"options\":[],\"placeholder\":\"\",\"value\":null}},\"parent_classes\":\"\",\"dependency\":\"\",\"id\":\"widget-tribe-widget-events-list-5-metadata_section\",\"name\":\"widget-tribe-widget-events-list[5][metadata_section]\",\"options\":[],\"placeholder\":\"\",\"value\":null},\"taxonomy_section\":{\"type\":\"section\",\"classes\":[\"calendar-widget-filters-container\"],\"label\":\"Filter:\",\"children\":{\"filters\":{\"type\":\"taxonomy-filters\",\"parent_classes\":\"\",\"classes\":\"\",\"dependency\":\"\",\"id\":\"widget-tribe-widget-events-list-5-filters\",\"label\":\"\",\"name\":\"widget-tribe-widget-events-list[5][filters]\",\"options\":[],\"placeholder\":\"\",\"value\":null,\"list_items\":[]},\"operand\":{\"type\":\"fieldset\",\"classes\":\"tribe-common-form-control-checkbox-radio-group\",\"label\":\"Operand:\",\"selected\":\"OR\",\"children\":[{\"type\":\"radio\",\"label\":\"Match any\",\"button_value\":\"OR\",\"parent_classes\":\"\",\"classes\":\"\",\"dependency\":\"\",\"id\":\"widget-tribe-widget-events-list-5-operand\",\"name\":\"widget-tribe-widget-events-list[5][operand]\",\"options\":[],\"placeholder\":\"\",\"value\":null},{\"type\":\"radio\",\"label\":\"Match all\",\"button_value\":\"AND\",\"parent_classes\":\"\",\"classes\":\"\",\"dependency\":\"\",\"id\":\"widget-tribe-widget-events-list-5-operand\",\"name\":\"widget-tribe-widget-events-list[5][operand]\",\"options\":[],\"placeholder\":\"\",\"value\":null}],\"parent_classes\":\"\",\"dependency\":\"\",\"id\":\"widget-tribe-widget-events-list-5-operand\",\"name\":\"widget-tribe-widget-events-list[5][operand]\",\"options\":[],\"placeholder\":\"\",\"value\":null}},\"parent_classes\":\"\",\"dependency\":\"\",\"id\":\"widget-tribe-widget-events-list-5-taxonomy_section\",\"name\":\"widget-tribe-widget-events-list[5][taxonomy_section]\",\"options\":[],\"placeholder\":\"\",\"value\":null},\"taxonomy\":{\"type\":\"taxonomy\",\"classes\":\"calendar-widget-add-filter\",\"label\":\"Filter zuf\\u00fcgen:\",\"placeholder\":\"W\\u00e4hle einen Taxonomiebegriff\",\"parent_classes\":\"\",\"dependency\":\"\",\"id\":\"widget-tribe-widget-events-list-5-taxonomy\",\"name\":\"widget-tribe-widget-events-list[5][taxonomy]\",\"options\":[],\"value\":null},\"no_upcoming_events\":{\"label\":\"Blende dieses Widget aus, wenn es keine bevorstehenden Veranstaltungen gibt.\",\"type\":\"checkbox\",\"parent_classes\":\"\",\"classes\":\"\",\"dependency\":\"\",\"id\":\"widget-tribe-widget-events-list-5-no_upcoming_events\",\"name\":\"widget-tribe-widget-events-list[5][no_upcoming_events]\",\"options\":[],\"placeholder\":\"\",\"value\":null},\"featured_events_only\":{\"label\":\"Nur auf hervorgehobene Veranstaltungen beschr\\u00e4nken\",\"type\":\"checkbox\",\"parent_classes\":\"\",\"classes\":\"\",\"dependency\":\"\",\"id\":\"widget-tribe-widget-events-list-5-featured_events_only\",\"name\":\"widget-tribe-widget-events-list[5][featured_events_only]\",\"options\":[],\"placeholder\":\"\",\"value\":null},\"jsonld_enable\":{\"label\":\"JSON-LD-Daten generieren\",\"type\":\"checkbox\",\"parent_classes\":\"\",\"classes\":\"\",\"dependency\":\"\",\"id\":\"widget-tribe-widget-events-list-5-jsonld_enable\",\"name\":\"widget-tribe-widget-events-list[5][jsonld_enable]\",\"options\":[],\"placeholder\":\"\",\"value\":null}},\"venue\":false,\"country\":false,\"street\":false,\"city\":false,\"region\":false,\"zip\":false,\"phone\":false,\"cost\":false,\"organizer\":false,\"website\":false,\"operand\":\"OR\",\"filters\":\"\",\"wpml_language\":\"de\",\"fusion_display_title\":\"yes\",\"fusion_padding_color\":\"\",\"fusion_margin\":\"\",\"fusion_bg_color\":\"\",\"fusion_bg_radius_size\":\"\",\"fusion_border_size\":\"\",\"fusion_border_style\":\"solid\",\"fusion_border_color\":\"\",\"fusion_divider_color\":\"\",\"fusion_align\":\"\",\"fusion_align_mobile\":\"\",\"events\":[10000634,10000625,10000648],\"url\":\"https:\\\/\\\/welovekiel.com\\\/de\\\/?post_type=tribe_events&eventDisplay=widget-events-list\",\"url_event_date\":false,\"bar\":{\"keyword\":\"\",\"date\":\"\"},\"today\":\"2026-09-04 00:00:00\",\"now\":\"2026-09-04 00:25:12\",\"home_url\":\"https:\\\/\\\/welovekiel.com\\\/de\\\/\",\"rest_url\":\"https:\\\/\\\/welovekiel.com\\\/de\\\/wp-json\\\/tribe\\\/views\\\/v2\\\/html\",\"rest_method\":\"GET\",\"rest_nonce\":\"\",\"today_url\":\"https:\\\/\\\/welovekiel.com\\\/de\\\/?post_type=tribe_events&eventDisplay=widget-events-list&rest_route=%2Fwp%2Fv2%2Fencyclopedia%2F5427\",\"today_title\":\"Klicke, um das heutige Datum auszuw\\u00e4hlen\",\"today_label\":\"Heute\",\"prev_label\":\"\",\"next_label\":\"\",\"date_formats\":{\"compact\":\"d.m.Y\",\"month_and_year_compact\":\"m.Y\",\"month_and_year\":\"F Y\",\"time_range_separator\":\" - \",\"date_time_separator\":\" | \"},\"messages\":[],\"start_of_week\":\"1\",\"header_title\":\"\",\"header_title_element\":\"h1\",\"content_title\":\"\",\"show_content_title\":false,\"breadcrumbs\":[],\"backlink\":false,\"before_events\":\"\",\"after_events\":\"\\n<!--\\nThis calendar is powered by The Events Calendar.\\nhttp:\\\/\\\/evnt.is\\\/18wn\\n-->\\n\",\"display_events_bar\":false,\"disable_event_search\":false,\"live_refresh\":true,\"ical\":{\"display_link\":true,\"link\":{\"url\":\"https:\\\/\\\/welovekiel.com\\\/de\\\/?post_type=tribe_events&#038;eventDisplay=widget-events-list&#038;ical=1\",\"text\":\"Veranstaltungen als iCal exportieren\",\"title\":\"Diese Funktion verwenden, um Kalenderdaten mit Google Kalender, Apple iCal und kompatiblen Apps zu teilen\"}},\"container_classes\":[\"tribe-common\",\"tribe-events\",\"tribe-events-view\",\"tribe-events-view--widget-events-list\",\"tribe-events-widget\"],\"container_data\":[],\"is_past\":false,\"breakpoints\":{\"xsmall\":500,\"medium\":768,\"full\":960},\"breakpoint_pointer\":\"dcd85d31-9971-4917-9e5c-9f55ed58d0cd\",\"is_initial_load\":false,\"public_views\":{\"list\":{\"view_class\":\"Tribe\\\\Events\\\\Views\\\\V2\\\\Views\\\\List_View\",\"view_url\":\"https:\\\/\\\/welovekiel.com\\\/de\\\/Veranstaltungen\\\/Liste\\\/\",\"view_label\":\"Liste\",\"aria_label\":\"Zeige Veranstaltungen in der Liste Ansicht\"},\"month\":{\"view_class\":\"Tribe\\\\Events\\\\Views\\\\V2\\\\Views\\\\Month_View\",\"view_url\":\"https:\\\/\\\/welovekiel.com\\\/de\\\/Veranstaltungen\\\/Monat\\\/\",\"view_label\":\"Monat\",\"aria_label\":\"Zeige Veranstaltungen in der Monat Ansicht\"},\"day\":{\"view_class\":\"Tribe\\\\Events\\\\Views\\\\V2\\\\Views\\\\Day_View\",\"view_url\":\"https:\\\/\\\/welovekiel.com\\\/de\\\/Veranstaltungen\\\/heute\\\/\",\"view_label\":\"Tag\",\"aria_label\":\"Zeige Veranstaltungen in der Tag Ansicht\"},\"week\":{\"view_class\":\"Tribe\\\\Events\\\\Pro\\\\Views\\\\V2\\\\Views\\\\Week_View\",\"view_url\":\"https:\\\/\\\/welovekiel.com\\\/de\\\/Veranstaltungen\\\/Woche\\\/\",\"view_label\":\"Woche\",\"aria_label\":\"Zeige Veranstaltungen in der Woche Ansicht\"}},\"show_latest_past\":false,\"past\":false,\"compatibility_classes\":[\"tribe-compatibility-container\"],\"view_more_text\":\"Kalender anzeigen\",\"view_more_title\":\"Weitere Veranstaltungen anzeigen.\",\"view_more_link\":\"https:\\\/\\\/welovekiel.com\\\/de\\\/Veranstaltungen\\\/\",\"widget_title\":\"Anstehende Veranstaltungen\",\"hide_if_no_upcoming_events\":false,\"display\":{\"cost\":false,\"venue\":false,\"street\":false,\"city\":false,\"region\":false,\"zip\":false,\"country\":false,\"phone\":false,\"organizer\":false,\"website\":false},\"subscribe_links\":{\"gcal\":{\"label\":\"Google Kalender\",\"single_label\":\"Zu Google Kalender hinzuf\\u00fcgen\",\"visible\":true,\"block_slug\":\"hasGoogleCalendar\"},\"ical\":{\"label\":\"iCalendar\",\"single_label\":\"Zu iCalendar hinzuf\\u00fcgen\",\"visible\":true,\"block_slug\":\"hasiCal\"},\"outlook-365\":{\"label\":\"Outlook 365\",\"single_label\":\"Outlook 365\",\"visible\":true,\"block_slug\":\"hasOutlook365\"},\"outlook-live\":{\"label\":\"Outlook Live\",\"single_label\":\"Outlook Live\",\"visible\":true,\"block_slug\":\"hasOutlookLive\"},\"ics\":{\"label\":\".ics-Datei exportieren\",\"single_label\":\".ics-Datei exportieren\",\"visible\":true,\"block_slug\":null},\"outlook-ics\":{\"label\":\"Exportiere Outlook .ics Datei\",\"single_label\":\"Exportiere Outlook .ics Datei\",\"visible\":true,\"block_slug\":null}},\"display_recurring_toggle\":false,\"_context\":{\"slug\":\"widget-events-list\"}}<\/script>\n\n\t\t\t\t\t\t\t<header class=\"tribe-events-widget-events-list__header\">\n\t\t\t\t\t<h2 class=\"tribe-events-widget-events-list__header-title tribe-common-h6 tribe-common-h--alt\">\n\t\t\t\t\t\tAnstehende Veranstaltungen\t\t\t\t\t<\/h2>\n\t\t\t\t<\/header>\n\t\t\t\n\t\t\t\n\t\t\t\t<div class=\"tribe-events-widget-events-list__events\">\n\t\t\t\t\t\t\t\t\t\t\t<div class=\"tribe-common-g-row tribe-events-widget-events-list__event-row\">\n\n\t<div class=\"tribe-events-widget-events-list__event-date-tag tribe-common-g-col\">\n\t<time class=\"tribe-events-widget-events-list__event-date-tag-datetime\" datetime=\"2026-09-06\">\n\t\t<span class=\"tribe-events-widget-events-list__event-date-tag-month\">\n\t\t\tSep.\t\t<\/span>\n\t\t<span class=\"tribe-events-widget-events-list__event-date-tag-daynum tribe-common-h2 tribe-common-h4--min-medium\">\n\t\t\t6\t\t<\/span>\n\t<\/time>\n<\/div>\n\n\t<div class=\"tribe-events-widget-events-list__event-wrapper tribe-common-g-col\">\n\t\t<article class=\"tribe-events-widget-events-list__event post-10000634 tribe_events type-tribe_events status-publish has-post-thumbnail hentry tag-3262 tag-asmus-bremer-platz tag-flohmarkt tag-flohmarkt-kiel tag-flohmarkt-kieler-innenstadt tag-flohmarkt-rathausplatz tag-holstenplatz tag-holstenstrasse tag-rathausplatz tag-willestrasse tribe_events_cat-flohmarkt tribe_events_cat-kiel tribe_events_cat-shopping gallery-content-unit\">\n\t\t\t<div class=\"tribe-events-widget-events-list__event-details\">\n\n\t\t\t\t<header class=\"tribe-events-widget-events-list__event-header\">\n\t\t\t\t\t<div class=\"tribe-events-widget-events-list__event-datetime-wrapper tribe-common-b2 tribe-common-b3--min-medium\">\n\t\t<time class=\"tribe-events-widget-events-list__event-datetime\" datetime=\"2026-09-06\">\n\t\t<span class=\"tribe-event-date-start\">08:00<\/span> - <span class=\"tribe-event-time\">16:00<\/span>\t<\/time>\n\t<\/div>\n\t\t\t\t\t<h3 class=\"tribe-events-widget-events-list__event-title tribe-common-h7\">\n\t<a href=\"https:\/\/welovekiel.com\/de\/event\/flohmarkt-kiel-innenstadt-holstenplatz-bis-rathausplatz-6-9-2026\/\" title=\"Flohmarkt Kiel Innenstadt Holstenplatz bis Rathausplatz 06.09.2026\" rel=\"bookmark\" class=\"tribe-events-widget-events-list__event-title-link tribe-common-anchor-thin\">\n\t\tFlohmarkt Kiel Innenstadt Holstenplatz bis Rathausplatz 06.09.2026\t<\/a>\n<\/h3>\n\t\t\t\t<\/header>\n\n\t\t\t\t\n\t\t\t<\/div>\n\t\t<\/article>\n\t<\/div>\n\n<\/div>\n\t\t\t\t\t\t\t\t\t\t\t<div class=\"tribe-common-g-row tribe-events-widget-events-list__event-row\">\n\n\t<div class=\"tribe-events-widget-events-list__event-date-tag tribe-common-g-col\">\n\t<time class=\"tribe-events-widget-events-list__event-date-tag-datetime\" datetime=\"2026-09-13\">\n\t\t<span class=\"tribe-events-widget-events-list__event-date-tag-month\">\n\t\t\tSep.\t\t<\/span>\n\t\t<span class=\"tribe-events-widget-events-list__event-date-tag-daynum tribe-common-h2 tribe-common-h4--min-medium\">\n\t\t\t13\t\t<\/span>\n\t<\/time>\n<\/div>\n\n\t<div class=\"tribe-events-widget-events-list__event-wrapper tribe-common-g-col\">\n\t\t<article class=\"tribe-events-widget-events-list__event post-10000625 tribe_events type-tribe_events status-publish has-post-thumbnail hentry tag-3262 tag-flohmarkt tag-flohmarkt-kiel tag-flohmarkt-mettenhof tag-kaufland tag-kaufland-flohmarkt tag-kaufland-mettenhof tag-kiel tag-mettenhof tag-mettenhof-fohmarkt tag-shopping tag-skandinaviendamm tribe_events_cat-flohmarkt tribe_events_cat-kiel tribe_events_cat-mettenhof tribe_events_cat-shopping gallery-content-unit\">\n\t\t\t<div class=\"tribe-events-widget-events-list__event-details\">\n\n\t\t\t\t<header class=\"tribe-events-widget-events-list__event-header\">\n\t\t\t\t\t<div class=\"tribe-events-widget-events-list__event-datetime-wrapper tribe-common-b2 tribe-common-b3--min-medium\">\n\t\t<time class=\"tribe-events-widget-events-list__event-datetime\" datetime=\"2026-09-13\">\n\t\t<span class=\"tribe-event-date-start\">06:00<\/span> - <span class=\"tribe-event-time\">16:00<\/span>\t<\/time>\n\t<\/div>\n\t\t\t\t\t<h3 class=\"tribe-events-widget-events-list__event-title tribe-common-h7\">\n\t<a href=\"https:\/\/welovekiel.com\/de\/event\/flohmarkt-kaufland-kiel-mettenhof-13-09-2026\/\" title=\"Flohmarkt Kaufland Kiel-Mettenhof 13.09.2026\" rel=\"bookmark\" class=\"tribe-events-widget-events-list__event-title-link tribe-common-anchor-thin\">\n\t\tFlohmarkt Kaufland Kiel-Mettenhof 13.09.2026\t<\/a>\n<\/h3>\n\t\t\t\t<\/header>\n\n\t\t\t\t\n\t\t\t<\/div>\n\t\t<\/article>\n\t<\/div>\n\n<\/div>\n\t\t\t\t\t\t\t\t\t\t\t<div class=\"tribe-common-g-row tribe-events-widget-events-list__event-row\">\n\n\t<div class=\"tribe-events-widget-events-list__event-date-tag tribe-common-g-col\">\n\t<time class=\"tribe-events-widget-events-list__event-date-tag-datetime\" datetime=\"2026-09-13\">\n\t\t<span class=\"tribe-events-widget-events-list__event-date-tag-month\">\n\t\t\tSep.\t\t<\/span>\n\t\t<span class=\"tribe-events-widget-events-list__event-date-tag-daynum tribe-common-h2 tribe-common-h4--min-medium\">\n\t\t\t13\t\t<\/span>\n\t<\/time>\n<\/div>\n\n\t<div class=\"tribe-events-widget-events-list__event-wrapper tribe-common-g-col\">\n\t\t<article class=\"tribe-events-widget-events-list__event post-10000648 tribe_events type-tribe_events status-publish has-post-thumbnail hentry tag-3262 tag-citti-park tag-citti-park-flohmarkt tag-citti-park-kiel tag-flohmarkt tag-flohmarkt-kiel tag-hassee tag-shopping tribe_events_cat-flohmarkt tribe_events_cat-hassee tribe_events_cat-kiel tribe_events_cat-shopping gallery-content-unit\">\n\t\t\t<div class=\"tribe-events-widget-events-list__event-details\">\n\n\t\t\t\t<header class=\"tribe-events-widget-events-list__event-header\">\n\t\t\t\t\t<div class=\"tribe-events-widget-events-list__event-datetime-wrapper tribe-common-b2 tribe-common-b3--min-medium\">\n\t\t<time class=\"tribe-events-widget-events-list__event-datetime\" datetime=\"2026-09-13\">\n\t\t<span class=\"tribe-event-date-start\">08:00<\/span> - <span class=\"tribe-event-time\">16:00<\/span>\t<\/time>\n\t<\/div>\n\t\t\t\t\t<h3 class=\"tribe-events-widget-events-list__event-title tribe-common-h7\">\n\t<a href=\"https:\/\/welovekiel.com\/de\/event\/flohmarkt-citti-park-kiel-13-9-2026\/\" title=\"Flohmarkt Citti-Park Kiel 13.9.2026\" rel=\"bookmark\" class=\"tribe-events-widget-events-list__event-title-link tribe-common-anchor-thin\">\n\t\tFlohmarkt Citti-Park Kiel 13.9.2026\t<\/a>\n<\/h3>\n\t\t\t\t<\/header>\n\n\t\t\t\t\n\t\t\t<\/div>\n\t\t<\/article>\n\t<\/div>\n\n<\/div>\n\t\t\t\t\t\t\t\t\t<\/div>\n\n\t\t\t\t<div class=\"tribe-events-widget-events-list__view-more tribe-common-b1 tribe-common-b2--min-medium\">\n\t<a href=\"https:\/\/welovekiel.com\/de\/Veranstaltungen\/\" class=\"tribe-events-widget-events-list__view-more-link tribe-common-anchor-thin\" title=\"Weitere Veranstaltungen anzeigen.\">\n\t\tKalender anzeigen\t<\/a>\n<\/div>\n\n\t\t\t\t\t<\/div>\n\t<\/div>\n<\/div>\n<script data-js=\"tribe-events-view-nonce-data\" type=\"application\/json\">{\"tvn1\":\"39254e7898\",\"tvn2\":\"\"}<\/script><div id=\"custom_html-5\" class=\"widget_text widget widget_custom_html\"><div class=\"heading\"><h4 class=\"widget-title\">Kiel Reisef&uuml;hrer<\/h4><\/div><div class=\"textwidget custom-html-widget\"><iframe style=\"width:240px;height:240px;\" marginwidth=\"0\" marginheight=\"0\" scrolling=\"no\" frameborder=\"0\" src=\"\/\/ws-eu.amazon-adsystem.com\/widgets\/q?ServiceVersion=20070822&amp;OneJS=1&amp;Operation=GetAdHtml&amp;MarketPlace=DE&amp;source=ac&amp;ref=tf_til&amp;ad_type=product_link&amp;tracking_id=qid337563258-21&amp;marketplace=amazon&amp;region=DE&amp;placement=3831732876&amp;asins=3831732876&amp;linkId=33ef746e98f4413a09cdbb069d7d873c&amp;show_border=true&amp;link_opens_in_new_window=true&amp;price_color=333333&amp;title_color=0066c0&amp;bg_color=ffffff\">\r\n\t<\/iframe><\/div><\/div><div class=\"fusion-additional-widget-content\"><\/div><\/div><div class=\"fusion-clearfix\"><\/div><\/div><\/div><\/div><\/div>\n","protected":false},"excerpt":{"rendered":"","protected":false},"author":2,"featured_media":5372,"template":"","meta":{"footnotes":""},"encyclopedia-category":[549,184,21,56],"encyclopedia-tag":[656,191,116,657,897,570,898],"class_list":["post-5427","encyclopedia","type-encyclopedia","status-publish","has-post-thumbnail","hentry","encyclopedia-category-denkmaeler-kunstwerke","encyclopedia-category-parkanlagen-gruenflaechen","encyclopedia-category-sehenswuerdigkeiten-kiel","encyclopedia-category-wik","encyclopedia-tag-nord-ostsee-kanal","encyclopedia-tag-park","encyclopedia-tag-schleuse","encyclopedia-tag-schleusenanlage-holtenau","encyclopedia-tag-schleusenpark","encyclopedia-tag-wik","encyclopedia-tag-wiker-balkon","gallery-content-unit"],"aioseo_notices":[],"aioseo_head":"\n\t\t<!-- All in One SEO 4.9.10 - aioseo.com -->\n\t<meta name=\"description\" content=\"Der Marinest\u00fctzpunkt Kiel-Wik ist die gr\u00f6\u00dfte Marinebasis in Schleswig-Holstein und befindet sich am Westufer der Kieler F\u00f6rde im Stadtteil Kiel-Wik.\" \/>\n\t<meta name=\"robots\" content=\"max-image-preview:large\" \/>\n\t<meta name=\"author\" content=\"Christian Gewiese\"\/>\n\t<meta name=\"keywords\" content=\"bundeswehr,deutsche marine,gorch fock,hafen,kieler f\u00f6rde,kiellinie,marine,schiffe,wik,h\u00e4fen und anleger,kieler woche\" \/>\n\t<link rel=\"canonical\" href=\"https:\/\/welovekiel.com\/de\/lexikon\/marinestuetzpunkt-kiel-wik\/\" \/>\n\t<meta name=\"generator\" content=\"All in One SEO (AIOSEO) 4.9.10\" \/>\n\t\t<meta property=\"og:locale\" content=\"de_DE\" \/>\n\t\t<meta property=\"og:site_name\" content=\"We love Kiel |\" \/>\n\t\t<meta property=\"og:type\" content=\"article\" \/>\n\t\t<meta property=\"og:title\" content=\"Marinest\u00fctzpunkt Kiel-Wik | We love Kiel\" \/>\n\t\t<meta property=\"og:description\" content=\"Der Marinest\u00fctzpunkt Kiel-Wik ist die gr\u00f6\u00dfte Marinebasis in Schleswig-Holstein und befindet sich am Westufer der Kieler F\u00f6rde im Stadtteil Kiel-Wik.\" \/>\n\t\t<meta property=\"og:url\" content=\"https:\/\/welovekiel.com\/de\/lexikon\/marinestuetzpunkt-kiel-wik\/\" \/>\n\t\t<meta property=\"article:published_time\" content=\"2021-04-24T10:37:20+00:00\" \/>\n\t\t<meta property=\"article:modified_time\" content=\"2023-03-07T22:15:00+00:00\" \/>\n\t\t<meta property=\"article:publisher\" content=\"https:\/\/www.facebook.com\/WeLoveKielCity\/\" \/>\n\t\t<meta name=\"twitter:card\" content=\"summary\" \/>\n\t\t<meta name=\"twitter:title\" content=\"Marinest\u00fctzpunkt Kiel-Wik | We love Kiel\" \/>\n\t\t<meta name=\"twitter:description\" content=\"Der Marinest\u00fctzpunkt Kiel-Wik ist die gr\u00f6\u00dfte Marinebasis in Schleswig-Holstein und befindet sich am Westufer der Kieler F\u00f6rde im Stadtteil Kiel-Wik.\" \/>\n\t\t<script type=\"application\/ld+json\" class=\"aioseo-schema\">\n\t\t\t{\"@context\":\"https:\\\/\\\/schema.org\",\"@graph\":[{\"@type\":\"BreadcrumbList\",\"@id\":\"https:\\\/\\\/welovekiel.com\\\/de\\\/lexikon\\\/marinestuetzpunkt-kiel-wik\\\/#breadcrumblist\",\"itemListElement\":[{\"@type\":\"ListItem\",\"@id\":\"https:\\\/\\\/welovekiel.com\\\/de\\\/#listItem\",\"position\":1,\"name\":\"Home\",\"item\":\"https:\\\/\\\/welovekiel.com\\\/de\\\/\",\"nextItem\":{\"@type\":\"ListItem\",\"@id\":\"https:\\\/\\\/welovekiel.com\\\/de\\\/lexikon\\\/#listItem\",\"name\":\"Lexikon\"}},{\"@type\":\"ListItem\",\"@id\":\"https:\\\/\\\/welovekiel.com\\\/de\\\/lexikon\\\/#listItem\",\"position\":2,\"name\":\"Lexikon\",\"item\":\"https:\\\/\\\/welovekiel.com\\\/de\\\/lexikon\\\/\",\"nextItem\":{\"@type\":\"ListItem\",\"@id\":\"https:\\\/\\\/welovekiel.com\\\/de\\\/lexikon\\\/kategorie\\\/sehenswuerdigkeiten-kiel\\\/#listItem\",\"name\":\"Sehensw\\u00fcrdigkeiten Kiel\"},\"previousItem\":{\"@type\":\"ListItem\",\"@id\":\"https:\\\/\\\/welovekiel.com\\\/de\\\/#listItem\",\"name\":\"Home\"}},{\"@type\":\"ListItem\",\"@id\":\"https:\\\/\\\/welovekiel.com\\\/de\\\/lexikon\\\/kategorie\\\/sehenswuerdigkeiten-kiel\\\/#listItem\",\"position\":3,\"name\":\"Sehensw\\u00fcrdigkeiten Kiel\",\"item\":\"https:\\\/\\\/welovekiel.com\\\/de\\\/lexikon\\\/kategorie\\\/sehenswuerdigkeiten-kiel\\\/\",\"nextItem\":{\"@type\":\"ListItem\",\"@id\":\"https:\\\/\\\/welovekiel.com\\\/de\\\/lexikon\\\/schleusenpark\\\/#listItem\",\"name\":\"Schleusenpark\"},\"previousItem\":{\"@type\":\"ListItem\",\"@id\":\"https:\\\/\\\/welovekiel.com\\\/de\\\/lexikon\\\/#listItem\",\"name\":\"Lexikon\"}},{\"@type\":\"ListItem\",\"@id\":\"https:\\\/\\\/welovekiel.com\\\/de\\\/lexikon\\\/schleusenpark\\\/#listItem\",\"position\":4,\"name\":\"Schleusenpark\",\"previousItem\":{\"@type\":\"ListItem\",\"@id\":\"https:\\\/\\\/welovekiel.com\\\/de\\\/lexikon\\\/kategorie\\\/sehenswuerdigkeiten-kiel\\\/#listItem\",\"name\":\"Sehensw\\u00fcrdigkeiten Kiel\"}}]},{\"@type\":\"Organization\",\"@id\":\"https:\\\/\\\/welovekiel.com\\\/de\\\/#organization\",\"name\":\"We love Kiel\",\"url\":\"https:\\\/\\\/welovekiel.com\\\/de\\\/\",\"sameAs\":[\"https:\\\/\\\/www.facebook.com\\\/WeLoveKielCity\\\/\",\"https:\\\/\\\/www.instagram.com\\\/welovekiel\\\/\"]},{\"@type\":\"Person\",\"@id\":\"https:\\\/\\\/welovekiel.com\\\/de\\\/author\\\/christian\\\/#author\",\"url\":\"https:\\\/\\\/welovekiel.com\\\/de\\\/author\\\/christian\\\/\",\"name\":\"Christian Gewiese\",\"image\":{\"@type\":\"ImageObject\",\"@id\":\"https:\\\/\\\/welovekiel.com\\\/de\\\/lexikon\\\/marinestuetzpunkt-kiel-wik\\\/#authorImage\",\"url\":\"https:\\\/\\\/secure.gravatar.com\\\/avatar\\\/97707923f9bed63dfb3bbdf8065fadb426aa1508b119d1c175a90c8939cbdb88?s=96&d=mm&r=g\",\"width\":96,\"height\":96,\"caption\":\"Christian Gewiese\"}},{\"@type\":\"WebPage\",\"@id\":\"https:\\\/\\\/welovekiel.com\\\/de\\\/lexikon\\\/marinestuetzpunkt-kiel-wik\\\/#webpage\",\"url\":\"https:\\\/\\\/welovekiel.com\\\/de\\\/lexikon\\\/marinestuetzpunkt-kiel-wik\\\/\",\"name\":\"Marinest\\u00fctzpunkt Kiel-Wik | We love Kiel\",\"description\":\"Der Marinest\\u00fctzpunkt Kiel-Wik ist die gr\\u00f6\\u00dfte Marinebasis in Schleswig-Holstein und befindet sich am Westufer der Kieler F\\u00f6rde im Stadtteil Kiel-Wik.\",\"inLanguage\":\"de-DE\",\"isPartOf\":{\"@id\":\"https:\\\/\\\/welovekiel.com\\\/de\\\/#website\"},\"breadcrumb\":{\"@id\":\"https:\\\/\\\/welovekiel.com\\\/de\\\/lexikon\\\/marinestuetzpunkt-kiel-wik\\\/#breadcrumblist\"},\"author\":{\"@id\":\"https:\\\/\\\/welovekiel.com\\\/de\\\/author\\\/christian\\\/#author\"},\"creator\":{\"@id\":\"https:\\\/\\\/welovekiel.com\\\/de\\\/author\\\/christian\\\/#author\"},\"image\":{\"@type\":\"ImageObject\",\"url\":\"https:\\\/\\\/welovekiel.com\\\/wp-content\\\/uploads\\\/tirpitzmole-open-ship-kiel.jpg\",\"@id\":\"https:\\\/\\\/welovekiel.com\\\/de\\\/lexikon\\\/marinestuetzpunkt-kiel-wik\\\/#mainImage\",\"width\":1200,\"height\":900,\"caption\":\"Tirpitzmole im Tirpitzhafen beim Open Ship 2019\"},\"primaryImageOfPage\":{\"@id\":\"https:\\\/\\\/welovekiel.com\\\/de\\\/lexikon\\\/marinestuetzpunkt-kiel-wik\\\/#mainImage\"},\"datePublished\":\"2021-04-24T12:37:20+02:00\",\"dateModified\":\"2023-03-07T23:15:00+01:00\"},{\"@type\":\"WebSite\",\"@id\":\"https:\\\/\\\/welovekiel.com\\\/de\\\/#website\",\"url\":\"https:\\\/\\\/welovekiel.com\\\/de\\\/\",\"name\":\"We love Kiel\",\"inLanguage\":\"de-DE\",\"publisher\":{\"@id\":\"https:\\\/\\\/welovekiel.com\\\/de\\\/#organization\"}}]}\n\t\t<\/script>\n\t\t<!-- All in One SEO -->\n\n","aioseo_head_json":{"title":"Marinest\u00fctzpunkt Kiel-Wik | We love Kiel","description":"Der Marinest\u00fctzpunkt Kiel-Wik ist die gr\u00f6\u00dfte Marinebasis in Schleswig-Holstein und befindet sich am Westufer der Kieler F\u00f6rde im Stadtteil Kiel-Wik.","canonical_url":"https:\/\/welovekiel.com\/de\/lexikon\/marinestuetzpunkt-kiel-wik\/","robots":"max-image-preview:large","keywords":"bundeswehr,deutsche marine,gorch fock,hafen,kieler f\u00f6rde,kiellinie,marine,schiffe,wik,h\u00e4fen und anleger,kieler woche","webmasterTools":{"miscellaneous":""},"schema":{"@context":"https:\/\/schema.org","@graph":[{"@type":"BreadcrumbList","@id":"https:\/\/welovekiel.com\/de\/lexikon\/marinestuetzpunkt-kiel-wik\/#breadcrumblist","itemListElement":[{"@type":"ListItem","@id":"https:\/\/welovekiel.com\/de\/#listItem","position":1,"name":"Home","item":"https:\/\/welovekiel.com\/de\/","nextItem":{"@type":"ListItem","@id":"https:\/\/welovekiel.com\/de\/lexikon\/#listItem","name":"Lexikon"}},{"@type":"ListItem","@id":"https:\/\/welovekiel.com\/de\/lexikon\/#listItem","position":2,"name":"Lexikon","item":"https:\/\/welovekiel.com\/de\/lexikon\/","nextItem":{"@type":"ListItem","@id":"https:\/\/welovekiel.com\/de\/lexikon\/kategorie\/sehenswuerdigkeiten-kiel\/#listItem","name":"Sehensw\u00fcrdigkeiten Kiel"},"previousItem":{"@type":"ListItem","@id":"https:\/\/welovekiel.com\/de\/#listItem","name":"Home"}},{"@type":"ListItem","@id":"https:\/\/welovekiel.com\/de\/lexikon\/kategorie\/sehenswuerdigkeiten-kiel\/#listItem","position":3,"name":"Sehensw\u00fcrdigkeiten Kiel","item":"https:\/\/welovekiel.com\/de\/lexikon\/kategorie\/sehenswuerdigkeiten-kiel\/","nextItem":{"@type":"ListItem","@id":"https:\/\/welovekiel.com\/de\/lexikon\/schleusenpark\/#listItem","name":"Schleusenpark"},"previousItem":{"@type":"ListItem","@id":"https:\/\/welovekiel.com\/de\/lexikon\/#listItem","name":"Lexikon"}},{"@type":"ListItem","@id":"https:\/\/welovekiel.com\/de\/lexikon\/schleusenpark\/#listItem","position":4,"name":"Schleusenpark","previousItem":{"@type":"ListItem","@id":"https:\/\/welovekiel.com\/de\/lexikon\/kategorie\/sehenswuerdigkeiten-kiel\/#listItem","name":"Sehensw\u00fcrdigkeiten Kiel"}}]},{"@type":"Organization","@id":"https:\/\/welovekiel.com\/de\/#organization","name":"We love Kiel","url":"https:\/\/welovekiel.com\/de\/","sameAs":["https:\/\/www.facebook.com\/WeLoveKielCity\/","https:\/\/www.instagram.com\/welovekiel\/"]},{"@type":"Person","@id":"https:\/\/welovekiel.com\/de\/author\/christian\/#author","url":"https:\/\/welovekiel.com\/de\/author\/christian\/","name":"Christian Gewiese","image":{"@type":"ImageObject","@id":"https:\/\/welovekiel.com\/de\/lexikon\/marinestuetzpunkt-kiel-wik\/#authorImage","url":"https:\/\/secure.gravatar.com\/avatar\/97707923f9bed63dfb3bbdf8065fadb426aa1508b119d1c175a90c8939cbdb88?s=96&d=mm&r=g","width":96,"height":96,"caption":"Christian Gewiese"}},{"@type":"WebPage","@id":"https:\/\/welovekiel.com\/de\/lexikon\/marinestuetzpunkt-kiel-wik\/#webpage","url":"https:\/\/welovekiel.com\/de\/lexikon\/marinestuetzpunkt-kiel-wik\/","name":"Marinest\u00fctzpunkt Kiel-Wik | We love Kiel","description":"Der Marinest\u00fctzpunkt Kiel-Wik ist die gr\u00f6\u00dfte Marinebasis in Schleswig-Holstein und befindet sich am Westufer der Kieler F\u00f6rde im Stadtteil Kiel-Wik.","inLanguage":"de-DE","isPartOf":{"@id":"https:\/\/welovekiel.com\/de\/#website"},"breadcrumb":{"@id":"https:\/\/welovekiel.com\/de\/lexikon\/marinestuetzpunkt-kiel-wik\/#breadcrumblist"},"author":{"@id":"https:\/\/welovekiel.com\/de\/author\/christian\/#author"},"creator":{"@id":"https:\/\/welovekiel.com\/de\/author\/christian\/#author"},"image":{"@type":"ImageObject","url":"https:\/\/welovekiel.com\/wp-content\/uploads\/tirpitzmole-open-ship-kiel.jpg","@id":"https:\/\/welovekiel.com\/de\/lexikon\/marinestuetzpunkt-kiel-wik\/#mainImage","width":1200,"height":900,"caption":"Tirpitzmole im Tirpitzhafen beim Open Ship 2019"},"primaryImageOfPage":{"@id":"https:\/\/welovekiel.com\/de\/lexikon\/marinestuetzpunkt-kiel-wik\/#mainImage"},"datePublished":"2021-04-24T12:37:20+02:00","dateModified":"2023-03-07T23:15:00+01:00"},{"@type":"WebSite","@id":"https:\/\/welovekiel.com\/de\/#website","url":"https:\/\/welovekiel.com\/de\/","name":"We love Kiel","inLanguage":"de-DE","publisher":{"@id":"https:\/\/welovekiel.com\/de\/#organization"}}]},"og:locale":"de_DE","og:site_name":"We love Kiel |","og:type":"article","og:title":"Marinest\u00fctzpunkt Kiel-Wik | We love Kiel","og:description":"Der Marinest\u00fctzpunkt Kiel-Wik ist die gr\u00f6\u00dfte Marinebasis in Schleswig-Holstein und befindet sich am Westufer der Kieler F\u00f6rde im Stadtteil Kiel-Wik.","og:url":"https:\/\/welovekiel.com\/de\/lexikon\/marinestuetzpunkt-kiel-wik\/","article:published_time":"2021-04-24T10:37:20+00:00","article:modified_time":"2023-03-07T22:15:00+00:00","article:publisher":"https:\/\/www.facebook.com\/WeLoveKielCity\/","twitter:card":"summary","twitter:title":"Marinest\u00fctzpunkt Kiel-Wik | We love Kiel","twitter:description":"Der Marinest\u00fctzpunkt Kiel-Wik ist die gr\u00f6\u00dfte Marinebasis in Schleswig-Holstein und befindet sich am Westufer der Kieler F\u00f6rde im Stadtteil Kiel-Wik."},"aioseo_meta_data":{"post_id":"5427","title":null,"description":"Schleusenpark Kiel - Die gr\u00fcne Oase in der Wik mit Aussichtsplattform und Blick auf den Nord-Ostsee-Kanal, die Schleusenanlage sowie die Kieler F\u00f6rde.","keywords":[],"keyphrases":{"focus":{"keyphrase":"Schleusenpark","score":85,"analysis":{"keyphraseInTitle":{"score":9,"maxScore":9,"error":0},"keyphraseInDescription":{"score":9,"maxScore":9,"error":0},"keyphraseLength":{"score":9,"maxScore":9,"error":0,"length":1},"keyphraseInURL":{"score":5,"maxScore":5,"error":0},"keyphraseInIntroduction":{"score":3,"maxScore":9,"error":1},"keyphraseInSubHeadings":[],"keyphraseInImageAlt":[]}},"additional":[]},"primary_term":null,"canonical_url":null,"og_title":null,"og_description":null,"og_object_type":"default","og_image_type":"default","og_image_url":null,"og_image_width":null,"og_image_height":null,"og_image_custom_url":null,"og_image_custom_fields":null,"og_video":"","og_custom_url":null,"og_article_section":null,"og_article_tags":[],"twitter_use_og":false,"twitter_card":"default","twitter_image_type":"default","twitter_image_url":null,"twitter_image_custom_url":null,"twitter_image_custom_fields":null,"twitter_title":null,"twitter_description":null,"schema":{"blockGraphs":[],"customGraphs":[],"default":{"data":{"Article":[],"Course":[],"Dataset":[],"FAQPage":[],"Movie":[],"Person":[],"Product":[],"ProductReview":[],"Car":[],"Recipe":[],"Service":[],"SoftwareApplication":[],"WebPage":{"id":"aioseo-web-page-635664a09b3f3","slug":"web-page","graphName":"WebPage","label":"Web Page","properties":{"type":"WebPage","name":"","description":""}}},"graphName":"WebPage","isEnabled":true},"graphs":[]},"schema_type":"default","schema_type_options":"{\"article\":{\"articleType\":\"BlogPosting\"},\"course\":{\"name\":\"\",\"description\":\"\",\"provider\":\"\"},\"faq\":{\"pages\":[]},\"product\":{\"reviews\":[]},\"recipe\":{\"ingredients\":[],\"instructions\":[],\"keywords\":[]},\"software\":{\"reviews\":[],\"operatingSystems\":[]},\"webPage\":{\"webPageType\":\"WebPage\"}}","pillar_content":false,"robots_default":true,"robots_noindex":false,"robots_noarchive":false,"robots_nosnippet":false,"robots_nofollow":false,"robots_noimageindex":false,"robots_noodp":false,"robots_notranslate":false,"robots_max_snippet":"-1","robots_max_videopreview":"-1","robots_max_imagepreview":"large","priority":null,"frequency":"default","local_seo":null,"breadcrumb_settings":null,"limit_modified_date":false,"ai":null,"created":"2021-08-03 10:40:09","updated":"2025-08-31 01:46:20","seo_analyzer_scan_date":null},"aioseo_breadcrumb":"<div class=\"aioseo-breadcrumbs\"><span class=\"aioseo-breadcrumb\">\n\t\t\t<a href=\"https:\/\/welovekiel.com\/de\/\" title=\"Home\">Home<\/a>\n\t\t<\/span><span class=\"aioseo-breadcrumb-separator\">&raquo;<\/span><span class=\"aioseo-breadcrumb\">\n\t\t\t<a href=\"https:\/\/welovekiel.com\/de\/lexikon\/\" title=\"Lexikon\">Lexikon<\/a>\n\t\t<\/span><span class=\"aioseo-breadcrumb-separator\">&raquo;<\/span><span class=\"aioseo-breadcrumb\">\n\t\t\t<a href=\"https:\/\/welovekiel.com\/de\/lexikon\/kategorie\/sehenswuerdigkeiten-kiel\/\" title=\"Sehensw\u00fcrdigkeiten Kiel\">Sehensw\u00fcrdigkeiten Kiel<\/a>\n\t\t<\/span><span class=\"aioseo-breadcrumb-separator\">&raquo;<\/span><span class=\"aioseo-breadcrumb\">\n\t\t\tSchleusenpark\n\t\t<\/span><\/div>","aioseo_breadcrumb_json":[{"label":"Home","link":"https:\/\/welovekiel.com\/de\/"},{"label":"Lexikon","link":"https:\/\/welovekiel.com\/de\/lexikon\/"},{"label":"Sehensw\u00fcrdigkeiten Kiel","link":"https:\/\/welovekiel.com\/de\/lexikon\/kategorie\/sehenswuerdigkeiten-kiel\/"},{"label":"Schleusenpark","link":"https:\/\/welovekiel.com\/de\/lexikon\/schleusenpark\/"}],"_links":{"self":[{"href":"https:\/\/welovekiel.com\/de\/wp-json\/wp\/v2\/encyclopedia\/5427","targetHints":{"allow":["GET"]}}],"collection":[{"href":"https:\/\/welovekiel.com\/de\/wp-json\/wp\/v2\/encyclopedia"}],"about":[{"href":"https:\/\/welovekiel.com\/de\/wp-json\/wp\/v2\/types\/encyclopedia"}],"author":[{"embeddable":true,"href":"https:\/\/welovekiel.com\/de\/wp-json\/wp\/v2\/users\/2"}],"version-history":[{"count":0,"href":"https:\/\/welovekiel.com\/de\/wp-json\/wp\/v2\/encyclopedia\/5427\/revisions"}],"wp:featuredmedia":[{"embeddable":true,"href":"https:\/\/welovekiel.com\/de\/wp-json\/wp\/v2\/media\/5372"}],"wp:attachment":[{"href":"https:\/\/welovekiel.com\/de\/wp-json\/wp\/v2\/media?parent=5427"}],"wp:term":[{"taxonomy":"encyclopedia-category","embeddable":true,"href":"https:\/\/welovekiel.com\/de\/wp-json\/wp\/v2\/encyclopedia-category?post=5427"},{"taxonomy":"encyclopedia-tag","embeddable":true,"href":"https:\/\/welovekiel.com\/de\/wp-json\/wp\/v2\/encyclopedia-tag?post=5427"}],"curies":[{"name":"wp","href":"https:\/\/api.w.org\/{rel}","templated":true}]}}