{"id":2246,"date":"2020-04-20T10:41:10","date_gmt":"2020-04-20T08:41:10","guid":{"rendered":"https:\/\/welovekiel.com\/de\/?post_type=encyclopedia&#038;p=2246"},"modified":"2023-03-07T23:18:33","modified_gmt":"2023-03-07T22:18:33","slug":"stadtteile","status":"publish","type":"encyclopedia","link":"https:\/\/welovekiel.com\/de\/lexikon\/stadtteile\/","title":{"rendered":"Stadtteile"},"content":{"rendered":"<div class=\"fusion-fullwidth fullwidth-box fusion-builder-row-1 nonhundred-percent-fullwidth non-hundred-percent-height-scrolling\" style=\"background-color: rgba(255,255,255,0);background-position: center center;background-repeat: no-repeat;padding-top:0px;padding-right:0px;padding-bottom:0px;padding-left:0px;margin-bottom: 0px;margin-top: 0px;border-width: 0px 0px 0px 0px;border-color:#eae9e9;border-style:solid;\"><div class=\"fusion-builder-row fusion-row\"><div class=\"fusion-layout-column fusion_builder_column fusion-builder-column-0 fusion_builder_column_3_4 3_4 fusion-three-fourth fusion-column-first\" style=\"width:75%;width:calc(75% - ( ( 4% ) * 0.75 ) );margin-right: 4%;margin-top:0px;margin-bottom:20px;\"><div class=\"fusion-column-wrapper fusion-flex-column-wrapper-legacy\" style=\"background-position:left top;background-repeat:no-repeat;-webkit-background-size:cover;-moz-background-size:cover;-o-background-size:cover;background-size:cover;padding: 0px 0px 0px 0px;\"><style type=\"text\/css\"><\/style><div class=\"fusion-title title fusion-title-1 fusion-title-text fusion-title-size-one\" style=\"margin-top:0px;margin-right:0px;margin-bottom:31px;margin-left:0px;\"><h1 class=\"title-heading-left\" style=\"margin:0;\">Kieler Stadtteile im &Uuml;berblick<\/h1><span class=\"awb-title-spacer\"><\/span><div class=\"title-sep-container\"><div class=\"title-sep sep-double sep-solid\" style=\"border-color:#e0dede;\"><\/div><\/div><\/div><div class=\"fusion-text fusion-text-1\"><p>Das Stadtgebiet der Landeshauptstadt Kiel ist in insgesamt 30 <a href=\"https:\/\/welovekiel.com\/de\/lexikon\/stadtteile\/\" target=\"_self\" title=\"\" class=\"encyclopedia\">Stadtteile<\/a> eingeteilt. Die nachfolgende Tabelle umfasst Informationen bez&uuml;glich Einwohnerzahl, Fl&auml;che, Bevolkerungsdichte sowie Postleitzahlen aller 30 Kieler Stadtteile.<\/p>\n<\/div><div class=\"fusion-text fusion-text-2\">\n<table id=\"tablepress-9\" class=\"tablepress tablepress-id-9\">\n<thead>\n<tr class=\"row-1\">\n\t<th class=\"column-1\">Nummer<\/th><th class=\"column-2\">Name Stadtteil<\/th><th class=\"column-3\">Einwohner (31.12.2018)<\/th><th class=\"column-4\">Fl&auml;che<\/th><th class=\"column-5\">Bev&ouml;lkerungsdichte (Einwohner\/km&sup2;)<\/th><th class=\"column-6\">Postleitzahl<\/th>\n<\/tr>\n<\/thead>\n<tbody class=\"row-striping row-hover\">\n<tr class=\"row-2\">\n\t<td class=\"column-1\">1<\/td><td class=\"column-2\"><a href=\"https:\/\/welovekiel.com\/de\/lexikon\/kiel-altstadt\/\" target=\"_self\" title=\"\" class=\"encyclopedia\">Altstadt<\/a><\/td><td class=\"column-3\">1.006<\/td><td class=\"column-4\">34,7 ha<\/td><td class=\"column-5\">1.885<\/td><td class=\"column-6\">24103<\/td>\n<\/tr>\n<tr class=\"row-3\">\n\t<td class=\"column-1\">2<\/td><td class=\"column-2\">Vorstadt<\/td><td class=\"column-3\">1.313<\/td><td class=\"column-4\">46,2 ha<\/td><td class=\"column-5\">2.522<\/td><td class=\"column-6\">24103<\/td>\n<\/tr>\n<tr class=\"row-4\">\n\t<td class=\"column-1\">3<\/td><td class=\"column-2\">Kiel-Exerzierplatz<\/td><td class=\"column-3\">6.507<\/td><td class=\"column-4\">42 ha<\/td><td class=\"column-5\">15.210<\/td><td class=\"column-6\">24103<\/td>\n<\/tr>\n<tr class=\"row-5\">\n\t<td class=\"column-1\">4<\/td><td class=\"column-2\">Damperhof<\/td><td class=\"column-3\">3.377<\/td><td class=\"column-4\">45,8 ha<\/td><td class=\"column-5\">7.247<\/td><td class=\"column-6\">24103<\/td>\n<\/tr>\n<tr class=\"row-6\">\n\t<td class=\"column-1\">5<\/td><td class=\"column-2\">Brunswik<\/td><td class=\"column-3\">6.318<\/td><td class=\"column-4\">54 ha<\/td><td class=\"column-5\">11.970<\/td><td class=\"column-6\">24105<\/td>\n<\/tr>\n<tr class=\"row-7\">\n\t<td class=\"column-1\">6<\/td><td class=\"column-2\"><a href=\"https:\/\/welovekiel.com\/de\/lexikon\/kiel-duesternbrook\/\" target=\"_self\" title=\"\" class=\"encyclopedia\">D&uuml;sternbrook<\/a><\/td><td class=\"column-3\">3.158<\/td><td class=\"column-4\">1,83 km&sup2;<\/td><td class=\"column-5\">1.747<\/td><td class=\"column-6\">24105<\/td>\n<\/tr>\n<tr class=\"row-8\">\n\t<td class=\"column-1\">7<\/td><td class=\"column-2\">Kiel-<a href=\"https:\/\/welovekiel.com\/de\/lexikon\/bluecherplatz\/\" target=\"_self\" title=\"\" class=\"encyclopedia\">Bl&uuml;cherplatz<\/a><\/td><td class=\"column-3\">11.217<\/td><td class=\"column-4\">82,3 ha<\/td><td class=\"column-5\">13.504<\/td><td class=\"column-6\">24105<\/td>\n<\/tr>\n<tr class=\"row-9\">\n\t<td class=\"column-1\">8<\/td><td class=\"column-2\">Wik<\/td><td class=\"column-3\">19.695<\/td><td class=\"column-4\">7,73 km&sup2;<\/td><td class=\"column-5\">2.435<\/td><td class=\"column-6\">24106<\/td>\n<\/tr>\n<tr class=\"row-10\">\n\t<td class=\"column-1\">9<\/td><td class=\"column-2\">Kiel-Ravensberg<\/td><td class=\"column-3\">12.182<\/td><td class=\"column-4\">3,01 km&sup2;<\/td><td class=\"column-5\">4.008<\/td><td class=\"column-6\">24118<\/td>\n<\/tr>\n<tr class=\"row-11\">\n\t<td class=\"column-1\">10<\/td><td class=\"column-2\">Schreventeich<\/td><td class=\"column-3\">11.978<\/td><td class=\"column-4\">2,47 km&sup2;<\/td><td class=\"column-5\">4.803<\/td><td class=\"column-6\">24116<\/td>\n<\/tr>\n<tr class=\"row-12\">\n\t<td class=\"column-1\">11<\/td><td class=\"column-2\">Kiel-S&uuml;dfriedhof<\/td><td class=\"column-3\">15.387<\/td><td class=\"column-4\">3,19 km&sup2;<\/td><td class=\"column-5\">4.674<\/td><td class=\"column-6\">24114<\/td>\n<\/tr>\n<tr class=\"row-13\">\n\t<td class=\"column-1\">12<\/td><td class=\"column-2\">Gaarden-Ost<\/td><td class=\"column-3\">18.633<\/td><td class=\"column-4\">2,6 km&sup2;<\/td><td class=\"column-5\">6.798<\/td><td class=\"column-6\">24143<\/td>\n<\/tr>\n<tr class=\"row-14\">\n\t<td class=\"column-1\">13<\/td><td class=\"column-2\">Gaarden-S&uuml;d und Kronsburg<\/td><td class=\"column-3\">10.699<\/td><td class=\"column-4\">6,29 km&sup2;<\/td><td class=\"column-5\">1.676<\/td><td class=\"column-6\">24113, 24143<\/td>\n<\/tr>\n<tr class=\"row-15\">\n\t<td class=\"column-1\">14<\/td><td class=\"column-2\">Hassee<\/td><td class=\"column-3\">12.340<\/td><td class=\"column-4\">5,8 km&sup2;<\/td><td class=\"column-5\">2.111<\/td><td class=\"column-6\">24113<\/td>\n<\/tr>\n<tr class=\"row-16\">\n\t<td class=\"column-1\">15<\/td><td class=\"column-2\">Hasseldieksdamm<\/td><td class=\"column-3\">2.827<\/td><td class=\"column-4\">3,39 km&sup2;<\/td><td class=\"column-5\">826<\/td><td class=\"column-6\">24109<\/td>\n<\/tr>\n<tr class=\"row-17\">\n\t<td class=\"column-1\">16<\/td><td class=\"column-2\">Ellerbek<\/td><td class=\"column-3\">6.363<\/td><td class=\"column-4\">2,37 km&sup2;<\/td><td class=\"column-5\">2.663<\/td><td class=\"column-6\">24148<\/td>\n<\/tr>\n<tr class=\"row-18\">\n\t<td class=\"column-1\">17<\/td><td class=\"column-2\">Wellingdorf<\/td><td class=\"column-3\">8.026<\/td><td class=\"column-4\">3,77 km&sup2;<\/td><td class=\"column-5\">2.119<\/td><td class=\"column-6\">24148<\/td>\n<\/tr>\n<tr class=\"row-19\">\n\t<td class=\"column-1\">18<\/td><td class=\"column-2\">Holtenau<\/td><td class=\"column-3\">5.763<\/td><td class=\"column-4\">5,91 km&sup2;<\/td><td class=\"column-5\">880<\/td><td class=\"column-6\">24159<\/td>\n<\/tr>\n<tr class=\"row-20\">\n\t<td class=\"column-1\">19<\/td><td class=\"column-2\">Kiel-Pries<\/td><td class=\"column-3\">7.422<\/td><td class=\"column-4\">4,93 km&sup2;<\/td><td class=\"column-5\">1.497<\/td><td class=\"column-6\">24159<\/td>\n<\/tr>\n<tr class=\"row-21\">\n\t<td class=\"column-1\">20<\/td><td class=\"column-2\">Friedrichsort<\/td><td class=\"column-3\">2.083<\/td><td class=\"column-4\">2,71 km&sup2;<\/td><td class=\"column-5\">759<\/td><td class=\"column-6\">24159<\/td>\n<\/tr>\n<tr class=\"row-22\">\n\t<td class=\"column-1\">21<\/td><td class=\"column-2\">Neum&uuml;hlen-Dietrichsdorf<\/td><td class=\"column-3\">12.677<\/td><td class=\"column-4\">4,34 km&sup2;<\/td><td class=\"column-5\">2.765<\/td><td class=\"column-6\">24149<\/td>\n<\/tr>\n<tr class=\"row-23\">\n\t<td class=\"column-1\">22<\/td><td class=\"column-2\">Elmschenhagen<\/td><td class=\"column-3\">17.284<\/td><td class=\"column-4\">6,66 km&sup2;<\/td><td class=\"column-5\">2.557<\/td><td class=\"column-6\">24146, 24147<\/td>\n<\/tr>\n<tr class=\"row-24\">\n\t<td class=\"column-1\">23<\/td><td class=\"column-2\">Suchsdorf<\/td><td class=\"column-3\">9.339<\/td><td class=\"column-4\">8,04 km&sup2;<\/td><td class=\"column-5\">1.173<\/td><td class=\"column-6\">24107<\/td>\n<\/tr>\n<tr class=\"row-25\">\n\t<td class=\"column-1\">24<\/td><td class=\"column-2\"><a href=\"https:\/\/welovekiel.com\/de\/lexikon\/kiel-schilksee\/\" target=\"_self\" title=\"\" class=\"encyclopedia\">Schilksee<\/a><\/td><td class=\"column-3\">4.973<\/td><td class=\"column-4\">5,93 km&sup2;<\/td><td class=\"column-5\">848<\/td><td class=\"column-6\">24159<\/td>\n<\/tr>\n<tr class=\"row-26\">\n\t<td class=\"column-1\">25<\/td><td class=\"column-2\">Mettenhof<\/td><td class=\"column-3\">20.008<\/td><td class=\"column-4\">2,83 km&sup2;<\/td><td class=\"column-5\">7.045<\/td><td class=\"column-6\">24109<\/td>\n<\/tr>\n<tr class=\"row-27\">\n\t<td class=\"column-1\">26<\/td><td class=\"column-2\">Kiel-Russee<\/td><td class=\"column-3\">7.066<\/td><td class=\"column-4\">3,98 km&sup2;<\/td><td class=\"column-5\">1.783<\/td><td class=\"column-6\">24111<\/td>\n<\/tr>\n<tr class=\"row-28\">\n\t<td class=\"column-1\">27<\/td><td class=\"column-2\">Meimersdorf<\/td><td class=\"column-3\">3.326<\/td><td class=\"column-4\">7,71 km&sup2;<\/td><td class=\"column-5\">398<\/td><td class=\"column-6\">24145<\/td>\n<\/tr>\n<tr class=\"row-29\">\n\t<td class=\"column-1\">28<\/td><td class=\"column-2\">Moorsee<\/td><td class=\"column-3\">2.098<\/td><td class=\"column-4\">5,57 km&sup2;<\/td><td class=\"column-5\">349<\/td><td class=\"column-6\">24145<\/td>\n<\/tr>\n<tr class=\"row-30\">\n\t<td class=\"column-1\">29<\/td><td class=\"column-2\">Wellsee<\/td><td class=\"column-3\">5.302<\/td><td class=\"column-4\">5,14 km&sup2;<\/td><td class=\"column-5\">1.003<\/td><td class=\"column-6\">24145<\/td>\n<\/tr>\n<tr class=\"row-31\">\n\t<td class=\"column-1\">30<\/td><td class=\"column-2\">R&ouml;nne<\/td><td class=\"column-3\">425<\/td><td class=\"column-4\">4,78 km&sup2;<\/td><td class=\"column-5\">89<\/td><td class=\"column-6\">24145<\/td>\n<\/tr>\n<tr class=\"row-32\">\n\t<td class=\"column-1\"><\/td><td class=\"column-2\">Kiel gesamt<\/td><td class=\"column-3\">248.792<\/td><td class=\"column-4\"><\/td><td class=\"column-5\"><\/td><td class=\"column-6\"><\/td>\n<\/tr>\n<\/tbody>\n<\/table>\n\n<\/div><a class=\"fusion-modal-text-link\" href=\"#\"><script async src=\"https:\/\/pagead2.googlesyndication.com\/pagead\/js\/adsbygoogle.js\"><\/script><br>\n<!-- welovekiel_Lexikon_textlinks_responsive --><br>\n<ins class=\"adsbygoogle\" style=\"display: block;\" data-ad-client=\"ca-pub-2675294892226297\" data-ad-slot=\"8013769235\" data-ad-format=\"link\" data-full-width-responsive=\"true\"><\/ins><br>\n<script>\n     (adsbygoogle = window.adsbygoogle || []).push({});\n<\/script><\/a><style type=\"text\/css\">@media only screen and (max-width:800px) {.fusion-title.fusion-title-2{margin-top:10px!important;margin-bottom:!important;}}<\/style><div class=\"fusion-title title fusion-title-2 fusion-title-text fusion-title-size-two\" style=\"margin-top:20px;margin-right:0px;margin-bottom:31px;margin-left:0px;\"><h2 class=\"title-heading-left\" style=\"margin:0;\">Impressionen aus Kiel<\/h2><span class=\"awb-title-spacer\"><\/span><div class=\"title-sep-container\"><div class=\"title-sep sep-double sep-solid\" style=\"border-color:#e0dede;\"><\/div><\/div><\/div><style type=\"text\/css\">.fusion-gallery-1 .fusion-gallery-image {border:0px solid #f6f6f6;}<\/style><div class=\"awb-gallery-wrapper awb-gallery-wrapper-1 button-span-no\"><div class=\"fusion-gallery fusion-gallery-container fusion-grid-2 fusion-columns-total-4 fusion-gallery-layout-grid fusion-gallery-1\" style=\"margin:-5px;\"><div style=\"padding:5px;\" class=\"fusion-grid-column fusion-gallery-column fusion-gallery-column-2 hover-type-zoomin\"><div class=\"fusion-gallery-image\"><a href=\"https:\/\/welovekiel.com\/wp-content\/uploads\/ansgar-kirche-kiel.jpg\" data-title=\"Ansgarkirche Kiel\" title=\"Ansgarkirche Kiel\" rel=\"noreferrer\" data-rel=\"iLightbox[gallery_image_1]\" class=\"fusion-lightbox\" target=\"_self\"><img decoding=\"async\" src=\"https:\/\/welovekiel.com\/wp-content\/uploads\/ansgar-kirche-kiel.jpg\" data-orig-src=\"https:\/\/welovekiel.com\/wp-content\/uploads\/ansgar-kirche-kiel.jpg\" width=\"1200\" height=\"900\" alt=\"Ansgarkirche Kiel Holtenauer Stra&szlig;e\" title=\"Ansgarkirche Kiel\" aria-label=\"Ansgarkirche Kiel\" class=\"lazyload img-responsive wp-image-1286\" srcset=\"data:image\/svg+xml,%3Csvg%20xmlns%3D%27http%3A%2F%2Fwww.w3.org%2F2000%2Fsvg%27%20width%3D%271200%27%20height%3D%27900%27%20viewBox%3D%270%200%201200%20900%27%3E%3Crect%20width%3D%271200%27%20height%3D%27900%27%20fill-opacity%3D%220%22%2F%3E%3C%2Fsvg%3E\" data-srcset=\"https:\/\/welovekiel.com\/wp-content\/uploads\/ansgar-kirche-kiel-200x150.jpg 200w, https:\/\/welovekiel.com\/wp-content\/uploads\/ansgar-kirche-kiel-400x300.jpg 400w, https:\/\/welovekiel.com\/wp-content\/uploads\/ansgar-kirche-kiel-600x450.jpg 600w, https:\/\/welovekiel.com\/wp-content\/uploads\/ansgar-kirche-kiel-800x600.jpg 800w, https:\/\/welovekiel.com\/wp-content\/uploads\/ansgar-kirche-kiel.jpg 1200w\" data-sizes=\"auto\" data-orig-sizes=\"(min-width: 2200px) 100vw, (min-width: 712px) 548px, (min-width: 640px) 712px, \"><\/a><\/div><\/div><div style=\"padding:5px;\" class=\"fusion-grid-column fusion-gallery-column fusion-gallery-column-2 hover-type-zoomin\"><div class=\"fusion-gallery-image\"><a href=\"https:\/\/welovekiel.com\/wp-content\/uploads\/kunsthalle-kiel-1.jpg\" data-title=\"Kunsthalle Kiel\" title=\"Kunsthalle Kiel\" rel=\"noreferrer\" data-rel=\"iLightbox[gallery_image_1]\" class=\"fusion-lightbox\" target=\"_self\"><img decoding=\"async\" src=\"https:\/\/welovekiel.com\/wp-content\/uploads\/kunsthalle-kiel-1.jpg\" data-orig-src=\"https:\/\/welovekiel.com\/wp-content\/uploads\/kunsthalle-kiel-1.jpg\" width=\"1200\" height=\"900\" alt=\"Kunsthalle Kiel\" title=\"Kunsthalle Kiel\" aria-label=\"Kunsthalle Kiel\" class=\"lazyload img-responsive wp-image-1351\" srcset=\"data:image\/svg+xml,%3Csvg%20xmlns%3D%27http%3A%2F%2Fwww.w3.org%2F2000%2Fsvg%27%20width%3D%271200%27%20height%3D%27900%27%20viewBox%3D%270%200%201200%20900%27%3E%3Crect%20width%3D%271200%27%20height%3D%27900%27%20fill-opacity%3D%220%22%2F%3E%3C%2Fsvg%3E\" data-srcset=\"https:\/\/welovekiel.com\/wp-content\/uploads\/kunsthalle-kiel-1-200x150.jpg 200w, https:\/\/welovekiel.com\/wp-content\/uploads\/kunsthalle-kiel-1-400x300.jpg 400w, https:\/\/welovekiel.com\/wp-content\/uploads\/kunsthalle-kiel-1-600x450.jpg 600w, https:\/\/welovekiel.com\/wp-content\/uploads\/kunsthalle-kiel-1-800x600.jpg 800w, https:\/\/welovekiel.com\/wp-content\/uploads\/kunsthalle-kiel-1.jpg 1200w\" data-sizes=\"auto\" data-orig-sizes=\"(min-width: 2200px) 100vw, (min-width: 712px) 548px, (min-width: 640px) 712px, \"><\/a><\/div><\/div><div class=\"clearfix\"><\/div><div style=\"padding:5px;\" class=\"fusion-grid-column fusion-gallery-column fusion-gallery-column-2 hover-type-zoomin\"><div class=\"fusion-gallery-image\"><a href=\"https:\/\/welovekiel.com\/wp-content\/uploads\/ifw-institut-fuer-weltwirtschaft-kiel.jpg\" data-title=\"Institut f&uuml;r Weltwirtschaft Kiel (IfW) an der F&ouml;rde\" title=\"Institut f&uuml;r Weltwirtschaft Kiel (IfW) an der F&ouml;rde\" rel=\"noreferrer\" data-rel=\"iLightbox[gallery_image_1]\" class=\"fusion-lightbox\" target=\"_self\"><img decoding=\"async\" src=\"https:\/\/welovekiel.com\/wp-content\/uploads\/ifw-institut-fuer-weltwirtschaft-kiel.jpg\" data-orig-src=\"https:\/\/welovekiel.com\/wp-content\/uploads\/ifw-institut-fuer-weltwirtschaft-kiel.jpg\" width=\"1200\" height=\"800\" alt=\"Institut f&uuml;r Weltwirtschaft Kiel (IfW) an der F&ouml;rde\" title=\"Institut f&uuml;r Weltwirtschaft Kiel (IfW) an der F&ouml;rde\" aria-label=\"Institut f&uuml;r Weltwirtschaft Kiel (IfW) an der F&ouml;rde\" class=\"lazyload img-responsive wp-image-821\" srcset=\"data:image\/svg+xml,%3Csvg%20xmlns%3D%27http%3A%2F%2Fwww.w3.org%2F2000%2Fsvg%27%20width%3D%271200%27%20height%3D%27800%27%20viewBox%3D%270%200%201200%20800%27%3E%3Crect%20width%3D%271200%27%20height%3D%27800%27%20fill-opacity%3D%220%22%2F%3E%3C%2Fsvg%3E\" data-srcset=\"https:\/\/welovekiel.com\/wp-content\/uploads\/ifw-institut-fuer-weltwirtschaft-kiel-200x133.jpg 200w, https:\/\/welovekiel.com\/wp-content\/uploads\/ifw-institut-fuer-weltwirtschaft-kiel-400x267.jpg 400w, https:\/\/welovekiel.com\/wp-content\/uploads\/ifw-institut-fuer-weltwirtschaft-kiel-600x400.jpg 600w, https:\/\/welovekiel.com\/wp-content\/uploads\/ifw-institut-fuer-weltwirtschaft-kiel-800x533.jpg 800w, https:\/\/welovekiel.com\/wp-content\/uploads\/ifw-institut-fuer-weltwirtschaft-kiel.jpg 1200w\" data-sizes=\"auto\" data-orig-sizes=\"(min-width: 2200px) 100vw, (min-width: 712px) 548px, (min-width: 640px) 712px, \"><\/a><\/div><\/div><div style=\"padding:5px;\" class=\"fusion-grid-column fusion-gallery-column fusion-gallery-column-2 hover-type-zoomin\"><div class=\"fusion-gallery-image\"><a href=\"https:\/\/welovekiel.com\/wp-content\/uploads\/bootshafen-kiel.jpg\" data-title=\"Bootshafen Kiel\" title=\"Bootshafen Kiel\" rel=\"noreferrer\" data-rel=\"iLightbox[gallery_image_1]\" class=\"fusion-lightbox\" target=\"_self\"><img decoding=\"async\" src=\"https:\/\/welovekiel.com\/wp-content\/uploads\/bootshafen-kiel.jpg\" data-orig-src=\"https:\/\/welovekiel.com\/wp-content\/uploads\/bootshafen-kiel.jpg\" width=\"1200\" height=\"800\" alt=\"Bootshafen Kiel\" title=\"Bootshafen Kiel\" aria-label=\"Bootshafen Kiel\" class=\"lazyload img-responsive wp-image-795\" srcset=\"data:image\/svg+xml,%3Csvg%20xmlns%3D%27http%3A%2F%2Fwww.w3.org%2F2000%2Fsvg%27%20width%3D%271200%27%20height%3D%27800%27%20viewBox%3D%270%200%201200%20800%27%3E%3Crect%20width%3D%271200%27%20height%3D%27800%27%20fill-opacity%3D%220%22%2F%3E%3C%2Fsvg%3E\" data-srcset=\"https:\/\/welovekiel.com\/wp-content\/uploads\/bootshafen-kiel-200x133.jpg 200w, https:\/\/welovekiel.com\/wp-content\/uploads\/bootshafen-kiel-400x267.jpg 400w, https:\/\/welovekiel.com\/wp-content\/uploads\/bootshafen-kiel-600x400.jpg 600w, https:\/\/welovekiel.com\/wp-content\/uploads\/bootshafen-kiel-800x533.jpg 800w, https:\/\/welovekiel.com\/wp-content\/uploads\/bootshafen-kiel.jpg 1200w\" data-sizes=\"auto\" data-orig-sizes=\"(min-width: 2200px) 100vw, (min-width: 712px) 548px, (min-width: 640px) 712px, \"><\/a><\/div><\/div><div class=\"clearfix\"><\/div><\/div><\/div><div class=\"fusion-clearfix\"><\/div><\/div><\/div><div class=\"fusion-layout-column fusion_builder_column fusion-builder-column-1 fusion_builder_column_1_4 1_4 fusion-one-fourth fusion-column-last\" style=\"width:25%;width:calc(25% - ( ( 4% ) * 0.25 ) );margin-top:0px;margin-bottom:20px;\"><div class=\"fusion-column-wrapper fusion-flex-column-wrapper-legacy\" style=\"background-position:left top;background-repeat:no-repeat;-webkit-background-size:cover;-moz-background-size:cover;-o-background-size:cover;background-size:cover;padding: 0px 0px 0px 0px;\"><div class=\"fusion-widget-area fusion-widget-area-1 fusion-content-widget-area\"><style type=\"text\/css\">.fusion-widget-area-1 {padding:0px 0px 0px 0px;}.fusion-widget-area-1 .widget h4 {color:#333333;}.fusion-widget-area-1 .widget .heading h4 {color:#333333;}<\/style><div id=\"encyclopedia_search-2\" class=\"widget widget_encyclopedia_search\"><div class=\"heading\"><h4 class=\"widget-title\">Lexikon-Suche<\/h4><\/div><form role=\"search\" method=\"get\" class=\"encyclopedia search-form\" action=\"https:\/\/welovekiel.com\/de\/lexikon\/\">\n    \n    \n    <label class=\"screen-reader-text\" for=\"encyclopedia-search-term\">Suche<\/label>\n    <input type=\"text\" id=\"encyclopedia-search-term\" name=\"s\" class=\"search-field\" value=\"\" placeholder=\"Suche&hellip;\">\n    <button type=\"submit\" class=\"search-submit submit button\" id=\"encyclopedia-search-submit\">Suche<\/button>\n<\/form><\/div><div id=\"custom_html-9\" class=\"widget_text widget widget_custom_html\"><div class=\"textwidget custom-html-widget\"><script async src=\"https:\/\/pagead2.googlesyndication.com\/pagead\/js\/adsbygoogle.js\"><\/script>\r\n<!-- welovekiel_de_lexikon_sidebar_responsive -->\r\n<ins class=\"adsbygoogle\" style=\"display:block\" data-ad-client=\"ca-pub-2675294892226297\" data-ad-slot=\"2688696180\" data-ad-format=\"auto\" data-full-width-responsive=\"true\"><\/ins>\r\n<script>\r\n     (adsbygoogle = window.adsbygoogle || []).push({});\r\n<\/script><\/div><\/div><div id=\"encyclopedia_items-2\" class=\"widget widget_encyclopedia_items\"><div class=\"heading\"><h4 class=\"widget-title\">Weitere Lexikon-Eintr&auml;ge<\/h4><\/div><ul>\n            <li><a href=\"https:\/\/welovekiel.com\/de\/lexikon\/tiergehege-tannenberg\/\" title=\"\" class=\"encyclopedia\">Tiergehege Tannenberg<\/a><\/li>\n            <li><a href=\"https:\/\/welovekiel.com\/de\/lexikon\/seebad-duesternbrook\/\" title=\"\" class=\"encyclopedia\">Seebad D&uuml;sternbrook<\/a><\/li>\n            <li><a href=\"https:\/\/welovekiel.com\/de\/lexikon\/kiel-duesternbrook\/\" title=\"\" class=\"encyclopedia\">D&uuml;sternbrook<\/a><\/li>\n            <li><a href=\"https:\/\/welovekiel.com\/de\/lexikon\/forstbaumschule\/\" title=\"\" class=\"encyclopedia\">Forstbaumschule<\/a><\/li>\n            <li><a href=\"https:\/\/welovekiel.com\/de\/lexikon\/schwedenkai\/\" title=\"\" class=\"encyclopedia\">Schwedenkai<\/a><\/li>\n            <li><a href=\"https:\/\/welovekiel.com\/de\/lexikon\/stadtteile\/\" title=\"\" class=\"encyclopedia\">Stadtteile<\/a><\/li>\n            <li><a href=\"https:\/\/welovekiel.com\/de\/lexikon\/schleusen-aussichtsplattform-kiel-wik\/\" title=\"\" class=\"encyclopedia\">Schleusen-Aussichtsplattform Kiel-Wik<\/a><\/li>\n            <li><a href=\"https:\/\/welovekiel.com\/de\/lexikon\/daenisch-nienhof-strand\/\" title=\"\" class=\"encyclopedia\">D&auml;nisch-Nienhof Strand<\/a><\/li>\n            <li><a href=\"https:\/\/welovekiel.com\/de\/lexikon\/anbaden-kieler-foerde-seebad-duesternbrook\/\" title=\"\" class=\"encyclopedia\">Anbaden in der Kieler F&ouml;rde im Seebad D&uuml;sternbrook<\/a><\/li>\n            <li><a href=\"https:\/\/welovekiel.com\/de\/lexikon\/tiergehege-hasseldieksdamm\/\" title=\"\" class=\"encyclopedia\">Tiergehege Hasseldieksdamm<\/a><\/li>\n            <li><a href=\"https:\/\/welovekiel.com\/de\/lexikon\/rathausplatz-kiel\/\" title=\"\" class=\"encyclopedia\">Rathausplatz<\/a><\/li>\n            <li><a href=\"https:\/\/welovekiel.com\/de\/lexikon\/kiellinie-kiel\/\" title=\"\" class=\"encyclopedia\">Kiellinie<\/a><\/li>\n    <\/ul>\n<\/div>\n\t\t<div id=\"recent-posts-3\" class=\"widget widget_recent_entries\">\n\t\t<div class=\"heading\"><h4 class=\"widget-title\">Neu im Kiel-Blog<\/h4><\/div>\n\t\t<ul>\n\t\t\t\t\t\t\t\t\t\t\t<li>\n\t\t\t\t\t<a href=\"https:\/\/welovekiel.com\/de\/kieler-woche-2026-konzerte-veranstaltungen-freitag-26-06-2026-17310\/\">Kieler Woche 2026: Konzerte &amp; Veranstaltungen Freitag 26.06.2026<\/a>\n\t\t\t\t\t\t\t\t\t<\/li>\n\t\t\t\t\t\t\t\t\t\t\t<li>\n\t\t\t\t\t<a href=\"https:\/\/welovekiel.com\/de\/kieler-woche-2026-konzerte-veranstaltungen-donnerstag-25-06-2026-17308\/\">Kieler Woche 2026: Konzerte &amp; Veranstaltungen Donnerstag 25.06.2026<\/a>\n\t\t\t\t\t\t\t\t\t<\/li>\n\t\t\t\t\t\t\t\t\t\t\t<li>\n\t\t\t\t\t<a href=\"https:\/\/welovekiel.com\/de\/kieler-woche-2026-konzerte-veranstaltungen-mittwoch-24-06-2026-17305\/\">Kieler Woche 2026: Konzerte &amp; Veranstaltungen Mittwoch 24.06.2026<\/a>\n\t\t\t\t\t\t\t\t\t<\/li>\n\t\t\t\t\t<\/ul>\n\n\t\t<\/div><div class=\"tribe-compatibility-container\">\n\t<div class=\"tribe-common tribe-events tribe-events-view tribe-events-view--widget-events-list tribe-events-widget\" data-js=\"tribe-events-view\" data-view-rest-url=\"https:\/\/welovekiel.com\/de\/wp-json\/tribe\/views\/v2\/html\" data-view-manage-url=\"1\" data-view-breakpoint-pointer=\"7fefe7c8-a8c9-4ed3-9f5f-e9174e169571\">\n\t\t<div class=\"tribe-events-widget-events-list\">\n\n\t\t\t<script type=\"application\/ld+json\">\r\n[{\"@context\":\"http:\/\/schema.org\",\"@type\":\"Event\",\"name\":\"Flohmarkt Kiel Innenstadt Holstenplatz bis Rathausplatz 06.09.2026\",\"description\":\"&lt;p&gt;Flohmarkt Kiel Innenstadt am Sonntag, den 6. September 2026 ab 8 Uhr auf dem Rathausplatz, Asmus-Bremer-Platz, Europaplatz, Fleeth\\u00f6rn, Willestra\\u00dfe, Holstenplatz und Holstenstra\\u00dfe. In den Monaten April bis September 2026 veranstaltet die Landeshauptstadt Kiel mehrere Flohm\\u00e4rkte [&hellip;]&lt;\/p&gt;\\\\n\",\"image\":\"https:\/\/welovekiel.com\/wp-content\/uploads\/kieler-rathausplatz-flohmarkt-innenstadt-kiel.jpg\",\"url\":\"https:\/\/welovekiel.com\/de\/event\/flohmarkt-kiel-innenstadt-holstenplatz-bis-rathausplatz-6-9-2026\/\",\"eventAttendanceMode\":\"https:\/\/schema.org\/OfflineEventAttendanceMode\",\"eventStatus\":\"https:\/\/schema.org\/EventScheduled\",\"startDate\":\"2026-09-06T08:00:00+02:00\",\"endDate\":\"2026-09-06T16:00:00+02:00\",\"location\":{\"@type\":\"Place\",\"name\":\"Rathausplatz Kiel\",\"description\":\"\",\"url\":\"https:\/\/welovekiel.com\/de\/veranstaltungsort\/rathausplatz-kiel\/\",\"address\":{\"@type\":\"PostalAddress\",\"streetAddress\":\"Rathausplatz\",\"addressLocality\":\"Kiel\",\"postalCode\":\"24103\",\"addressCountry\":\"Deutschland\"},\"telephone\":\"\",\"sameAs\":\"\"},\"organizer\":{\"@type\":\"Person\",\"name\":\"Landeshauptstadt Kiel\",\"description\":\"\",\"url\":\"\",\"telephone\":\"\",\"email\":\"\",\"sameAs\":\"\"},\"offers\":{\"@type\":\"Offer\",\"price\":\"0\",\"priceCurrency\":\"EUR\",\"url\":\"https:\/\/welovekiel.com\/de\/event\/flohmarkt-kiel-innenstadt-holstenplatz-bis-rathausplatz-6-9-2026\/\",\"category\":\"primary\",\"availability\":\"inStock\",\"validFrom\":\"1970-01-01T00:00:00+00:00\"},\"performer\":\"Organization\"},{\"@context\":\"http:\/\/schema.org\",\"@type\":\"Event\",\"name\":\"Flohmarkt Kaufland Kiel-Mettenhof 13.09.2026\",\"description\":\"&lt;p&gt;Flohmarkt Kaufland Kiel-Mettenhof am Sonntag, den 13. September 2026 ab 6 Uhr auf dem Kaufland Parkplatz im Kieler Stadtteil Mettenhof am Skandinaviendamm. In den Monaten Januar bis Dezember 2026 veranstaltet Heinz Geide Flohm\\u00e4rkte insgesamt 12 [&hellip;]&lt;\/p&gt;\\\\n\",\"image\":\"https:\/\/welovekiel.com\/wp-content\/uploads\/kaufland-mettenhof-parkhaus-flohmarkt.jpg\",\"url\":\"https:\/\/welovekiel.com\/de\/event\/flohmarkt-kaufland-kiel-mettenhof-13-09-2026\/\",\"eventAttendanceMode\":\"https:\/\/schema.org\/OfflineEventAttendanceMode\",\"eventStatus\":\"https:\/\/schema.org\/EventScheduled\",\"startDate\":\"2026-09-13T06:00:00+02:00\",\"endDate\":\"2026-09-13T16:00:00+02:00\",\"location\":{\"@type\":\"Place\",\"name\":\"Kaufland Kiel-Mettenhof\",\"description\":\"\",\"url\":\"https:\/\/welovekiel.com\/de\/veranstaltungsort\/kaufland-kiel-mettenhof\/\",\"address\":{\"@type\":\"PostalAddress\",\"streetAddress\":\"Skandinaviendamm 299\",\"addressLocality\":\"Kiel\",\"postalCode\":\"24109\",\"addressCountry\":\"Deutschland\"},\"telephone\":\"\",\"sameAs\":\"\"},\"organizer\":{\"@type\":\"Person\",\"name\":\"Heinz Geide Flom\\u00e4rkte\",\"description\":\"\",\"url\":\"\",\"telephone\":\"\",\"email\":\"\",\"sameAs\":\"\"},\"offers\":{\"@type\":\"Offer\",\"price\":\"0\",\"priceCurrency\":\"EUR\",\"url\":\"https:\/\/welovekiel.com\/de\/event\/flohmarkt-kaufland-kiel-mettenhof-13-09-2026\/\",\"category\":\"primary\",\"availability\":\"inStock\",\"validFrom\":\"1970-01-01T00:00:00+00:00\"},\"performer\":\"Organization\"},{\"@context\":\"http:\/\/schema.org\",\"@type\":\"Event\",\"name\":\"Flohmarkt Citti-Park Kiel 13.9.2026\",\"description\":\"&lt;p&gt;Flohmarkt Citti-Park Kiel am Sonntag, den 13. September 2026 ab 8 Uhr auf dem Citti-Park Parkplatz im M\\u00fchlendamm 1 im Kieler Stadtteil Hassee. An insgesamt sechs Terminen im Jahr 2026 veranstaltet die Firma Hochberg Flohm\\u00e4rkte [&hellip;]&lt;\/p&gt;\\\\n\",\"image\":\"https:\/\/welovekiel.com\/wp-content\/uploads\/flohmarkt-kiel-citti-park.jpg\",\"url\":\"https:\/\/welovekiel.com\/de\/event\/flohmarkt-citti-park-kiel-13-9-2026\/\",\"eventAttendanceMode\":\"https:\/\/schema.org\/OfflineEventAttendanceMode\",\"eventStatus\":\"https:\/\/schema.org\/EventScheduled\",\"startDate\":\"2026-09-13T08:00:00+02:00\",\"endDate\":\"2026-09-13T16:00:00+02:00\",\"location\":{\"@type\":\"Place\",\"name\":\"Citti-Park Kiel\",\"description\":\"\",\"url\":\"https:\/\/welovekiel.com\/de\/veranstaltungsort\/citti-park-kiel\/\",\"address\":{\"@type\":\"PostalAddress\",\"streetAddress\":\"M\\u00fchlendamm 1\",\"addressLocality\":\"Kiel\",\"postalCode\":\"24113\",\"addressCountry\":\"Deutschland\"},\"telephone\":\"\",\"sameAs\":\"\"},\"organizer\":{\"@type\":\"Person\",\"name\":\"Hochberg Flohmarkt\",\"description\":\"\",\"url\":\"\",\"telephone\":\"\",\"email\":\"\",\"sameAs\":\"\"},\"offers\":{\"@type\":\"Offer\",\"price\":\"0\",\"priceCurrency\":\"EUR\",\"url\":\"https:\/\/welovekiel.com\/de\/event\/flohmarkt-citti-park-kiel-13-9-2026\/\",\"category\":\"primary\",\"availability\":\"inStock\",\"validFrom\":\"1970-01-01T00:00:00+00:00\"},\"performer\":\"Organization\"}]\r\n<\/script>\n\t\t\t<script data-js=\"tribe-events-view-data\" type=\"application\/json\">\n\t{\"slug\":\"widget-events-list\",\"prev_url\":\"\",\"next_url\":\"https:\\\/\\\/welovekiel.com\\\/de\\\/?post_type=tribe_events&eventDisplay=widget-events-list&paged=2\",\"view_class\":\"Tribe\\\\Events\\\\Views\\\\V2\\\\Views\\\\Widgets\\\\Widget_List_View\",\"view_slug\":\"widget-events-list\",\"view_label\":\"View\",\"view\":null,\"should_manage_url\":true,\"id\":null,\"alias-slugs\":null,\"title\":\"Veranstaltungen von 1. September \\u2013 13. September \\u2013 We love Kiel\",\"limit\":\"3\",\"no_upcoming_events\":false,\"featured_events_only\":false,\"jsonld_enable\":true,\"tribe_is_list_widget\":false,\"admin_fields\":{\"title\":{\"label\":\"Titel:\",\"type\":\"text\",\"parent_classes\":\"\",\"classes\":\"\",\"dependency\":\"\",\"id\":\"widget-tribe-widget-events-list-5-title\",\"name\":\"widget-tribe-widget-events-list[5][title]\",\"options\":[],\"placeholder\":\"\",\"value\":null},\"limit\":{\"label\":\"Anzeige:\",\"type\":\"number\",\"default\":5,\"min\":1,\"max\":10,\"step\":1,\"parent_classes\":\"\",\"classes\":\"\",\"dependency\":\"\",\"id\":\"widget-tribe-widget-events-list-5-limit\",\"name\":\"widget-tribe-widget-events-list[5][limit]\",\"options\":[],\"placeholder\":\"\",\"value\":null},\"metadata_section\":{\"type\":\"fieldset\",\"classes\":\"tribe-common-form-control-checkbox-checkbox-group\",\"label\":\"Anzeige:\",\"children\":{\"cost\":{\"type\":\"checkbox\",\"label\":\"Preis\",\"parent_classes\":\"\",\"classes\":\"\",\"dependency\":\"\",\"id\":\"widget-tribe-widget-events-list-5-cost\",\"name\":\"widget-tribe-widget-events-list[5][cost]\",\"options\":[],\"placeholder\":\"\",\"value\":null},\"venue\":{\"type\":\"checkbox\",\"label\":\"Veranstaltungsort\",\"parent_classes\":\"\",\"classes\":\"\",\"dependency\":\"\",\"id\":\"widget-tribe-widget-events-list-5-venue\",\"name\":\"widget-tribe-widget-events-list[5][venue]\",\"options\":[],\"placeholder\":\"\",\"value\":null},\"street\":{\"type\":\"checkbox\",\"label\":\"Stra\\u00dfe\",\"parent_classes\":\"\",\"classes\":\"\",\"dependency\":\"\",\"id\":\"widget-tribe-widget-events-list-5-street\",\"name\":\"widget-tribe-widget-events-list[5][street]\",\"options\":[],\"placeholder\":\"\",\"value\":null},\"city\":{\"type\":\"checkbox\",\"label\":\"Stadt\",\"parent_classes\":\"\",\"classes\":\"\",\"dependency\":\"\",\"id\":\"widget-tribe-widget-events-list-5-city\",\"name\":\"widget-tribe-widget-events-list[5][city]\",\"options\":[],\"placeholder\":\"\",\"value\":null},\"region\":{\"type\":\"checkbox\",\"label\":\"Staat (USA) oder Bundesland \\\/ Kanton (International)\",\"parent_classes\":\"\",\"classes\":\"\",\"dependency\":\"\",\"id\":\"widget-tribe-widget-events-list-5-region\",\"name\":\"widget-tribe-widget-events-list[5][region]\",\"options\":[],\"placeholder\":\"\",\"value\":null},\"zip\":{\"type\":\"checkbox\",\"label\":\"Postleitzahl\",\"parent_classes\":\"\",\"classes\":\"\",\"dependency\":\"\",\"id\":\"widget-tribe-widget-events-list-5-zip\",\"name\":\"widget-tribe-widget-events-list[5][zip]\",\"options\":[],\"placeholder\":\"\",\"value\":null},\"country\":{\"type\":\"checkbox\",\"label\":\"Land\",\"parent_classes\":\"\",\"classes\":\"\",\"dependency\":\"\",\"id\":\"widget-tribe-widget-events-list-5-country\",\"name\":\"widget-tribe-widget-events-list[5][country]\",\"options\":[],\"placeholder\":\"\",\"value\":null},\"phone\":{\"type\":\"checkbox\",\"label\":\"Telefon\",\"parent_classes\":\"\",\"classes\":\"\",\"dependency\":\"\",\"id\":\"widget-tribe-widget-events-list-5-phone\",\"name\":\"widget-tribe-widget-events-list[5][phone]\",\"options\":[],\"placeholder\":\"\",\"value\":null},\"organizer\":{\"type\":\"checkbox\",\"label\":\"Veranstalter\",\"parent_classes\":\"\",\"classes\":\"\",\"dependency\":\"\",\"id\":\"widget-tribe-widget-events-list-5-organizer\",\"name\":\"widget-tribe-widget-events-list[5][organizer]\",\"options\":[],\"placeholder\":\"\",\"value\":null},\"website\":{\"type\":\"checkbox\",\"label\":\"Webseite\",\"parent_classes\":\"\",\"classes\":\"\",\"dependency\":\"\",\"id\":\"widget-tribe-widget-events-list-5-website\",\"name\":\"widget-tribe-widget-events-list[5][website]\",\"options\":[],\"placeholder\":\"\",\"value\":null}},\"parent_classes\":\"\",\"dependency\":\"\",\"id\":\"widget-tribe-widget-events-list-5-metadata_section\",\"name\":\"widget-tribe-widget-events-list[5][metadata_section]\",\"options\":[],\"placeholder\":\"\",\"value\":null},\"taxonomy_section\":{\"type\":\"section\",\"classes\":[\"calendar-widget-filters-container\"],\"label\":\"Filter:\",\"children\":{\"filters\":{\"type\":\"taxonomy-filters\",\"parent_classes\":\"\",\"classes\":\"\",\"dependency\":\"\",\"id\":\"widget-tribe-widget-events-list-5-filters\",\"label\":\"\",\"name\":\"widget-tribe-widget-events-list[5][filters]\",\"options\":[],\"placeholder\":\"\",\"value\":null,\"list_items\":[]},\"operand\":{\"type\":\"fieldset\",\"classes\":\"tribe-common-form-control-checkbox-radio-group\",\"label\":\"Operand:\",\"selected\":\"OR\",\"children\":[{\"type\":\"radio\",\"label\":\"Match any\",\"button_value\":\"OR\",\"parent_classes\":\"\",\"classes\":\"\",\"dependency\":\"\",\"id\":\"widget-tribe-widget-events-list-5-operand\",\"name\":\"widget-tribe-widget-events-list[5][operand]\",\"options\":[],\"placeholder\":\"\",\"value\":null},{\"type\":\"radio\",\"label\":\"Match all\",\"button_value\":\"AND\",\"parent_classes\":\"\",\"classes\":\"\",\"dependency\":\"\",\"id\":\"widget-tribe-widget-events-list-5-operand\",\"name\":\"widget-tribe-widget-events-list[5][operand]\",\"options\":[],\"placeholder\":\"\",\"value\":null}],\"parent_classes\":\"\",\"dependency\":\"\",\"id\":\"widget-tribe-widget-events-list-5-operand\",\"name\":\"widget-tribe-widget-events-list[5][operand]\",\"options\":[],\"placeholder\":\"\",\"value\":null}},\"parent_classes\":\"\",\"dependency\":\"\",\"id\":\"widget-tribe-widget-events-list-5-taxonomy_section\",\"name\":\"widget-tribe-widget-events-list[5][taxonomy_section]\",\"options\":[],\"placeholder\":\"\",\"value\":null},\"taxonomy\":{\"type\":\"taxonomy\",\"classes\":\"calendar-widget-add-filter\",\"label\":\"Filter zuf\\u00fcgen:\",\"placeholder\":\"W\\u00e4hle einen Taxonomiebegriff\",\"parent_classes\":\"\",\"dependency\":\"\",\"id\":\"widget-tribe-widget-events-list-5-taxonomy\",\"name\":\"widget-tribe-widget-events-list[5][taxonomy]\",\"options\":[],\"value\":null},\"no_upcoming_events\":{\"label\":\"Blende dieses Widget aus, wenn es keine bevorstehenden Veranstaltungen gibt.\",\"type\":\"checkbox\",\"parent_classes\":\"\",\"classes\":\"\",\"dependency\":\"\",\"id\":\"widget-tribe-widget-events-list-5-no_upcoming_events\",\"name\":\"widget-tribe-widget-events-list[5][no_upcoming_events]\",\"options\":[],\"placeholder\":\"\",\"value\":null},\"featured_events_only\":{\"label\":\"Nur auf hervorgehobene Veranstaltungen beschr\\u00e4nken\",\"type\":\"checkbox\",\"parent_classes\":\"\",\"classes\":\"\",\"dependency\":\"\",\"id\":\"widget-tribe-widget-events-list-5-featured_events_only\",\"name\":\"widget-tribe-widget-events-list[5][featured_events_only]\",\"options\":[],\"placeholder\":\"\",\"value\":null},\"jsonld_enable\":{\"label\":\"JSON-LD-Daten generieren\",\"type\":\"checkbox\",\"parent_classes\":\"\",\"classes\":\"\",\"dependency\":\"\",\"id\":\"widget-tribe-widget-events-list-5-jsonld_enable\",\"name\":\"widget-tribe-widget-events-list[5][jsonld_enable]\",\"options\":[],\"placeholder\":\"\",\"value\":null}},\"venue\":false,\"country\":false,\"street\":false,\"city\":false,\"region\":false,\"zip\":false,\"phone\":false,\"cost\":false,\"organizer\":false,\"website\":false,\"operand\":\"OR\",\"filters\":\"\",\"wpml_language\":\"de\",\"fusion_display_title\":\"yes\",\"fusion_padding_color\":\"\",\"fusion_margin\":\"\",\"fusion_bg_color\":\"\",\"fusion_bg_radius_size\":\"\",\"fusion_border_size\":\"\",\"fusion_border_style\":\"solid\",\"fusion_border_color\":\"\",\"fusion_divider_color\":\"\",\"fusion_align\":\"\",\"fusion_align_mobile\":\"\",\"events\":[10000634,10000625,10000648],\"url\":\"https:\\\/\\\/welovekiel.com\\\/de\\\/?post_type=tribe_events&eventDisplay=widget-events-list\",\"url_event_date\":false,\"bar\":{\"keyword\":\"\",\"date\":\"\"},\"today\":\"2026-09-01 00:00:00\",\"now\":\"2026-09-01 12:40:39\",\"home_url\":\"https:\\\/\\\/welovekiel.com\\\/de\\\/\",\"rest_url\":\"https:\\\/\\\/welovekiel.com\\\/de\\\/wp-json\\\/tribe\\\/views\\\/v2\\\/html\",\"rest_method\":\"GET\",\"rest_nonce\":\"\",\"today_url\":\"https:\\\/\\\/welovekiel.com\\\/de\\\/?post_type=tribe_events&eventDisplay=widget-events-list&rest_route=%2Fwp%2Fv2%2Fencyclopedia%2F2246\",\"today_title\":\"Klicke, um das heutige Datum auszuw\\u00e4hlen\",\"today_label\":\"Heute\",\"prev_label\":\"\",\"next_label\":\"\",\"date_formats\":{\"compact\":\"d.m.Y\",\"month_and_year_compact\":\"m.Y\",\"month_and_year\":\"F Y\",\"time_range_separator\":\" - \",\"date_time_separator\":\" | \"},\"messages\":[],\"start_of_week\":\"1\",\"header_title\":\"\",\"header_title_element\":\"h1\",\"content_title\":\"\",\"show_content_title\":false,\"breadcrumbs\":[],\"backlink\":false,\"before_events\":\"\",\"after_events\":\"\\n<!--\\nThis calendar is powered by The Events Calendar.\\nhttp:\\\/\\\/evnt.is\\\/18wn\\n-->\\n\",\"display_events_bar\":false,\"disable_event_search\":false,\"live_refresh\":true,\"ical\":{\"display_link\":true,\"link\":{\"url\":\"https:\\\/\\\/welovekiel.com\\\/de\\\/?post_type=tribe_events&#038;eventDisplay=widget-events-list&#038;ical=1\",\"text\":\"Veranstaltungen als iCal exportieren\",\"title\":\"Diese Funktion verwenden, um Kalenderdaten mit Google Kalender, Apple iCal und kompatiblen Apps zu teilen\"}},\"container_classes\":[\"tribe-common\",\"tribe-events\",\"tribe-events-view\",\"tribe-events-view--widget-events-list\",\"tribe-events-widget\"],\"container_data\":[],\"is_past\":false,\"breakpoints\":{\"xsmall\":500,\"medium\":768,\"full\":960},\"breakpoint_pointer\":\"7fefe7c8-a8c9-4ed3-9f5f-e9174e169571\",\"is_initial_load\":false,\"public_views\":{\"list\":{\"view_class\":\"Tribe\\\\Events\\\\Views\\\\V2\\\\Views\\\\List_View\",\"view_url\":\"https:\\\/\\\/welovekiel.com\\\/de\\\/Veranstaltungen\\\/Liste\\\/\",\"view_label\":\"Liste\",\"aria_label\":\"Zeige Veranstaltungen in der Liste Ansicht\"},\"month\":{\"view_class\":\"Tribe\\\\Events\\\\Views\\\\V2\\\\Views\\\\Month_View\",\"view_url\":\"https:\\\/\\\/welovekiel.com\\\/de\\\/Veranstaltungen\\\/Monat\\\/\",\"view_label\":\"Monat\",\"aria_label\":\"Zeige Veranstaltungen in der Monat Ansicht\"},\"day\":{\"view_class\":\"Tribe\\\\Events\\\\Views\\\\V2\\\\Views\\\\Day_View\",\"view_url\":\"https:\\\/\\\/welovekiel.com\\\/de\\\/Veranstaltungen\\\/heute\\\/\",\"view_label\":\"Tag\",\"aria_label\":\"Zeige Veranstaltungen in der Tag Ansicht\"},\"week\":{\"view_class\":\"Tribe\\\\Events\\\\Pro\\\\Views\\\\V2\\\\Views\\\\Week_View\",\"view_url\":\"https:\\\/\\\/welovekiel.com\\\/de\\\/Veranstaltungen\\\/Woche\\\/\",\"view_label\":\"Woche\",\"aria_label\":\"Zeige Veranstaltungen in der Woche Ansicht\"}},\"show_latest_past\":false,\"past\":false,\"compatibility_classes\":[\"tribe-compatibility-container\"],\"view_more_text\":\"Kalender anzeigen\",\"view_more_title\":\"Weitere Veranstaltungen anzeigen.\",\"view_more_link\":\"https:\\\/\\\/welovekiel.com\\\/de\\\/Veranstaltungen\\\/\",\"widget_title\":\"Anstehende Veranstaltungen\",\"hide_if_no_upcoming_events\":false,\"display\":{\"cost\":false,\"venue\":false,\"street\":false,\"city\":false,\"region\":false,\"zip\":false,\"country\":false,\"phone\":false,\"organizer\":false,\"website\":false},\"subscribe_links\":{\"gcal\":{\"label\":\"Google Kalender\",\"single_label\":\"Zu Google Kalender hinzuf\\u00fcgen\",\"visible\":true,\"block_slug\":\"hasGoogleCalendar\"},\"ical\":{\"label\":\"iCalendar\",\"single_label\":\"Zu iCalendar hinzuf\\u00fcgen\",\"visible\":true,\"block_slug\":\"hasiCal\"},\"outlook-365\":{\"label\":\"Outlook 365\",\"single_label\":\"Outlook 365\",\"visible\":true,\"block_slug\":\"hasOutlook365\"},\"outlook-live\":{\"label\":\"Outlook Live\",\"single_label\":\"Outlook Live\",\"visible\":true,\"block_slug\":\"hasOutlookLive\"},\"ics\":{\"label\":\".ics-Datei exportieren\",\"single_label\":\".ics-Datei exportieren\",\"visible\":true,\"block_slug\":null},\"outlook-ics\":{\"label\":\"Exportiere Outlook .ics Datei\",\"single_label\":\"Exportiere Outlook .ics Datei\",\"visible\":true,\"block_slug\":null}},\"display_recurring_toggle\":false,\"_context\":{\"slug\":\"widget-events-list\"}}<\/script>\n\n\t\t\t\t\t\t\t<header class=\"tribe-events-widget-events-list__header\">\n\t\t\t\t\t<h2 class=\"tribe-events-widget-events-list__header-title tribe-common-h6 tribe-common-h--alt\">\n\t\t\t\t\t\tAnstehende Veranstaltungen\t\t\t\t\t<\/h2>\n\t\t\t\t<\/header>\n\t\t\t\n\t\t\t\n\t\t\t\t<div class=\"tribe-events-widget-events-list__events\">\n\t\t\t\t\t\t\t\t\t\t\t<div class=\"tribe-common-g-row tribe-events-widget-events-list__event-row\">\n\n\t<div class=\"tribe-events-widget-events-list__event-date-tag tribe-common-g-col\">\n\t<time class=\"tribe-events-widget-events-list__event-date-tag-datetime\" datetime=\"2026-09-06\">\n\t\t<span class=\"tribe-events-widget-events-list__event-date-tag-month\">\n\t\t\tSep.\t\t<\/span>\n\t\t<span class=\"tribe-events-widget-events-list__event-date-tag-daynum tribe-common-h2 tribe-common-h4--min-medium\">\n\t\t\t6\t\t<\/span>\n\t<\/time>\n<\/div>\n\n\t<div class=\"tribe-events-widget-events-list__event-wrapper tribe-common-g-col\">\n\t\t<article class=\"tribe-events-widget-events-list__event post-10000634 tribe_events type-tribe_events status-publish has-post-thumbnail hentry tag-3262 tag-asmus-bremer-platz tag-flohmarkt tag-flohmarkt-kiel tag-flohmarkt-kieler-innenstadt tag-flohmarkt-rathausplatz tag-holstenplatz tag-holstenstrasse tag-rathausplatz tag-willestrasse tribe_events_cat-flohmarkt tribe_events_cat-kiel tribe_events_cat-shopping gallery-content-unit\">\n\t\t\t<div class=\"tribe-events-widget-events-list__event-details\">\n\n\t\t\t\t<header class=\"tribe-events-widget-events-list__event-header\">\n\t\t\t\t\t<div class=\"tribe-events-widget-events-list__event-datetime-wrapper tribe-common-b2 tribe-common-b3--min-medium\">\n\t\t<time class=\"tribe-events-widget-events-list__event-datetime\" datetime=\"2026-09-06\">\n\t\t<span class=\"tribe-event-date-start\">08:00<\/span> - <span class=\"tribe-event-time\">16:00<\/span>\t<\/time>\n\t<\/div>\n\t\t\t\t\t<h3 class=\"tribe-events-widget-events-list__event-title tribe-common-h7\">\n\t<a href=\"https:\/\/welovekiel.com\/de\/event\/flohmarkt-kiel-innenstadt-holstenplatz-bis-rathausplatz-6-9-2026\/\" title=\"Flohmarkt Kiel Innenstadt Holstenplatz bis Rathausplatz 06.09.2026\" rel=\"bookmark\" class=\"tribe-events-widget-events-list__event-title-link tribe-common-anchor-thin\">\n\t\tFlohmarkt Kiel Innenstadt Holstenplatz bis Rathausplatz 06.09.2026\t<\/a>\n<\/h3>\n\t\t\t\t<\/header>\n\n\t\t\t\t\n\t\t\t<\/div>\n\t\t<\/article>\n\t<\/div>\n\n<\/div>\n\t\t\t\t\t\t\t\t\t\t\t<div class=\"tribe-common-g-row tribe-events-widget-events-list__event-row\">\n\n\t<div class=\"tribe-events-widget-events-list__event-date-tag tribe-common-g-col\">\n\t<time class=\"tribe-events-widget-events-list__event-date-tag-datetime\" datetime=\"2026-09-13\">\n\t\t<span class=\"tribe-events-widget-events-list__event-date-tag-month\">\n\t\t\tSep.\t\t<\/span>\n\t\t<span class=\"tribe-events-widget-events-list__event-date-tag-daynum tribe-common-h2 tribe-common-h4--min-medium\">\n\t\t\t13\t\t<\/span>\n\t<\/time>\n<\/div>\n\n\t<div class=\"tribe-events-widget-events-list__event-wrapper tribe-common-g-col\">\n\t\t<article class=\"tribe-events-widget-events-list__event post-10000625 tribe_events type-tribe_events status-publish has-post-thumbnail hentry tag-3262 tag-flohmarkt tag-flohmarkt-kiel tag-flohmarkt-mettenhof tag-kaufland tag-kaufland-flohmarkt tag-kaufland-mettenhof tag-kiel tag-mettenhof tag-mettenhof-fohmarkt tag-shopping tag-skandinaviendamm tribe_events_cat-flohmarkt tribe_events_cat-kiel tribe_events_cat-mettenhof tribe_events_cat-shopping gallery-content-unit\">\n\t\t\t<div class=\"tribe-events-widget-events-list__event-details\">\n\n\t\t\t\t<header class=\"tribe-events-widget-events-list__event-header\">\n\t\t\t\t\t<div class=\"tribe-events-widget-events-list__event-datetime-wrapper tribe-common-b2 tribe-common-b3--min-medium\">\n\t\t<time class=\"tribe-events-widget-events-list__event-datetime\" datetime=\"2026-09-13\">\n\t\t<span class=\"tribe-event-date-start\">06:00<\/span> - <span class=\"tribe-event-time\">16:00<\/span>\t<\/time>\n\t<\/div>\n\t\t\t\t\t<h3 class=\"tribe-events-widget-events-list__event-title tribe-common-h7\">\n\t<a href=\"https:\/\/welovekiel.com\/de\/event\/flohmarkt-kaufland-kiel-mettenhof-13-09-2026\/\" title=\"Flohmarkt Kaufland Kiel-Mettenhof 13.09.2026\" rel=\"bookmark\" class=\"tribe-events-widget-events-list__event-title-link tribe-common-anchor-thin\">\n\t\tFlohmarkt Kaufland Kiel-Mettenhof 13.09.2026\t<\/a>\n<\/h3>\n\t\t\t\t<\/header>\n\n\t\t\t\t\n\t\t\t<\/div>\n\t\t<\/article>\n\t<\/div>\n\n<\/div>\n\t\t\t\t\t\t\t\t\t\t\t<div class=\"tribe-common-g-row tribe-events-widget-events-list__event-row\">\n\n\t<div class=\"tribe-events-widget-events-list__event-date-tag tribe-common-g-col\">\n\t<time class=\"tribe-events-widget-events-list__event-date-tag-datetime\" datetime=\"2026-09-13\">\n\t\t<span class=\"tribe-events-widget-events-list__event-date-tag-month\">\n\t\t\tSep.\t\t<\/span>\n\t\t<span class=\"tribe-events-widget-events-list__event-date-tag-daynum tribe-common-h2 tribe-common-h4--min-medium\">\n\t\t\t13\t\t<\/span>\n\t<\/time>\n<\/div>\n\n\t<div class=\"tribe-events-widget-events-list__event-wrapper tribe-common-g-col\">\n\t\t<article class=\"tribe-events-widget-events-list__event post-10000648 tribe_events type-tribe_events status-publish has-post-thumbnail hentry tag-3262 tag-citti-park tag-citti-park-flohmarkt tag-citti-park-kiel tag-flohmarkt tag-flohmarkt-kiel tag-hassee tag-shopping tribe_events_cat-flohmarkt tribe_events_cat-hassee tribe_events_cat-kiel tribe_events_cat-shopping gallery-content-unit\">\n\t\t\t<div class=\"tribe-events-widget-events-list__event-details\">\n\n\t\t\t\t<header class=\"tribe-events-widget-events-list__event-header\">\n\t\t\t\t\t<div class=\"tribe-events-widget-events-list__event-datetime-wrapper tribe-common-b2 tribe-common-b3--min-medium\">\n\t\t<time class=\"tribe-events-widget-events-list__event-datetime\" datetime=\"2026-09-13\">\n\t\t<span class=\"tribe-event-date-start\">08:00<\/span> - <span class=\"tribe-event-time\">16:00<\/span>\t<\/time>\n\t<\/div>\n\t\t\t\t\t<h3 class=\"tribe-events-widget-events-list__event-title tribe-common-h7\">\n\t<a href=\"https:\/\/welovekiel.com\/de\/event\/flohmarkt-citti-park-kiel-13-9-2026\/\" title=\"Flohmarkt Citti-Park Kiel 13.9.2026\" rel=\"bookmark\" class=\"tribe-events-widget-events-list__event-title-link tribe-common-anchor-thin\">\n\t\tFlohmarkt Citti-Park Kiel 13.9.2026\t<\/a>\n<\/h3>\n\t\t\t\t<\/header>\n\n\t\t\t\t\n\t\t\t<\/div>\n\t\t<\/article>\n\t<\/div>\n\n<\/div>\n\t\t\t\t\t\t\t\t\t<\/div>\n\n\t\t\t\t<div class=\"tribe-events-widget-events-list__view-more tribe-common-b1 tribe-common-b2--min-medium\">\n\t<a href=\"https:\/\/welovekiel.com\/de\/Veranstaltungen\/\" class=\"tribe-events-widget-events-list__view-more-link tribe-common-anchor-thin\" title=\"Weitere Veranstaltungen anzeigen.\">\n\t\tKalender anzeigen\t<\/a>\n<\/div>\n\n\t\t\t\t\t<\/div>\n\t<\/div>\n<\/div>\n<script data-js=\"tribe-events-view-nonce-data\" type=\"application\/json\">{\"tvn1\":\"6fa7e4b0aa\",\"tvn2\":\"\"}<\/script><div id=\"custom_html-5\" class=\"widget_text widget widget_custom_html\"><div class=\"heading\"><h4 class=\"widget-title\">Kiel Reisef&uuml;hrer<\/h4><\/div><div class=\"textwidget custom-html-widget\"><iframe style=\"width:240px;height:240px;\" marginwidth=\"0\" marginheight=\"0\" scrolling=\"no\" frameborder=\"0\" src=\"\/\/ws-eu.amazon-adsystem.com\/widgets\/q?ServiceVersion=20070822&amp;OneJS=1&amp;Operation=GetAdHtml&amp;MarketPlace=DE&amp;source=ac&amp;ref=tf_til&amp;ad_type=product_link&amp;tracking_id=qid337563258-21&amp;marketplace=amazon&amp;region=DE&amp;placement=3831732876&amp;asins=3831732876&amp;linkId=33ef746e98f4413a09cdbb069d7d873c&amp;show_border=true&amp;link_opens_in_new_window=true&amp;price_color=333333&amp;title_color=0066c0&amp;bg_color=ffffff\">\r\n\t<\/iframe><\/div><\/div><div class=\"fusion-additional-widget-content\"><\/div><\/div><div class=\"fusion-clearfix\"><\/div><\/div><\/div><\/div><\/div>\n","protected":false},"excerpt":{"rendered":"","protected":false},"author":2,"featured_media":963,"template":"","meta":{"footnotes":""},"encyclopedia-category":[28],"encyclopedia-tag":[455],"class_list":["post-2246","encyclopedia","type-encyclopedia","status-publish","has-post-thumbnail","hentry","encyclopedia-category-stadtteile","encyclopedia-tag-stadtteil","gallery-content-unit"],"aioseo_notices":[],"aioseo_head":"\n\t\t<!-- All in One SEO 4.9.10 - aioseo.com -->\n\t<meta name=\"description\" content=\"Kiellinie Kiel \u2013 Promenade am Westufer der Kieler F\u00f6rde in den Kieler Stadtteilen D\u00fcsternbrook und Wik. Beliebte Uferpromenade mit freiem Blick auf ein- und auslafende Schiffe sowie auf die Werftanlagen auf dem Ostufer.\" \/>\n\t<meta name=\"robots\" content=\"max-image-preview:large\" \/>\n\t<meta name=\"author\" content=\"Christian Gewiese\"\/>\n\t<meta name=\"keywords\" content=\"kiellinie,kiellinie kiel,kiel,kieler f\u00f6rde,promenade,uferpromenade,promenade kiel,restaurants kiellinie,sehensw\u00fcrdigkeiten kiel,d\u00fcsternbrook,wik\" \/>\n\t<link rel=\"canonical\" href=\"https:\/\/welovekiel.com\/de\/lexikon\/kiellinie-kiel\/\" \/>\n\t<meta name=\"generator\" content=\"All in One SEO (AIOSEO) 4.9.10\" \/>\n\t\t<meta property=\"og:locale\" content=\"de_DE\" \/>\n\t\t<meta property=\"og:site_name\" content=\"We love Kiel |\" \/>\n\t\t<meta property=\"og:type\" content=\"article\" \/>\n\t\t<meta property=\"og:title\" content=\"Kiellinie Kiel | We love Kiel\" \/>\n\t\t<meta property=\"og:description\" content=\"Kiellinie Kiel \u2013 Promenade am Westufer der Kieler F\u00f6rde in den Kieler Stadtteilen D\u00fcsternbrook und Wik. Beliebte Uferpromenade mit freiem Blick auf ein- und auslafende Schiffe sowie auf die Werftanlagen auf dem Ostufer.\" \/>\n\t\t<meta property=\"og:url\" content=\"https:\/\/welovekiel.com\/de\/lexikon\/kiellinie-kiel\/\" \/>\n\t\t<meta property=\"article:published_time\" content=\"2020-06-24T11:13:13+00:00\" \/>\n\t\t<meta property=\"article:modified_time\" content=\"2023-03-07T22:12:32+00:00\" \/>\n\t\t<meta property=\"article:publisher\" content=\"https:\/\/www.facebook.com\/WeLoveKielCity\/\" \/>\n\t\t<meta name=\"twitter:card\" content=\"summary\" \/>\n\t\t<meta name=\"twitter:title\" content=\"Kiellinie Kiel | We love Kiel\" \/>\n\t\t<meta name=\"twitter:description\" content=\"Kiellinie Kiel \u2013 Promenade am Westufer der Kieler F\u00f6rde in den Kieler Stadtteilen D\u00fcsternbrook und Wik. Beliebte Uferpromenade mit freiem Blick auf ein- und auslafende Schiffe sowie auf die Werftanlagen auf dem Ostufer.\" \/>\n\t\t<script type=\"application\/ld+json\" class=\"aioseo-schema\">\n\t\t\t{\"@context\":\"https:\\\/\\\/schema.org\",\"@graph\":[{\"@type\":\"BreadcrumbList\",\"@id\":\"https:\\\/\\\/welovekiel.com\\\/de\\\/lexikon\\\/kiellinie-kiel\\\/#breadcrumblist\",\"itemListElement\":[{\"@type\":\"ListItem\",\"@id\":\"https:\\\/\\\/welovekiel.com\\\/de\\\/#listItem\",\"position\":1,\"name\":\"Home\",\"item\":\"https:\\\/\\\/welovekiel.com\\\/de\\\/\",\"nextItem\":{\"@type\":\"ListItem\",\"@id\":\"https:\\\/\\\/welovekiel.com\\\/de\\\/lexikon\\\/#listItem\",\"name\":\"Lexikon\"}},{\"@type\":\"ListItem\",\"@id\":\"https:\\\/\\\/welovekiel.com\\\/de\\\/lexikon\\\/#listItem\",\"position\":2,\"name\":\"Lexikon\",\"item\":\"https:\\\/\\\/welovekiel.com\\\/de\\\/lexikon\\\/\",\"nextItem\":{\"@type\":\"ListItem\",\"@id\":\"https:\\\/\\\/welovekiel.com\\\/de\\\/lexikon\\\/kategorie\\\/stadtteile\\\/#listItem\",\"name\":\"Stadtteile\"},\"previousItem\":{\"@type\":\"ListItem\",\"@id\":\"https:\\\/\\\/welovekiel.com\\\/de\\\/#listItem\",\"name\":\"Home\"}},{\"@type\":\"ListItem\",\"@id\":\"https:\\\/\\\/welovekiel.com\\\/de\\\/lexikon\\\/kategorie\\\/stadtteile\\\/#listItem\",\"position\":3,\"name\":\"Stadtteile\",\"item\":\"https:\\\/\\\/welovekiel.com\\\/de\\\/lexikon\\\/kategorie\\\/stadtteile\\\/\",\"nextItem\":{\"@type\":\"ListItem\",\"@id\":\"https:\\\/\\\/welovekiel.com\\\/de\\\/lexikon\\\/stadtteile\\\/#listItem\",\"name\":\"Stadtteile\"},\"previousItem\":{\"@type\":\"ListItem\",\"@id\":\"https:\\\/\\\/welovekiel.com\\\/de\\\/lexikon\\\/#listItem\",\"name\":\"Lexikon\"}},{\"@type\":\"ListItem\",\"@id\":\"https:\\\/\\\/welovekiel.com\\\/de\\\/lexikon\\\/stadtteile\\\/#listItem\",\"position\":4,\"name\":\"Stadtteile\",\"previousItem\":{\"@type\":\"ListItem\",\"@id\":\"https:\\\/\\\/welovekiel.com\\\/de\\\/lexikon\\\/kategorie\\\/stadtteile\\\/#listItem\",\"name\":\"Stadtteile\"}}]},{\"@type\":\"Organization\",\"@id\":\"https:\\\/\\\/welovekiel.com\\\/de\\\/#organization\",\"name\":\"We love Kiel\",\"url\":\"https:\\\/\\\/welovekiel.com\\\/de\\\/\",\"sameAs\":[\"https:\\\/\\\/www.facebook.com\\\/WeLoveKielCity\\\/\",\"https:\\\/\\\/www.instagram.com\\\/welovekiel\\\/\"]},{\"@type\":\"Person\",\"@id\":\"https:\\\/\\\/welovekiel.com\\\/de\\\/author\\\/christian\\\/#author\",\"url\":\"https:\\\/\\\/welovekiel.com\\\/de\\\/author\\\/christian\\\/\",\"name\":\"Christian Gewiese\",\"image\":{\"@type\":\"ImageObject\",\"@id\":\"https:\\\/\\\/welovekiel.com\\\/de\\\/lexikon\\\/kiellinie-kiel\\\/#authorImage\",\"url\":\"https:\\\/\\\/secure.gravatar.com\\\/avatar\\\/97707923f9bed63dfb3bbdf8065fadb426aa1508b119d1c175a90c8939cbdb88?s=96&d=mm&r=g\",\"width\":96,\"height\":96,\"caption\":\"Christian Gewiese\"}},{\"@type\":\"WebPage\",\"@id\":\"https:\\\/\\\/welovekiel.com\\\/de\\\/lexikon\\\/kiellinie-kiel\\\/#webpage\",\"url\":\"https:\\\/\\\/welovekiel.com\\\/de\\\/lexikon\\\/kiellinie-kiel\\\/\",\"name\":\"Kiellinie Kiel | We love Kiel\",\"description\":\"Kiellinie Kiel \\u2013 Promenade am Westufer der Kieler F\\u00f6rde in den Kieler Stadtteilen D\\u00fcsternbrook und Wik. Beliebte Uferpromenade mit freiem Blick auf ein- und auslafende Schiffe sowie auf die Werftanlagen auf dem Ostufer.\",\"inLanguage\":\"de-DE\",\"isPartOf\":{\"@id\":\"https:\\\/\\\/welovekiel.com\\\/de\\\/#website\"},\"breadcrumb\":{\"@id\":\"https:\\\/\\\/welovekiel.com\\\/de\\\/lexikon\\\/kiellinie-kiel\\\/#breadcrumblist\"},\"author\":{\"@id\":\"https:\\\/\\\/welovekiel.com\\\/de\\\/author\\\/christian\\\/#author\"},\"creator\":{\"@id\":\"https:\\\/\\\/welovekiel.com\\\/de\\\/author\\\/christian\\\/#author\"},\"image\":{\"@type\":\"ImageObject\",\"url\":\"https:\\\/\\\/welovekiel.com\\\/wp-content\\\/uploads\\\/kiellinie-kiel.jpg\",\"@id\":\"https:\\\/\\\/welovekiel.com\\\/de\\\/lexikon\\\/kiellinie-kiel\\\/#mainImage\",\"width\":1200,\"height\":900,\"caption\":\"Kiellinie Kiel\"},\"primaryImageOfPage\":{\"@id\":\"https:\\\/\\\/welovekiel.com\\\/de\\\/lexikon\\\/kiellinie-kiel\\\/#mainImage\"},\"datePublished\":\"2020-06-24T13:13:13+02:00\",\"dateModified\":\"2023-03-07T23:12:32+01:00\"},{\"@type\":\"WebSite\",\"@id\":\"https:\\\/\\\/welovekiel.com\\\/de\\\/#website\",\"url\":\"https:\\\/\\\/welovekiel.com\\\/de\\\/\",\"name\":\"We love Kiel\",\"inLanguage\":\"de-DE\",\"publisher\":{\"@id\":\"https:\\\/\\\/welovekiel.com\\\/de\\\/#organization\"}}]}\n\t\t<\/script>\n\t\t<!-- All in One SEO -->\n\n","aioseo_head_json":{"title":"Kiellinie Kiel | We love Kiel","description":"Kiellinie Kiel \u2013 Promenade am Westufer der Kieler F\u00f6rde in den Kieler Stadtteilen D\u00fcsternbrook und Wik. Beliebte Uferpromenade mit freiem Blick auf ein- und auslafende Schiffe sowie auf die Werftanlagen auf dem Ostufer.","canonical_url":"https:\/\/welovekiel.com\/de\/lexikon\/kiellinie-kiel\/","robots":"max-image-preview:large","keywords":"kiellinie,kiellinie kiel,kiel,kieler f\u00f6rde,promenade,uferpromenade,promenade kiel,restaurants kiellinie,sehensw\u00fcrdigkeiten kiel,d\u00fcsternbrook,wik","webmasterTools":{"miscellaneous":""},"schema":{"@context":"https:\/\/schema.org","@graph":[{"@type":"BreadcrumbList","@id":"https:\/\/welovekiel.com\/de\/lexikon\/kiellinie-kiel\/#breadcrumblist","itemListElement":[{"@type":"ListItem","@id":"https:\/\/welovekiel.com\/de\/#listItem","position":1,"name":"Home","item":"https:\/\/welovekiel.com\/de\/","nextItem":{"@type":"ListItem","@id":"https:\/\/welovekiel.com\/de\/lexikon\/#listItem","name":"Lexikon"}},{"@type":"ListItem","@id":"https:\/\/welovekiel.com\/de\/lexikon\/#listItem","position":2,"name":"Lexikon","item":"https:\/\/welovekiel.com\/de\/lexikon\/","nextItem":{"@type":"ListItem","@id":"https:\/\/welovekiel.com\/de\/lexikon\/kategorie\/stadtteile\/#listItem","name":"Stadtteile"},"previousItem":{"@type":"ListItem","@id":"https:\/\/welovekiel.com\/de\/#listItem","name":"Home"}},{"@type":"ListItem","@id":"https:\/\/welovekiel.com\/de\/lexikon\/kategorie\/stadtteile\/#listItem","position":3,"name":"Stadtteile","item":"https:\/\/welovekiel.com\/de\/lexikon\/kategorie\/stadtteile\/","nextItem":{"@type":"ListItem","@id":"https:\/\/welovekiel.com\/de\/lexikon\/stadtteile\/#listItem","name":"Stadtteile"},"previousItem":{"@type":"ListItem","@id":"https:\/\/welovekiel.com\/de\/lexikon\/#listItem","name":"Lexikon"}},{"@type":"ListItem","@id":"https:\/\/welovekiel.com\/de\/lexikon\/stadtteile\/#listItem","position":4,"name":"Stadtteile","previousItem":{"@type":"ListItem","@id":"https:\/\/welovekiel.com\/de\/lexikon\/kategorie\/stadtteile\/#listItem","name":"Stadtteile"}}]},{"@type":"Organization","@id":"https:\/\/welovekiel.com\/de\/#organization","name":"We love Kiel","url":"https:\/\/welovekiel.com\/de\/","sameAs":["https:\/\/www.facebook.com\/WeLoveKielCity\/","https:\/\/www.instagram.com\/welovekiel\/"]},{"@type":"Person","@id":"https:\/\/welovekiel.com\/de\/author\/christian\/#author","url":"https:\/\/welovekiel.com\/de\/author\/christian\/","name":"Christian Gewiese","image":{"@type":"ImageObject","@id":"https:\/\/welovekiel.com\/de\/lexikon\/kiellinie-kiel\/#authorImage","url":"https:\/\/secure.gravatar.com\/avatar\/97707923f9bed63dfb3bbdf8065fadb426aa1508b119d1c175a90c8939cbdb88?s=96&d=mm&r=g","width":96,"height":96,"caption":"Christian Gewiese"}},{"@type":"WebPage","@id":"https:\/\/welovekiel.com\/de\/lexikon\/kiellinie-kiel\/#webpage","url":"https:\/\/welovekiel.com\/de\/lexikon\/kiellinie-kiel\/","name":"Kiellinie Kiel | We love Kiel","description":"Kiellinie Kiel \u2013 Promenade am Westufer der Kieler F\u00f6rde in den Kieler Stadtteilen D\u00fcsternbrook und Wik. Beliebte Uferpromenade mit freiem Blick auf ein- und auslafende Schiffe sowie auf die Werftanlagen auf dem Ostufer.","inLanguage":"de-DE","isPartOf":{"@id":"https:\/\/welovekiel.com\/de\/#website"},"breadcrumb":{"@id":"https:\/\/welovekiel.com\/de\/lexikon\/kiellinie-kiel\/#breadcrumblist"},"author":{"@id":"https:\/\/welovekiel.com\/de\/author\/christian\/#author"},"creator":{"@id":"https:\/\/welovekiel.com\/de\/author\/christian\/#author"},"image":{"@type":"ImageObject","url":"https:\/\/welovekiel.com\/wp-content\/uploads\/kiellinie-kiel.jpg","@id":"https:\/\/welovekiel.com\/de\/lexikon\/kiellinie-kiel\/#mainImage","width":1200,"height":900,"caption":"Kiellinie Kiel"},"primaryImageOfPage":{"@id":"https:\/\/welovekiel.com\/de\/lexikon\/kiellinie-kiel\/#mainImage"},"datePublished":"2020-06-24T13:13:13+02:00","dateModified":"2023-03-07T23:12:32+01:00"},{"@type":"WebSite","@id":"https:\/\/welovekiel.com\/de\/#website","url":"https:\/\/welovekiel.com\/de\/","name":"We love Kiel","inLanguage":"de-DE","publisher":{"@id":"https:\/\/welovekiel.com\/de\/#organization"}}]},"og:locale":"de_DE","og:site_name":"We love Kiel |","og:type":"article","og:title":"Kiellinie Kiel | We love Kiel","og:description":"Kiellinie Kiel \u2013 Promenade am Westufer der Kieler F\u00f6rde in den Kieler Stadtteilen D\u00fcsternbrook und Wik. Beliebte Uferpromenade mit freiem Blick auf ein- und auslafende Schiffe sowie auf die Werftanlagen auf dem Ostufer.","og:url":"https:\/\/welovekiel.com\/de\/lexikon\/kiellinie-kiel\/","article:published_time":"2020-06-24T11:13:13+00:00","article:modified_time":"2023-03-07T22:12:32+00:00","article:publisher":"https:\/\/www.facebook.com\/WeLoveKielCity\/","twitter:card":"summary","twitter:title":"Kiellinie Kiel | We love Kiel","twitter:description":"Kiellinie Kiel \u2013 Promenade am Westufer der Kieler F\u00f6rde in den Kieler Stadtteilen D\u00fcsternbrook und Wik. Beliebte Uferpromenade mit freiem Blick auf ein- und auslafende Schiffe sowie auf die Werftanlagen auf dem Ostufer."},"aioseo_meta_data":{"post_id":"2246","title":"Stadtteile von Kiel | #site_title","description":"Das Stadtgebiet der Landeshauptstadt Kiel ist in insgesamt 30 Stadtteile eingeteilt. Die nachfolgende Tabelle umfasst Informationen bez\u00fcglich Einwohnerzahl, Fl\u00e4che, Bevolkerungsdichte sowie Postleitzahlen aller 30 Kieler Stadtteile.","keywords":[{"label":"Kiel","value":"Kiel"},{"label":"Stadtteile","value":"Stadtteile"},{"label":"\u00dcbersicht","value":"\u00dcbersicht"},{"label":"Kieler Stadtteile","value":"Kieler Stadtteile"},{"label":"Stadtteile Kiel","value":"Stadtteile Kiel"},{"label":"Einwohner","value":"Einwohner"},{"label":"Fl\u00e4che","value":"Fl\u00e4che"},{"label":"Bev\u00f6lkerungsdichte","value":"Bev\u00f6lkerungsdichte"},{"label":"Postleitzahl","value":"Postleitzahl"}],"keyphrases":{"focus":{"keyphrase":"","score":0,"analysis":{"keyphraseInTitle":{"score":0,"maxScore":9,"error":1}}},"additional":[]},"primary_term":null,"canonical_url":null,"og_title":null,"og_description":null,"og_object_type":"default","og_image_type":"default","og_image_url":null,"og_image_width":null,"og_image_height":null,"og_image_custom_url":null,"og_image_custom_fields":null,"og_video":"","og_custom_url":null,"og_article_section":null,"og_article_tags":[],"twitter_use_og":false,"twitter_card":"default","twitter_image_type":"default","twitter_image_url":null,"twitter_image_custom_url":null,"twitter_image_custom_fields":null,"twitter_title":null,"twitter_description":null,"schema":{"blockGraphs":[],"customGraphs":[],"default":{"data":{"Article":[],"Course":[],"Dataset":[],"FAQPage":[],"Movie":[],"Person":[],"Product":[],"ProductReview":[],"Car":[],"Recipe":[],"Service":[],"SoftwareApplication":[],"WebPage":[]},"graphName":"WebPage","isEnabled":true},"graphs":[]},"schema_type":null,"schema_type_options":null,"pillar_content":false,"robots_default":true,"robots_noindex":false,"robots_noarchive":false,"robots_nosnippet":false,"robots_nofollow":false,"robots_noimageindex":false,"robots_noodp":false,"robots_notranslate":false,"robots_max_snippet":"-1","robots_max_videopreview":"-1","robots_max_imagepreview":"large","priority":null,"frequency":"default","local_seo":null,"breadcrumb_settings":null,"limit_modified_date":false,"ai":null,"created":"2021-01-21 17:00:48","updated":"2025-08-31 01:42:19","seo_analyzer_scan_date":null},"aioseo_breadcrumb":"<div class=\"aioseo-breadcrumbs\"><span class=\"aioseo-breadcrumb\">\n\t\t\t<a href=\"https:\/\/welovekiel.com\/de\/\" title=\"Home\">Home<\/a>\n\t\t<\/span><span class=\"aioseo-breadcrumb-separator\">&raquo;<\/span><span class=\"aioseo-breadcrumb\">\n\t\t\t<a href=\"https:\/\/welovekiel.com\/de\/lexikon\/\" title=\"Lexikon\">Lexikon<\/a>\n\t\t<\/span><span class=\"aioseo-breadcrumb-separator\">&raquo;<\/span><span class=\"aioseo-breadcrumb\">\n\t\t\t<a href=\"https:\/\/welovekiel.com\/de\/lexikon\/kategorie\/stadtteile\/\" title=\"Stadtteile\">Stadtteile<\/a>\n\t\t<\/span><span class=\"aioseo-breadcrumb-separator\">&raquo;<\/span><span class=\"aioseo-breadcrumb\">\n\t\t\tStadtteile\n\t\t<\/span><\/div>","aioseo_breadcrumb_json":[{"label":"Home","link":"https:\/\/welovekiel.com\/de\/"},{"label":"Lexikon","link":"https:\/\/welovekiel.com\/de\/lexikon\/"},{"label":"Stadtteile","link":"https:\/\/welovekiel.com\/de\/lexikon\/kategorie\/stadtteile\/"},{"label":"Stadtteile","link":"https:\/\/welovekiel.com\/de\/lexikon\/stadtteile\/"}],"_links":{"self":[{"href":"https:\/\/welovekiel.com\/de\/wp-json\/wp\/v2\/encyclopedia\/2246","targetHints":{"allow":["GET"]}}],"collection":[{"href":"https:\/\/welovekiel.com\/de\/wp-json\/wp\/v2\/encyclopedia"}],"about":[{"href":"https:\/\/welovekiel.com\/de\/wp-json\/wp\/v2\/types\/encyclopedia"}],"author":[{"embeddable":true,"href":"https:\/\/welovekiel.com\/de\/wp-json\/wp\/v2\/users\/2"}],"version-history":[{"count":0,"href":"https:\/\/welovekiel.com\/de\/wp-json\/wp\/v2\/encyclopedia\/2246\/revisions"}],"wp:featuredmedia":[{"embeddable":true,"href":"https:\/\/welovekiel.com\/de\/wp-json\/wp\/v2\/media\/963"}],"wp:attachment":[{"href":"https:\/\/welovekiel.com\/de\/wp-json\/wp\/v2\/media?parent=2246"}],"wp:term":[{"taxonomy":"encyclopedia-category","embeddable":true,"href":"https:\/\/welovekiel.com\/de\/wp-json\/wp\/v2\/encyclopedia-category?post=2246"},{"taxonomy":"encyclopedia-tag","embeddable":true,"href":"https:\/\/welovekiel.com\/de\/wp-json\/wp\/v2\/encyclopedia-tag?post=2246"}],"curies":[{"name":"wp","href":"https:\/\/api.w.org\/{rel}","templated":true}]}}