{"id":1876,"date":"2019-10-25T11:47:35","date_gmt":"2019-10-25T09:47:35","guid":{"rendered":"https:\/\/welovekiel.com\/de\/?post_type=encyclopedia&#038;p=1876"},"modified":"2023-12-06T10:11:34","modified_gmt":"2023-12-06T09:11:34","slug":"weihnachtsmarkt-kiel-bernhardt-minetti-platz","status":"publish","type":"encyclopedia","link":"https:\/\/welovekiel.com\/de\/lexikon\/weihnachtsmarkt-kiel-bernhardt-minetti-platz\/","title":{"rendered":"Weihnachtsmarkt Kiel Bernhard-Minetti-Platz"},"content":{"rendered":"<div class=\"fusion-fullwidth fullwidth-box fusion-builder-row-1 nonhundred-percent-fullwidth non-hundred-percent-height-scrolling\" style=\"background-color: rgba(255,255,255,0);background-position: center center;background-repeat: no-repeat;padding-top:0px;padding-right:0px;padding-bottom:0px;padding-left:0px;margin-bottom: 0px;margin-top: 0px;border-width: 0px 0px 0px 0px;border-color:#eae9e9;border-style:solid;\"><div class=\"fusion-builder-row fusion-row\"><div class=\"fusion-layout-column fusion_builder_column fusion-builder-column-0 fusion_builder_column_3_4 3_4 fusion-three-fourth fusion-column-first\" style=\"width:75%;width:calc(75% - ( ( 4% ) * 0.75 ) );margin-right: 4%;margin-top:0px;margin-bottom:20px;\"><div class=\"fusion-column-wrapper fusion-flex-column-wrapper-legacy\" style=\"background-position:left top;background-repeat:no-repeat;-webkit-background-size:cover;-moz-background-size:cover;-o-background-size:cover;background-size:cover;padding: 0px 0px 0px 0px;\"><style type=\"text\/css\"><\/style><div class=\"fusion-title title fusion-title-1 fusion-title-text fusion-title-size-one\" style=\"margin-top:0px;margin-right:0px;margin-bottom:31px;margin-left:0px;\"><h1 class=\"title-heading-left\" style=\"margin:0;\">Kieler Weihnachtsmarkt auf dem Bernhardt-Minetti-Platz<\/h1><span class=\"awb-title-spacer\"><\/span><div class=\"title-sep-container\"><div class=\"title-sep sep-double sep-solid\" style=\"border-color:#e0dede;\"><\/div><\/div><\/div><div class=\"fusion-text fusion-text-1\"><p><strong>Auch die Holtenauer Stra&szlig;e hat einen eigenen Weihnachtsmarkt: Auf dem Bernhard-Minetti-Platz, zu finden direkt an der Holtenauer zwischen D&uuml;ppelstra&szlig;e und Wrangelstra&szlig;e, laden H&uuml;tten, ein Karussell und die 26 Meter hohe Gl&uuml;hweinpyramide zum Verweilen ein.<\/strong><\/p>\n<p>Auch wenn es auf dem Bernhard-Minetti-Platz deutlich weniger St&auml;nde gibt als auf den anderen Kieler Weihnachtsm&auml;rkten, darunter beispielsweise dem <a href=\"https:\/\/welovekiel.com\/de\/lexikon\/kieler-weihnachtsdorf\/\" target=\"_self\" title=\"\" class=\"encyclopedia\">Kieler Weihnachtsdorf<\/a> auf dem <a href=\"https:\/\/welovekiel.com\/de\/lexikon\/rathausplatz-kiel\/\" target=\"_self\" title=\"\" class=\"encyclopedia\">Rathausplatz<\/a> oder dem Weihnachtsmarkt auf dem Holstenplatz, so ist der Weihnachtsmarkt auf dem Bernhard-Minetti-Platz nicht weniger interessant.<\/p>\n<p>Und seit 2019 gibt es auch ein besonderes Highlight hier auf dem Bernhard-Minetti-Platz, einen Hingucker im wahrsten Sinne des Wortes. Denn hier befindet sich mit einer H&ouml;he von 26 Metern und sechs Etagen die gr&ouml;&szlig;te Gl&uuml;hweinpyramide Norddeutschlands.<\/p>\n<\/div><style type=\"text\/css\">@media only screen and (max-width:800px) {.fusion-title.fusion-title-2{margin-top:10px!important;margin-bottom:!important;}}<\/style><div class=\"fusion-title title fusion-title-2 fusion-title-text fusion-title-size-two\" style=\"margin-top:20px;margin-right:0px;margin-bottom:31px;margin-left:0px;\"><h2 class=\"title-heading-left\" style=\"margin:0;\">Highlights Weihnachtsmarkt Bernhard-Minetti-Platz<\/h2><span class=\"awb-title-spacer\"><\/span><div class=\"title-sep-container\"><div class=\"title-sep sep-double sep-solid\" style=\"border-color:#e0dede;\"><\/div><\/div><\/div><ul class=\"fusion-checklist fusion-checklist-1\" style=\"font-size:14px;line-height:23.8px;\"><li style=\"background-color:rgba(255,255,255,0);\" class=\"fusion-li-item\"><span style=\"background-color:#a0ce4e;font-size:12.32px;height:23.8px;width:23.8px;margin-right:9.8px;\" class=\"icon-wrapper circle-yes\"><i class=\"fusion-li-icon fa-check fas\" style=\"color:#ffffff;\" aria-hidden=\"true\"><\/i><\/span><div class=\"fusion-li-item-content\" style=\"margin-left:33.6px;color:var(--awb-color8);\">\n<p>wahrscheinlich Kiels kleinster Weihnachtsmarkt<\/p>\n<\/div><\/li><li style=\"background-color:rgba(255,255,255,0);\" class=\"fusion-li-item\"><span style=\"background-color:#a0ce4e;font-size:12.32px;height:23.8px;width:23.8px;margin-right:9.8px;\" class=\"icon-wrapper circle-yes\"><i class=\"fusion-li-icon fa-check fas\" style=\"color:#ffffff;\" aria-hidden=\"true\"><\/i><\/span><div class=\"fusion-li-item-content\" style=\"margin-left:33.6px;color:var(--awb-color8);\">\n<p>Norddeutschlands gr&ouml;&szlig;te Gl&uuml;hweinpyramide<\/p>\n<\/div><\/li><li style=\"background-color:rgba(255,255,255,0);\" class=\"fusion-li-item\"><span style=\"background-color:#a0ce4e;font-size:12.32px;height:23.8px;width:23.8px;margin-right:9.8px;\" class=\"icon-wrapper circle-yes\"><i class=\"fusion-li-icon fa-check fas\" style=\"color:#ffffff;\" aria-hidden=\"true\"><\/i><\/span><div class=\"fusion-li-item-content\" style=\"margin-left:33.6px;color:var(--awb-color8);\">\n<p>nostalgisches Kinderkarussell<\/p>\n<\/div><\/li><li style=\"background-color:rgba(255,255,255,0);\" class=\"fusion-li-item\"><span style=\"background-color:#a0ce4e;font-size:12.32px;height:23.8px;width:23.8px;margin-right:9.8px;\" class=\"icon-wrapper circle-yes\"><i class=\"fusion-li-icon fa-check fas\" style=\"color:#ffffff;\" aria-hidden=\"true\"><\/i><\/span><div class=\"fusion-li-item-content\" style=\"margin-left:33.6px;color:var(--awb-color8);\">\n<p>Weihnachtsmarkth&uuml;tten mit vielf&auml;ltigen Angebot<\/p>\n<\/div><\/li><li style=\"background-color:rgba(255,255,255,0);\" class=\"fusion-li-item\"><span style=\"background-color:#a0ce4e;font-size:12.32px;height:23.8px;width:23.8px;margin-right:9.8px;\" class=\"icon-wrapper circle-yes\"><i class=\"fusion-li-icon fa-check fas\" style=\"color:#ffffff;\" aria-hidden=\"true\"><\/i><\/span><div class=\"fusion-li-item-content\" style=\"margin-left:33.6px;color:var(--awb-color8);\">\n<p>perfekt geeignet, um den Tag nach einem Einkauf in der Holtenauer Stra&szlig;e ausklingen zu lassen<\/p>\n<\/div><\/li><\/ul><style type=\"text\/css\">@media only screen and (max-width:800px) {.fusion-title.fusion-title-3{margin-top:10px!important;margin-bottom:!important;}}<\/style><div class=\"fusion-title title fusion-title-3 fusion-title-text fusion-title-size-two\" style=\"margin-top:20px;margin-right:0px;margin-bottom:31px;margin-left:0px;\"><h2 class=\"title-heading-left\" style=\"margin:0;\">Bilder Weihnachtsmarkt Bernhard-Minetti-Platz<\/h2><span class=\"awb-title-spacer\"><\/span><div class=\"title-sep-container\"><div class=\"title-sep sep-double sep-solid\" style=\"border-color:#e0dede;\"><\/div><\/div><\/div><style type=\"text\/css\">.fusion-gallery-1 .fusion-gallery-image {border:0px solid #f6f6f6;}<\/style><div class=\"awb-gallery-wrapper awb-gallery-wrapper-1 button-span-no\"><div class=\"fusion-gallery fusion-gallery-container fusion-grid-2 fusion-columns-total-4 fusion-gallery-layout-grid fusion-gallery-1\" style=\"margin:-5px;\"><div style=\"padding:5px;\" class=\"fusion-grid-column fusion-gallery-column fusion-gallery-column-2 hover-type-zoomin\"><div class=\"fusion-gallery-image\"><a href=\"https:\/\/welovekiel.com\/wp-content\/uploads\/weihnachtspyramide-kiel-holtenauer-strasse.jpg\" data-title=\"Weihnachtspyramide Kiel Holtenauer Stra&szlig;e\" title=\"Weihnachtspyramide Kiel Holtenauer Stra&szlig;e\" rel=\"noreferrer\" data-rel=\"iLightbox[gallery_image_1]\" class=\"fusion-lightbox\" target=\"_self\"><img decoding=\"async\" src=\"https:\/\/welovekiel.com\/wp-content\/uploads\/weihnachtspyramide-kiel-holtenauer-strasse-460x295.jpg\" width=\"460\" height=\"295\" alt=\"Weihnachtspyramide Kiel Holtenauer Stra&szlig;e \/ Bernhardt-Minetti-Platz\" title=\"Weihnachtspyramide Kiel Holtenauer Stra&szlig;e\" aria-label=\"Weihnachtspyramide Kiel Holtenauer Stra&szlig;e\" class=\"img-responsive wp-image-2065 fusion-gallery-image-size-fixed\"><\/a><\/div><\/div><div style=\"padding:5px;\" class=\"fusion-grid-column fusion-gallery-column fusion-gallery-column-2 hover-type-zoomin\"><div class=\"fusion-gallery-image\"><a href=\"https:\/\/welovekiel.com\/wp-content\/uploads\/gluehweinpyramide-kiel-holtenauer-strasse.jpg\" data-title=\"Gl&uuml;hweinpyramide Kiel Bernhardt-Minetti-Platz\" title=\"Gl&uuml;hweinpyramide Kiel Bernhardt-Minetti-Platz\" rel=\"noreferrer\" data-rel=\"iLightbox[gallery_image_1]\" class=\"fusion-lightbox\" target=\"_self\"><img decoding=\"async\" src=\"https:\/\/welovekiel.com\/wp-content\/uploads\/gluehweinpyramide-kiel-holtenauer-strasse-460x295.jpg\" width=\"460\" height=\"295\" alt=\"Gl&uuml;hweinpyramide Kiel Bernhardt-Minetti-Platz\" title=\"Gl&uuml;hweinpyramide Kiel Bernhardt-Minetti-Platz\" aria-label=\"Gl&uuml;hweinpyramide Kiel Bernhardt-Minetti-Platz\" class=\"img-responsive wp-image-2059 fusion-gallery-image-size-fixed\"><\/a><\/div><\/div><div class=\"clearfix\"><\/div><div style=\"padding:5px;\" class=\"fusion-grid-column fusion-gallery-column fusion-gallery-column-2 hover-type-zoomin\"><div class=\"fusion-gallery-image\"><a href=\"https:\/\/welovekiel.com\/wp-content\/uploads\/weihnachtsmarkt-kiel-holtenauer-strasse-pyramide.jpg\" data-title=\"Weihnachtspyramide Kiel Holtenauer Stra&szlig;e\" title=\"Weihnachtspyramide Kiel Holtenauer Stra&szlig;e\" rel=\"noreferrer\" data-rel=\"iLightbox[gallery_image_1]\" class=\"fusion-lightbox\" target=\"_self\"><img decoding=\"async\" src=\"https:\/\/welovekiel.com\/wp-content\/uploads\/weihnachtsmarkt-kiel-holtenauer-strasse-pyramide-460x295.jpg\" width=\"460\" height=\"295\" alt=\"Weihnachtspyramide Kiel Holtenauer Stra&szlig;e \/ Bernhardt-Minetti-Platz\" title=\"Weihnachtspyramide Kiel Holtenauer Stra&szlig;e\" aria-label=\"Weihnachtspyramide Kiel Holtenauer Stra&szlig;e\" class=\"img-responsive wp-image-2063 fusion-gallery-image-size-fixed\"><\/a><\/div><\/div><div style=\"padding:5px;\" class=\"fusion-grid-column fusion-gallery-column fusion-gallery-column-2 hover-type-zoomin\"><div class=\"fusion-gallery-image\"><a href=\"https:\/\/welovekiel.com\/wp-content\/uploads\/pyramide-bernhardt-minetti-platz-kiel-holtenauer-strasse.jpg\" data-title=\"Pyramide Weihnachtsmarkt Kiel Holtenauer Stra&szlig;e\" title=\"Pyramide Weihnachtsmarkt Kiel Holtenauer Stra&szlig;e\" rel=\"noreferrer\" data-rel=\"iLightbox[gallery_image_1]\" class=\"fusion-lightbox\" target=\"_self\"><img decoding=\"async\" src=\"https:\/\/welovekiel.com\/wp-content\/uploads\/pyramide-bernhardt-minetti-platz-kiel-holtenauer-strasse-460x295.jpg\" width=\"460\" height=\"295\" alt=\"Pyramide Weihnachtsmarkt Kiel Holtenauer Stra&szlig;e \/ Bernhardt-Minetti-Platz\" title=\"Pyramide Weihnachtsmarkt Kiel Holtenauer Stra&szlig;e\" aria-label=\"Pyramide Weihnachtsmarkt Kiel Holtenauer Stra&szlig;e\" class=\"img-responsive wp-image-2061 fusion-gallery-image-size-fixed\"><\/a><\/div><\/div><div class=\"clearfix\"><\/div><\/div><\/div><style type=\"text\/css\">@media only screen and (max-width:800px) {.fusion-title.fusion-title-4{margin-top:10px!important;margin-bottom:!important;}}<\/style><div class=\"fusion-title title fusion-title-4 fusion-title-text fusion-title-size-two\" style=\"margin-top:20px;margin-right:0px;margin-bottom:31px;margin-left:0px;\"><h2 class=\"title-heading-left\" style=\"margin:0;\">Videos Kieler Weihnachtsm&auml;rkte<\/h2><span class=\"awb-title-spacer\"><\/span><div class=\"title-sep-container\"><div class=\"title-sep sep-double sep-solid\" style=\"border-color:#e0dede;\"><\/div><\/div><\/div><div class=\"fusion-video fusion-youtube\" style=\"max-width:800px;max-height:450px;\"><div class=\"video-shortcode\"><div class=\"fluid-width-video-wrapper\" style=\"padding-top:56.25%;\"><iframe title=\"YouTube video player 1\" src=\"https:\/\/www.youtube.com\/embed\/q5LnDXHG8EY?wmode=transparent&amp;autoplay=0\" width=\"800\" height=\"450\" allowfullscreen allow=\"autoplay; fullscreen\"><\/iframe><\/div><\/div><\/div><style type=\"text\/css\">@media only screen and (max-width:800px) {.fusion-title.fusion-title-5{margin-top:10px!important;margin-bottom:!important;}}<\/style><div class=\"fusion-title title fusion-title-5 fusion-title-text fusion-title-size-two\" style=\"margin-top:20px;margin-right:0px;margin-bottom:31px;margin-left:0px;\"><h2 class=\"title-heading-left\" style=\"margin:0;\">Hier liegt der Bernhard-Minetti-Platz<\/h2><span class=\"awb-title-spacer\"><\/span><div class=\"title-sep-container\"><div class=\"title-sep sep-double sep-solid\" style=\"border-color:#e0dede;\"><\/div><\/div><\/div><div class=\"shortcode-map fusion-google-map fusion-maps-embed-type\"><iframe width=\"100%\" height=\"450px\" frameborder=\"0\" style=\"border:0\" src=\"https:\/\/www.google.com\/maps\/embed\/v1\/place?key=AIzaSyBhsztdcdTJlulxY9dwqTyRvVdnAhtYsLU&amp;language=de&amp;q=Bernhardt-Minetti-Platz+Kiel&amp;maptype=roadmap&amp;zoom=14\" allowfullscreen><\/iframe><\/div><div class=\"fusion-clearfix\"><\/div><\/div><\/div><div class=\"fusion-layout-column fusion_builder_column fusion-builder-column-1 fusion_builder_column_1_4 1_4 fusion-one-fourth fusion-column-last\" style=\"width:25%;width:calc(25% - ( ( 4% ) * 0.25 ) );margin-top:0px;margin-bottom:20px;\"><div class=\"fusion-column-wrapper fusion-flex-column-wrapper-legacy\" style=\"background-position:left top;background-repeat:no-repeat;-webkit-background-size:cover;-moz-background-size:cover;-o-background-size:cover;background-size:cover;padding: 0px 0px 0px 0px;\"><div class=\"fusion-widget-area fusion-widget-area-1 fusion-content-widget-area\"><style type=\"text\/css\">.fusion-widget-area-1 {padding:0px 0px 0px 0px;}.fusion-widget-area-1 .widget h4 {color:#333333;}.fusion-widget-area-1 .widget .heading h4 {color:#333333;}<\/style><div id=\"encyclopedia_search-2\" class=\"widget widget_encyclopedia_search\"><div class=\"heading\"><h4 class=\"widget-title\">Lexikon-Suche<\/h4><\/div><form role=\"search\" method=\"get\" class=\"encyclopedia search-form\" action=\"https:\/\/welovekiel.com\/de\/lexikon\/\">\n    \n    \n    <label class=\"screen-reader-text\" for=\"encyclopedia-search-term\">Suche<\/label>\n    <input type=\"text\" id=\"encyclopedia-search-term\" name=\"s\" class=\"search-field\" value=\"\" placeholder=\"Suche&hellip;\">\n    <button type=\"submit\" class=\"search-submit submit button\" id=\"encyclopedia-search-submit\">Suche<\/button>\n<\/form><\/div><div id=\"custom_html-9\" class=\"widget_text widget widget_custom_html\"><div class=\"textwidget custom-html-widget\"><script async src=\"https:\/\/pagead2.googlesyndication.com\/pagead\/js\/adsbygoogle.js\"><\/script>\r\n<!-- welovekiel_de_lexikon_sidebar_responsive -->\r\n<ins class=\"adsbygoogle\" style=\"display:block\" data-ad-client=\"ca-pub-2675294892226297\" data-ad-slot=\"2688696180\" data-ad-format=\"auto\" data-full-width-responsive=\"true\"><\/ins>\r\n<script>\r\n     (adsbygoogle = window.adsbygoogle || []).push({});\r\n<\/script><\/div><\/div><div id=\"encyclopedia_items-2\" class=\"widget widget_encyclopedia_items\"><div class=\"heading\"><h4 class=\"widget-title\">Weitere Lexikon-Eintr&auml;ge<\/h4><\/div><ul>\n            <li><a href=\"https:\/\/welovekiel.com\/de\/lexikon\/rathmannsdorfer-schleuse\/\" title=\"\" class=\"encyclopedia\">Rathmannsdorfer Schleuse<\/a><\/li>\n            <li><a href=\"https:\/\/welovekiel.com\/de\/lexikon\/wind-licht-objekt\/\" title=\"\" class=\"encyclopedia\">Wind-Licht-Objekt<\/a><\/li>\n            <li><a href=\"https:\/\/welovekiel.com\/de\/lexikon\/kiel-altstadt\/\" title=\"\" class=\"encyclopedia\">Altstadt<\/a><\/li>\n            <li><a href=\"https:\/\/welovekiel.com\/de\/lexikon\/wiker-balkon\/\" title=\"\" class=\"encyclopedia\">Wiker Balkon<\/a><\/li>\n            <li><a href=\"https:\/\/welovekiel.com\/de\/lexikon\/daenisch-nienhof-strand\/\" title=\"\" class=\"encyclopedia\">D&auml;nisch-Nienhof Strand<\/a><\/li>\n            <li><a href=\"https:\/\/welovekiel.com\/de\/lexikon\/falckensteiner-strand\/\" title=\"\" class=\"encyclopedia\">Falckensteiner Strand<\/a><\/li>\n            <li><a href=\"https:\/\/welovekiel.com\/de\/lexikon\/kieler-foerde\/\" title=\"\" class=\"encyclopedia\">Kieler F&ouml;rde<\/a><\/li>\n            <li><a href=\"https:\/\/welovekiel.com\/de\/lexikon\/internationaler-markt-kiel\/\" title=\"\" class=\"encyclopedia\">Internationaler Markt<\/a><\/li>\n            <li><a href=\"https:\/\/welovekiel.com\/de\/lexikon\/weihnachtsmarkt-kiel-asmus-bremer-platz\/\" title=\"\" class=\"encyclopedia\">Weihnachtsmarkt Kiel Asmus-Bremer-Platz<\/a><\/li>\n            <li><a href=\"https:\/\/welovekiel.com\/de\/lexikon\/nikolaikirche-kiel\/\" title=\"\" class=\"encyclopedia\">Nikolaikirche<\/a><\/li>\n            <li><a href=\"https:\/\/welovekiel.com\/de\/lexikon\/schilksee-strand\/\" title=\"\" class=\"encyclopedia\">Schilksee Strand<\/a><\/li>\n            <li><a href=\"https:\/\/welovekiel.com\/de\/lexikon\/schwedenkai\/\" title=\"\" class=\"encyclopedia\">Schwedenkai<\/a><\/li>\n    <\/ul>\n<\/div>\n\t\t<div id=\"recent-posts-3\" class=\"widget widget_recent_entries\">\n\t\t<div class=\"heading\"><h4 class=\"widget-title\">Neu im Kiel-Blog<\/h4><\/div>\n\t\t<ul>\n\t\t\t\t\t\t\t\t\t\t\t<li>\n\t\t\t\t\t<a href=\"https:\/\/welovekiel.com\/de\/kieler-woche-2026-konzerte-veranstaltungen-freitag-26-06-2026-17310\/\">Kieler Woche 2026: Konzerte &amp; Veranstaltungen Freitag 26.06.2026<\/a>\n\t\t\t\t\t\t\t\t\t<\/li>\n\t\t\t\t\t\t\t\t\t\t\t<li>\n\t\t\t\t\t<a href=\"https:\/\/welovekiel.com\/de\/kieler-woche-2026-konzerte-veranstaltungen-donnerstag-25-06-2026-17308\/\">Kieler Woche 2026: Konzerte &amp; Veranstaltungen Donnerstag 25.06.2026<\/a>\n\t\t\t\t\t\t\t\t\t<\/li>\n\t\t\t\t\t\t\t\t\t\t\t<li>\n\t\t\t\t\t<a href=\"https:\/\/welovekiel.com\/de\/kieler-woche-2026-konzerte-veranstaltungen-mittwoch-24-06-2026-17305\/\">Kieler Woche 2026: Konzerte &amp; Veranstaltungen Mittwoch 24.06.2026<\/a>\n\t\t\t\t\t\t\t\t\t<\/li>\n\t\t\t\t\t<\/ul>\n\n\t\t<\/div><div class=\"tribe-compatibility-container\">\n\t<div class=\"tribe-common tribe-events tribe-events-view tribe-events-view--widget-events-list tribe-events-widget\" data-js=\"tribe-events-view\" data-view-rest-url=\"https:\/\/welovekiel.com\/de\/wp-json\/tribe\/views\/v2\/html\" data-view-manage-url=\"1\" data-view-breakpoint-pointer=\"8b72a3d8-2328-4f81-a537-89923ae6f1f7\">\n\t\t<div class=\"tribe-events-widget-events-list\">\n\n\t\t\t<script type=\"application\/ld+json\">\r\n[{\"@context\":\"http:\/\/schema.org\",\"@type\":\"Event\",\"name\":\"Flohmarkt Kiel Innenstadt Holstenplatz bis Rathausplatz 06.09.2026\",\"description\":\"&lt;p&gt;Flohmarkt Kiel Innenstadt am Sonntag, den 6. September 2026 ab 8 Uhr auf dem Rathausplatz, Asmus-Bremer-Platz, Europaplatz, Fleeth\\u00f6rn, Willestra\\u00dfe, Holstenplatz und Holstenstra\\u00dfe. In den Monaten April bis September 2026 veranstaltet die Landeshauptstadt Kiel mehrere Flohm\\u00e4rkte [&hellip;]&lt;\/p&gt;\\\\n\",\"image\":\"https:\/\/welovekiel.com\/wp-content\/uploads\/kieler-rathausplatz-flohmarkt-innenstadt-kiel.jpg\",\"url\":\"https:\/\/welovekiel.com\/de\/event\/flohmarkt-kiel-innenstadt-holstenplatz-bis-rathausplatz-6-9-2026\/\",\"eventAttendanceMode\":\"https:\/\/schema.org\/OfflineEventAttendanceMode\",\"eventStatus\":\"https:\/\/schema.org\/EventScheduled\",\"startDate\":\"2026-09-06T08:00:00+02:00\",\"endDate\":\"2026-09-06T16:00:00+02:00\",\"location\":{\"@type\":\"Place\",\"name\":\"Rathausplatz Kiel\",\"description\":\"\",\"url\":\"https:\/\/welovekiel.com\/de\/veranstaltungsort\/rathausplatz-kiel\/\",\"address\":{\"@type\":\"PostalAddress\",\"streetAddress\":\"Rathausplatz\",\"addressLocality\":\"Kiel\",\"postalCode\":\"24103\",\"addressCountry\":\"Deutschland\"},\"telephone\":\"\",\"sameAs\":\"\"},\"organizer\":{\"@type\":\"Person\",\"name\":\"Landeshauptstadt Kiel\",\"description\":\"\",\"url\":\"\",\"telephone\":\"\",\"email\":\"\",\"sameAs\":\"\"},\"offers\":{\"@type\":\"Offer\",\"price\":\"0\",\"priceCurrency\":\"EUR\",\"url\":\"https:\/\/welovekiel.com\/de\/event\/flohmarkt-kiel-innenstadt-holstenplatz-bis-rathausplatz-6-9-2026\/\",\"category\":\"primary\",\"availability\":\"inStock\",\"validFrom\":\"1970-01-01T00:00:00+00:00\"},\"performer\":\"Organization\"},{\"@context\":\"http:\/\/schema.org\",\"@type\":\"Event\",\"name\":\"Flohmarkt Kaufland Kiel-Mettenhof 13.09.2026\",\"description\":\"&lt;p&gt;Flohmarkt Kaufland Kiel-Mettenhof am Sonntag, den 13. September 2026 ab 6 Uhr auf dem Kaufland Parkplatz im Kieler Stadtteil Mettenhof am Skandinaviendamm. In den Monaten Januar bis Dezember 2026 veranstaltet Heinz Geide Flohm\\u00e4rkte insgesamt 12 [&hellip;]&lt;\/p&gt;\\\\n\",\"image\":\"https:\/\/welovekiel.com\/wp-content\/uploads\/kaufland-mettenhof-parkhaus-flohmarkt.jpg\",\"url\":\"https:\/\/welovekiel.com\/de\/event\/flohmarkt-kaufland-kiel-mettenhof-13-09-2026\/\",\"eventAttendanceMode\":\"https:\/\/schema.org\/OfflineEventAttendanceMode\",\"eventStatus\":\"https:\/\/schema.org\/EventScheduled\",\"startDate\":\"2026-09-13T06:00:00+02:00\",\"endDate\":\"2026-09-13T16:00:00+02:00\",\"location\":{\"@type\":\"Place\",\"name\":\"Kaufland Kiel-Mettenhof\",\"description\":\"\",\"url\":\"https:\/\/welovekiel.com\/de\/veranstaltungsort\/kaufland-kiel-mettenhof\/\",\"address\":{\"@type\":\"PostalAddress\",\"streetAddress\":\"Skandinaviendamm 299\",\"addressLocality\":\"Kiel\",\"postalCode\":\"24109\",\"addressCountry\":\"Deutschland\"},\"telephone\":\"\",\"sameAs\":\"\"},\"organizer\":{\"@type\":\"Person\",\"name\":\"Heinz Geide Flom\\u00e4rkte\",\"description\":\"\",\"url\":\"\",\"telephone\":\"\",\"email\":\"\",\"sameAs\":\"\"},\"offers\":{\"@type\":\"Offer\",\"price\":\"0\",\"priceCurrency\":\"EUR\",\"url\":\"https:\/\/welovekiel.com\/de\/event\/flohmarkt-kaufland-kiel-mettenhof-13-09-2026\/\",\"category\":\"primary\",\"availability\":\"inStock\",\"validFrom\":\"1970-01-01T00:00:00+00:00\"},\"performer\":\"Organization\"},{\"@context\":\"http:\/\/schema.org\",\"@type\":\"Event\",\"name\":\"Flohmarkt Citti-Park Kiel 13.9.2026\",\"description\":\"&lt;p&gt;Flohmarkt Citti-Park Kiel am Sonntag, den 13. September 2026 ab 8 Uhr auf dem Citti-Park Parkplatz im M\\u00fchlendamm 1 im Kieler Stadtteil Hassee. An insgesamt sechs Terminen im Jahr 2026 veranstaltet die Firma Hochberg Flohm\\u00e4rkte [&hellip;]&lt;\/p&gt;\\\\n\",\"image\":\"https:\/\/welovekiel.com\/wp-content\/uploads\/flohmarkt-kiel-citti-park.jpg\",\"url\":\"https:\/\/welovekiel.com\/de\/event\/flohmarkt-citti-park-kiel-13-9-2026\/\",\"eventAttendanceMode\":\"https:\/\/schema.org\/OfflineEventAttendanceMode\",\"eventStatus\":\"https:\/\/schema.org\/EventScheduled\",\"startDate\":\"2026-09-13T08:00:00+02:00\",\"endDate\":\"2026-09-13T16:00:00+02:00\",\"location\":{\"@type\":\"Place\",\"name\":\"Citti-Park Kiel\",\"description\":\"\",\"url\":\"https:\/\/welovekiel.com\/de\/veranstaltungsort\/citti-park-kiel\/\",\"address\":{\"@type\":\"PostalAddress\",\"streetAddress\":\"M\\u00fchlendamm 1\",\"addressLocality\":\"Kiel\",\"postalCode\":\"24113\",\"addressCountry\":\"Deutschland\"},\"telephone\":\"\",\"sameAs\":\"\"},\"organizer\":{\"@type\":\"Person\",\"name\":\"Hochberg Flohmarkt\",\"description\":\"\",\"url\":\"\",\"telephone\":\"\",\"email\":\"\",\"sameAs\":\"\"},\"offers\":{\"@type\":\"Offer\",\"price\":\"0\",\"priceCurrency\":\"EUR\",\"url\":\"https:\/\/welovekiel.com\/de\/event\/flohmarkt-citti-park-kiel-13-9-2026\/\",\"category\":\"primary\",\"availability\":\"inStock\",\"validFrom\":\"1970-01-01T00:00:00+00:00\"},\"performer\":\"Organization\"}]\r\n<\/script>\n\t\t\t<script data-js=\"tribe-events-view-data\" type=\"application\/json\">\n\t{\"slug\":\"widget-events-list\",\"prev_url\":\"\",\"next_url\":\"https:\\\/\\\/welovekiel.com\\\/de\\\/?post_type=tribe_events&eventDisplay=widget-events-list&paged=2\",\"view_class\":\"Tribe\\\\Events\\\\Views\\\\V2\\\\Views\\\\Widgets\\\\Widget_List_View\",\"view_slug\":\"widget-events-list\",\"view_label\":\"View\",\"view\":null,\"should_manage_url\":true,\"id\":null,\"alias-slugs\":null,\"title\":\"Veranstaltungen von 2. September \\u2013 13. September \\u2013 We love Kiel\",\"limit\":\"3\",\"no_upcoming_events\":false,\"featured_events_only\":false,\"jsonld_enable\":true,\"tribe_is_list_widget\":false,\"admin_fields\":{\"title\":{\"label\":\"Titel:\",\"type\":\"text\",\"parent_classes\":\"\",\"classes\":\"\",\"dependency\":\"\",\"id\":\"widget-tribe-widget-events-list-5-title\",\"name\":\"widget-tribe-widget-events-list[5][title]\",\"options\":[],\"placeholder\":\"\",\"value\":null},\"limit\":{\"label\":\"Anzeige:\",\"type\":\"number\",\"default\":5,\"min\":1,\"max\":10,\"step\":1,\"parent_classes\":\"\",\"classes\":\"\",\"dependency\":\"\",\"id\":\"widget-tribe-widget-events-list-5-limit\",\"name\":\"widget-tribe-widget-events-list[5][limit]\",\"options\":[],\"placeholder\":\"\",\"value\":null},\"metadata_section\":{\"type\":\"fieldset\",\"classes\":\"tribe-common-form-control-checkbox-checkbox-group\",\"label\":\"Anzeige:\",\"children\":{\"cost\":{\"type\":\"checkbox\",\"label\":\"Preis\",\"parent_classes\":\"\",\"classes\":\"\",\"dependency\":\"\",\"id\":\"widget-tribe-widget-events-list-5-cost\",\"name\":\"widget-tribe-widget-events-list[5][cost]\",\"options\":[],\"placeholder\":\"\",\"value\":null},\"venue\":{\"type\":\"checkbox\",\"label\":\"Veranstaltungsort\",\"parent_classes\":\"\",\"classes\":\"\",\"dependency\":\"\",\"id\":\"widget-tribe-widget-events-list-5-venue\",\"name\":\"widget-tribe-widget-events-list[5][venue]\",\"options\":[],\"placeholder\":\"\",\"value\":null},\"street\":{\"type\":\"checkbox\",\"label\":\"Stra\\u00dfe\",\"parent_classes\":\"\",\"classes\":\"\",\"dependency\":\"\",\"id\":\"widget-tribe-widget-events-list-5-street\",\"name\":\"widget-tribe-widget-events-list[5][street]\",\"options\":[],\"placeholder\":\"\",\"value\":null},\"city\":{\"type\":\"checkbox\",\"label\":\"Stadt\",\"parent_classes\":\"\",\"classes\":\"\",\"dependency\":\"\",\"id\":\"widget-tribe-widget-events-list-5-city\",\"name\":\"widget-tribe-widget-events-list[5][city]\",\"options\":[],\"placeholder\":\"\",\"value\":null},\"region\":{\"type\":\"checkbox\",\"label\":\"Staat (USA) oder Bundesland \\\/ Kanton (International)\",\"parent_classes\":\"\",\"classes\":\"\",\"dependency\":\"\",\"id\":\"widget-tribe-widget-events-list-5-region\",\"name\":\"widget-tribe-widget-events-list[5][region]\",\"options\":[],\"placeholder\":\"\",\"value\":null},\"zip\":{\"type\":\"checkbox\",\"label\":\"Postleitzahl\",\"parent_classes\":\"\",\"classes\":\"\",\"dependency\":\"\",\"id\":\"widget-tribe-widget-events-list-5-zip\",\"name\":\"widget-tribe-widget-events-list[5][zip]\",\"options\":[],\"placeholder\":\"\",\"value\":null},\"country\":{\"type\":\"checkbox\",\"label\":\"Land\",\"parent_classes\":\"\",\"classes\":\"\",\"dependency\":\"\",\"id\":\"widget-tribe-widget-events-list-5-country\",\"name\":\"widget-tribe-widget-events-list[5][country]\",\"options\":[],\"placeholder\":\"\",\"value\":null},\"phone\":{\"type\":\"checkbox\",\"label\":\"Telefon\",\"parent_classes\":\"\",\"classes\":\"\",\"dependency\":\"\",\"id\":\"widget-tribe-widget-events-list-5-phone\",\"name\":\"widget-tribe-widget-events-list[5][phone]\",\"options\":[],\"placeholder\":\"\",\"value\":null},\"organizer\":{\"type\":\"checkbox\",\"label\":\"Veranstalter\",\"parent_classes\":\"\",\"classes\":\"\",\"dependency\":\"\",\"id\":\"widget-tribe-widget-events-list-5-organizer\",\"name\":\"widget-tribe-widget-events-list[5][organizer]\",\"options\":[],\"placeholder\":\"\",\"value\":null},\"website\":{\"type\":\"checkbox\",\"label\":\"Webseite\",\"parent_classes\":\"\",\"classes\":\"\",\"dependency\":\"\",\"id\":\"widget-tribe-widget-events-list-5-website\",\"name\":\"widget-tribe-widget-events-list[5][website]\",\"options\":[],\"placeholder\":\"\",\"value\":null}},\"parent_classes\":\"\",\"dependency\":\"\",\"id\":\"widget-tribe-widget-events-list-5-metadata_section\",\"name\":\"widget-tribe-widget-events-list[5][metadata_section]\",\"options\":[],\"placeholder\":\"\",\"value\":null},\"taxonomy_section\":{\"type\":\"section\",\"classes\":[\"calendar-widget-filters-container\"],\"label\":\"Filter:\",\"children\":{\"filters\":{\"type\":\"taxonomy-filters\",\"parent_classes\":\"\",\"classes\":\"\",\"dependency\":\"\",\"id\":\"widget-tribe-widget-events-list-5-filters\",\"label\":\"\",\"name\":\"widget-tribe-widget-events-list[5][filters]\",\"options\":[],\"placeholder\":\"\",\"value\":null,\"list_items\":[]},\"operand\":{\"type\":\"fieldset\",\"classes\":\"tribe-common-form-control-checkbox-radio-group\",\"label\":\"Operand:\",\"selected\":\"OR\",\"children\":[{\"type\":\"radio\",\"label\":\"Match any\",\"button_value\":\"OR\",\"parent_classes\":\"\",\"classes\":\"\",\"dependency\":\"\",\"id\":\"widget-tribe-widget-events-list-5-operand\",\"name\":\"widget-tribe-widget-events-list[5][operand]\",\"options\":[],\"placeholder\":\"\",\"value\":null},{\"type\":\"radio\",\"label\":\"Match all\",\"button_value\":\"AND\",\"parent_classes\":\"\",\"classes\":\"\",\"dependency\":\"\",\"id\":\"widget-tribe-widget-events-list-5-operand\",\"name\":\"widget-tribe-widget-events-list[5][operand]\",\"options\":[],\"placeholder\":\"\",\"value\":null}],\"parent_classes\":\"\",\"dependency\":\"\",\"id\":\"widget-tribe-widget-events-list-5-operand\",\"name\":\"widget-tribe-widget-events-list[5][operand]\",\"options\":[],\"placeholder\":\"\",\"value\":null}},\"parent_classes\":\"\",\"dependency\":\"\",\"id\":\"widget-tribe-widget-events-list-5-taxonomy_section\",\"name\":\"widget-tribe-widget-events-list[5][taxonomy_section]\",\"options\":[],\"placeholder\":\"\",\"value\":null},\"taxonomy\":{\"type\":\"taxonomy\",\"classes\":\"calendar-widget-add-filter\",\"label\":\"Filter zuf\\u00fcgen:\",\"placeholder\":\"W\\u00e4hle einen Taxonomiebegriff\",\"parent_classes\":\"\",\"dependency\":\"\",\"id\":\"widget-tribe-widget-events-list-5-taxonomy\",\"name\":\"widget-tribe-widget-events-list[5][taxonomy]\",\"options\":[],\"value\":null},\"no_upcoming_events\":{\"label\":\"Blende dieses Widget aus, wenn es keine bevorstehenden Veranstaltungen gibt.\",\"type\":\"checkbox\",\"parent_classes\":\"\",\"classes\":\"\",\"dependency\":\"\",\"id\":\"widget-tribe-widget-events-list-5-no_upcoming_events\",\"name\":\"widget-tribe-widget-events-list[5][no_upcoming_events]\",\"options\":[],\"placeholder\":\"\",\"value\":null},\"featured_events_only\":{\"label\":\"Nur auf hervorgehobene Veranstaltungen beschr\\u00e4nken\",\"type\":\"checkbox\",\"parent_classes\":\"\",\"classes\":\"\",\"dependency\":\"\",\"id\":\"widget-tribe-widget-events-list-5-featured_events_only\",\"name\":\"widget-tribe-widget-events-list[5][featured_events_only]\",\"options\":[],\"placeholder\":\"\",\"value\":null},\"jsonld_enable\":{\"label\":\"JSON-LD-Daten generieren\",\"type\":\"checkbox\",\"parent_classes\":\"\",\"classes\":\"\",\"dependency\":\"\",\"id\":\"widget-tribe-widget-events-list-5-jsonld_enable\",\"name\":\"widget-tribe-widget-events-list[5][jsonld_enable]\",\"options\":[],\"placeholder\":\"\",\"value\":null}},\"venue\":false,\"country\":false,\"street\":false,\"city\":false,\"region\":false,\"zip\":false,\"phone\":false,\"cost\":false,\"organizer\":false,\"website\":false,\"operand\":\"OR\",\"filters\":\"\",\"wpml_language\":\"de\",\"fusion_display_title\":\"yes\",\"fusion_padding_color\":\"\",\"fusion_margin\":\"\",\"fusion_bg_color\":\"\",\"fusion_bg_radius_size\":\"\",\"fusion_border_size\":\"\",\"fusion_border_style\":\"solid\",\"fusion_border_color\":\"\",\"fusion_divider_color\":\"\",\"fusion_align\":\"\",\"fusion_align_mobile\":\"\",\"events\":[10000634,10000625,10000648],\"url\":\"https:\\\/\\\/welovekiel.com\\\/de\\\/?post_type=tribe_events&eventDisplay=widget-events-list\",\"url_event_date\":false,\"bar\":{\"keyword\":\"\",\"date\":\"\"},\"today\":\"2026-09-02 00:00:00\",\"now\":\"2026-09-02 18:48:55\",\"home_url\":\"https:\\\/\\\/welovekiel.com\\\/de\\\/\",\"rest_url\":\"https:\\\/\\\/welovekiel.com\\\/de\\\/wp-json\\\/tribe\\\/views\\\/v2\\\/html\",\"rest_method\":\"GET\",\"rest_nonce\":\"\",\"today_url\":\"https:\\\/\\\/welovekiel.com\\\/de\\\/?post_type=tribe_events&eventDisplay=widget-events-list&rest_route=%2Fwp%2Fv2%2Fencyclopedia%2F1876\",\"today_title\":\"Klicke, um das heutige Datum auszuw\\u00e4hlen\",\"today_label\":\"Heute\",\"prev_label\":\"\",\"next_label\":\"\",\"date_formats\":{\"compact\":\"d.m.Y\",\"month_and_year_compact\":\"m.Y\",\"month_and_year\":\"F Y\",\"time_range_separator\":\" - \",\"date_time_separator\":\" | \"},\"messages\":[],\"start_of_week\":\"1\",\"header_title\":\"\",\"header_title_element\":\"h1\",\"content_title\":\"\",\"show_content_title\":false,\"breadcrumbs\":[],\"backlink\":false,\"before_events\":\"\",\"after_events\":\"\\n<!--\\nThis calendar is powered by The Events Calendar.\\nhttp:\\\/\\\/evnt.is\\\/18wn\\n-->\\n\",\"display_events_bar\":false,\"disable_event_search\":false,\"live_refresh\":true,\"ical\":{\"display_link\":true,\"link\":{\"url\":\"https:\\\/\\\/welovekiel.com\\\/de\\\/?post_type=tribe_events&#038;eventDisplay=widget-events-list&#038;ical=1\",\"text\":\"Veranstaltungen als iCal exportieren\",\"title\":\"Diese Funktion verwenden, um Kalenderdaten mit Google Kalender, Apple iCal und kompatiblen Apps zu teilen\"}},\"container_classes\":[\"tribe-common\",\"tribe-events\",\"tribe-events-view\",\"tribe-events-view--widget-events-list\",\"tribe-events-widget\"],\"container_data\":[],\"is_past\":false,\"breakpoints\":{\"xsmall\":500,\"medium\":768,\"full\":960},\"breakpoint_pointer\":\"8b72a3d8-2328-4f81-a537-89923ae6f1f7\",\"is_initial_load\":false,\"public_views\":{\"list\":{\"view_class\":\"Tribe\\\\Events\\\\Views\\\\V2\\\\Views\\\\List_View\",\"view_url\":\"https:\\\/\\\/welovekiel.com\\\/de\\\/Veranstaltungen\\\/Liste\\\/\",\"view_label\":\"Liste\",\"aria_label\":\"Zeige Veranstaltungen in der Liste Ansicht\"},\"month\":{\"view_class\":\"Tribe\\\\Events\\\\Views\\\\V2\\\\Views\\\\Month_View\",\"view_url\":\"https:\\\/\\\/welovekiel.com\\\/de\\\/Veranstaltungen\\\/Monat\\\/\",\"view_label\":\"Monat\",\"aria_label\":\"Zeige Veranstaltungen in der Monat Ansicht\"},\"day\":{\"view_class\":\"Tribe\\\\Events\\\\Views\\\\V2\\\\Views\\\\Day_View\",\"view_url\":\"https:\\\/\\\/welovekiel.com\\\/de\\\/Veranstaltungen\\\/heute\\\/\",\"view_label\":\"Tag\",\"aria_label\":\"Zeige Veranstaltungen in der Tag Ansicht\"},\"week\":{\"view_class\":\"Tribe\\\\Events\\\\Pro\\\\Views\\\\V2\\\\Views\\\\Week_View\",\"view_url\":\"https:\\\/\\\/welovekiel.com\\\/de\\\/Veranstaltungen\\\/Woche\\\/\",\"view_label\":\"Woche\",\"aria_label\":\"Zeige Veranstaltungen in der Woche Ansicht\"}},\"show_latest_past\":false,\"past\":false,\"compatibility_classes\":[\"tribe-compatibility-container\"],\"view_more_text\":\"Kalender anzeigen\",\"view_more_title\":\"Weitere Veranstaltungen anzeigen.\",\"view_more_link\":\"https:\\\/\\\/welovekiel.com\\\/de\\\/Veranstaltungen\\\/\",\"widget_title\":\"Anstehende Veranstaltungen\",\"hide_if_no_upcoming_events\":false,\"display\":{\"cost\":false,\"venue\":false,\"street\":false,\"city\":false,\"region\":false,\"zip\":false,\"country\":false,\"phone\":false,\"organizer\":false,\"website\":false},\"subscribe_links\":{\"gcal\":{\"label\":\"Google Kalender\",\"single_label\":\"Zu Google Kalender hinzuf\\u00fcgen\",\"visible\":true,\"block_slug\":\"hasGoogleCalendar\"},\"ical\":{\"label\":\"iCalendar\",\"single_label\":\"Zu iCalendar hinzuf\\u00fcgen\",\"visible\":true,\"block_slug\":\"hasiCal\"},\"outlook-365\":{\"label\":\"Outlook 365\",\"single_label\":\"Outlook 365\",\"visible\":true,\"block_slug\":\"hasOutlook365\"},\"outlook-live\":{\"label\":\"Outlook Live\",\"single_label\":\"Outlook Live\",\"visible\":true,\"block_slug\":\"hasOutlookLive\"},\"ics\":{\"label\":\".ics-Datei exportieren\",\"single_label\":\".ics-Datei exportieren\",\"visible\":true,\"block_slug\":null},\"outlook-ics\":{\"label\":\"Exportiere Outlook .ics Datei\",\"single_label\":\"Exportiere Outlook .ics Datei\",\"visible\":true,\"block_slug\":null}},\"display_recurring_toggle\":false,\"_context\":{\"slug\":\"widget-events-list\"}}<\/script>\n\n\t\t\t\t\t\t\t<header class=\"tribe-events-widget-events-list__header\">\n\t\t\t\t\t<h2 class=\"tribe-events-widget-events-list__header-title tribe-common-h6 tribe-common-h--alt\">\n\t\t\t\t\t\tAnstehende Veranstaltungen\t\t\t\t\t<\/h2>\n\t\t\t\t<\/header>\n\t\t\t\n\t\t\t\n\t\t\t\t<div class=\"tribe-events-widget-events-list__events\">\n\t\t\t\t\t\t\t\t\t\t\t<div class=\"tribe-common-g-row tribe-events-widget-events-list__event-row\">\n\n\t<div class=\"tribe-events-widget-events-list__event-date-tag tribe-common-g-col\">\n\t<time class=\"tribe-events-widget-events-list__event-date-tag-datetime\" datetime=\"2026-09-06\">\n\t\t<span class=\"tribe-events-widget-events-list__event-date-tag-month\">\n\t\t\tSep.\t\t<\/span>\n\t\t<span class=\"tribe-events-widget-events-list__event-date-tag-daynum tribe-common-h2 tribe-common-h4--min-medium\">\n\t\t\t6\t\t<\/span>\n\t<\/time>\n<\/div>\n\n\t<div class=\"tribe-events-widget-events-list__event-wrapper tribe-common-g-col\">\n\t\t<article class=\"tribe-events-widget-events-list__event post-10000634 tribe_events type-tribe_events status-publish has-post-thumbnail hentry tag-3262 tag-asmus-bremer-platz tag-flohmarkt tag-flohmarkt-kiel tag-flohmarkt-kieler-innenstadt tag-flohmarkt-rathausplatz tag-holstenplatz tag-holstenstrasse tag-rathausplatz tag-willestrasse tribe_events_cat-flohmarkt tribe_events_cat-kiel tribe_events_cat-shopping gallery-content-unit\">\n\t\t\t<div class=\"tribe-events-widget-events-list__event-details\">\n\n\t\t\t\t<header class=\"tribe-events-widget-events-list__event-header\">\n\t\t\t\t\t<div class=\"tribe-events-widget-events-list__event-datetime-wrapper tribe-common-b2 tribe-common-b3--min-medium\">\n\t\t<time class=\"tribe-events-widget-events-list__event-datetime\" datetime=\"2026-09-06\">\n\t\t<span class=\"tribe-event-date-start\">08:00<\/span> - <span class=\"tribe-event-time\">16:00<\/span>\t<\/time>\n\t<\/div>\n\t\t\t\t\t<h3 class=\"tribe-events-widget-events-list__event-title tribe-common-h7\">\n\t<a href=\"https:\/\/welovekiel.com\/de\/event\/flohmarkt-kiel-innenstadt-holstenplatz-bis-rathausplatz-6-9-2026\/\" title=\"Flohmarkt Kiel Innenstadt Holstenplatz bis Rathausplatz 06.09.2026\" rel=\"bookmark\" class=\"tribe-events-widget-events-list__event-title-link tribe-common-anchor-thin\">\n\t\tFlohmarkt Kiel Innenstadt Holstenplatz bis Rathausplatz 06.09.2026\t<\/a>\n<\/h3>\n\t\t\t\t<\/header>\n\n\t\t\t\t\n\t\t\t<\/div>\n\t\t<\/article>\n\t<\/div>\n\n<\/div>\n\t\t\t\t\t\t\t\t\t\t\t<div class=\"tribe-common-g-row tribe-events-widget-events-list__event-row\">\n\n\t<div class=\"tribe-events-widget-events-list__event-date-tag tribe-common-g-col\">\n\t<time class=\"tribe-events-widget-events-list__event-date-tag-datetime\" datetime=\"2026-09-13\">\n\t\t<span class=\"tribe-events-widget-events-list__event-date-tag-month\">\n\t\t\tSep.\t\t<\/span>\n\t\t<span class=\"tribe-events-widget-events-list__event-date-tag-daynum tribe-common-h2 tribe-common-h4--min-medium\">\n\t\t\t13\t\t<\/span>\n\t<\/time>\n<\/div>\n\n\t<div class=\"tribe-events-widget-events-list__event-wrapper tribe-common-g-col\">\n\t\t<article class=\"tribe-events-widget-events-list__event post-10000625 tribe_events type-tribe_events status-publish has-post-thumbnail hentry tag-3262 tag-flohmarkt tag-flohmarkt-kiel tag-flohmarkt-mettenhof tag-kaufland tag-kaufland-flohmarkt tag-kaufland-mettenhof tag-kiel tag-mettenhof tag-mettenhof-fohmarkt tag-shopping tag-skandinaviendamm tribe_events_cat-flohmarkt tribe_events_cat-kiel tribe_events_cat-mettenhof tribe_events_cat-shopping gallery-content-unit\">\n\t\t\t<div class=\"tribe-events-widget-events-list__event-details\">\n\n\t\t\t\t<header class=\"tribe-events-widget-events-list__event-header\">\n\t\t\t\t\t<div class=\"tribe-events-widget-events-list__event-datetime-wrapper tribe-common-b2 tribe-common-b3--min-medium\">\n\t\t<time class=\"tribe-events-widget-events-list__event-datetime\" datetime=\"2026-09-13\">\n\t\t<span class=\"tribe-event-date-start\">06:00<\/span> - <span class=\"tribe-event-time\">16:00<\/span>\t<\/time>\n\t<\/div>\n\t\t\t\t\t<h3 class=\"tribe-events-widget-events-list__event-title tribe-common-h7\">\n\t<a href=\"https:\/\/welovekiel.com\/de\/event\/flohmarkt-kaufland-kiel-mettenhof-13-09-2026\/\" title=\"Flohmarkt Kaufland Kiel-Mettenhof 13.09.2026\" rel=\"bookmark\" class=\"tribe-events-widget-events-list__event-title-link tribe-common-anchor-thin\">\n\t\tFlohmarkt Kaufland Kiel-Mettenhof 13.09.2026\t<\/a>\n<\/h3>\n\t\t\t\t<\/header>\n\n\t\t\t\t\n\t\t\t<\/div>\n\t\t<\/article>\n\t<\/div>\n\n<\/div>\n\t\t\t\t\t\t\t\t\t\t\t<div class=\"tribe-common-g-row tribe-events-widget-events-list__event-row\">\n\n\t<div class=\"tribe-events-widget-events-list__event-date-tag tribe-common-g-col\">\n\t<time class=\"tribe-events-widget-events-list__event-date-tag-datetime\" datetime=\"2026-09-13\">\n\t\t<span class=\"tribe-events-widget-events-list__event-date-tag-month\">\n\t\t\tSep.\t\t<\/span>\n\t\t<span class=\"tribe-events-widget-events-list__event-date-tag-daynum tribe-common-h2 tribe-common-h4--min-medium\">\n\t\t\t13\t\t<\/span>\n\t<\/time>\n<\/div>\n\n\t<div class=\"tribe-events-widget-events-list__event-wrapper tribe-common-g-col\">\n\t\t<article class=\"tribe-events-widget-events-list__event post-10000648 tribe_events type-tribe_events status-publish has-post-thumbnail hentry tag-3262 tag-citti-park tag-citti-park-flohmarkt tag-citti-park-kiel tag-flohmarkt tag-flohmarkt-kiel tag-hassee tag-shopping tribe_events_cat-flohmarkt tribe_events_cat-hassee tribe_events_cat-kiel tribe_events_cat-shopping gallery-content-unit\">\n\t\t\t<div class=\"tribe-events-widget-events-list__event-details\">\n\n\t\t\t\t<header class=\"tribe-events-widget-events-list__event-header\">\n\t\t\t\t\t<div class=\"tribe-events-widget-events-list__event-datetime-wrapper tribe-common-b2 tribe-common-b3--min-medium\">\n\t\t<time class=\"tribe-events-widget-events-list__event-datetime\" datetime=\"2026-09-13\">\n\t\t<span class=\"tribe-event-date-start\">08:00<\/span> - <span class=\"tribe-event-time\">16:00<\/span>\t<\/time>\n\t<\/div>\n\t\t\t\t\t<h3 class=\"tribe-events-widget-events-list__event-title tribe-common-h7\">\n\t<a href=\"https:\/\/welovekiel.com\/de\/event\/flohmarkt-citti-park-kiel-13-9-2026\/\" title=\"Flohmarkt Citti-Park Kiel 13.9.2026\" rel=\"bookmark\" class=\"tribe-events-widget-events-list__event-title-link tribe-common-anchor-thin\">\n\t\tFlohmarkt Citti-Park Kiel 13.9.2026\t<\/a>\n<\/h3>\n\t\t\t\t<\/header>\n\n\t\t\t\t\n\t\t\t<\/div>\n\t\t<\/article>\n\t<\/div>\n\n<\/div>\n\t\t\t\t\t\t\t\t\t<\/div>\n\n\t\t\t\t<div class=\"tribe-events-widget-events-list__view-more tribe-common-b1 tribe-common-b2--min-medium\">\n\t<a href=\"https:\/\/welovekiel.com\/de\/Veranstaltungen\/\" class=\"tribe-events-widget-events-list__view-more-link tribe-common-anchor-thin\" title=\"Weitere Veranstaltungen anzeigen.\">\n\t\tKalender anzeigen\t<\/a>\n<\/div>\n\n\t\t\t\t\t<\/div>\n\t<\/div>\n<\/div>\n<script data-js=\"tribe-events-view-nonce-data\" type=\"application\/json\">{\"tvn1\":\"86342f732c\",\"tvn2\":\"\"}<\/script><div id=\"custom_html-5\" class=\"widget_text widget widget_custom_html\"><div class=\"heading\"><h4 class=\"widget-title\">Kiel Reisef&uuml;hrer<\/h4><\/div><div class=\"textwidget custom-html-widget\"><iframe style=\"width:240px;height:240px;\" marginwidth=\"0\" marginheight=\"0\" scrolling=\"no\" frameborder=\"0\" src=\"\/\/ws-eu.amazon-adsystem.com\/widgets\/q?ServiceVersion=20070822&amp;OneJS=1&amp;Operation=GetAdHtml&amp;MarketPlace=DE&amp;source=ac&amp;ref=tf_til&amp;ad_type=product_link&amp;tracking_id=qid337563258-21&amp;marketplace=amazon&amp;region=DE&amp;placement=3831732876&amp;asins=3831732876&amp;linkId=33ef746e98f4413a09cdbb069d7d873c&amp;show_border=true&amp;link_opens_in_new_window=true&amp;price_color=333333&amp;title_color=0066c0&amp;bg_color=ffffff\">\r\n\t<\/iframe><\/div><\/div><div class=\"fusion-additional-widget-content\"><\/div><\/div><div class=\"fusion-clearfix\"><\/div><\/div><\/div><\/div><\/div>\n","protected":false},"excerpt":{"rendered":"","protected":false},"author":2,"featured_media":2063,"template":"","meta":{"footnotes":""},"encyclopedia-category":[55,24,19],"encyclopedia-tag":[364,373,360,112,114],"class_list":["post-1876","encyclopedia","type-encyclopedia","status-publish","has-post-thumbnail","hentry","encyclopedia-category-bluecherplatz","encyclopedia-category-strassen-plaetze","encyclopedia-category-weihnachtsmaerkte","encyclopedia-tag-bernhardt-minetti-platz","encyclopedia-tag-holtenauer-strasse","encyclopedia-tag-kieler-weihnachtsmaerkte","encyclopedia-tag-weihnachtsmarkt","encyclopedia-tag-weihnachtszeit","gallery-content-unit"],"aioseo_notices":[],"aioseo_head":"\n\t\t<!-- All in One SEO 4.9.10 - aioseo.com -->\n\t<meta name=\"description\" content=\"Der Kieler Schwedenkai ist ein Hafenkai mit Terminal, B\u00fcrogeb\u00e4ude und F\u00e4hranleger im Kieler Hafen auf dem Westufer der Kieler F\u00f6rde in der Kieler Innenstadt.\" \/>\n\t<meta name=\"robots\" content=\"max-image-preview:large\" \/>\n\t<meta name=\"author\" content=\"Christian Gewiese\"\/>\n\t<meta name=\"keywords\" content=\"altstadt,bootshafen,hafen,hafenkai,innenstadt,kieler f\u00f6rde,kieler hafen,schwedenkai,seehafen kiel,stena line,terminal,vorstadt,h\u00e4fen und anleger,verkehr und transport\" \/>\n\t<link rel=\"canonical\" href=\"https:\/\/welovekiel.com\/de\/lexikon\/schwedenkai\/\" \/>\n\t<meta name=\"generator\" content=\"All in One SEO (AIOSEO) 4.9.10\" \/>\n\t\t<meta property=\"og:locale\" content=\"de_DE\" \/>\n\t\t<meta property=\"og:site_name\" content=\"We love Kiel |\" \/>\n\t\t<meta property=\"og:type\" content=\"article\" \/>\n\t\t<meta property=\"og:title\" content=\"Schwedenkai | We love Kiel\" \/>\n\t\t<meta property=\"og:description\" content=\"Der Kieler Schwedenkai ist ein Hafenkai mit Terminal, B\u00fcrogeb\u00e4ude und F\u00e4hranleger im Kieler Hafen auf dem Westufer der Kieler F\u00f6rde in der Kieler Innenstadt.\" \/>\n\t\t<meta property=\"og:url\" content=\"https:\/\/welovekiel.com\/de\/lexikon\/schwedenkai\/\" \/>\n\t\t<meta property=\"article:published_time\" content=\"2022-03-19T13:47:51+00:00\" \/>\n\t\t<meta property=\"article:modified_time\" content=\"2023-03-07T22:18:17+00:00\" \/>\n\t\t<meta property=\"article:publisher\" content=\"https:\/\/www.facebook.com\/WeLoveKielCity\/\" \/>\n\t\t<meta name=\"twitter:card\" content=\"summary\" \/>\n\t\t<meta name=\"twitter:title\" content=\"Schwedenkai | We love Kiel\" \/>\n\t\t<meta name=\"twitter:description\" content=\"Der Kieler Schwedenkai ist ein Hafenkai mit Terminal, B\u00fcrogeb\u00e4ude und F\u00e4hranleger im Kieler Hafen auf dem Westufer der Kieler F\u00f6rde in der Kieler Innenstadt.\" \/>\n\t\t<script type=\"application\/ld+json\" class=\"aioseo-schema\">\n\t\t\t{\"@context\":\"https:\\\/\\\/schema.org\",\"@graph\":[{\"@type\":\"BreadcrumbList\",\"@id\":\"https:\\\/\\\/welovekiel.com\\\/de\\\/lexikon\\\/schwedenkai\\\/#breadcrumblist\",\"itemListElement\":[{\"@type\":\"ListItem\",\"@id\":\"https:\\\/\\\/welovekiel.com\\\/de\\\/#listItem\",\"position\":1,\"name\":\"Home\",\"item\":\"https:\\\/\\\/welovekiel.com\\\/de\\\/\",\"nextItem\":{\"@type\":\"ListItem\",\"@id\":\"https:\\\/\\\/welovekiel.com\\\/de\\\/lexikon\\\/#listItem\",\"name\":\"Lexikon\"}},{\"@type\":\"ListItem\",\"@id\":\"https:\\\/\\\/welovekiel.com\\\/de\\\/lexikon\\\/#listItem\",\"position\":2,\"name\":\"Lexikon\",\"item\":\"https:\\\/\\\/welovekiel.com\\\/de\\\/lexikon\\\/\",\"nextItem\":{\"@type\":\"ListItem\",\"@id\":\"https:\\\/\\\/welovekiel.com\\\/de\\\/lexikon\\\/kategorie\\\/weihnachtsmaerkte\\\/#listItem\",\"name\":\"Weihnachtsm\\u00e4rkte\"},\"previousItem\":{\"@type\":\"ListItem\",\"@id\":\"https:\\\/\\\/welovekiel.com\\\/de\\\/#listItem\",\"name\":\"Home\"}},{\"@type\":\"ListItem\",\"@id\":\"https:\\\/\\\/welovekiel.com\\\/de\\\/lexikon\\\/kategorie\\\/weihnachtsmaerkte\\\/#listItem\",\"position\":3,\"name\":\"Weihnachtsm\\u00e4rkte\",\"item\":\"https:\\\/\\\/welovekiel.com\\\/de\\\/lexikon\\\/kategorie\\\/weihnachtsmaerkte\\\/\",\"nextItem\":{\"@type\":\"ListItem\",\"@id\":\"https:\\\/\\\/welovekiel.com\\\/de\\\/lexikon\\\/weihnachtsmarkt-kiel-bernhardt-minetti-platz\\\/#listItem\",\"name\":\"Weihnachtsmarkt Kiel Bernhard-Minetti-Platz\"},\"previousItem\":{\"@type\":\"ListItem\",\"@id\":\"https:\\\/\\\/welovekiel.com\\\/de\\\/lexikon\\\/#listItem\",\"name\":\"Lexikon\"}},{\"@type\":\"ListItem\",\"@id\":\"https:\\\/\\\/welovekiel.com\\\/de\\\/lexikon\\\/weihnachtsmarkt-kiel-bernhardt-minetti-platz\\\/#listItem\",\"position\":4,\"name\":\"Weihnachtsmarkt Kiel Bernhard-Minetti-Platz\",\"previousItem\":{\"@type\":\"ListItem\",\"@id\":\"https:\\\/\\\/welovekiel.com\\\/de\\\/lexikon\\\/kategorie\\\/weihnachtsmaerkte\\\/#listItem\",\"name\":\"Weihnachtsm\\u00e4rkte\"}}]},{\"@type\":\"Organization\",\"@id\":\"https:\\\/\\\/welovekiel.com\\\/de\\\/#organization\",\"name\":\"We love Kiel\",\"url\":\"https:\\\/\\\/welovekiel.com\\\/de\\\/\",\"sameAs\":[\"https:\\\/\\\/www.facebook.com\\\/WeLoveKielCity\\\/\",\"https:\\\/\\\/www.instagram.com\\\/welovekiel\\\/\"]},{\"@type\":\"Person\",\"@id\":\"https:\\\/\\\/welovekiel.com\\\/de\\\/author\\\/christian\\\/#author\",\"url\":\"https:\\\/\\\/welovekiel.com\\\/de\\\/author\\\/christian\\\/\",\"name\":\"Christian Gewiese\",\"image\":{\"@type\":\"ImageObject\",\"@id\":\"https:\\\/\\\/welovekiel.com\\\/de\\\/lexikon\\\/schwedenkai\\\/#authorImage\",\"url\":\"https:\\\/\\\/secure.gravatar.com\\\/avatar\\\/97707923f9bed63dfb3bbdf8065fadb426aa1508b119d1c175a90c8939cbdb88?s=96&d=mm&r=g\",\"width\":96,\"height\":96,\"caption\":\"Christian Gewiese\"}},{\"@type\":\"WebPage\",\"@id\":\"https:\\\/\\\/welovekiel.com\\\/de\\\/lexikon\\\/schwedenkai\\\/#webpage\",\"url\":\"https:\\\/\\\/welovekiel.com\\\/de\\\/lexikon\\\/schwedenkai\\\/\",\"name\":\"Schwedenkai | We love Kiel\",\"description\":\"Der Kieler Schwedenkai ist ein Hafenkai mit Terminal, B\\u00fcrogeb\\u00e4ude und F\\u00e4hranleger im Kieler Hafen auf dem Westufer der Kieler F\\u00f6rde in der Kieler Innenstadt.\",\"inLanguage\":\"de-DE\",\"isPartOf\":{\"@id\":\"https:\\\/\\\/welovekiel.com\\\/de\\\/#website\"},\"breadcrumb\":{\"@id\":\"https:\\\/\\\/welovekiel.com\\\/de\\\/lexikon\\\/schwedenkai\\\/#breadcrumblist\"},\"author\":{\"@id\":\"https:\\\/\\\/welovekiel.com\\\/de\\\/author\\\/christian\\\/#author\"},\"creator\":{\"@id\":\"https:\\\/\\\/welovekiel.com\\\/de\\\/author\\\/christian\\\/#author\"},\"image\":{\"@type\":\"ImageObject\",\"url\":\"https:\\\/\\\/welovekiel.com\\\/wp-content\\\/uploads\\\/kiel-schwedenkai.jpg\",\"@id\":\"https:\\\/\\\/welovekiel.com\\\/de\\\/lexikon\\\/schwedenkai\\\/#mainImage\",\"width\":1200,\"height\":900,\"caption\":\"Kiel Schwedenkai\"},\"primaryImageOfPage\":{\"@id\":\"https:\\\/\\\/welovekiel.com\\\/de\\\/lexikon\\\/schwedenkai\\\/#mainImage\"},\"datePublished\":\"2022-03-19T14:47:51+01:00\",\"dateModified\":\"2023-03-07T23:18:17+01:00\"},{\"@type\":\"WebSite\",\"@id\":\"https:\\\/\\\/welovekiel.com\\\/de\\\/#website\",\"url\":\"https:\\\/\\\/welovekiel.com\\\/de\\\/\",\"name\":\"We love Kiel\",\"inLanguage\":\"de-DE\",\"publisher\":{\"@id\":\"https:\\\/\\\/welovekiel.com\\\/de\\\/#organization\"}}]}\n\t\t<\/script>\n\t\t<!-- All in One SEO -->\n\n","aioseo_head_json":{"title":"Schwedenkai | We love Kiel","description":"Der Kieler Schwedenkai ist ein Hafenkai mit Terminal, B\u00fcrogeb\u00e4ude und F\u00e4hranleger im Kieler Hafen auf dem Westufer der Kieler F\u00f6rde in der Kieler Innenstadt.","canonical_url":"https:\/\/welovekiel.com\/de\/lexikon\/schwedenkai\/","robots":"max-image-preview:large","keywords":"altstadt,bootshafen,hafen,hafenkai,innenstadt,kieler f\u00f6rde,kieler hafen,schwedenkai,seehafen kiel,stena line,terminal,vorstadt,h\u00e4fen und anleger,verkehr und transport","webmasterTools":{"miscellaneous":""},"schema":{"@context":"https:\/\/schema.org","@graph":[{"@type":"BreadcrumbList","@id":"https:\/\/welovekiel.com\/de\/lexikon\/schwedenkai\/#breadcrumblist","itemListElement":[{"@type":"ListItem","@id":"https:\/\/welovekiel.com\/de\/#listItem","position":1,"name":"Home","item":"https:\/\/welovekiel.com\/de\/","nextItem":{"@type":"ListItem","@id":"https:\/\/welovekiel.com\/de\/lexikon\/#listItem","name":"Lexikon"}},{"@type":"ListItem","@id":"https:\/\/welovekiel.com\/de\/lexikon\/#listItem","position":2,"name":"Lexikon","item":"https:\/\/welovekiel.com\/de\/lexikon\/","nextItem":{"@type":"ListItem","@id":"https:\/\/welovekiel.com\/de\/lexikon\/kategorie\/weihnachtsmaerkte\/#listItem","name":"Weihnachtsm\u00e4rkte"},"previousItem":{"@type":"ListItem","@id":"https:\/\/welovekiel.com\/de\/#listItem","name":"Home"}},{"@type":"ListItem","@id":"https:\/\/welovekiel.com\/de\/lexikon\/kategorie\/weihnachtsmaerkte\/#listItem","position":3,"name":"Weihnachtsm\u00e4rkte","item":"https:\/\/welovekiel.com\/de\/lexikon\/kategorie\/weihnachtsmaerkte\/","nextItem":{"@type":"ListItem","@id":"https:\/\/welovekiel.com\/de\/lexikon\/weihnachtsmarkt-kiel-bernhardt-minetti-platz\/#listItem","name":"Weihnachtsmarkt Kiel Bernhard-Minetti-Platz"},"previousItem":{"@type":"ListItem","@id":"https:\/\/welovekiel.com\/de\/lexikon\/#listItem","name":"Lexikon"}},{"@type":"ListItem","@id":"https:\/\/welovekiel.com\/de\/lexikon\/weihnachtsmarkt-kiel-bernhardt-minetti-platz\/#listItem","position":4,"name":"Weihnachtsmarkt Kiel Bernhard-Minetti-Platz","previousItem":{"@type":"ListItem","@id":"https:\/\/welovekiel.com\/de\/lexikon\/kategorie\/weihnachtsmaerkte\/#listItem","name":"Weihnachtsm\u00e4rkte"}}]},{"@type":"Organization","@id":"https:\/\/welovekiel.com\/de\/#organization","name":"We love Kiel","url":"https:\/\/welovekiel.com\/de\/","sameAs":["https:\/\/www.facebook.com\/WeLoveKielCity\/","https:\/\/www.instagram.com\/welovekiel\/"]},{"@type":"Person","@id":"https:\/\/welovekiel.com\/de\/author\/christian\/#author","url":"https:\/\/welovekiel.com\/de\/author\/christian\/","name":"Christian Gewiese","image":{"@type":"ImageObject","@id":"https:\/\/welovekiel.com\/de\/lexikon\/schwedenkai\/#authorImage","url":"https:\/\/secure.gravatar.com\/avatar\/97707923f9bed63dfb3bbdf8065fadb426aa1508b119d1c175a90c8939cbdb88?s=96&d=mm&r=g","width":96,"height":96,"caption":"Christian Gewiese"}},{"@type":"WebPage","@id":"https:\/\/welovekiel.com\/de\/lexikon\/schwedenkai\/#webpage","url":"https:\/\/welovekiel.com\/de\/lexikon\/schwedenkai\/","name":"Schwedenkai | We love Kiel","description":"Der Kieler Schwedenkai ist ein Hafenkai mit Terminal, B\u00fcrogeb\u00e4ude und F\u00e4hranleger im Kieler Hafen auf dem Westufer der Kieler F\u00f6rde in der Kieler Innenstadt.","inLanguage":"de-DE","isPartOf":{"@id":"https:\/\/welovekiel.com\/de\/#website"},"breadcrumb":{"@id":"https:\/\/welovekiel.com\/de\/lexikon\/schwedenkai\/#breadcrumblist"},"author":{"@id":"https:\/\/welovekiel.com\/de\/author\/christian\/#author"},"creator":{"@id":"https:\/\/welovekiel.com\/de\/author\/christian\/#author"},"image":{"@type":"ImageObject","url":"https:\/\/welovekiel.com\/wp-content\/uploads\/kiel-schwedenkai.jpg","@id":"https:\/\/welovekiel.com\/de\/lexikon\/schwedenkai\/#mainImage","width":1200,"height":900,"caption":"Kiel Schwedenkai"},"primaryImageOfPage":{"@id":"https:\/\/welovekiel.com\/de\/lexikon\/schwedenkai\/#mainImage"},"datePublished":"2022-03-19T14:47:51+01:00","dateModified":"2023-03-07T23:18:17+01:00"},{"@type":"WebSite","@id":"https:\/\/welovekiel.com\/de\/#website","url":"https:\/\/welovekiel.com\/de\/","name":"We love Kiel","inLanguage":"de-DE","publisher":{"@id":"https:\/\/welovekiel.com\/de\/#organization"}}]},"og:locale":"de_DE","og:site_name":"We love Kiel |","og:type":"article","og:title":"Schwedenkai | We love Kiel","og:description":"Der Kieler Schwedenkai ist ein Hafenkai mit Terminal, B\u00fcrogeb\u00e4ude und F\u00e4hranleger im Kieler Hafen auf dem Westufer der Kieler F\u00f6rde in der Kieler Innenstadt.","og:url":"https:\/\/welovekiel.com\/de\/lexikon\/schwedenkai\/","article:published_time":"2022-03-19T13:47:51+00:00","article:modified_time":"2023-03-07T22:18:17+00:00","article:publisher":"https:\/\/www.facebook.com\/WeLoveKielCity\/","twitter:card":"summary","twitter:title":"Schwedenkai | We love Kiel","twitter:description":"Der Kieler Schwedenkai ist ein Hafenkai mit Terminal, B\u00fcrogeb\u00e4ude und F\u00e4hranleger im Kieler Hafen auf dem Westufer der Kieler F\u00f6rde in der Kieler Innenstadt."},"aioseo_meta_data":{"post_id":"1876","title":"Weihnachtsmarkt Kiel Bernhard-Minetti-Platz | #site_title","description":"Auch die Holtenauer Stra\u00dfe hat einen eigenen Weihnachtsmarkt: Auf dem Bernhard-Minetti-Platz, zu finden direkt an der Holtenauer zwischen D\u00fcppelstra\u00dfe und Wrangelstra\u00dfe, laden H\u00fctten, ein Karussell und die 26 Meter hohe Gl\u00fchweinpyramide zum Verweilen ein.","keywords":[{"label":"Weihnachtsmarkt Kiel Bernhardt-Minetti-Platz","value":"Weihnachtsmarkt Kiel Bernhardt-Minetti-Platz"},{"label":"Kiel","value":"Kiel"},{"label":"Weihnachtsmarkt","value":"Weihnachtsmarkt"},{"label":"Holtenauer Stra\u00dfe","value":"Holtenauer Stra\u00dfe"},{"label":"","value":""}],"keyphrases":{"focus":{"keyphrase":"","score":0,"analysis":{"keyphraseInTitle":{"score":0,"maxScore":9,"error":1}}},"additional":[]},"primary_term":null,"canonical_url":null,"og_title":null,"og_description":null,"og_object_type":"default","og_image_type":"default","og_image_url":null,"og_image_width":null,"og_image_height":null,"og_image_custom_url":null,"og_image_custom_fields":null,"og_video":"","og_custom_url":null,"og_article_section":null,"og_article_tags":[],"twitter_use_og":false,"twitter_card":"default","twitter_image_type":"default","twitter_image_url":null,"twitter_image_custom_url":null,"twitter_image_custom_fields":null,"twitter_title":null,"twitter_description":null,"schema":{"blockGraphs":[],"customGraphs":[],"default":{"data":{"Article":[],"Course":[],"Dataset":[],"FAQPage":[],"Movie":[],"Person":[],"Product":[],"ProductReview":[],"Car":[],"Recipe":[],"Service":[],"SoftwareApplication":[],"WebPage":[]},"graphName":"WebPage","isEnabled":true},"graphs":[]},"schema_type":null,"schema_type_options":null,"pillar_content":false,"robots_default":true,"robots_noindex":false,"robots_noarchive":false,"robots_nosnippet":false,"robots_nofollow":false,"robots_noimageindex":false,"robots_noodp":false,"robots_notranslate":false,"robots_max_snippet":"-1","robots_max_videopreview":"-1","robots_max_imagepreview":"large","priority":null,"frequency":"default","local_seo":null,"breadcrumb_settings":null,"limit_modified_date":false,"ai":null,"created":"2021-01-21 16:56:05","updated":"2025-08-31 01:40:20","seo_analyzer_scan_date":null},"aioseo_breadcrumb":"<div class=\"aioseo-breadcrumbs\"><span class=\"aioseo-breadcrumb\">\n\t\t\t<a href=\"https:\/\/welovekiel.com\/de\/\" title=\"Home\">Home<\/a>\n\t\t<\/span><span class=\"aioseo-breadcrumb-separator\">&raquo;<\/span><span class=\"aioseo-breadcrumb\">\n\t\t\t<a href=\"https:\/\/welovekiel.com\/de\/lexikon\/\" title=\"Lexikon\">Lexikon<\/a>\n\t\t<\/span><span class=\"aioseo-breadcrumb-separator\">&raquo;<\/span><span class=\"aioseo-breadcrumb\">\n\t\t\t<a href=\"https:\/\/welovekiel.com\/de\/lexikon\/kategorie\/weihnachtsmaerkte\/\" title=\"Weihnachtsm\u00e4rkte\">Weihnachtsm\u00e4rkte<\/a>\n\t\t<\/span><span class=\"aioseo-breadcrumb-separator\">&raquo;<\/span><span class=\"aioseo-breadcrumb\">\n\t\t\tWeihnachtsmarkt Kiel Bernhard-Minetti-Platz\n\t\t<\/span><\/div>","aioseo_breadcrumb_json":[{"label":"Home","link":"https:\/\/welovekiel.com\/de\/"},{"label":"Lexikon","link":"https:\/\/welovekiel.com\/de\/lexikon\/"},{"label":"Weihnachtsm\u00e4rkte","link":"https:\/\/welovekiel.com\/de\/lexikon\/kategorie\/weihnachtsmaerkte\/"},{"label":"Weihnachtsmarkt Kiel Bernhard-Minetti-Platz","link":"https:\/\/welovekiel.com\/de\/lexikon\/weihnachtsmarkt-kiel-bernhardt-minetti-platz\/"}],"_links":{"self":[{"href":"https:\/\/welovekiel.com\/de\/wp-json\/wp\/v2\/encyclopedia\/1876","targetHints":{"allow":["GET"]}}],"collection":[{"href":"https:\/\/welovekiel.com\/de\/wp-json\/wp\/v2\/encyclopedia"}],"about":[{"href":"https:\/\/welovekiel.com\/de\/wp-json\/wp\/v2\/types\/encyclopedia"}],"author":[{"embeddable":true,"href":"https:\/\/welovekiel.com\/de\/wp-json\/wp\/v2\/users\/2"}],"version-history":[{"count":0,"href":"https:\/\/welovekiel.com\/de\/wp-json\/wp\/v2\/encyclopedia\/1876\/revisions"}],"wp:featuredmedia":[{"embeddable":true,"href":"https:\/\/welovekiel.com\/de\/wp-json\/wp\/v2\/media\/2063"}],"wp:attachment":[{"href":"https:\/\/welovekiel.com\/de\/wp-json\/wp\/v2\/media?parent=1876"}],"wp:term":[{"taxonomy":"encyclopedia-category","embeddable":true,"href":"https:\/\/welovekiel.com\/de\/wp-json\/wp\/v2\/encyclopedia-category?post=1876"},{"taxonomy":"encyclopedia-tag","embeddable":true,"href":"https:\/\/welovekiel.com\/de\/wp-json\/wp\/v2\/encyclopedia-tag?post=1876"}],"curies":[{"name":"wp","href":"https:\/\/api.w.org\/{rel}","templated":true}]}}